{"id":2280,"date":"2022-03-06T02:40:14","date_gmt":"2022-03-06T02:40:14","guid":{"rendered":"https:\/\/chileentinieblas.cl\/?post_type=pnj&#038;p=2280"},"modified":"2024-07-29T19:41:08","modified_gmt":"2024-07-29T19:41:08","slug":"padre-miguel","status":"publish","type":"pnj","link":"https:\/\/chileentinieblas.cl\/en\/pnj\/padre-miguel\/","title":{"rendered":"Padre Miguel"},"content":{"rendered":"<p class=\"wp-block-paragraph\">Personaje siempre ligado a la lucha social, siempre fue un cr\u00edtico de las riqueza de la iglesia y del abandono del pobre.&nbsp; Cuando cumpli\u00f3 los 18 a\u00f1os empez\u00f3 sus estudios de medicina, cuando sali\u00f3 de la universidad descubri\u00f3 un ala de la iglesia que estaba en apoyo y trabajando por y para los pobres, por lo que decidi\u00f3 un\u00edrseles como m\u00e9dico, prestando gratuitamente sus servicio.<\/p>\n\n\n\n<p class=\"wp-block-paragraph\">Cuando estallo la dictadura, miguel vio las atrocidades que esta hacia con los seres sobrenaturales, los pobres y lo que ten\u00edan ideas como las de \u00e9l.&nbsp; As\u00ed que decidi\u00f3 servir a Dios, dando medicina y curaciones a todos los luchadores sociales a los que pudo. Pero se dio cuenta que eso no bastaba, porque la impunidad era absoluta, en ese momento decide con el grupo de iluminados jesuitas que los acompa\u00f1aban en ese momento formar la orden de los Arkangeles Negros.&nbsp; Un grupo de choque que se dedic\u00f3 a rescatar detenidos pol\u00edtico directamente de los centros de tortura, sus m\u00e9todos eran qururjicos, las bajas siempre eran muy pocas y de sus incursiones no se enteraban hasta el d\u00eda siguiente, pero si tienen algunas haza\u00f1as que terminaron con el centro de tortura en ruinas y donde se expandi\u00f3 la leyenda de demonios alados que mataban valientes soldados por un lado\u2026 y de milagrosos \u00e1ngeles que le devolv\u00edan a sus hijos a madres desesperadas.&nbsp;<\/p>\n\n\n\n<p class=\"wp-block-paragraph\">Una vez que se instaura la vicar\u00eda de la solidaridad, como una v\u00eda pac\u00edfica de salvar detenidos pol\u00edticos, los arc\u00e1ngeles negros fueron traicionado, las malas lenguas dicen que fue el mismo cardenal, quien para evitar que la tecnocracia y el opus dei desmantelaran la vicar\u00eda, entrego la ubicaci\u00f3n e identidad de los miembros de los arc\u00e1ngeles.<\/p>\n\n\n\n<p class=\"wp-block-paragraph\">Del enfrentamiento de los 8 miembros, solo sobrevivi\u00f3 miguel, Rafael, Gabriel y Uriel.&nbsp; Quienes fueron rescatados por los h\u00fasares cuando iban de camino a ejecutarlos, desde ese momento hasta los a\u00f1os 90 los cuatro arc\u00e1ngeles siguieron por la v\u00eda armada rescatando lo que la vicar\u00eda no pod\u00eda.<\/p>\n\n\n\n<p class=\"wp-block-paragraph\">Una vez recuperada la democracia, los coristas sobrevivientes deciden eliminar la orden de los arc\u00e1ngeles, por lo que todos menos miguel y Ramiel deciden salirse de las tradiciones y perderse en el anonimato.\u00a0 Mas tarde producto de las muchas resurrecciones que hizo Ramiel, termino perdiendo la cabeza y convirti\u00e9ndose en un merodeador, pero del que no se sabe nada hasta la fecha.<\/p>\n\n\n\n<p class=\"wp-block-paragraph\">Luego que la desaparici\u00f3n de Ramiel y su destaca labor como miembro del coro, luego de la muerte del Cardenal Silva Henrique, Miguel es elegido como el nuevo Primus de la Tradici\u00f3n, en donde tuvo que prometer el olvidar u ocultar su pasado como arc\u00e1ngel, pero las nuevas generaciones que crecieron con las historias de los \u00e1ngeles que rescataban detenidos, han vuelto a dar vuelta por el mundo m\u00e1gico, hay rumores que dicen que deber\u00edan estar disponibles por si alguna vez se les vuelve a necesitar. <\/p>","protected":false},"author":2,"featured_media":2281,"template":"","tags":[],"faccion":[42],"class_list":["post-2280","pnj","type-pnj","status-publish","has-post-thumbnail","hentry","faccion-coro-celestial"],"acf":{"fecha":"08 de junio de 1945 ","estatus":"Activo","ficha_del_personaje":"","aspecto":"Miguel es un nombre de contextura media, muy joven para su edad, que administra el hospital clandestino que se ubica en las catacumbas de las bas\u00edlica de los sacramentinos, donde da atenci\u00f3n medica m\u00e1gica a todo ser sobrenatural que lo requiera.\r\n\r\nMiguel siempre viste de camisa negra y pantal\u00f3n negro,\r\n\r\nSi alguna vez se le ve sin polera, cosa es que es muy dif\u00edcil, el personajes tendr\u00e1 alguno tatuajes que hacen referencia a \u00e1ngeles, como tambi\u00e9n variadas cicatrices en la espalda, como impactos de balas o cortes bastantes profundos.\u00a0 Pero lo que m\u00e1s llama la atenci\u00f3n son dos cortes bastante grandes y profundos cerca de los omoplatos que se extienden hasta la mitad de la espalda, que hace la ilusi\u00f3n de que en alg\u00fan momento tuvo alas y fueron cortadas.","interpretacion":"Miguel es un tipo m\u00e1s bien callado, que habla solo lo importante y siempre abocado a su tarea. Sus explicaciones son concisas y claras. Su humor es siempre bueno, pocas veces se le ve triste o preocupado, suele sonre\u00edr bastante, pero siempre hay una pena muy profunda reflejada en sus ojos.\r\n\r\nCada vez que reciba noticias o escuche hablar de los h\u00fasares, sus ojos tomar\u00e1n un brillo especial y no disimulara una sonrisa basten amplia, siempre pedir\u00e1 que se siga hablando de ellos, pero el nunca revelar\u00e1 por que lo hace.\r\n\r\n&nbsp;\r\n\r\n&nbsp;","informacion_privada":"","mapa_de_kumu_u_otro_embed":null},"yoast_head":"<!-- This site is optimized with the Yoast SEO plugin v28.4 - https:\/\/yoast.com\/product\/yoast-seo-wordpress\/ -->\n<title>Padre Miguel - Chile en Tinieblas<\/title>\n<meta name=\"robots\" content=\"index, follow, max-snippet:-1, max-image-preview:large, max-video-preview:-1\" \/>\n<link rel=\"canonical\" href=\"https:\/\/chileentinieblas.cl\/en\/pnj\/padre-miguel\/\" \/>\n<meta property=\"og:locale\" content=\"en_US\" \/>\n<meta property=\"og:type\" content=\"article\" \/>\n<meta property=\"og:title\" content=\"Padre Miguel - Chile en Tinieblas\" \/>\n<meta property=\"og:description\" content=\"Personaje siempre ligado a la lucha social, siempre fue un cr\u00edtico de las riqueza de la iglesia y del abandono del pobre.&nbsp; Cuando cumpli\u00f3 los 18 a\u00f1os empez\u00f3 sus estudios de medicina, cuando sali\u00f3 de la universidad descubri\u00f3 un ala de la iglesia que estaba en apoyo y trabajando por y para los pobres, por [&hellip;]\" \/>\n<meta property=\"og:url\" content=\"https:\/\/chileentinieblas.cl\/en\/pnj\/padre-miguel\/\" \/>\n<meta property=\"og:site_name\" content=\"Chile en Tinieblas\" \/>\n<meta property=\"article:publisher\" content=\"https:\/\/www.facebook.com\/ChileenTinieblas\" \/>\n<meta property=\"article:modified_time\" content=\"2024-07-29T19:41:08+00:00\" \/>\n<meta property=\"og:image\" content=\"https:\/\/chileentinieblas.cl\/wp-content\/uploads\/2022\/03\/padre-miguel.jpg\" \/>\n\t<meta property=\"og:image:width\" content=\"564\" \/>\n\t<meta property=\"og:image:height\" content=\"663\" \/>\n\t<meta property=\"og:image:type\" content=\"image\/jpeg\" \/>\n<meta name=\"twitter:card\" content=\"summary_large_image\" \/>\n<meta name=\"twitter:label1\" content=\"Est. reading time\" \/>\n\t<meta name=\"twitter:data1\" content=\"3 minutes\" \/>\n<script type=\"application\/ld+json\" class=\"yoast-schema-graph\">{\"@context\":\"https:\\\/\\\/schema.org\",\"@graph\":[{\"@type\":\"WebPage\",\"@id\":\"https:\\\/\\\/chileentinieblas.cl\\\/en\\\/pnj\\\/padre-miguel\\\/\",\"url\":\"https:\\\/\\\/chileentinieblas.cl\\\/en\\\/pnj\\\/padre-miguel\\\/\",\"name\":\"Padre Miguel - Chile en Tinieblas\",\"isPartOf\":{\"@id\":\"https:\\\/\\\/chileentinieblas.cl\\\/#website\"},\"primaryImageOfPage\":{\"@id\":\"https:\\\/\\\/chileentinieblas.cl\\\/en\\\/pnj\\\/padre-miguel\\\/#primaryimage\"},\"image\":{\"@id\":\"https:\\\/\\\/chileentinieblas.cl\\\/en\\\/pnj\\\/padre-miguel\\\/#primaryimage\"},\"thumbnailUrl\":\"https:\\\/\\\/chileentinieblas.cl\\\/wp-content\\\/uploads\\\/2022\\\/03\\\/padre-miguel.jpg\",\"datePublished\":\"2022-03-06T02:40:14+00:00\",\"dateModified\":\"2024-07-29T19:41:08+00:00\",\"breadcrumb\":{\"@id\":\"https:\\\/\\\/chileentinieblas.cl\\\/en\\\/pnj\\\/padre-miguel\\\/#breadcrumb\"},\"inLanguage\":\"en-US\",\"potentialAction\":[{\"@type\":\"ReadAction\",\"target\":[\"https:\\\/\\\/chileentinieblas.cl\\\/en\\\/pnj\\\/padre-miguel\\\/\"]}]},{\"@type\":\"ImageObject\",\"inLanguage\":\"en-US\",\"@id\":\"https:\\\/\\\/chileentinieblas.cl\\\/en\\\/pnj\\\/padre-miguel\\\/#primaryimage\",\"url\":\"https:\\\/\\\/chileentinieblas.cl\\\/wp-content\\\/uploads\\\/2022\\\/03\\\/padre-miguel.jpg\",\"contentUrl\":\"https:\\\/\\\/chileentinieblas.cl\\\/wp-content\\\/uploads\\\/2022\\\/03\\\/padre-miguel.jpg\",\"width\":564,\"height\":663},{\"@type\":\"BreadcrumbList\",\"@id\":\"https:\\\/\\\/chileentinieblas.cl\\\/en\\\/pnj\\\/padre-miguel\\\/#breadcrumb\",\"itemListElement\":[{\"@type\":\"ListItem\",\"position\":1,\"name\":\"Portada\",\"item\":\"https:\\\/\\\/chileentinieblas.cl\\\/\"},{\"@type\":\"ListItem\",\"position\":2,\"name\":\"PNJs\",\"item\":\"https:\\\/\\\/chileentinieblas.cl\\\/pnj\\\/\"},{\"@type\":\"ListItem\",\"position\":3,\"name\":\"Padre Miguel\"}]},{\"@type\":\"WebSite\",\"@id\":\"https:\\\/\\\/chileentinieblas.cl\\\/#website\",\"url\":\"https:\\\/\\\/chileentinieblas.cl\\\/\",\"name\":\"Chile en Tinieblas\",\"description\":\"Un servidor con mesas de rol de Mundo de Tinieblas\",\"publisher\":{\"@id\":\"https:\\\/\\\/chileentinieblas.cl\\\/#organization\"},\"potentialAction\":[{\"@type\":\"SearchAction\",\"target\":{\"@type\":\"EntryPoint\",\"urlTemplate\":\"https:\\\/\\\/chileentinieblas.cl\\\/?s={search_term_string}\"},\"query-input\":{\"@type\":\"PropertyValueSpecification\",\"valueRequired\":true,\"valueName\":\"search_term_string\"}}],\"inLanguage\":\"en-US\"},{\"@type\":\"Organization\",\"@id\":\"https:\\\/\\\/chileentinieblas.cl\\\/#organization\",\"name\":\"Chile en Tinieblas\",\"url\":\"https:\\\/\\\/chileentinieblas.cl\\\/\",\"logo\":{\"@type\":\"ImageObject\",\"inLanguage\":\"en-US\",\"@id\":\"https:\\\/\\\/chileentinieblas.cl\\\/#\\\/schema\\\/logo\\\/image\\\/\",\"url\":\"https:\\\/\\\/chileentinieblas.cl\\\/wp-content\\\/uploads\\\/2021\\\/12\\\/logo-cet-claro.png\",\"contentUrl\":\"https:\\\/\\\/chileentinieblas.cl\\\/wp-content\\\/uploads\\\/2021\\\/12\\\/logo-cet-claro.png\",\"width\":1001,\"height\":1030,\"caption\":\"Chile en Tinieblas\"},\"image\":{\"@id\":\"https:\\\/\\\/chileentinieblas.cl\\\/#\\\/schema\\\/logo\\\/image\\\/\"},\"sameAs\":[\"https:\\\/\\\/www.facebook.com\\\/ChileenTinieblas\",\"https:\\\/\\\/www.instagram.com\\\/chileentinieblas\\\/\",\"https:\\\/\\\/www.youtube.com\\\/@chileentinieblas\",\"https:\\\/\\\/www.tiktok.com\\\/@chileentinieblas\"]}]}<\/script>\n<!-- \/ Yoast SEO plugin. -->","yoast_head_json":{"title":"Padre Miguel - Chile en Tinieblas","robots":{"index":"index","follow":"follow","max-snippet":"max-snippet:-1","max-image-preview":"max-image-preview:large","max-video-preview":"max-video-preview:-1"},"canonical":"https:\/\/chileentinieblas.cl\/en\/pnj\/padre-miguel\/","og_locale":"en_US","og_type":"article","og_title":"Padre Miguel - Chile en Tinieblas","og_description":"Personaje siempre ligado a la lucha social, siempre fue un cr\u00edtico de las riqueza de la iglesia y del abandono del pobre.&nbsp; Cuando cumpli\u00f3 los 18 a\u00f1os empez\u00f3 sus estudios de medicina, cuando sali\u00f3 de la universidad descubri\u00f3 un ala de la iglesia que estaba en apoyo y trabajando por y para los pobres, por [&hellip;]","og_url":"https:\/\/chileentinieblas.cl\/en\/pnj\/padre-miguel\/","og_site_name":"Chile en Tinieblas","article_publisher":"https:\/\/www.facebook.com\/ChileenTinieblas","article_modified_time":"2024-07-29T19:41:08+00:00","og_image":[{"width":564,"height":663,"url":"https:\/\/chileentinieblas.cl\/wp-content\/uploads\/2022\/03\/padre-miguel.jpg","type":"image\/jpeg"}],"twitter_card":"summary_large_image","twitter_misc":{"Est. reading time":"3 minutes"},"schema":{"@context":"https:\/\/schema.org","@graph":[{"@type":"WebPage","@id":"https:\/\/chileentinieblas.cl\/en\/pnj\/padre-miguel\/","url":"https:\/\/chileentinieblas.cl\/en\/pnj\/padre-miguel\/","name":"Padre Miguel - Chile en Tinieblas","isPartOf":{"@id":"https:\/\/chileentinieblas.cl\/#website"},"primaryImageOfPage":{"@id":"https:\/\/chileentinieblas.cl\/en\/pnj\/padre-miguel\/#primaryimage"},"image":{"@id":"https:\/\/chileentinieblas.cl\/en\/pnj\/padre-miguel\/#primaryimage"},"thumbnailUrl":"https:\/\/chileentinieblas.cl\/wp-content\/uploads\/2022\/03\/padre-miguel.jpg","datePublished":"2022-03-06T02:40:14+00:00","dateModified":"2024-07-29T19:41:08+00:00","breadcrumb":{"@id":"https:\/\/chileentinieblas.cl\/en\/pnj\/padre-miguel\/#breadcrumb"},"inLanguage":"en-US","potentialAction":[{"@type":"ReadAction","target":["https:\/\/chileentinieblas.cl\/en\/pnj\/padre-miguel\/"]}]},{"@type":"ImageObject","inLanguage":"en-US","@id":"https:\/\/chileentinieblas.cl\/en\/pnj\/padre-miguel\/#primaryimage","url":"https:\/\/chileentinieblas.cl\/wp-content\/uploads\/2022\/03\/padre-miguel.jpg","contentUrl":"https:\/\/chileentinieblas.cl\/wp-content\/uploads\/2022\/03\/padre-miguel.jpg","width":564,"height":663},{"@type":"BreadcrumbList","@id":"https:\/\/chileentinieblas.cl\/en\/pnj\/padre-miguel\/#breadcrumb","itemListElement":[{"@type":"ListItem","position":1,"name":"Portada","item":"https:\/\/chileentinieblas.cl\/"},{"@type":"ListItem","position":2,"name":"PNJs","item":"https:\/\/chileentinieblas.cl\/pnj\/"},{"@type":"ListItem","position":3,"name":"Padre Miguel"}]},{"@type":"WebSite","@id":"https:\/\/chileentinieblas.cl\/#website","url":"https:\/\/chileentinieblas.cl\/","name":"Chile en Tinieblas","description":"Un servidor con mesas de rol de Mundo de Tinieblas","publisher":{"@id":"https:\/\/chileentinieblas.cl\/#organization"},"potentialAction":[{"@type":"SearchAction","target":{"@type":"EntryPoint","urlTemplate":"https:\/\/chileentinieblas.cl\/?s={search_term_string}"},"query-input":{"@type":"PropertyValueSpecification","valueRequired":true,"valueName":"search_term_string"}}],"inLanguage":"en-US"},{"@type":"Organization","@id":"https:\/\/chileentinieblas.cl\/#organization","name":"Chile en Tinieblas","url":"https:\/\/chileentinieblas.cl\/","logo":{"@type":"ImageObject","inLanguage":"en-US","@id":"https:\/\/chileentinieblas.cl\/#\/schema\/logo\/image\/","url":"https:\/\/chileentinieblas.cl\/wp-content\/uploads\/2021\/12\/logo-cet-claro.png","contentUrl":"https:\/\/chileentinieblas.cl\/wp-content\/uploads\/2021\/12\/logo-cet-claro.png","width":1001,"height":1030,"caption":"Chile en Tinieblas"},"image":{"@id":"https:\/\/chileentinieblas.cl\/#\/schema\/logo\/image\/"},"sameAs":["https:\/\/www.facebook.com\/ChileenTinieblas","https:\/\/www.instagram.com\/chileentinieblas\/","https:\/\/www.youtube.com\/@chileentinieblas","https:\/\/www.tiktok.com\/@chileentinieblas"]}]}},"jetpack_sharing_enabled":true,"_links":{"self":[{"href":"https:\/\/chileentinieblas.cl\/en\/wp-json\/wp\/v2\/pnj\/2280","targetHints":{"allow":["GET"]}}],"collection":[{"href":"https:\/\/chileentinieblas.cl\/en\/wp-json\/wp\/v2\/pnj"}],"about":[{"href":"https:\/\/chileentinieblas.cl\/en\/wp-json\/wp\/v2\/types\/pnj"}],"author":[{"embeddable":true,"href":"https:\/\/chileentinieblas.cl\/en\/wp-json\/wp\/v2\/users\/2"}],"wp:featuredmedia":[{"embeddable":true,"href":"https:\/\/chileentinieblas.cl\/en\/wp-json\/wp\/v2\/media\/2281"}],"wp:attachment":[{"href":"https:\/\/chileentinieblas.cl\/en\/wp-json\/wp\/v2\/media?parent=2280"}],"wp:term":[{"taxonomy":"post_tag","embeddable":true,"href":"https:\/\/chileentinieblas.cl\/en\/wp-json\/wp\/v2\/tags?post=2280"},{"taxonomy":"faccion","embeddable":true,"href":"https:\/\/chileentinieblas.cl\/en\/wp-json\/wp\/v2\/faccion?post=2280"}],"curies":[{"name":"wp","href":"https:\/\/api.w.org\/{rel}","templated":true}]}}