{"id":1976,"date":"2022-01-17T22:16:26","date_gmt":"2022-01-17T22:16:26","guid":{"rendered":"https:\/\/chileentinieblas.cl\/?post_type=pnj&#038;p=1976"},"modified":"2024-07-30T01:02:45","modified_gmt":"2024-07-30T01:02:45","slug":"paola-witzen","status":"publish","type":"pnj","link":"https:\/\/chileentinieblas.cl\/en\/pnj\/paola-witzen\/","title":{"rendered":"Paola Witzen"},"content":{"rendered":"<p class=\"wp-block-paragraph\">Originalmente relacionada de manera indirecta al misterio del &#8220;Gen \u00b4S\u00f3lar&#8221; al haber sido &#8220;disc\u00edpula&#8221; de uno de los &#8220;Hu\u00e9rfanos&#8221; m\u00e1s &#8220;ocultista&#8221; del grupo. Paola poco a poco fue exponi\u00e9ndose m\u00e1s y m\u00e1s a los peligros del mundo despertado, llegando incluso a estar de mente debilitada bajo los efectos siniestros de la magia de Edmundo, persona que ella habr\u00eda considerado un maestro por alg\u00fan tiempo, cuesti\u00f3n que termin\u00f3 luego de acabar en un hospital tras un accidente automovil\u00edstico por las cercan\u00edas de Vi\u00f1a del Mar.<br><br>Tras este peque\u00f1o fragmento de pasado y su tan directa cercan\u00eda a los problemas del mundo despertado, sumado a sus continuos estudios de lo supuestamente arcano, pero tambi\u00e9n exponi\u00e9ndose a libros verdaderamente capaces de ense\u00f1ar acerca de sendas y otras clases de magia est\u00e1tica, podr\u00edamos tanto considerarla una persona cercana al despertar o a alguien ya considerable como una maga est\u00e1tica en todo derecho. Su ajetreada y complicada vida la ha llevado a aprender c\u00f3mo crear y manejar distintos tipos de guardas para aleja esp\u00edritus malignos, as\u00ed como a estudiar continuamente textos antiguos en idiomas o complejos c\u00f3digos por el puro placer de hacerlo. Una &#8220;ac\u00f3lita&#8221;, para cuestiones m\u00edsticas.<br><br>De naturaleza inquisitiva y conducta relativamente solitaria, esta porte\u00f1a ha sobrevivido ya a dos intentos de asesinato contra su vida, ambos venidos de la misma persona, aunque le ha tomado mucho tiempo descubrir esto, pero de ah\u00ed a que desarrollara tanto ese af\u00e1n por el estudio del esp\u00edritu y entes espirituales.<br><br>Actualmente, podr\u00edamos llamarla reservada o algo introvertida, decidida a mantenerse alejada de cuanto grupo de persona sospechosa se le pudiese acercar, en especial si dicha persona fuese a ser alg\u00fan autoproclamado mago o a blandir poderes incomprensibles para la persona com\u00fan; las malas experiencias con sus supuestos &#8220;maestro&#8221; la han marcado para ser particularmente desconfiada de la mayor\u00eda de los despertados.<br><br>Pero una excepci\u00f3n a la regla podr\u00eda venir del \u00fanico grupo que la ha sabido recibir y cuidar. Quiz\u00e1s fuese por sus caracter\u00edsticas de mentalidad tan abiertas, alg\u00fan pasado alocado y cercano a las fuertes emociones o su estado actual, tan potencialmente cercano al despertar, pero las personas &#8220;adecuadas&#8221;, miembros del Culto del \u00c9xtasis en el puerto, han sabido darle un bienvenida, caerle bien, pero m\u00e1s importante, hacerla &#8220;desaparecer&#8221; ante los ojos de cu\u00e1ntos peligros han acechado por su vida. No est\u00e1 muerta, solo est\u00e1 en un lugar seguro y con gente confiable.<br><br>Como dato final extra, cabr\u00eda destacar que est\u00e1 de alguna manera inherente, maldita para atraer molestos esp\u00edritus a su vida. Una caracter\u00edstica que definitivamente habr\u00eda contribuido a ese aprendizaje tan acelerado de lo oculto.<\/p>","protected":false},"author":19,"featured_media":1977,"template":"","tags":[],"faccion":[74,51],"class_list":["post-1976","pnj","type-pnj","status-publish","has-post-thumbnail","hentry","faccion-acolitos-ciudadanos-extraordinarios","faccion-mago-la-ascension"],"acf":{"fecha":"","estatus":"Desconocido","ficha_del_personaje":"","aspecto":"","interpretacion":"","informacion_privada":"","mapa_de_kumu_u_otro_embed":null},"yoast_head":"<!-- This site is optimized with the Yoast SEO plugin v28.4 - https:\/\/yoast.com\/product\/yoast-seo-wordpress\/ -->\n<title>Paola Witzen - Chile en Tinieblas<\/title>\n<meta name=\"robots\" content=\"index, follow, max-snippet:-1, max-image-preview:large, max-video-preview:-1\" \/>\n<link rel=\"canonical\" href=\"https:\/\/chileentinieblas.cl\/en\/pnj\/paola-witzen\/\" \/>\n<meta property=\"og:locale\" content=\"en_US\" \/>\n<meta property=\"og:type\" content=\"article\" \/>\n<meta property=\"og:title\" content=\"Paola Witzen - Chile en Tinieblas\" \/>\n<meta property=\"og:description\" content=\"Originalmente relacionada de manera indirecta al misterio del &#8220;Gen \u00b4S\u00f3lar&#8221; al haber sido &#8220;disc\u00edpula&#8221; de uno de los &#8220;Hu\u00e9rfanos&#8221; m\u00e1s &#8220;ocultista&#8221; del grupo. Paola poco a poco fue exponi\u00e9ndose m\u00e1s y m\u00e1s a los peligros del mundo despertado, llegando incluso a estar de mente debilitada bajo los efectos siniestros de la magia de Edmundo, persona [&hellip;]\" \/>\n<meta property=\"og:url\" content=\"https:\/\/chileentinieblas.cl\/en\/pnj\/paola-witzen\/\" \/>\n<meta property=\"og:site_name\" content=\"Chile en Tinieblas\" \/>\n<meta property=\"article:publisher\" content=\"https:\/\/www.facebook.com\/ChileenTinieblas\" \/>\n<meta property=\"article:modified_time\" content=\"2024-07-30T01:02:45+00:00\" \/>\n<meta property=\"og:image\" content=\"https:\/\/chileentinieblas.cl\/wp-content\/uploads\/2022\/01\/Paola-Witzen.jpg\" \/>\n\t<meta property=\"og:image:width\" content=\"563\" \/>\n\t<meta property=\"og:image:height\" content=\"756\" \/>\n\t<meta property=\"og:image:type\" content=\"image\/jpeg\" \/>\n<meta name=\"twitter:card\" content=\"summary_large_image\" \/>\n<meta name=\"twitter:label1\" content=\"Est. reading time\" \/>\n\t<meta name=\"twitter:data1\" content=\"2 minutes\" \/>\n<script type=\"application\/ld+json\" class=\"yoast-schema-graph\">{\"@context\":\"https:\\\/\\\/schema.org\",\"@graph\":[{\"@type\":\"WebPage\",\"@id\":\"https:\\\/\\\/chileentinieblas.cl\\\/en\\\/pnj\\\/paola-witzen\\\/\",\"url\":\"https:\\\/\\\/chileentinieblas.cl\\\/en\\\/pnj\\\/paola-witzen\\\/\",\"name\":\"Paola Witzen - Chile en Tinieblas\",\"isPartOf\":{\"@id\":\"https:\\\/\\\/chileentinieblas.cl\\\/#website\"},\"primaryImageOfPage\":{\"@id\":\"https:\\\/\\\/chileentinieblas.cl\\\/en\\\/pnj\\\/paola-witzen\\\/#primaryimage\"},\"image\":{\"@id\":\"https:\\\/\\\/chileentinieblas.cl\\\/en\\\/pnj\\\/paola-witzen\\\/#primaryimage\"},\"thumbnailUrl\":\"https:\\\/\\\/chileentinieblas.cl\\\/wp-content\\\/uploads\\\/2022\\\/01\\\/Paola-Witzen.jpg\",\"datePublished\":\"2022-01-17T22:16:26+00:00\",\"dateModified\":\"2024-07-30T01:02:45+00:00\",\"breadcrumb\":{\"@id\":\"https:\\\/\\\/chileentinieblas.cl\\\/en\\\/pnj\\\/paola-witzen\\\/#breadcrumb\"},\"inLanguage\":\"en-US\",\"potentialAction\":[{\"@type\":\"ReadAction\",\"target\":[\"https:\\\/\\\/chileentinieblas.cl\\\/en\\\/pnj\\\/paola-witzen\\\/\"]}]},{\"@type\":\"ImageObject\",\"inLanguage\":\"en-US\",\"@id\":\"https:\\\/\\\/chileentinieblas.cl\\\/en\\\/pnj\\\/paola-witzen\\\/#primaryimage\",\"url\":\"https:\\\/\\\/chileentinieblas.cl\\\/wp-content\\\/uploads\\\/2022\\\/01\\\/Paola-Witzen.jpg\",\"contentUrl\":\"https:\\\/\\\/chileentinieblas.cl\\\/wp-content\\\/uploads\\\/2022\\\/01\\\/Paola-Witzen.jpg\",\"width\":563,\"height\":756},{\"@type\":\"BreadcrumbList\",\"@id\":\"https:\\\/\\\/chileentinieblas.cl\\\/en\\\/pnj\\\/paola-witzen\\\/#breadcrumb\",\"itemListElement\":[{\"@type\":\"ListItem\",\"position\":1,\"name\":\"Portada\",\"item\":\"https:\\\/\\\/chileentinieblas.cl\\\/\"},{\"@type\":\"ListItem\",\"position\":2,\"name\":\"PNJs\",\"item\":\"https:\\\/\\\/chileentinieblas.cl\\\/pnj\\\/\"},{\"@type\":\"ListItem\",\"position\":3,\"name\":\"Paola Witzen\"}]},{\"@type\":\"WebSite\",\"@id\":\"https:\\\/\\\/chileentinieblas.cl\\\/#website\",\"url\":\"https:\\\/\\\/chileentinieblas.cl\\\/\",\"name\":\"Chile en Tinieblas\",\"description\":\"Un servidor con mesas de rol de Mundo de Tinieblas\",\"publisher\":{\"@id\":\"https:\\\/\\\/chileentinieblas.cl\\\/#organization\"},\"potentialAction\":[{\"@type\":\"SearchAction\",\"target\":{\"@type\":\"EntryPoint\",\"urlTemplate\":\"https:\\\/\\\/chileentinieblas.cl\\\/?s={search_term_string}\"},\"query-input\":{\"@type\":\"PropertyValueSpecification\",\"valueRequired\":true,\"valueName\":\"search_term_string\"}}],\"inLanguage\":\"en-US\"},{\"@type\":\"Organization\",\"@id\":\"https:\\\/\\\/chileentinieblas.cl\\\/#organization\",\"name\":\"Chile en Tinieblas\",\"url\":\"https:\\\/\\\/chileentinieblas.cl\\\/\",\"logo\":{\"@type\":\"ImageObject\",\"inLanguage\":\"en-US\",\"@id\":\"https:\\\/\\\/chileentinieblas.cl\\\/#\\\/schema\\\/logo\\\/image\\\/\",\"url\":\"https:\\\/\\\/chileentinieblas.cl\\\/wp-content\\\/uploads\\\/2021\\\/12\\\/logo-cet-claro.png\",\"contentUrl\":\"https:\\\/\\\/chileentinieblas.cl\\\/wp-content\\\/uploads\\\/2021\\\/12\\\/logo-cet-claro.png\",\"width\":1001,\"height\":1030,\"caption\":\"Chile en Tinieblas\"},\"image\":{\"@id\":\"https:\\\/\\\/chileentinieblas.cl\\\/#\\\/schema\\\/logo\\\/image\\\/\"},\"sameAs\":[\"https:\\\/\\\/www.facebook.com\\\/ChileenTinieblas\",\"https:\\\/\\\/www.instagram.com\\\/chileentinieblas\\\/\",\"https:\\\/\\\/www.youtube.com\\\/@chileentinieblas\",\"https:\\\/\\\/www.tiktok.com\\\/@chileentinieblas\"]}]}<\/script>\n<!-- \/ Yoast SEO plugin. -->","yoast_head_json":{"title":"Paola Witzen - Chile en Tinieblas","robots":{"index":"index","follow":"follow","max-snippet":"max-snippet:-1","max-image-preview":"max-image-preview:large","max-video-preview":"max-video-preview:-1"},"canonical":"https:\/\/chileentinieblas.cl\/en\/pnj\/paola-witzen\/","og_locale":"en_US","og_type":"article","og_title":"Paola Witzen - Chile en Tinieblas","og_description":"Originalmente relacionada de manera indirecta al misterio del &#8220;Gen \u00b4S\u00f3lar&#8221; al haber sido &#8220;disc\u00edpula&#8221; de uno de los &#8220;Hu\u00e9rfanos&#8221; m\u00e1s &#8220;ocultista&#8221; del grupo. Paola poco a poco fue exponi\u00e9ndose m\u00e1s y m\u00e1s a los peligros del mundo despertado, llegando incluso a estar de mente debilitada bajo los efectos siniestros de la magia de Edmundo, persona [&hellip;]","og_url":"https:\/\/chileentinieblas.cl\/en\/pnj\/paola-witzen\/","og_site_name":"Chile en Tinieblas","article_publisher":"https:\/\/www.facebook.com\/ChileenTinieblas","article_modified_time":"2024-07-30T01:02:45+00:00","og_image":[{"width":563,"height":756,"url":"https:\/\/chileentinieblas.cl\/wp-content\/uploads\/2022\/01\/Paola-Witzen.jpg","type":"image\/jpeg"}],"twitter_card":"summary_large_image","twitter_misc":{"Est. reading time":"2 minutes"},"schema":{"@context":"https:\/\/schema.org","@graph":[{"@type":"WebPage","@id":"https:\/\/chileentinieblas.cl\/en\/pnj\/paola-witzen\/","url":"https:\/\/chileentinieblas.cl\/en\/pnj\/paola-witzen\/","name":"Paola Witzen - Chile en Tinieblas","isPartOf":{"@id":"https:\/\/chileentinieblas.cl\/#website"},"primaryImageOfPage":{"@id":"https:\/\/chileentinieblas.cl\/en\/pnj\/paola-witzen\/#primaryimage"},"image":{"@id":"https:\/\/chileentinieblas.cl\/en\/pnj\/paola-witzen\/#primaryimage"},"thumbnailUrl":"https:\/\/chileentinieblas.cl\/wp-content\/uploads\/2022\/01\/Paola-Witzen.jpg","datePublished":"2022-01-17T22:16:26+00:00","dateModified":"2024-07-30T01:02:45+00:00","breadcrumb":{"@id":"https:\/\/chileentinieblas.cl\/en\/pnj\/paola-witzen\/#breadcrumb"},"inLanguage":"en-US","potentialAction":[{"@type":"ReadAction","target":["https:\/\/chileentinieblas.cl\/en\/pnj\/paola-witzen\/"]}]},{"@type":"ImageObject","inLanguage":"en-US","@id":"https:\/\/chileentinieblas.cl\/en\/pnj\/paola-witzen\/#primaryimage","url":"https:\/\/chileentinieblas.cl\/wp-content\/uploads\/2022\/01\/Paola-Witzen.jpg","contentUrl":"https:\/\/chileentinieblas.cl\/wp-content\/uploads\/2022\/01\/Paola-Witzen.jpg","width":563,"height":756},{"@type":"BreadcrumbList","@id":"https:\/\/chileentinieblas.cl\/en\/pnj\/paola-witzen\/#breadcrumb","itemListElement":[{"@type":"ListItem","position":1,"name":"Portada","item":"https:\/\/chileentinieblas.cl\/"},{"@type":"ListItem","position":2,"name":"PNJs","item":"https:\/\/chileentinieblas.cl\/pnj\/"},{"@type":"ListItem","position":3,"name":"Paola Witzen"}]},{"@type":"WebSite","@id":"https:\/\/chileentinieblas.cl\/#website","url":"https:\/\/chileentinieblas.cl\/","name":"Chile en Tinieblas","description":"Un servidor con mesas de rol de Mundo de Tinieblas","publisher":{"@id":"https:\/\/chileentinieblas.cl\/#organization"},"potentialAction":[{"@type":"SearchAction","target":{"@type":"EntryPoint","urlTemplate":"https:\/\/chileentinieblas.cl\/?s={search_term_string}"},"query-input":{"@type":"PropertyValueSpecification","valueRequired":true,"valueName":"search_term_string"}}],"inLanguage":"en-US"},{"@type":"Organization","@id":"https:\/\/chileentinieblas.cl\/#organization","name":"Chile en Tinieblas","url":"https:\/\/chileentinieblas.cl\/","logo":{"@type":"ImageObject","inLanguage":"en-US","@id":"https:\/\/chileentinieblas.cl\/#\/schema\/logo\/image\/","url":"https:\/\/chileentinieblas.cl\/wp-content\/uploads\/2021\/12\/logo-cet-claro.png","contentUrl":"https:\/\/chileentinieblas.cl\/wp-content\/uploads\/2021\/12\/logo-cet-claro.png","width":1001,"height":1030,"caption":"Chile en Tinieblas"},"image":{"@id":"https:\/\/chileentinieblas.cl\/#\/schema\/logo\/image\/"},"sameAs":["https:\/\/www.facebook.com\/ChileenTinieblas","https:\/\/www.instagram.com\/chileentinieblas\/","https:\/\/www.youtube.com\/@chileentinieblas","https:\/\/www.tiktok.com\/@chileentinieblas"]}]}},"jetpack_sharing_enabled":true,"_links":{"self":[{"href":"https:\/\/chileentinieblas.cl\/en\/wp-json\/wp\/v2\/pnj\/1976","targetHints":{"allow":["GET"]}}],"collection":[{"href":"https:\/\/chileentinieblas.cl\/en\/wp-json\/wp\/v2\/pnj"}],"about":[{"href":"https:\/\/chileentinieblas.cl\/en\/wp-json\/wp\/v2\/types\/pnj"}],"author":[{"embeddable":true,"href":"https:\/\/chileentinieblas.cl\/en\/wp-json\/wp\/v2\/users\/19"}],"wp:featuredmedia":[{"embeddable":true,"href":"https:\/\/chileentinieblas.cl\/en\/wp-json\/wp\/v2\/media\/1977"}],"wp:attachment":[{"href":"https:\/\/chileentinieblas.cl\/en\/wp-json\/wp\/v2\/media?parent=1976"}],"wp:term":[{"taxonomy":"post_tag","embeddable":true,"href":"https:\/\/chileentinieblas.cl\/en\/wp-json\/wp\/v2\/tags?post=1976"},{"taxonomy":"faccion","embeddable":true,"href":"https:\/\/chileentinieblas.cl\/en\/wp-json\/wp\/v2\/faccion?post=1976"}],"curies":[{"name":"wp","href":"https:\/\/api.w.org\/{rel}","templated":true}]}}