{"id":1973,"date":"2022-01-17T21:34:52","date_gmt":"2022-01-17T21:34:52","guid":{"rendered":"https:\/\/chileentinieblas.cl\/?post_type=pnj&#038;p=1973"},"modified":"2024-07-29T19:41:08","modified_gmt":"2024-07-29T19:41:08","slug":"laura-matos","status":"publish","type":"pnj","link":"https:\/\/chileentinieblas.cl\/en\/pnj\/laura-matos\/","title":{"rendered":"Laura Matos"},"content":{"rendered":"<p class=\"wp-block-paragraph\">Joven pero capaz soldado, miembro de los Ingenieros del Vac\u00edo y la Divisi\u00f3n Fronteriza Terrestre, quien en el pasado habr\u00eda sido parte del cuerpo de ingenieras de la armada, despertando durante una casi fat\u00eddica oportunidad en que fall\u00f3 al desarmar una mina. La explosi\u00f3n no la mat\u00f3, pero s\u00ed de vez en cuando reaparece aquel &#8220;pitido post-explosi\u00f3n&#8221; en su vida, en momentos de estr\u00e9s, riesgo o al despertar de pesadillas (es su genio).<br><br>Matos es antes una soldado y luego una persona; antes un miembro de la Divisi\u00f3n Fronteriza y luego una persona con sus propias opiniones y pensamientos respecto a cualquier tema. Pues tras su despertar, la iluminaci\u00f3n del uso de las nuevas t\u00e9cnicas y m\u00e9todos cient\u00edficos que se le habr\u00edan delante, la volvieron un agente encantada con probar estas habilidades en el campo. Desde entonces ha aprendido a manejar armas, veh\u00edculos y, en general, se ha vuelto una l\u00edder de cuerpos de choque para algunas misiones de los Ingenieros del Vac\u00edo en la regi\u00f3n.<br><br>Pero pese a todo lo anterior, Laura sigue siendo una mujer joven, un nuevo miembro dentro de la uni\u00f3n y a\u00fan con la mentor\u00eda del Comandante Ori\u00f3n, sigue siendo una persona relativamente impulsiva y de gatillo f\u00e1cil.<br><br>Su avatar, el &#8220;pitido&#8221; tras el caos, intenta ense\u00f1arle a detenerse y pensar m\u00e1s, evaluar las consecuencias de sus acciones antes de realizarlas e intenta transformarla en una persona m\u00e1s sensata de lo que hasta ahora ha sido.<br><br>M\u00e1s all\u00e1 de lo anterior, su efectividad en combate la ha transformado en una (potencial) l\u00edder para misiones de alto riesgo, es por ello que suele contar con la ayuda de otros ciudadanos extraordinarios miembros de la uni\u00f3n sin demasiado problema (refuerzos) y vestir armaduras avanzadas capaces de proteger su identidad con moduladores de voz, entre otras cosas (requerimientos).<br><\/p>","protected":false},"author":19,"featured_media":1974,"template":"","tags":[],"faccion":[8,51,21],"class_list":["post-1973","pnj","type-pnj","status-publish","has-post-thumbnail","hentry","faccion-ingeniero","faccion-mago-la-ascension","faccion-tecnocracia"],"acf":{"fecha":"","estatus":"Activo","ficha_del_personaje":"","aspecto":"","interpretacion":"M\u00e1s que cualquier otra cosa y antes que cualquier otro tema, Laura es una persona de acci\u00f3n. Es un soldado m\u00e1s de una incre\u00edble maquinaria de agentes de combate y ella, destacable por sobre muchos, no va a permitir nunca que se da\u00f1e esa clase de reputaci\u00f3n que lleva.\r\n\r\nSiempre va a actuar con arma en mano y de manera decisiva, no dudar\u00e1 a menos que sus \u00f3rdenes entren en conflicto y, del mismo modo, jam\u00e1s cuestiona las \u00f3rdenes que vienen de su superior y mentor directo, Ori\u00f3n.\r\n\r\n&nbsp;","rango":"3 - Especialista","informacion_privada":"","mapa_de_kumu_u_otro_embed":null},"yoast_head":"<!-- This site is optimized with the Yoast SEO plugin v28.4 - https:\/\/yoast.com\/product\/yoast-seo-wordpress\/ -->\n<title>Laura Matos - Chile en Tinieblas<\/title>\n<meta name=\"robots\" content=\"index, follow, max-snippet:-1, max-image-preview:large, max-video-preview:-1\" \/>\n<link rel=\"canonical\" href=\"https:\/\/chileentinieblas.cl\/en\/pnj\/laura-matos\/\" \/>\n<meta property=\"og:locale\" content=\"en_US\" \/>\n<meta property=\"og:type\" content=\"article\" \/>\n<meta property=\"og:title\" content=\"Laura Matos - Chile en Tinieblas\" \/>\n<meta property=\"og:description\" content=\"Joven pero capaz soldado, miembro de los Ingenieros del Vac\u00edo y la Divisi\u00f3n Fronteriza Terrestre, quien en el pasado habr\u00eda sido parte del cuerpo de ingenieras de la armada, despertando durante una casi fat\u00eddica oportunidad en que fall\u00f3 al desarmar una mina. La explosi\u00f3n no la mat\u00f3, pero s\u00ed de vez en cuando reaparece aquel [&hellip;]\" \/>\n<meta property=\"og:url\" content=\"https:\/\/chileentinieblas.cl\/en\/pnj\/laura-matos\/\" \/>\n<meta property=\"og:site_name\" content=\"Chile en Tinieblas\" \/>\n<meta property=\"article:publisher\" content=\"https:\/\/www.facebook.com\/ChileenTinieblas\" \/>\n<meta property=\"article:modified_time\" content=\"2024-07-29T19:41:08+00:00\" \/>\n<meta property=\"og:image\" content=\"https:\/\/chileentinieblas.cl\/wp-content\/uploads\/2022\/01\/Laura-Matos-Normal.jpg\" \/>\n\t<meta property=\"og:image:width\" content=\"564\" \/>\n\t<meta property=\"og:image:height\" content=\"851\" \/>\n\t<meta property=\"og:image:type\" content=\"image\/jpeg\" \/>\n<meta name=\"twitter:card\" content=\"summary_large_image\" \/>\n<meta name=\"twitter:label1\" content=\"Est. reading time\" \/>\n\t<meta name=\"twitter:data1\" content=\"2 minutes\" \/>\n<script type=\"application\/ld+json\" class=\"yoast-schema-graph\">{\"@context\":\"https:\\\/\\\/schema.org\",\"@graph\":[{\"@type\":\"WebPage\",\"@id\":\"https:\\\/\\\/chileentinieblas.cl\\\/en\\\/pnj\\\/laura-matos\\\/\",\"url\":\"https:\\\/\\\/chileentinieblas.cl\\\/en\\\/pnj\\\/laura-matos\\\/\",\"name\":\"Laura Matos - Chile en Tinieblas\",\"isPartOf\":{\"@id\":\"https:\\\/\\\/chileentinieblas.cl\\\/#website\"},\"primaryImageOfPage\":{\"@id\":\"https:\\\/\\\/chileentinieblas.cl\\\/en\\\/pnj\\\/laura-matos\\\/#primaryimage\"},\"image\":{\"@id\":\"https:\\\/\\\/chileentinieblas.cl\\\/en\\\/pnj\\\/laura-matos\\\/#primaryimage\"},\"thumbnailUrl\":\"https:\\\/\\\/chileentinieblas.cl\\\/wp-content\\\/uploads\\\/2022\\\/01\\\/Laura-Matos-Normal.jpg\",\"datePublished\":\"2022-01-17T21:34:52+00:00\",\"dateModified\":\"2024-07-29T19:41:08+00:00\",\"breadcrumb\":{\"@id\":\"https:\\\/\\\/chileentinieblas.cl\\\/en\\\/pnj\\\/laura-matos\\\/#breadcrumb\"},\"inLanguage\":\"en-US\",\"potentialAction\":[{\"@type\":\"ReadAction\",\"target\":[\"https:\\\/\\\/chileentinieblas.cl\\\/en\\\/pnj\\\/laura-matos\\\/\"]}]},{\"@type\":\"ImageObject\",\"inLanguage\":\"en-US\",\"@id\":\"https:\\\/\\\/chileentinieblas.cl\\\/en\\\/pnj\\\/laura-matos\\\/#primaryimage\",\"url\":\"https:\\\/\\\/chileentinieblas.cl\\\/wp-content\\\/uploads\\\/2022\\\/01\\\/Laura-Matos-Normal.jpg\",\"contentUrl\":\"https:\\\/\\\/chileentinieblas.cl\\\/wp-content\\\/uploads\\\/2022\\\/01\\\/Laura-Matos-Normal.jpg\",\"width\":564,\"height\":851},{\"@type\":\"BreadcrumbList\",\"@id\":\"https:\\\/\\\/chileentinieblas.cl\\\/en\\\/pnj\\\/laura-matos\\\/#breadcrumb\",\"itemListElement\":[{\"@type\":\"ListItem\",\"position\":1,\"name\":\"Portada\",\"item\":\"https:\\\/\\\/chileentinieblas.cl\\\/\"},{\"@type\":\"ListItem\",\"position\":2,\"name\":\"PNJs\",\"item\":\"https:\\\/\\\/chileentinieblas.cl\\\/pnj\\\/\"},{\"@type\":\"ListItem\",\"position\":3,\"name\":\"Laura Matos\"}]},{\"@type\":\"WebSite\",\"@id\":\"https:\\\/\\\/chileentinieblas.cl\\\/#website\",\"url\":\"https:\\\/\\\/chileentinieblas.cl\\\/\",\"name\":\"Chile en Tinieblas\",\"description\":\"Un servidor con mesas de rol de Mundo de Tinieblas\",\"publisher\":{\"@id\":\"https:\\\/\\\/chileentinieblas.cl\\\/#organization\"},\"potentialAction\":[{\"@type\":\"SearchAction\",\"target\":{\"@type\":\"EntryPoint\",\"urlTemplate\":\"https:\\\/\\\/chileentinieblas.cl\\\/?s={search_term_string}\"},\"query-input\":{\"@type\":\"PropertyValueSpecification\",\"valueRequired\":true,\"valueName\":\"search_term_string\"}}],\"inLanguage\":\"en-US\"},{\"@type\":\"Organization\",\"@id\":\"https:\\\/\\\/chileentinieblas.cl\\\/#organization\",\"name\":\"Chile en Tinieblas\",\"url\":\"https:\\\/\\\/chileentinieblas.cl\\\/\",\"logo\":{\"@type\":\"ImageObject\",\"inLanguage\":\"en-US\",\"@id\":\"https:\\\/\\\/chileentinieblas.cl\\\/#\\\/schema\\\/logo\\\/image\\\/\",\"url\":\"https:\\\/\\\/chileentinieblas.cl\\\/wp-content\\\/uploads\\\/2021\\\/12\\\/logo-cet-claro.png\",\"contentUrl\":\"https:\\\/\\\/chileentinieblas.cl\\\/wp-content\\\/uploads\\\/2021\\\/12\\\/logo-cet-claro.png\",\"width\":1001,\"height\":1030,\"caption\":\"Chile en Tinieblas\"},\"image\":{\"@id\":\"https:\\\/\\\/chileentinieblas.cl\\\/#\\\/schema\\\/logo\\\/image\\\/\"},\"sameAs\":[\"https:\\\/\\\/www.facebook.com\\\/ChileenTinieblas\",\"https:\\\/\\\/www.instagram.com\\\/chileentinieblas\\\/\",\"https:\\\/\\\/www.youtube.com\\\/@chileentinieblas\",\"https:\\\/\\\/www.tiktok.com\\\/@chileentinieblas\"]}]}<\/script>\n<!-- \/ Yoast SEO plugin. -->","yoast_head_json":{"title":"Laura Matos - Chile en Tinieblas","robots":{"index":"index","follow":"follow","max-snippet":"max-snippet:-1","max-image-preview":"max-image-preview:large","max-video-preview":"max-video-preview:-1"},"canonical":"https:\/\/chileentinieblas.cl\/en\/pnj\/laura-matos\/","og_locale":"en_US","og_type":"article","og_title":"Laura Matos - Chile en Tinieblas","og_description":"Joven pero capaz soldado, miembro de los Ingenieros del Vac\u00edo y la Divisi\u00f3n Fronteriza Terrestre, quien en el pasado habr\u00eda sido parte del cuerpo de ingenieras de la armada, despertando durante una casi fat\u00eddica oportunidad en que fall\u00f3 al desarmar una mina. La explosi\u00f3n no la mat\u00f3, pero s\u00ed de vez en cuando reaparece aquel [&hellip;]","og_url":"https:\/\/chileentinieblas.cl\/en\/pnj\/laura-matos\/","og_site_name":"Chile en Tinieblas","article_publisher":"https:\/\/www.facebook.com\/ChileenTinieblas","article_modified_time":"2024-07-29T19:41:08+00:00","og_image":[{"width":564,"height":851,"url":"https:\/\/chileentinieblas.cl\/wp-content\/uploads\/2022\/01\/Laura-Matos-Normal.jpg","type":"image\/jpeg"}],"twitter_card":"summary_large_image","twitter_misc":{"Est. reading time":"2 minutes"},"schema":{"@context":"https:\/\/schema.org","@graph":[{"@type":"WebPage","@id":"https:\/\/chileentinieblas.cl\/en\/pnj\/laura-matos\/","url":"https:\/\/chileentinieblas.cl\/en\/pnj\/laura-matos\/","name":"Laura Matos - Chile en Tinieblas","isPartOf":{"@id":"https:\/\/chileentinieblas.cl\/#website"},"primaryImageOfPage":{"@id":"https:\/\/chileentinieblas.cl\/en\/pnj\/laura-matos\/#primaryimage"},"image":{"@id":"https:\/\/chileentinieblas.cl\/en\/pnj\/laura-matos\/#primaryimage"},"thumbnailUrl":"https:\/\/chileentinieblas.cl\/wp-content\/uploads\/2022\/01\/Laura-Matos-Normal.jpg","datePublished":"2022-01-17T21:34:52+00:00","dateModified":"2024-07-29T19:41:08+00:00","breadcrumb":{"@id":"https:\/\/chileentinieblas.cl\/en\/pnj\/laura-matos\/#breadcrumb"},"inLanguage":"en-US","potentialAction":[{"@type":"ReadAction","target":["https:\/\/chileentinieblas.cl\/en\/pnj\/laura-matos\/"]}]},{"@type":"ImageObject","inLanguage":"en-US","@id":"https:\/\/chileentinieblas.cl\/en\/pnj\/laura-matos\/#primaryimage","url":"https:\/\/chileentinieblas.cl\/wp-content\/uploads\/2022\/01\/Laura-Matos-Normal.jpg","contentUrl":"https:\/\/chileentinieblas.cl\/wp-content\/uploads\/2022\/01\/Laura-Matos-Normal.jpg","width":564,"height":851},{"@type":"BreadcrumbList","@id":"https:\/\/chileentinieblas.cl\/en\/pnj\/laura-matos\/#breadcrumb","itemListElement":[{"@type":"ListItem","position":1,"name":"Portada","item":"https:\/\/chileentinieblas.cl\/"},{"@type":"ListItem","position":2,"name":"PNJs","item":"https:\/\/chileentinieblas.cl\/pnj\/"},{"@type":"ListItem","position":3,"name":"Laura Matos"}]},{"@type":"WebSite","@id":"https:\/\/chileentinieblas.cl\/#website","url":"https:\/\/chileentinieblas.cl\/","name":"Chile en Tinieblas","description":"Un servidor con mesas de rol de Mundo de Tinieblas","publisher":{"@id":"https:\/\/chileentinieblas.cl\/#organization"},"potentialAction":[{"@type":"SearchAction","target":{"@type":"EntryPoint","urlTemplate":"https:\/\/chileentinieblas.cl\/?s={search_term_string}"},"query-input":{"@type":"PropertyValueSpecification","valueRequired":true,"valueName":"search_term_string"}}],"inLanguage":"en-US"},{"@type":"Organization","@id":"https:\/\/chileentinieblas.cl\/#organization","name":"Chile en Tinieblas","url":"https:\/\/chileentinieblas.cl\/","logo":{"@type":"ImageObject","inLanguage":"en-US","@id":"https:\/\/chileentinieblas.cl\/#\/schema\/logo\/image\/","url":"https:\/\/chileentinieblas.cl\/wp-content\/uploads\/2021\/12\/logo-cet-claro.png","contentUrl":"https:\/\/chileentinieblas.cl\/wp-content\/uploads\/2021\/12\/logo-cet-claro.png","width":1001,"height":1030,"caption":"Chile en Tinieblas"},"image":{"@id":"https:\/\/chileentinieblas.cl\/#\/schema\/logo\/image\/"},"sameAs":["https:\/\/www.facebook.com\/ChileenTinieblas","https:\/\/www.instagram.com\/chileentinieblas\/","https:\/\/www.youtube.com\/@chileentinieblas","https:\/\/www.tiktok.com\/@chileentinieblas"]}]}},"jetpack_sharing_enabled":true,"_links":{"self":[{"href":"https:\/\/chileentinieblas.cl\/en\/wp-json\/wp\/v2\/pnj\/1973","targetHints":{"allow":["GET"]}}],"collection":[{"href":"https:\/\/chileentinieblas.cl\/en\/wp-json\/wp\/v2\/pnj"}],"about":[{"href":"https:\/\/chileentinieblas.cl\/en\/wp-json\/wp\/v2\/types\/pnj"}],"author":[{"embeddable":true,"href":"https:\/\/chileentinieblas.cl\/en\/wp-json\/wp\/v2\/users\/19"}],"wp:featuredmedia":[{"embeddable":true,"href":"https:\/\/chileentinieblas.cl\/en\/wp-json\/wp\/v2\/media\/1974"}],"wp:attachment":[{"href":"https:\/\/chileentinieblas.cl\/en\/wp-json\/wp\/v2\/media?parent=1973"}],"wp:term":[{"taxonomy":"post_tag","embeddable":true,"href":"https:\/\/chileentinieblas.cl\/en\/wp-json\/wp\/v2\/tags?post=1973"},{"taxonomy":"faccion","embeddable":true,"href":"https:\/\/chileentinieblas.cl\/en\/wp-json\/wp\/v2\/faccion?post=1973"}],"curies":[{"name":"wp","href":"https:\/\/api.w.org\/{rel}","templated":true}]}}