{"id":1961,"date":"2021-12-30T05:24:38","date_gmt":"2021-12-30T05:24:38","guid":{"rendered":"https:\/\/chileentinieblas.cl\/?post_type=pnj&#038;p=1961"},"modified":"2024-07-29T19:41:08","modified_gmt":"2024-07-29T19:41:08","slug":"melquiades-ojos-profundos","status":"publish","type":"pnj","link":"https:\/\/chileentinieblas.cl\/en\/pnj\/melquiades-ojos-profundos\/","title":{"rendered":"Melqu\u00edades Ojos-Profundos"},"content":{"rendered":"<p class=\"wp-block-paragraph\">Sin duda uno de los m\u00e1s respetables ancianos de los clanes presentes en la capital. Ojos-Profundos es un veterano Hijo de Gaia que ha vivido mucho a traves de la sabidur\u00eda espiritual, ayudando en la reconstrucci\u00f3n y creaci\u00f3n de diferentes t\u00famulos en el cono sur, pasando a\u00f1os junto a varios de sus compa\u00f1eros en la guerra secreta del amazonas. Melquiades fue parte de distintas operaciones para salvar ni\u00f1os y parentelas de las garras del wyrm que domino Chile durante la dictadura. Junto a su manada, &#8220;El Cuerno Negro&#8221; lograron salvar a Garous y familias completas de los ataques directos camuflados como enfrentamientos contra terroristas. Luego de la vuelta a la democracia, el Theurge Chileno se dedico a subsanar un gran problema que podr\u00eda ser el fin de los pocos Garou que habitan Chile lo cual es, el conflicto entre clanes. Para esto, junto a varios aliados, el Cuerno Negro imbuyo de Gnosis gran parte de un terreno cercano a los andes llamado Antupiren, purificando y eliminando todas las plagas de corrupci\u00f3n y muerte presentes en el lugar. en el proceso, Ojos-Profundos entrego gran parte de su alma a la creaci\u00f3n del Olivo que seria el coraz\u00f3n del t\u00famulo, en honor a unicornio y la paz que era necesaria entre los Garou y cambiaformas de Chile y el mundo.<br><br>Anteriormente Melqu\u00edades Ojos-Profundos se desempe\u00f1a como maestro del rito y guardi\u00e1n de la puerta en el t\u00famulo de Antupiren, dando gu\u00eda a todos los cambiantes que pasan por el t\u00famulo para alcanzar la paz entre las tribus y los fera nativos de Sudam\u00e9rica. La noche del 31 de Octubre muri\u00f3 defendiendo lo que siempre protegi\u00f3 y Cultiv\u00f3, el Coraz\u00f3n del T\u00famulo de Antupir\u00e9n, a manos de las fuerzas del culto de Antumael, quienes destruyeron al Clan de la Comunidad.<\/p>","protected":false},"author":8,"featured_media":1968,"template":"","tags":[73],"faccion":[72,52,68],"class_list":["post-1961","pnj","type-pnj","status-publish","has-post-thumbnail","hentry","tag-clan-de-la-comunidad","faccion-hijos-de-gaia","faccion-hombre-lobo-el-apocalipsis","faccion-nacion-garou"],"acf":{"fecha":"07-11-1938 \/ 01-11-2020","estatus":"Muerto","ficha_del_personaje":1962,"aspecto":"Usualmente viste con chaleco y capucha tejido a mano, de buena lana pero usada, lleno de collares y bolsos cruzados, alforja y ri\u00f1oneras, anillos y artesanias de madera y cuero.\r\n\r\nEn forma hominida se ve como un mestizo indigena de unos 70 a\u00f1os o m\u00e1s. En forma Crinos se ve como un Garou con la piel flacida pero con un pelaje y tonificaci\u00f3n de bello aspecto.","interpretacion":"Amistoso y siempre envuelto en misterio, es un viejo a quien le gusta compartir con los jovenes, tratando de que cada palabra les despierte la sabiduria que inculca, dispuesto a ayudar pero con cada vez menos energia a causa de su edad, es el Garou mas sabio del clan de la comunidad.","informacion_privada":"","mapa_de_kumu_u_otro_embed":null},"yoast_head":"<!-- This site is optimized with the Yoast SEO plugin v28.4 - https:\/\/yoast.com\/product\/yoast-seo-wordpress\/ -->\n<title>Melqu\u00edades Ojos-Profundos - Chile en Tinieblas<\/title>\n<meta name=\"robots\" content=\"index, follow, max-snippet:-1, max-image-preview:large, max-video-preview:-1\" \/>\n<link rel=\"canonical\" href=\"https:\/\/chileentinieblas.cl\/en\/pnj\/melquiades-ojos-profundos\/\" \/>\n<meta property=\"og:locale\" content=\"en_US\" \/>\n<meta property=\"og:type\" content=\"article\" \/>\n<meta property=\"og:title\" content=\"Melqu\u00edades Ojos-Profundos - Chile en Tinieblas\" \/>\n<meta property=\"og:description\" content=\"Sin duda uno de los m\u00e1s respetables ancianos de los clanes presentes en la capital. Ojos-Profundos es un veterano Hijo de Gaia que ha vivido mucho a traves de la sabidur\u00eda espiritual, ayudando en la reconstrucci\u00f3n y creaci\u00f3n de diferentes t\u00famulos en el cono sur, pasando a\u00f1os junto a varios de sus compa\u00f1eros en la [&hellip;]\" \/>\n<meta property=\"og:url\" content=\"https:\/\/chileentinieblas.cl\/en\/pnj\/melquiades-ojos-profundos\/\" \/>\n<meta property=\"og:site_name\" content=\"Chile en Tinieblas\" \/>\n<meta property=\"article:publisher\" content=\"https:\/\/www.facebook.com\/ChileenTinieblas\" \/>\n<meta property=\"article:modified_time\" content=\"2024-07-29T19:41:08+00:00\" \/>\n<meta property=\"og:image\" content=\"https:\/\/chileentinieblas.cl\/wp-content\/uploads\/2021\/12\/4080cebf057f9bfaf3943ddfdd0f8821.jpeg\" \/>\n\t<meta property=\"og:image:width\" content=\"428\" \/>\n\t<meta property=\"og:image:height\" content=\"427\" \/>\n\t<meta property=\"og:image:type\" content=\"image\/jpeg\" \/>\n<meta name=\"twitter:card\" content=\"summary_large_image\" \/>\n<meta name=\"twitter:label1\" content=\"Est. reading time\" \/>\n\t<meta name=\"twitter:data1\" content=\"2 minutes\" \/>\n<script type=\"application\/ld+json\" class=\"yoast-schema-graph\">{\"@context\":\"https:\\\/\\\/schema.org\",\"@graph\":[{\"@type\":\"WebPage\",\"@id\":\"https:\\\/\\\/chileentinieblas.cl\\\/pnj\\\/melquiades-ojos-profundos\\\/\",\"url\":\"https:\\\/\\\/chileentinieblas.cl\\\/pnj\\\/melquiades-ojos-profundos\\\/\",\"name\":\"Melqu\u00edades Ojos-Profundos - Chile en Tinieblas\",\"isPartOf\":{\"@id\":\"https:\\\/\\\/chileentinieblas.cl\\\/#website\"},\"primaryImageOfPage\":{\"@id\":\"https:\\\/\\\/chileentinieblas.cl\\\/pnj\\\/melquiades-ojos-profundos\\\/#primaryimage\"},\"image\":{\"@id\":\"https:\\\/\\\/chileentinieblas.cl\\\/pnj\\\/melquiades-ojos-profundos\\\/#primaryimage\"},\"thumbnailUrl\":\"https:\\\/\\\/chileentinieblas.cl\\\/wp-content\\\/uploads\\\/2021\\\/12\\\/4080cebf057f9bfaf3943ddfdd0f8821.jpeg\",\"datePublished\":\"2021-12-30T05:24:38+00:00\",\"dateModified\":\"2024-07-29T19:41:08+00:00\",\"breadcrumb\":{\"@id\":\"https:\\\/\\\/chileentinieblas.cl\\\/pnj\\\/melquiades-ojos-profundos\\\/#breadcrumb\"},\"inLanguage\":\"en-US\",\"potentialAction\":[{\"@type\":\"ReadAction\",\"target\":[\"https:\\\/\\\/chileentinieblas.cl\\\/pnj\\\/melquiades-ojos-profundos\\\/\"]}]},{\"@type\":\"ImageObject\",\"inLanguage\":\"en-US\",\"@id\":\"https:\\\/\\\/chileentinieblas.cl\\\/pnj\\\/melquiades-ojos-profundos\\\/#primaryimage\",\"url\":\"https:\\\/\\\/chileentinieblas.cl\\\/wp-content\\\/uploads\\\/2021\\\/12\\\/4080cebf057f9bfaf3943ddfdd0f8821.jpeg\",\"contentUrl\":\"https:\\\/\\\/chileentinieblas.cl\\\/wp-content\\\/uploads\\\/2021\\\/12\\\/4080cebf057f9bfaf3943ddfdd0f8821.jpeg\",\"width\":428,\"height\":427},{\"@type\":\"BreadcrumbList\",\"@id\":\"https:\\\/\\\/chileentinieblas.cl\\\/pnj\\\/melquiades-ojos-profundos\\\/#breadcrumb\",\"itemListElement\":[{\"@type\":\"ListItem\",\"position\":1,\"name\":\"Portada\",\"item\":\"https:\\\/\\\/chileentinieblas.cl\\\/\"},{\"@type\":\"ListItem\",\"position\":2,\"name\":\"PNJs\",\"item\":\"https:\\\/\\\/chileentinieblas.cl\\\/pnj\\\/\"},{\"@type\":\"ListItem\",\"position\":3,\"name\":\"Melqu\u00edades Ojos-Profundos\"}]},{\"@type\":\"WebSite\",\"@id\":\"https:\\\/\\\/chileentinieblas.cl\\\/#website\",\"url\":\"https:\\\/\\\/chileentinieblas.cl\\\/\",\"name\":\"Chile en Tinieblas\",\"description\":\"Un servidor con mesas de rol de Mundo de Tinieblas\",\"publisher\":{\"@id\":\"https:\\\/\\\/chileentinieblas.cl\\\/#organization\"},\"potentialAction\":[{\"@type\":\"SearchAction\",\"target\":{\"@type\":\"EntryPoint\",\"urlTemplate\":\"https:\\\/\\\/chileentinieblas.cl\\\/?s={search_term_string}\"},\"query-input\":{\"@type\":\"PropertyValueSpecification\",\"valueRequired\":true,\"valueName\":\"search_term_string\"}}],\"inLanguage\":\"en-US\"},{\"@type\":\"Organization\",\"@id\":\"https:\\\/\\\/chileentinieblas.cl\\\/#organization\",\"name\":\"Chile en Tinieblas\",\"url\":\"https:\\\/\\\/chileentinieblas.cl\\\/\",\"logo\":{\"@type\":\"ImageObject\",\"inLanguage\":\"en-US\",\"@id\":\"https:\\\/\\\/chileentinieblas.cl\\\/#\\\/schema\\\/logo\\\/image\\\/\",\"url\":\"https:\\\/\\\/chileentinieblas.cl\\\/wp-content\\\/uploads\\\/2021\\\/12\\\/logo-cet-claro.png\",\"contentUrl\":\"https:\\\/\\\/chileentinieblas.cl\\\/wp-content\\\/uploads\\\/2021\\\/12\\\/logo-cet-claro.png\",\"width\":1001,\"height\":1030,\"caption\":\"Chile en Tinieblas\"},\"image\":{\"@id\":\"https:\\\/\\\/chileentinieblas.cl\\\/#\\\/schema\\\/logo\\\/image\\\/\"},\"sameAs\":[\"https:\\\/\\\/www.facebook.com\\\/ChileenTinieblas\",\"https:\\\/\\\/www.instagram.com\\\/chileentinieblas\\\/\",\"https:\\\/\\\/www.youtube.com\\\/@chileentinieblas\",\"https:\\\/\\\/www.tiktok.com\\\/@chileentinieblas\"]}]}<\/script>\n<!-- \/ Yoast SEO plugin. -->","yoast_head_json":{"title":"Melqu\u00edades Ojos-Profundos - Chile en Tinieblas","robots":{"index":"index","follow":"follow","max-snippet":"max-snippet:-1","max-image-preview":"max-image-preview:large","max-video-preview":"max-video-preview:-1"},"canonical":"https:\/\/chileentinieblas.cl\/en\/pnj\/melquiades-ojos-profundos\/","og_locale":"en_US","og_type":"article","og_title":"Melqu\u00edades Ojos-Profundos - Chile en Tinieblas","og_description":"Sin duda uno de los m\u00e1s respetables ancianos de los clanes presentes en la capital. Ojos-Profundos es un veterano Hijo de Gaia que ha vivido mucho a traves de la sabidur\u00eda espiritual, ayudando en la reconstrucci\u00f3n y creaci\u00f3n de diferentes t\u00famulos en el cono sur, pasando a\u00f1os junto a varios de sus compa\u00f1eros en la [&hellip;]","og_url":"https:\/\/chileentinieblas.cl\/en\/pnj\/melquiades-ojos-profundos\/","og_site_name":"Chile en Tinieblas","article_publisher":"https:\/\/www.facebook.com\/ChileenTinieblas","article_modified_time":"2024-07-29T19:41:08+00:00","og_image":[{"width":428,"height":427,"url":"https:\/\/chileentinieblas.cl\/wp-content\/uploads\/2021\/12\/4080cebf057f9bfaf3943ddfdd0f8821.jpeg","type":"image\/jpeg"}],"twitter_card":"summary_large_image","twitter_misc":{"Est. reading time":"2 minutes"},"schema":{"@context":"https:\/\/schema.org","@graph":[{"@type":"WebPage","@id":"https:\/\/chileentinieblas.cl\/pnj\/melquiades-ojos-profundos\/","url":"https:\/\/chileentinieblas.cl\/pnj\/melquiades-ojos-profundos\/","name":"Melqu\u00edades Ojos-Profundos - Chile en Tinieblas","isPartOf":{"@id":"https:\/\/chileentinieblas.cl\/#website"},"primaryImageOfPage":{"@id":"https:\/\/chileentinieblas.cl\/pnj\/melquiades-ojos-profundos\/#primaryimage"},"image":{"@id":"https:\/\/chileentinieblas.cl\/pnj\/melquiades-ojos-profundos\/#primaryimage"},"thumbnailUrl":"https:\/\/chileentinieblas.cl\/wp-content\/uploads\/2021\/12\/4080cebf057f9bfaf3943ddfdd0f8821.jpeg","datePublished":"2021-12-30T05:24:38+00:00","dateModified":"2024-07-29T19:41:08+00:00","breadcrumb":{"@id":"https:\/\/chileentinieblas.cl\/pnj\/melquiades-ojos-profundos\/#breadcrumb"},"inLanguage":"en-US","potentialAction":[{"@type":"ReadAction","target":["https:\/\/chileentinieblas.cl\/pnj\/melquiades-ojos-profundos\/"]}]},{"@type":"ImageObject","inLanguage":"en-US","@id":"https:\/\/chileentinieblas.cl\/pnj\/melquiades-ojos-profundos\/#primaryimage","url":"https:\/\/chileentinieblas.cl\/wp-content\/uploads\/2021\/12\/4080cebf057f9bfaf3943ddfdd0f8821.jpeg","contentUrl":"https:\/\/chileentinieblas.cl\/wp-content\/uploads\/2021\/12\/4080cebf057f9bfaf3943ddfdd0f8821.jpeg","width":428,"height":427},{"@type":"BreadcrumbList","@id":"https:\/\/chileentinieblas.cl\/pnj\/melquiades-ojos-profundos\/#breadcrumb","itemListElement":[{"@type":"ListItem","position":1,"name":"Portada","item":"https:\/\/chileentinieblas.cl\/"},{"@type":"ListItem","position":2,"name":"PNJs","item":"https:\/\/chileentinieblas.cl\/pnj\/"},{"@type":"ListItem","position":3,"name":"Melqu\u00edades Ojos-Profundos"}]},{"@type":"WebSite","@id":"https:\/\/chileentinieblas.cl\/#website","url":"https:\/\/chileentinieblas.cl\/","name":"Chile en Tinieblas","description":"Un servidor con mesas de rol de Mundo de Tinieblas","publisher":{"@id":"https:\/\/chileentinieblas.cl\/#organization"},"potentialAction":[{"@type":"SearchAction","target":{"@type":"EntryPoint","urlTemplate":"https:\/\/chileentinieblas.cl\/?s={search_term_string}"},"query-input":{"@type":"PropertyValueSpecification","valueRequired":true,"valueName":"search_term_string"}}],"inLanguage":"en-US"},{"@type":"Organization","@id":"https:\/\/chileentinieblas.cl\/#organization","name":"Chile en Tinieblas","url":"https:\/\/chileentinieblas.cl\/","logo":{"@type":"ImageObject","inLanguage":"en-US","@id":"https:\/\/chileentinieblas.cl\/#\/schema\/logo\/image\/","url":"https:\/\/chileentinieblas.cl\/wp-content\/uploads\/2021\/12\/logo-cet-claro.png","contentUrl":"https:\/\/chileentinieblas.cl\/wp-content\/uploads\/2021\/12\/logo-cet-claro.png","width":1001,"height":1030,"caption":"Chile en Tinieblas"},"image":{"@id":"https:\/\/chileentinieblas.cl\/#\/schema\/logo\/image\/"},"sameAs":["https:\/\/www.facebook.com\/ChileenTinieblas","https:\/\/www.instagram.com\/chileentinieblas\/","https:\/\/www.youtube.com\/@chileentinieblas","https:\/\/www.tiktok.com\/@chileentinieblas"]}]}},"jetpack_sharing_enabled":true,"_links":{"self":[{"href":"https:\/\/chileentinieblas.cl\/en\/wp-json\/wp\/v2\/pnj\/1961","targetHints":{"allow":["GET"]}}],"collection":[{"href":"https:\/\/chileentinieblas.cl\/en\/wp-json\/wp\/v2\/pnj"}],"about":[{"href":"https:\/\/chileentinieblas.cl\/en\/wp-json\/wp\/v2\/types\/pnj"}],"author":[{"embeddable":true,"href":"https:\/\/chileentinieblas.cl\/en\/wp-json\/wp\/v2\/users\/8"}],"wp:featuredmedia":[{"embeddable":true,"href":"https:\/\/chileentinieblas.cl\/en\/wp-json\/wp\/v2\/media\/1968"}],"wp:attachment":[{"href":"https:\/\/chileentinieblas.cl\/en\/wp-json\/wp\/v2\/media?parent=1961"}],"wp:term":[{"taxonomy":"post_tag","embeddable":true,"href":"https:\/\/chileentinieblas.cl\/en\/wp-json\/wp\/v2\/tags?post=1961"},{"taxonomy":"faccion","embeddable":true,"href":"https:\/\/chileentinieblas.cl\/en\/wp-json\/wp\/v2\/faccion?post=1961"}],"curies":[{"name":"wp","href":"https:\/\/api.w.org\/{rel}","templated":true}]}}