{"id":1918,"date":"2021-12-05T22:52:00","date_gmt":"2021-12-05T22:52:00","guid":{"rendered":"https:\/\/chileentinieblas.cl\/?post_type=pnj&#038;p=1918"},"modified":"2024-07-30T21:22:14","modified_gmt":"2024-07-30T21:22:14","slug":"aurora","status":"publish","type":"pnj","link":"https:\/\/chileentinieblas.cl\/en\/pnj\/aurora\/","title":{"rendered":"Aurora"},"content":{"rendered":"<p class=\"wp-block-paragraph\">Recientemente convertida en una vampiro para cumplir con los designios de su sire, Aurora (su nombre art\u00edstico) anteriormente trabajaba como un puente para el aquelarre verbena de Vichuquen y la comunidad cultural de la municipalidad que mantiene vivo los mitos de brujos y brujas de la regi\u00f3n.<\/p>\n\n\n\n<p class=\"wp-block-paragraph\">Siendo humana siempre admir\u00f3 la capacidad m\u00e1gica de sus hermanas en el aquelarre, pero nunca obtuvo un lugar importante ah\u00ed, ya que no fue capaz de despertar su propio poder. Frustrada, por a\u00f1os su coraz\u00f3n se fue llenando de envidia y tristeza, lo que la llev\u00f3 a un oscuro camino para cambiar su destino. Fue as\u00ed como despu\u00e9s de algunos a\u00f1os encontr\u00f3 la oportunidad en un viaje a Santiago.<\/p>\n\n\n\n<p class=\"wp-block-paragraph\">Dado que ella era la encargada de las relaciones p\u00fablicas del grupo frente a los otros grupos Verbena del pa\u00eds, la anciana le pidi\u00f3 que llevara a sus 3 alumnas a buscar a H\u00e9mera luego de que \u00e9sta se escapara y robara un preciado tesoro del lugar, pero fue en ese viaje que es contactada por una antiguo miembro exiliado del aquelarre:<\/p>\n\n\n\n<p class=\"wp-block-paragraph\"><a href=\"https:\/\/chileentinieblas.cl\/en\/pnj\/madre-solandis\/\" data-type=\"pnj\" data-id=\"1248\">Madre Solandis<\/a> la contact\u00f3 por medio de pesadillas e ilusiones en superficies reflectantes, quien sintiendo el pesar de su coraz\u00f3n le habl\u00f3 a solas para proponerle un trato.<\/p>\n\n\n\n<p class=\"wp-block-paragraph\">Le cont\u00f3 las historias de las Baharis que las ancianas de Vichuqu\u00e9n les hab\u00edan ocultado. La convenci\u00f3 de que su pelea era justa, y le cont\u00f3 que ella hab\u00eda sido expulsada de ah\u00ed por pensar distinto. Le ofreci\u00f3 una oportunidad, la posibilidad de ser una de ellas, con el mismo potencial.<\/p>\n\n\n\n<p class=\"wp-block-paragraph\">As\u00ed fue como despu\u00e9s le cont\u00f3 sobre rumores de que el Patr\u00f3n estaba tambi\u00e9n por ah\u00ed, le dijo que no hiciera caso a las ancianas de all\u00e1. Que lo encontrara y le pidiera un favor, si lograba cumplirlo le dar\u00eda el poder que ella tanto ansiaba y la posibilidad de ser miembro del grupo.<\/p>\n\n\n\n<p class=\"wp-block-paragraph\">El temor era grande pero su ambici\u00f3n a\u00fan m\u00e1s, y cuando conoci\u00f3 al Patr\u00f3n, le coment\u00f3 que Solandis estaba guiando al antiguo grupo que \u00e9l hab\u00eda abandonado. Con eso llam\u00f3 su atenci\u00f3n y logr\u00f3 llegar a un acuerdo con \u00e9l: robar un ritual a manos de Gibbs a cambio de entregarle un alma despertada, lo que Solandis necesitaba.<\/p>\n\n\n\n<p class=\"wp-block-paragraph\">As\u00ed, una vez que ella lleg\u00f3 con el joven Basti\u00e1n al jard\u00edn de las baharis en Santiago, ella le present\u00f3 a la mujer que le dar\u00eda el poder de crear hechizos, <a href=\"https:\/\/chileentinieblas.cl\/en\/pnj\/elena-montero\/\" data-type=\"pnj\" data-id=\"2540\">Elena Montero<\/a>, antigua v\u00e1stago que quer\u00eda fortalecer las filas de su culto despu\u00e9s de haber sufrido un duro golpe contra lo que ellas llaman la segunda inquisici\u00f3n. Por solicitud de <a href=\"https:\/\/chileentinieblas.cl\/en\/pnj\/madre-solandis\/\" data-type=\"pnj\" data-id=\"1248\">Madre Solandis<\/a> accedi\u00f3 y se transform\u00f3 en una vampira.<\/p>\n\n\n\n<p class=\"wp-block-paragraph\">Aurora ayudaba a las hermanas mayores para lograr un ritual que pueda devolverles el poder a la secta que perdi\u00f3 frente a la segunda inquisici\u00f3n, pero una c\u00e1bala de magos lo impidi\u00f3 a \u00faltimo momento y su ritual fracas\u00f3, para caer inmediatamente despu\u00e9s de eso en las manos de los cazadores que las hab\u00edan acorralado esa noche.<\/p>","protected":false},"author":1,"featured_media":1919,"template":"","tags":[],"faccion":[67,53],"class_list":["post-1918","pnj","type-pnj","status-publish","has-post-thumbnail","hentry","faccion-tremere","faccion-vampiro-la-mascarada"],"acf":{"fecha":"","estatus":"Activo","ficha_del_personaje":"","aspecto":"","interpretacion":"","informacion_privada":"","mapa_de_kumu_u_otro_embed":null},"yoast_head":"<!-- This site is optimized with the Yoast SEO plugin v28.4 - https:\/\/yoast.com\/product\/yoast-seo-wordpress\/ -->\n<title>Aurora - Chile en Tinieblas<\/title>\n<meta name=\"robots\" content=\"index, follow, max-snippet:-1, max-image-preview:large, max-video-preview:-1\" \/>\n<link rel=\"canonical\" href=\"https:\/\/chileentinieblas.cl\/en\/pnj\/aurora\/\" \/>\n<meta property=\"og:locale\" content=\"en_US\" \/>\n<meta property=\"og:type\" content=\"article\" \/>\n<meta property=\"og:title\" content=\"Aurora - Chile en Tinieblas\" \/>\n<meta property=\"og:description\" content=\"Recientemente convertida en una vampiro para cumplir con los designios de su sire, Aurora (su nombre art\u00edstico) anteriormente trabajaba como un puente para el aquelarre verbena de Vichuquen y la comunidad cultural de la municipalidad que mantiene vivo los mitos de brujos y brujas de la regi\u00f3n. Siendo humana siempre admir\u00f3 la capacidad m\u00e1gica de [&hellip;]\" \/>\n<meta property=\"og:url\" content=\"https:\/\/chileentinieblas.cl\/en\/pnj\/aurora\/\" \/>\n<meta property=\"og:site_name\" content=\"Chile en Tinieblas\" \/>\n<meta property=\"article:publisher\" content=\"https:\/\/www.facebook.com\/ChileenTinieblas\" \/>\n<meta property=\"article:modified_time\" content=\"2024-07-30T21:22:14+00:00\" \/>\n<meta property=\"og:image\" content=\"https:\/\/i.pinimg.com\/564x\/de\/84\/a4\/de84a462a10e3e415f4d5df252189153.jpg\" \/>\n\t<meta property=\"og:image:width\" content=\"564\" \/>\n\t<meta property=\"og:image:height\" content=\"887\" \/>\n\t<meta property=\"og:image:type\" content=\"image\/jpeg\" \/>\n<meta name=\"twitter:card\" content=\"summary_large_image\" \/>\n<meta name=\"twitter:label1\" content=\"Est. reading time\" \/>\n\t<meta name=\"twitter:data1\" content=\"3 minutes\" \/>\n<script type=\"application\/ld+json\" class=\"yoast-schema-graph\">{\"@context\":\"https:\\\/\\\/schema.org\",\"@graph\":[{\"@type\":\"WebPage\",\"@id\":\"https:\\\/\\\/chileentinieblas.cl\\\/en\\\/pnj\\\/aurora\\\/\",\"url\":\"https:\\\/\\\/chileentinieblas.cl\\\/en\\\/pnj\\\/aurora\\\/\",\"name\":\"Aurora - Chile en Tinieblas\",\"isPartOf\":{\"@id\":\"https:\\\/\\\/chileentinieblas.cl\\\/#website\"},\"primaryImageOfPage\":{\"@id\":\"https:\\\/\\\/chileentinieblas.cl\\\/en\\\/pnj\\\/aurora\\\/#primaryimage\"},\"image\":{\"@id\":\"https:\\\/\\\/chileentinieblas.cl\\\/en\\\/pnj\\\/aurora\\\/#primaryimage\"},\"thumbnailUrl\":\"https:\\\/\\\/i.pinimg.com\\\/564x\\\/de\\\/84\\\/a4\\\/de84a462a10e3e415f4d5df252189153.jpg\",\"datePublished\":\"2021-12-05T22:52:00+00:00\",\"dateModified\":\"2024-07-30T21:22:14+00:00\",\"breadcrumb\":{\"@id\":\"https:\\\/\\\/chileentinieblas.cl\\\/en\\\/pnj\\\/aurora\\\/#breadcrumb\"},\"inLanguage\":\"en-US\",\"potentialAction\":[{\"@type\":\"ReadAction\",\"target\":[\"https:\\\/\\\/chileentinieblas.cl\\\/en\\\/pnj\\\/aurora\\\/\"]}]},{\"@type\":\"ImageObject\",\"inLanguage\":\"en-US\",\"@id\":\"https:\\\/\\\/chileentinieblas.cl\\\/en\\\/pnj\\\/aurora\\\/#primaryimage\",\"url\":\"https:\\\/\\\/i.pinimg.com\\\/564x\\\/de\\\/84\\\/a4\\\/de84a462a10e3e415f4d5df252189153.jpg\",\"contentUrl\":\"https:\\\/\\\/i.pinimg.com\\\/564x\\\/de\\\/84\\\/a4\\\/de84a462a10e3e415f4d5df252189153.jpg\",\"width\":564,\"height\":887},{\"@type\":\"BreadcrumbList\",\"@id\":\"https:\\\/\\\/chileentinieblas.cl\\\/en\\\/pnj\\\/aurora\\\/#breadcrumb\",\"itemListElement\":[{\"@type\":\"ListItem\",\"position\":1,\"name\":\"Portada\",\"item\":\"https:\\\/\\\/chileentinieblas.cl\\\/\"},{\"@type\":\"ListItem\",\"position\":2,\"name\":\"PNJs\",\"item\":\"https:\\\/\\\/chileentinieblas.cl\\\/pnj\\\/\"},{\"@type\":\"ListItem\",\"position\":3,\"name\":\"Aurora\"}]},{\"@type\":\"WebSite\",\"@id\":\"https:\\\/\\\/chileentinieblas.cl\\\/#website\",\"url\":\"https:\\\/\\\/chileentinieblas.cl\\\/\",\"name\":\"Chile en Tinieblas\",\"description\":\"Un servidor con mesas de rol de Mundo de Tinieblas\",\"publisher\":{\"@id\":\"https:\\\/\\\/chileentinieblas.cl\\\/#organization\"},\"potentialAction\":[{\"@type\":\"SearchAction\",\"target\":{\"@type\":\"EntryPoint\",\"urlTemplate\":\"https:\\\/\\\/chileentinieblas.cl\\\/?s={search_term_string}\"},\"query-input\":{\"@type\":\"PropertyValueSpecification\",\"valueRequired\":true,\"valueName\":\"search_term_string\"}}],\"inLanguage\":\"en-US\"},{\"@type\":\"Organization\",\"@id\":\"https:\\\/\\\/chileentinieblas.cl\\\/#organization\",\"name\":\"Chile en Tinieblas\",\"url\":\"https:\\\/\\\/chileentinieblas.cl\\\/\",\"logo\":{\"@type\":\"ImageObject\",\"inLanguage\":\"en-US\",\"@id\":\"https:\\\/\\\/chileentinieblas.cl\\\/#\\\/schema\\\/logo\\\/image\\\/\",\"url\":\"https:\\\/\\\/chileentinieblas.cl\\\/wp-content\\\/uploads\\\/2021\\\/12\\\/logo-cet-claro.png\",\"contentUrl\":\"https:\\\/\\\/chileentinieblas.cl\\\/wp-content\\\/uploads\\\/2021\\\/12\\\/logo-cet-claro.png\",\"width\":1001,\"height\":1030,\"caption\":\"Chile en Tinieblas\"},\"image\":{\"@id\":\"https:\\\/\\\/chileentinieblas.cl\\\/#\\\/schema\\\/logo\\\/image\\\/\"},\"sameAs\":[\"https:\\\/\\\/www.facebook.com\\\/ChileenTinieblas\",\"https:\\\/\\\/www.instagram.com\\\/chileentinieblas\\\/\",\"https:\\\/\\\/www.youtube.com\\\/@chileentinieblas\",\"https:\\\/\\\/www.tiktok.com\\\/@chileentinieblas\"]}]}<\/script>\n<!-- \/ Yoast SEO plugin. -->","yoast_head_json":{"title":"Aurora - Chile en Tinieblas","robots":{"index":"index","follow":"follow","max-snippet":"max-snippet:-1","max-image-preview":"max-image-preview:large","max-video-preview":"max-video-preview:-1"},"canonical":"https:\/\/chileentinieblas.cl\/en\/pnj\/aurora\/","og_locale":"en_US","og_type":"article","og_title":"Aurora - Chile en Tinieblas","og_description":"Recientemente convertida en una vampiro para cumplir con los designios de su sire, Aurora (su nombre art\u00edstico) anteriormente trabajaba como un puente para el aquelarre verbena de Vichuquen y la comunidad cultural de la municipalidad que mantiene vivo los mitos de brujos y brujas de la regi\u00f3n. Siendo humana siempre admir\u00f3 la capacidad m\u00e1gica de [&hellip;]","og_url":"https:\/\/chileentinieblas.cl\/en\/pnj\/aurora\/","og_site_name":"Chile en Tinieblas","article_publisher":"https:\/\/www.facebook.com\/ChileenTinieblas","article_modified_time":"2024-07-30T21:22:14+00:00","og_image":[{"width":564,"height":887,"url":"https:\/\/i.pinimg.com\/564x\/de\/84\/a4\/de84a462a10e3e415f4d5df252189153.jpg","type":"image\/jpeg"}],"twitter_card":"summary_large_image","twitter_misc":{"Est. reading time":"3 minutes"},"schema":{"@context":"https:\/\/schema.org","@graph":[{"@type":"WebPage","@id":"https:\/\/chileentinieblas.cl\/en\/pnj\/aurora\/","url":"https:\/\/chileentinieblas.cl\/en\/pnj\/aurora\/","name":"Aurora - Chile en Tinieblas","isPartOf":{"@id":"https:\/\/chileentinieblas.cl\/#website"},"primaryImageOfPage":{"@id":"https:\/\/chileentinieblas.cl\/en\/pnj\/aurora\/#primaryimage"},"image":{"@id":"https:\/\/chileentinieblas.cl\/en\/pnj\/aurora\/#primaryimage"},"thumbnailUrl":"https:\/\/i.pinimg.com\/564x\/de\/84\/a4\/de84a462a10e3e415f4d5df252189153.jpg","datePublished":"2021-12-05T22:52:00+00:00","dateModified":"2024-07-30T21:22:14+00:00","breadcrumb":{"@id":"https:\/\/chileentinieblas.cl\/en\/pnj\/aurora\/#breadcrumb"},"inLanguage":"en-US","potentialAction":[{"@type":"ReadAction","target":["https:\/\/chileentinieblas.cl\/en\/pnj\/aurora\/"]}]},{"@type":"ImageObject","inLanguage":"en-US","@id":"https:\/\/chileentinieblas.cl\/en\/pnj\/aurora\/#primaryimage","url":"https:\/\/i.pinimg.com\/564x\/de\/84\/a4\/de84a462a10e3e415f4d5df252189153.jpg","contentUrl":"https:\/\/i.pinimg.com\/564x\/de\/84\/a4\/de84a462a10e3e415f4d5df252189153.jpg","width":564,"height":887},{"@type":"BreadcrumbList","@id":"https:\/\/chileentinieblas.cl\/en\/pnj\/aurora\/#breadcrumb","itemListElement":[{"@type":"ListItem","position":1,"name":"Portada","item":"https:\/\/chileentinieblas.cl\/"},{"@type":"ListItem","position":2,"name":"PNJs","item":"https:\/\/chileentinieblas.cl\/pnj\/"},{"@type":"ListItem","position":3,"name":"Aurora"}]},{"@type":"WebSite","@id":"https:\/\/chileentinieblas.cl\/#website","url":"https:\/\/chileentinieblas.cl\/","name":"Chile en Tinieblas","description":"Un servidor con mesas de rol de Mundo de Tinieblas","publisher":{"@id":"https:\/\/chileentinieblas.cl\/#organization"},"potentialAction":[{"@type":"SearchAction","target":{"@type":"EntryPoint","urlTemplate":"https:\/\/chileentinieblas.cl\/?s={search_term_string}"},"query-input":{"@type":"PropertyValueSpecification","valueRequired":true,"valueName":"search_term_string"}}],"inLanguage":"en-US"},{"@type":"Organization","@id":"https:\/\/chileentinieblas.cl\/#organization","name":"Chile en Tinieblas","url":"https:\/\/chileentinieblas.cl\/","logo":{"@type":"ImageObject","inLanguage":"en-US","@id":"https:\/\/chileentinieblas.cl\/#\/schema\/logo\/image\/","url":"https:\/\/chileentinieblas.cl\/wp-content\/uploads\/2021\/12\/logo-cet-claro.png","contentUrl":"https:\/\/chileentinieblas.cl\/wp-content\/uploads\/2021\/12\/logo-cet-claro.png","width":1001,"height":1030,"caption":"Chile en Tinieblas"},"image":{"@id":"https:\/\/chileentinieblas.cl\/#\/schema\/logo\/image\/"},"sameAs":["https:\/\/www.facebook.com\/ChileenTinieblas","https:\/\/www.instagram.com\/chileentinieblas\/","https:\/\/www.youtube.com\/@chileentinieblas","https:\/\/www.tiktok.com\/@chileentinieblas"]}]}},"jetpack_sharing_enabled":true,"_links":{"self":[{"href":"https:\/\/chileentinieblas.cl\/en\/wp-json\/wp\/v2\/pnj\/1918","targetHints":{"allow":["GET"]}}],"collection":[{"href":"https:\/\/chileentinieblas.cl\/en\/wp-json\/wp\/v2\/pnj"}],"about":[{"href":"https:\/\/chileentinieblas.cl\/en\/wp-json\/wp\/v2\/types\/pnj"}],"author":[{"embeddable":true,"href":"https:\/\/chileentinieblas.cl\/en\/wp-json\/wp\/v2\/users\/1"}],"wp:featuredmedia":[{"embeddable":true,"href":"https:\/\/chileentinieblas.cl\/en\/wp-json\/wp\/v2\/media\/1919"}],"wp:attachment":[{"href":"https:\/\/chileentinieblas.cl\/en\/wp-json\/wp\/v2\/media?parent=1918"}],"wp:term":[{"taxonomy":"post_tag","embeddable":true,"href":"https:\/\/chileentinieblas.cl\/en\/wp-json\/wp\/v2\/tags?post=1918"},{"taxonomy":"faccion","embeddable":true,"href":"https:\/\/chileentinieblas.cl\/en\/wp-json\/wp\/v2\/faccion?post=1918"}],"curies":[{"name":"wp","href":"https:\/\/api.w.org\/{rel}","templated":true}]}}