{"id":1696,"date":"2020-11-15T05:37:56","date_gmt":"2020-11-15T08:37:56","guid":{"rendered":"https:\/\/chileentinieblas.cl\/?post_type=personajes&#038;p=23"},"modified":"2024-07-27T03:56:16","modified_gmt":"2024-07-27T03:56:16","slug":"sergio-mac-lean","status":"publish","type":"pnj","link":"https:\/\/chileentinieblas.cl\/en\/pnj\/sergio-mac-lean\/","title":{"rendered":"Sergio Mac Lean"},"content":{"rendered":"<p class=\"wp-block-paragraph\">Sergio naci\u00f3 en pleno proceso de dictadura, en dudosas condiciones, criado solo por su padre <strong>Osvaldo Pincetti<\/strong>, un agente del Nuevo orden mundial que destacaba por sus habilidades ps\u00edquicas con las que interrogaba a detenidos por la DINA, en una lucha directa contra los subversores de ese tiempo. <\/p>\n\n\n\n<p class=\"wp-block-paragraph\">Desde peque\u00f1o su padre le ense\u00f1\u00f3 que la realidad deb\u00eda enfrentarse con dureza y sin vacilaciones, no importaban los medios, ellos luchaban en una guerra por la realidad misma y el momento que pasaba el pa\u00eds era prueba de ello, estaban en guerra, en la guerra de la ascensi\u00f3n. Su padre siempre le contaba la historia de c\u00f3mo \u00e9l lo salv\u00f3 de los designios de su madre, quien, influenciada por estos grupos sobrenaturales, necesitaba al ni\u00f1o para un sangriento ritual, interrumpido por ellos mientras \u00e9l todav\u00eda era un bebe. Con el tiempo, estas historias fueron moldeando su mentalidad, quien ve\u00eda en su padre una figura a seguir, pero la fr\u00eda verdad era que su padre fue un seguidor de la dictadura y reflejaba la brutalidad de ese tiempo en sus propias acciones contra los nefandos y los otros grupos de subversores. A sus 12 a\u00f1os, cuando la tecnocracia comienza su renovaci\u00f3n a pedido de Control bajo el liderazgo de <strong><a href=\"https:\/\/chileentinieblas.cl\/en\/pnj\/osvaldo-bitar\/\" data-type=\"personajes\" data-id=\"16\">Osvaldo Bitar<\/a><\/strong>, sus padres son atacados y asesinados en su propia base por un grupo de subversores, los detalles de sus protocolos y procedimientos no fueron revelados y se mantuvieron bajo secreto, como archivos clasificados. Este hecho traum\u00f3 a Sergio, dej\u00e1ndolo hu\u00e9rfano a temprana edad, \u00e9l conoc\u00eda a su padre, sab\u00eda que no caer\u00eda tan f\u00e1cilmente. Por otro lado, al quedarse solo tan joven, pas\u00f3 a ser uno de los chicos del internado para nuevos reclutas, donde hizo todo lo posible para destacar como agente y ascender entre las filas del N.O.M. en Santiago, lo que con el tiempo lo volvi\u00f3 muy competitivo.<\/p>\n\n\n\n<p class=\"wp-block-paragraph\">1996 &#8211; Reclutado a los 18 a\u00f1os<\/p>\n\n\n\n<p class=\"wp-block-paragraph\">A los 18 a\u00f1os (1996) gracias a sus destacadas aptitudes f\u00edsicas y su avanzado ingenio en vigilancia, entra como agente de negro en las operaciones de vigilancia en Santiago del N.O.M. Estando dentro gan\u00f3 rango r\u00e1pidamente por sus logros y de manera personal comenz\u00f3 a investigar nuevamente el caso de sus padres que se hab\u00eda cerrado hasta tanto tiempo. Dentro de este tiempo encontr\u00f3 una pista, la ubicaci\u00f3n de la base de sus padres se hab\u00eda infiltrado a los subversores desde la Uni\u00f3n. Esto lo motiv\u00f3 a seguir investigando m\u00e1s y m\u00e1s, fiel a la Uni\u00f3n, cree que hay infiltrados subversores en ella, y que la familia Bitar tiene algo que ver en esto. Sin embargo su investigaci\u00f3n se detiene cuando nota que el resto de la informaci\u00f3n est\u00e1 borrada ni tiene el permiso para hacer una extrapolaci\u00f3n para recuperarla.<\/p>\n\n\n\n<p class=\"wp-block-paragraph\">4 a\u00f1os m\u00e1s tarde, despu\u00e9s de la anomal\u00eda dimensional, toma un nuevo cargo como traje gris en las operaciones de vigilancia en la ciudad, junto a un renovado grupo de j\u00f3venes, donde aprovech\u00f3 su posici\u00f3n para escalar m\u00e1s en la pir\u00e1mide de poder, ahora que <strong>Osvaldo Bitar<\/strong> hab\u00eda desaparecido, volvi\u00e9ndose el rival principal de Victoria. Desde ese momento, durante los siguientes 20 a\u00f1os enfrent\u00f3 varias amenazas exitosamente, lo que lo convirti\u00f3 en el director de operaciones de vigilancia, como parte de la metodolog\u00eda operativa del N.O.M.<\/p>\n\n\n\n<p class=\"wp-block-paragraph\">Sergio hered\u00f3 el punto de vista duro de su padre, pero al estar en una nueva era lo maneja m\u00e1s cuidadosamente. Su tenacidad e intolerancia ante los subversores que manipulan las mentes de los manifestantes, han logrado que sus misiones den grandes frutos, siempre leal a la tecnocracia y sus superiores, sin embargo, nunca ha dejado su b\u00fasqueda acerca de su padre. Esto lo lleva a sospechar sobretodo de Victoria, con la cual chocan bastante dado sus m\u00e9todos. Actualmente est\u00e1 a cargo de los equipos de choque que capturan, convierten o silencian grupos sobrenaturales en la ciudad, adem\u00e1s de las operaciones de infiltraci\u00f3n junto a Victoria, en una carrera constante por obtener el liderazgo de la convenci\u00f3n donde cree poder resolver el misterio de la desaparici\u00f3n de su padre.&nbsp;Lo que muy pocos saben es que \u00e9l es realmente el hijo de <strong>Marisol.<\/strong><\/p>","protected":false},"author":1,"featured_media":4416,"template":"","tags":[9],"faccion":[51,6,21],"class_list":["post-1696","pnj","type-pnj","status-publish","has-post-thumbnail","hentry","tag-operativa","faccion-mago-la-ascension","faccion-nom","faccion-tecnocracia"],"acf":{"fecha":"1978 - Actualidad ","estatus":"Activo","ficha_del_personaje":"","aspecto":"","interpretacion":"","rango":"4 - Director local","informacion_privada":"","mapa_de_kumu_u_otro_embed":null},"yoast_head":"<!-- This site is optimized with the Yoast SEO plugin v28.4 - https:\/\/yoast.com\/product\/yoast-seo-wordpress\/ -->\n<title>Sergio Mac Lean - Chile en Tinieblas<\/title>\n<meta name=\"robots\" content=\"index, follow, max-snippet:-1, max-image-preview:large, max-video-preview:-1\" \/>\n<link rel=\"canonical\" href=\"https:\/\/chileentinieblas.cl\/en\/pnj\/sergio-mac-lean\/\" \/>\n<meta property=\"og:locale\" content=\"en_US\" \/>\n<meta property=\"og:type\" content=\"article\" \/>\n<meta property=\"og:title\" content=\"Sergio Mac Lean - Chile en Tinieblas\" \/>\n<meta property=\"og:description\" content=\"Sergio naci\u00f3 en pleno proceso de dictadura, en dudosas condiciones, criado solo por su padre Osvaldo Pincetti, un agente del Nuevo orden mundial que destacaba por sus habilidades ps\u00edquicas con las que interrogaba a detenidos por la DINA, en una lucha directa contra los subversores de ese tiempo. Desde peque\u00f1o su padre le ense\u00f1\u00f3 que [&hellip;]\" \/>\n<meta property=\"og:url\" content=\"https:\/\/chileentinieblas.cl\/en\/pnj\/sergio-mac-lean\/\" \/>\n<meta property=\"og:site_name\" content=\"Chile en Tinieblas\" \/>\n<meta property=\"article:publisher\" content=\"https:\/\/www.facebook.com\/ChileenTinieblas\" \/>\n<meta property=\"article:modified_time\" content=\"2024-07-27T03:56:16+00:00\" \/>\n<meta property=\"og:image\" content=\"https:\/\/chileentinieblas.cl\/wp-content\/uploads\/2023\/08\/Sergio.jpg\" \/>\n\t<meta property=\"og:image:width\" content=\"1024\" \/>\n\t<meta property=\"og:image:height\" content=\"1024\" \/>\n\t<meta property=\"og:image:type\" content=\"image\/jpeg\" \/>\n<meta name=\"twitter:card\" content=\"summary_large_image\" \/>\n<meta name=\"twitter:label1\" content=\"Est. reading time\" \/>\n\t<meta name=\"twitter:data1\" content=\"4 minutes\" \/>\n<script type=\"application\/ld+json\" class=\"yoast-schema-graph\">{\"@context\":\"https:\\\/\\\/schema.org\",\"@graph\":[{\"@type\":\"WebPage\",\"@id\":\"https:\\\/\\\/chileentinieblas.cl\\\/pnj\\\/sergio-mac-lean\\\/\",\"url\":\"https:\\\/\\\/chileentinieblas.cl\\\/pnj\\\/sergio-mac-lean\\\/\",\"name\":\"Sergio Mac Lean - Chile en Tinieblas\",\"isPartOf\":{\"@id\":\"https:\\\/\\\/chileentinieblas.cl\\\/#website\"},\"primaryImageOfPage\":{\"@id\":\"https:\\\/\\\/chileentinieblas.cl\\\/pnj\\\/sergio-mac-lean\\\/#primaryimage\"},\"image\":{\"@id\":\"https:\\\/\\\/chileentinieblas.cl\\\/pnj\\\/sergio-mac-lean\\\/#primaryimage\"},\"thumbnailUrl\":\"https:\\\/\\\/chileentinieblas.cl\\\/wp-content\\\/uploads\\\/2023\\\/08\\\/Sergio.jpg\",\"datePublished\":\"2020-11-15T08:37:56+00:00\",\"dateModified\":\"2024-07-27T03:56:16+00:00\",\"breadcrumb\":{\"@id\":\"https:\\\/\\\/chileentinieblas.cl\\\/pnj\\\/sergio-mac-lean\\\/#breadcrumb\"},\"inLanguage\":\"en-US\",\"potentialAction\":[{\"@type\":\"ReadAction\",\"target\":[\"https:\\\/\\\/chileentinieblas.cl\\\/pnj\\\/sergio-mac-lean\\\/\"]}]},{\"@type\":\"ImageObject\",\"inLanguage\":\"en-US\",\"@id\":\"https:\\\/\\\/chileentinieblas.cl\\\/pnj\\\/sergio-mac-lean\\\/#primaryimage\",\"url\":\"https:\\\/\\\/chileentinieblas.cl\\\/wp-content\\\/uploads\\\/2023\\\/08\\\/Sergio.jpg\",\"contentUrl\":\"https:\\\/\\\/chileentinieblas.cl\\\/wp-content\\\/uploads\\\/2023\\\/08\\\/Sergio.jpg\",\"width\":1024,\"height\":1024},{\"@type\":\"BreadcrumbList\",\"@id\":\"https:\\\/\\\/chileentinieblas.cl\\\/pnj\\\/sergio-mac-lean\\\/#breadcrumb\",\"itemListElement\":[{\"@type\":\"ListItem\",\"position\":1,\"name\":\"Portada\",\"item\":\"https:\\\/\\\/chileentinieblas.cl\\\/\"},{\"@type\":\"ListItem\",\"position\":2,\"name\":\"PNJs\",\"item\":\"https:\\\/\\\/chileentinieblas.cl\\\/pnj\\\/\"},{\"@type\":\"ListItem\",\"position\":3,\"name\":\"Sergio Mac Lean\"}]},{\"@type\":\"WebSite\",\"@id\":\"https:\\\/\\\/chileentinieblas.cl\\\/#website\",\"url\":\"https:\\\/\\\/chileentinieblas.cl\\\/\",\"name\":\"Chile en Tinieblas\",\"description\":\"Un servidor con mesas de rol de Mundo de Tinieblas\",\"publisher\":{\"@id\":\"https:\\\/\\\/chileentinieblas.cl\\\/#organization\"},\"potentialAction\":[{\"@type\":\"SearchAction\",\"target\":{\"@type\":\"EntryPoint\",\"urlTemplate\":\"https:\\\/\\\/chileentinieblas.cl\\\/?s={search_term_string}\"},\"query-input\":{\"@type\":\"PropertyValueSpecification\",\"valueRequired\":true,\"valueName\":\"search_term_string\"}}],\"inLanguage\":\"en-US\"},{\"@type\":\"Organization\",\"@id\":\"https:\\\/\\\/chileentinieblas.cl\\\/#organization\",\"name\":\"Chile en Tinieblas\",\"url\":\"https:\\\/\\\/chileentinieblas.cl\\\/\",\"logo\":{\"@type\":\"ImageObject\",\"inLanguage\":\"en-US\",\"@id\":\"https:\\\/\\\/chileentinieblas.cl\\\/#\\\/schema\\\/logo\\\/image\\\/\",\"url\":\"https:\\\/\\\/chileentinieblas.cl\\\/wp-content\\\/uploads\\\/2021\\\/12\\\/logo-cet-claro.png\",\"contentUrl\":\"https:\\\/\\\/chileentinieblas.cl\\\/wp-content\\\/uploads\\\/2021\\\/12\\\/logo-cet-claro.png\",\"width\":1001,\"height\":1030,\"caption\":\"Chile en Tinieblas\"},\"image\":{\"@id\":\"https:\\\/\\\/chileentinieblas.cl\\\/#\\\/schema\\\/logo\\\/image\\\/\"},\"sameAs\":[\"https:\\\/\\\/www.facebook.com\\\/ChileenTinieblas\",\"https:\\\/\\\/www.instagram.com\\\/chileentinieblas\\\/\",\"https:\\\/\\\/www.youtube.com\\\/@chileentinieblas\",\"https:\\\/\\\/www.tiktok.com\\\/@chileentinieblas\"]}]}<\/script>\n<!-- \/ Yoast SEO plugin. -->","yoast_head_json":{"title":"Sergio Mac Lean - Chile en Tinieblas","robots":{"index":"index","follow":"follow","max-snippet":"max-snippet:-1","max-image-preview":"max-image-preview:large","max-video-preview":"max-video-preview:-1"},"canonical":"https:\/\/chileentinieblas.cl\/en\/pnj\/sergio-mac-lean\/","og_locale":"en_US","og_type":"article","og_title":"Sergio Mac Lean - Chile en Tinieblas","og_description":"Sergio naci\u00f3 en pleno proceso de dictadura, en dudosas condiciones, criado solo por su padre Osvaldo Pincetti, un agente del Nuevo orden mundial que destacaba por sus habilidades ps\u00edquicas con las que interrogaba a detenidos por la DINA, en una lucha directa contra los subversores de ese tiempo. Desde peque\u00f1o su padre le ense\u00f1\u00f3 que [&hellip;]","og_url":"https:\/\/chileentinieblas.cl\/en\/pnj\/sergio-mac-lean\/","og_site_name":"Chile en Tinieblas","article_publisher":"https:\/\/www.facebook.com\/ChileenTinieblas","article_modified_time":"2024-07-27T03:56:16+00:00","og_image":[{"width":1024,"height":1024,"url":"https:\/\/chileentinieblas.cl\/wp-content\/uploads\/2023\/08\/Sergio.jpg","type":"image\/jpeg"}],"twitter_card":"summary_large_image","twitter_misc":{"Est. reading time":"4 minutes"},"schema":{"@context":"https:\/\/schema.org","@graph":[{"@type":"WebPage","@id":"https:\/\/chileentinieblas.cl\/pnj\/sergio-mac-lean\/","url":"https:\/\/chileentinieblas.cl\/pnj\/sergio-mac-lean\/","name":"Sergio Mac Lean - Chile en Tinieblas","isPartOf":{"@id":"https:\/\/chileentinieblas.cl\/#website"},"primaryImageOfPage":{"@id":"https:\/\/chileentinieblas.cl\/pnj\/sergio-mac-lean\/#primaryimage"},"image":{"@id":"https:\/\/chileentinieblas.cl\/pnj\/sergio-mac-lean\/#primaryimage"},"thumbnailUrl":"https:\/\/chileentinieblas.cl\/wp-content\/uploads\/2023\/08\/Sergio.jpg","datePublished":"2020-11-15T08:37:56+00:00","dateModified":"2024-07-27T03:56:16+00:00","breadcrumb":{"@id":"https:\/\/chileentinieblas.cl\/pnj\/sergio-mac-lean\/#breadcrumb"},"inLanguage":"en-US","potentialAction":[{"@type":"ReadAction","target":["https:\/\/chileentinieblas.cl\/pnj\/sergio-mac-lean\/"]}]},{"@type":"ImageObject","inLanguage":"en-US","@id":"https:\/\/chileentinieblas.cl\/pnj\/sergio-mac-lean\/#primaryimage","url":"https:\/\/chileentinieblas.cl\/wp-content\/uploads\/2023\/08\/Sergio.jpg","contentUrl":"https:\/\/chileentinieblas.cl\/wp-content\/uploads\/2023\/08\/Sergio.jpg","width":1024,"height":1024},{"@type":"BreadcrumbList","@id":"https:\/\/chileentinieblas.cl\/pnj\/sergio-mac-lean\/#breadcrumb","itemListElement":[{"@type":"ListItem","position":1,"name":"Portada","item":"https:\/\/chileentinieblas.cl\/"},{"@type":"ListItem","position":2,"name":"PNJs","item":"https:\/\/chileentinieblas.cl\/pnj\/"},{"@type":"ListItem","position":3,"name":"Sergio Mac Lean"}]},{"@type":"WebSite","@id":"https:\/\/chileentinieblas.cl\/#website","url":"https:\/\/chileentinieblas.cl\/","name":"Chile en Tinieblas","description":"Un servidor con mesas de rol de Mundo de Tinieblas","publisher":{"@id":"https:\/\/chileentinieblas.cl\/#organization"},"potentialAction":[{"@type":"SearchAction","target":{"@type":"EntryPoint","urlTemplate":"https:\/\/chileentinieblas.cl\/?s={search_term_string}"},"query-input":{"@type":"PropertyValueSpecification","valueRequired":true,"valueName":"search_term_string"}}],"inLanguage":"en-US"},{"@type":"Organization","@id":"https:\/\/chileentinieblas.cl\/#organization","name":"Chile en Tinieblas","url":"https:\/\/chileentinieblas.cl\/","logo":{"@type":"ImageObject","inLanguage":"en-US","@id":"https:\/\/chileentinieblas.cl\/#\/schema\/logo\/image\/","url":"https:\/\/chileentinieblas.cl\/wp-content\/uploads\/2021\/12\/logo-cet-claro.png","contentUrl":"https:\/\/chileentinieblas.cl\/wp-content\/uploads\/2021\/12\/logo-cet-claro.png","width":1001,"height":1030,"caption":"Chile en Tinieblas"},"image":{"@id":"https:\/\/chileentinieblas.cl\/#\/schema\/logo\/image\/"},"sameAs":["https:\/\/www.facebook.com\/ChileenTinieblas","https:\/\/www.instagram.com\/chileentinieblas\/","https:\/\/www.youtube.com\/@chileentinieblas","https:\/\/www.tiktok.com\/@chileentinieblas"]}]}},"jetpack_sharing_enabled":true,"_links":{"self":[{"href":"https:\/\/chileentinieblas.cl\/en\/wp-json\/wp\/v2\/pnj\/1696","targetHints":{"allow":["GET"]}}],"collection":[{"href":"https:\/\/chileentinieblas.cl\/en\/wp-json\/wp\/v2\/pnj"}],"about":[{"href":"https:\/\/chileentinieblas.cl\/en\/wp-json\/wp\/v2\/types\/pnj"}],"author":[{"embeddable":true,"href":"https:\/\/chileentinieblas.cl\/en\/wp-json\/wp\/v2\/users\/1"}],"wp:featuredmedia":[{"embeddable":true,"href":"https:\/\/chileentinieblas.cl\/en\/wp-json\/wp\/v2\/media\/4416"}],"wp:attachment":[{"href":"https:\/\/chileentinieblas.cl\/en\/wp-json\/wp\/v2\/media?parent=1696"}],"wp:term":[{"taxonomy":"post_tag","embeddable":true,"href":"https:\/\/chileentinieblas.cl\/en\/wp-json\/wp\/v2\/tags?post=1696"},{"taxonomy":"faccion","embeddable":true,"href":"https:\/\/chileentinieblas.cl\/en\/wp-json\/wp\/v2\/faccion?post=1696"}],"curies":[{"name":"wp","href":"https:\/\/api.w.org\/{rel}","templated":true}]}}