{"id":1694,"date":"2020-11-15T05:29:10","date_gmt":"2020-11-15T08:29:10","guid":{"rendered":"https:\/\/chileentinieblas.cl\/?post_type=personajes&#038;p=19"},"modified":"2024-07-29T19:41:09","modified_gmt":"2024-07-29T19:41:09","slug":"jose-de-moraleda","status":"publish","type":"pnj","link":"https:\/\/chileentinieblas.cl\/en\/pnj\/jose-de-moraleda\/","title":{"rendered":"Jos\u00e9 de Moraleda"},"content":{"rendered":"<p class=\"wp-block-paragraph\">M\u00e1s conocido como &#8220;El Cart\u00f3grafo&#8221;. Su historia es larga y compleja. Fue integrante de los buscadores del vac\u00edo en pleno proceso de conquista espa\u00f1ola. Recorri\u00f3 todo el sur de Am\u00e9rica y ayud\u00f3 a cartografiar los terrenos ocultos y olvidados que iban quedando a medida que la Orden de la raz\u00f3n se enfrentaba a los grupos m\u00e1gicos del lugar. Esto ayud\u00f3 a consolidar el consenso a pesar de la fuerte resistencia que presentaba la cultura nativa.<\/p>\n\n\n\n<p class=\"wp-block-paragraph\">Se dice que por a\u00f1os intent\u00f3 encontrar la entrada al legendario reino de la ciudad de los c\u00e9sares, pero despu\u00e9s de haber fracasado constantemente, termin\u00f3 por definirla como una leyenda y nada m\u00e1s.<\/p>\n\n\n\n<p class=\"wp-block-paragraph\">Con el tiempo, despu\u00e9s de que su grupo se transformara en los ingenieros del vac\u00edo, se volvi\u00f3 su representante oficial en Chile. Usando su posici\u00f3n gui\u00f3 a la nueva convenci\u00f3n a encontrar nodos poderosos y espacios seguros para observar y asentar instalaciones que permitan los viajes a la umbra profunda. Esta b\u00fasqueda los gui\u00f3 a los espacios m\u00e1s claros en la cordillera de los Andes y al extremo sur en la ant\u00e1rtica. Sus bases se instalaron entre las monta\u00f1as y en el fr\u00edo extremo de la patagonia mientras la armada chilena crec\u00eda.<\/p>\n\n\n\n<p class=\"wp-block-paragraph\">Luego de que Jos\u00e9 se uniera a los altos mandos de los ingenieros del vac\u00edo, sus d\u00edas en la tierra fueron cada vez m\u00e1s escasos. Pasaba principalmente investigando y aprendiendo sobre los constructos tecn\u00f3cratas en la umbra profunda y consideraba que Chile deber\u00eda tener un acceso a ellos tambi\u00e9n.<\/p>\n\n\n\n<p class=\"wp-block-paragraph\">Al ser el m\u00e1s antiguo de los maestros tecn\u00f3cratas en Chile, su influencia permiti\u00f3 construir una carrera astron\u00f3mica en el pa\u00eds y volverlo uno de los puntos m\u00e1s importantes para estudios astron\u00f3micos del mundo. Aprovech\u00f3 los observatorios construidos en el desierto de Atacama para posicionar la base m\u00e1s importantes del los Ingenieros del vac\u00edo en el pa\u00eds. Gracias al nuevo enfoque de la Uni\u00f3n, fue posible establecer un punto de acceso entre la base en atacama y la base Cop\u00e9rnico en el lado oscuro de la luna. De esta manera chile se estaba convirtiendo en un referente mundial para empujar el consenso hacia el espacio definido de la ciencia iluminada.<\/p>\n\n\n\n<p class=\"wp-block-paragraph\">Sin embargo todo cambi\u00f3 en 1999: con el observatorio astron\u00f3mico de luz visible m\u00e1s avanzado en el mundo recientemente inagurado, <strong>Jos\u00e9 de Moraleda<\/strong> junto a <strong><a href=\"https:\/\/chileentinieblas.cl\/en\/pnj\/osvaldo-bitar\/\" data-type=\"personajes\" data-id=\"16\">Osvaldo Bitar<\/a><\/strong> sol\u00edan frecuentar la estaci\u00f3n Cop\u00e9rnico para tener reuniones con el resto de representantes de la Uni\u00f3n de los que obten\u00edan directrices y consejos, fue en una de esas reuniones cuando ambos se vieron afectados por la anomal\u00eda dimensional y desaparecieron ante la tormenta.<\/p>\n\n\n\n<p class=\"wp-block-paragraph\">Desde ese momento no se ha vuelto a saber nada sobre ellos.<\/p>","protected":false},"author":1,"featured_media":79,"template":"","tags":[],"faccion":[8,21],"class_list":["post-1694","pnj","type-pnj","status-publish","has-post-thumbnail","hentry","faccion-ingeniero","faccion-tecnocracia"],"acf":{"fecha":"1750 - ???","estatus":"Desaparecido","ficha_del_personaje":null,"aspecto":"","interpretacion":"","rango":"5 - C\u00edrculo interno","informacion_privada":"","mapa_de_kumu_u_otro_embed":null},"yoast_head":"<!-- This site is optimized with the Yoast SEO plugin v28.4 - https:\/\/yoast.com\/product\/yoast-seo-wordpress\/ -->\n<title>Jos\u00e9 de Moraleda - Chile en Tinieblas<\/title>\n<meta name=\"robots\" content=\"index, follow, max-snippet:-1, max-image-preview:large, max-video-preview:-1\" \/>\n<link rel=\"canonical\" href=\"https:\/\/chileentinieblas.cl\/en\/pnj\/jose-de-moraleda\/\" \/>\n<meta property=\"og:locale\" content=\"en_US\" \/>\n<meta property=\"og:type\" content=\"article\" \/>\n<meta property=\"og:title\" content=\"Jos\u00e9 de Moraleda - Chile en Tinieblas\" \/>\n<meta property=\"og:description\" content=\"M\u00e1s conocido como &#8220;El Cart\u00f3grafo&#8221;. Su historia es larga y compleja. Fue integrante de los buscadores del vac\u00edo en pleno proceso de conquista espa\u00f1ola. Recorri\u00f3 todo el sur de Am\u00e9rica y ayud\u00f3 a cartografiar los terrenos ocultos y olvidados que iban quedando a medida que la Orden de la raz\u00f3n se enfrentaba a los grupos [&hellip;]\" \/>\n<meta property=\"og:url\" content=\"https:\/\/chileentinieblas.cl\/en\/pnj\/jose-de-moraleda\/\" \/>\n<meta property=\"og:site_name\" content=\"Chile en Tinieblas\" \/>\n<meta property=\"article:publisher\" content=\"https:\/\/www.facebook.com\/ChileenTinieblas\" \/>\n<meta property=\"article:modified_time\" content=\"2024-07-29T19:41:09+00:00\" \/>\n<meta property=\"og:image\" content=\"https:\/\/chileentinieblas.cl\/wp-content\/uploads\/2020\/11\/pasted-image-0-2.png\" \/>\n\t<meta property=\"og:image:width\" content=\"868\" \/>\n\t<meta property=\"og:image:height\" content=\"1200\" \/>\n\t<meta property=\"og:image:type\" content=\"image\/png\" \/>\n<meta name=\"twitter:card\" content=\"summary_large_image\" \/>\n<meta name=\"twitter:label1\" content=\"Est. reading time\" \/>\n\t<meta name=\"twitter:data1\" content=\"2 minutes\" \/>\n<script type=\"application\/ld+json\" class=\"yoast-schema-graph\">{\"@context\":\"https:\\\/\\\/schema.org\",\"@graph\":[{\"@type\":\"WebPage\",\"@id\":\"https:\\\/\\\/chileentinieblas.cl\\\/pnj\\\/jose-de-moraleda\\\/\",\"url\":\"https:\\\/\\\/chileentinieblas.cl\\\/pnj\\\/jose-de-moraleda\\\/\",\"name\":\"Jos\u00e9 de Moraleda - Chile en Tinieblas\",\"isPartOf\":{\"@id\":\"https:\\\/\\\/chileentinieblas.cl\\\/#website\"},\"primaryImageOfPage\":{\"@id\":\"https:\\\/\\\/chileentinieblas.cl\\\/pnj\\\/jose-de-moraleda\\\/#primaryimage\"},\"image\":{\"@id\":\"https:\\\/\\\/chileentinieblas.cl\\\/pnj\\\/jose-de-moraleda\\\/#primaryimage\"},\"thumbnailUrl\":\"https:\\\/\\\/chileentinieblas.cl\\\/wp-content\\\/uploads\\\/2020\\\/11\\\/pasted-image-0-2.png\",\"datePublished\":\"2020-11-15T08:29:10+00:00\",\"dateModified\":\"2024-07-29T19:41:09+00:00\",\"breadcrumb\":{\"@id\":\"https:\\\/\\\/chileentinieblas.cl\\\/pnj\\\/jose-de-moraleda\\\/#breadcrumb\"},\"inLanguage\":\"en-US\",\"potentialAction\":[{\"@type\":\"ReadAction\",\"target\":[\"https:\\\/\\\/chileentinieblas.cl\\\/pnj\\\/jose-de-moraleda\\\/\"]}]},{\"@type\":\"ImageObject\",\"inLanguage\":\"en-US\",\"@id\":\"https:\\\/\\\/chileentinieblas.cl\\\/pnj\\\/jose-de-moraleda\\\/#primaryimage\",\"url\":\"https:\\\/\\\/chileentinieblas.cl\\\/wp-content\\\/uploads\\\/2020\\\/11\\\/pasted-image-0-2.png\",\"contentUrl\":\"https:\\\/\\\/chileentinieblas.cl\\\/wp-content\\\/uploads\\\/2020\\\/11\\\/pasted-image-0-2.png\",\"width\":868,\"height\":1200},{\"@type\":\"BreadcrumbList\",\"@id\":\"https:\\\/\\\/chileentinieblas.cl\\\/pnj\\\/jose-de-moraleda\\\/#breadcrumb\",\"itemListElement\":[{\"@type\":\"ListItem\",\"position\":1,\"name\":\"Portada\",\"item\":\"https:\\\/\\\/chileentinieblas.cl\\\/\"},{\"@type\":\"ListItem\",\"position\":2,\"name\":\"PNJs\",\"item\":\"https:\\\/\\\/chileentinieblas.cl\\\/pnj\\\/\"},{\"@type\":\"ListItem\",\"position\":3,\"name\":\"Jos\u00e9 de Moraleda\"}]},{\"@type\":\"WebSite\",\"@id\":\"https:\\\/\\\/chileentinieblas.cl\\\/#website\",\"url\":\"https:\\\/\\\/chileentinieblas.cl\\\/\",\"name\":\"Chile en Tinieblas\",\"description\":\"Un servidor con mesas de rol de Mundo de Tinieblas\",\"publisher\":{\"@id\":\"https:\\\/\\\/chileentinieblas.cl\\\/#organization\"},\"potentialAction\":[{\"@type\":\"SearchAction\",\"target\":{\"@type\":\"EntryPoint\",\"urlTemplate\":\"https:\\\/\\\/chileentinieblas.cl\\\/?s={search_term_string}\"},\"query-input\":{\"@type\":\"PropertyValueSpecification\",\"valueRequired\":true,\"valueName\":\"search_term_string\"}}],\"inLanguage\":\"en-US\"},{\"@type\":\"Organization\",\"@id\":\"https:\\\/\\\/chileentinieblas.cl\\\/#organization\",\"name\":\"Chile en Tinieblas\",\"url\":\"https:\\\/\\\/chileentinieblas.cl\\\/\",\"logo\":{\"@type\":\"ImageObject\",\"inLanguage\":\"en-US\",\"@id\":\"https:\\\/\\\/chileentinieblas.cl\\\/#\\\/schema\\\/logo\\\/image\\\/\",\"url\":\"https:\\\/\\\/chileentinieblas.cl\\\/wp-content\\\/uploads\\\/2021\\\/12\\\/logo-cet-claro.png\",\"contentUrl\":\"https:\\\/\\\/chileentinieblas.cl\\\/wp-content\\\/uploads\\\/2021\\\/12\\\/logo-cet-claro.png\",\"width\":1001,\"height\":1030,\"caption\":\"Chile en Tinieblas\"},\"image\":{\"@id\":\"https:\\\/\\\/chileentinieblas.cl\\\/#\\\/schema\\\/logo\\\/image\\\/\"},\"sameAs\":[\"https:\\\/\\\/www.facebook.com\\\/ChileenTinieblas\",\"https:\\\/\\\/www.instagram.com\\\/chileentinieblas\\\/\",\"https:\\\/\\\/www.youtube.com\\\/@chileentinieblas\",\"https:\\\/\\\/www.tiktok.com\\\/@chileentinieblas\"]}]}<\/script>\n<!-- \/ Yoast SEO plugin. -->","yoast_head_json":{"title":"Jos\u00e9 de Moraleda - Chile en Tinieblas","robots":{"index":"index","follow":"follow","max-snippet":"max-snippet:-1","max-image-preview":"max-image-preview:large","max-video-preview":"max-video-preview:-1"},"canonical":"https:\/\/chileentinieblas.cl\/en\/pnj\/jose-de-moraleda\/","og_locale":"en_US","og_type":"article","og_title":"Jos\u00e9 de Moraleda - Chile en Tinieblas","og_description":"M\u00e1s conocido como &#8220;El Cart\u00f3grafo&#8221;. Su historia es larga y compleja. Fue integrante de los buscadores del vac\u00edo en pleno proceso de conquista espa\u00f1ola. Recorri\u00f3 todo el sur de Am\u00e9rica y ayud\u00f3 a cartografiar los terrenos ocultos y olvidados que iban quedando a medida que la Orden de la raz\u00f3n se enfrentaba a los grupos [&hellip;]","og_url":"https:\/\/chileentinieblas.cl\/en\/pnj\/jose-de-moraleda\/","og_site_name":"Chile en Tinieblas","article_publisher":"https:\/\/www.facebook.com\/ChileenTinieblas","article_modified_time":"2024-07-29T19:41:09+00:00","og_image":[{"width":868,"height":1200,"url":"https:\/\/chileentinieblas.cl\/wp-content\/uploads\/2020\/11\/pasted-image-0-2.png","type":"image\/png"}],"twitter_card":"summary_large_image","twitter_misc":{"Est. reading time":"2 minutes"},"schema":{"@context":"https:\/\/schema.org","@graph":[{"@type":"WebPage","@id":"https:\/\/chileentinieblas.cl\/pnj\/jose-de-moraleda\/","url":"https:\/\/chileentinieblas.cl\/pnj\/jose-de-moraleda\/","name":"Jos\u00e9 de Moraleda - Chile en Tinieblas","isPartOf":{"@id":"https:\/\/chileentinieblas.cl\/#website"},"primaryImageOfPage":{"@id":"https:\/\/chileentinieblas.cl\/pnj\/jose-de-moraleda\/#primaryimage"},"image":{"@id":"https:\/\/chileentinieblas.cl\/pnj\/jose-de-moraleda\/#primaryimage"},"thumbnailUrl":"https:\/\/chileentinieblas.cl\/wp-content\/uploads\/2020\/11\/pasted-image-0-2.png","datePublished":"2020-11-15T08:29:10+00:00","dateModified":"2024-07-29T19:41:09+00:00","breadcrumb":{"@id":"https:\/\/chileentinieblas.cl\/pnj\/jose-de-moraleda\/#breadcrumb"},"inLanguage":"en-US","potentialAction":[{"@type":"ReadAction","target":["https:\/\/chileentinieblas.cl\/pnj\/jose-de-moraleda\/"]}]},{"@type":"ImageObject","inLanguage":"en-US","@id":"https:\/\/chileentinieblas.cl\/pnj\/jose-de-moraleda\/#primaryimage","url":"https:\/\/chileentinieblas.cl\/wp-content\/uploads\/2020\/11\/pasted-image-0-2.png","contentUrl":"https:\/\/chileentinieblas.cl\/wp-content\/uploads\/2020\/11\/pasted-image-0-2.png","width":868,"height":1200},{"@type":"BreadcrumbList","@id":"https:\/\/chileentinieblas.cl\/pnj\/jose-de-moraleda\/#breadcrumb","itemListElement":[{"@type":"ListItem","position":1,"name":"Portada","item":"https:\/\/chileentinieblas.cl\/"},{"@type":"ListItem","position":2,"name":"PNJs","item":"https:\/\/chileentinieblas.cl\/pnj\/"},{"@type":"ListItem","position":3,"name":"Jos\u00e9 de Moraleda"}]},{"@type":"WebSite","@id":"https:\/\/chileentinieblas.cl\/#website","url":"https:\/\/chileentinieblas.cl\/","name":"Chile en Tinieblas","description":"Un servidor con mesas de rol de Mundo de Tinieblas","publisher":{"@id":"https:\/\/chileentinieblas.cl\/#organization"},"potentialAction":[{"@type":"SearchAction","target":{"@type":"EntryPoint","urlTemplate":"https:\/\/chileentinieblas.cl\/?s={search_term_string}"},"query-input":{"@type":"PropertyValueSpecification","valueRequired":true,"valueName":"search_term_string"}}],"inLanguage":"en-US"},{"@type":"Organization","@id":"https:\/\/chileentinieblas.cl\/#organization","name":"Chile en Tinieblas","url":"https:\/\/chileentinieblas.cl\/","logo":{"@type":"ImageObject","inLanguage":"en-US","@id":"https:\/\/chileentinieblas.cl\/#\/schema\/logo\/image\/","url":"https:\/\/chileentinieblas.cl\/wp-content\/uploads\/2021\/12\/logo-cet-claro.png","contentUrl":"https:\/\/chileentinieblas.cl\/wp-content\/uploads\/2021\/12\/logo-cet-claro.png","width":1001,"height":1030,"caption":"Chile en Tinieblas"},"image":{"@id":"https:\/\/chileentinieblas.cl\/#\/schema\/logo\/image\/"},"sameAs":["https:\/\/www.facebook.com\/ChileenTinieblas","https:\/\/www.instagram.com\/chileentinieblas\/","https:\/\/www.youtube.com\/@chileentinieblas","https:\/\/www.tiktok.com\/@chileentinieblas"]}]}},"jetpack_sharing_enabled":true,"_links":{"self":[{"href":"https:\/\/chileentinieblas.cl\/en\/wp-json\/wp\/v2\/pnj\/1694","targetHints":{"allow":["GET"]}}],"collection":[{"href":"https:\/\/chileentinieblas.cl\/en\/wp-json\/wp\/v2\/pnj"}],"about":[{"href":"https:\/\/chileentinieblas.cl\/en\/wp-json\/wp\/v2\/types\/pnj"}],"author":[{"embeddable":true,"href":"https:\/\/chileentinieblas.cl\/en\/wp-json\/wp\/v2\/users\/1"}],"wp:featuredmedia":[{"embeddable":true,"href":"https:\/\/chileentinieblas.cl\/en\/wp-json\/wp\/v2\/media\/79"}],"wp:attachment":[{"href":"https:\/\/chileentinieblas.cl\/en\/wp-json\/wp\/v2\/media?parent=1694"}],"wp:term":[{"taxonomy":"post_tag","embeddable":true,"href":"https:\/\/chileentinieblas.cl\/en\/wp-json\/wp\/v2\/tags?post=1694"},{"taxonomy":"faccion","embeddable":true,"href":"https:\/\/chileentinieblas.cl\/en\/wp-json\/wp\/v2\/faccion?post=1694"}],"curies":[{"name":"wp","href":"https:\/\/api.w.org\/{rel}","templated":true}]}}