{"id":1693,"date":"2020-11-15T05:26:23","date_gmt":"2020-11-15T08:26:23","guid":{"rendered":"https:\/\/chileentinieblas.cl\/?post_type=personajes&#038;p=16"},"modified":"2024-07-27T03:56:16","modified_gmt":"2024-07-27T03:56:16","slug":"osvaldo-bitar","status":"publish","type":"pnj","link":"https:\/\/chileentinieblas.cl\/en\/pnj\/osvaldo-bitar\/","title":{"rendered":"Osvaldo Bitar"},"content":{"rendered":"<p class=\"wp-block-paragraph\">Osvaldo fue uno de los l\u00edderes que influenci\u00f3 al pa\u00eds para generar el cambio a un paradigma moderno y capitalista que le quitara poder a la gran cantidad de facciones sobrenaturales que estaban infiltradas en ese momento. Logr\u00f3 manipular a la sociedad para que temporalmente apaciguaran el apoyo a los grupos m\u00edsticos e hizo que los movimientos extremistas tecn\u00f3cratas no fueran cuestionados en su momento. Sin embargo, la brutalidad con la que sus convenciones compa\u00f1eras manejaban la situaci\u00f3n, influenciadas por los asesores internacionales, nunca le gust\u00f3.&nbsp;<\/p>\n\n\n\n<p class=\"wp-block-paragraph\">Secretamente comenz\u00f3 a investigar el origen de estos movimientos cuando se dio cuenta de la corrupci\u00f3n interna que afectaba al c\u00edrculo interior a manos de nefandos que ven\u00edan escapando de la segunda guerra mundial. A partir de entonces comenz\u00f3 una campa\u00f1a para desbaratarlos, sin embargo su hijo muri\u00f3 en el intento, dejando una ni\u00f1a hu\u00e9rfana, lo que hizo que diera un paso atr\u00e1s para criar a su nieta al margen de los nefandos en el poder. Aprendiendo de sus errores, a\u00f1os m\u00e1s tarde, retom\u00f3 la campa\u00f1a de manera m\u00e1s sutil para desarmar la tecnocracia corrupta y comenzar un proceso de modernizaci\u00f3n de la sociedad. Con la ayuda de sus compa\u00f1eros m\u00e1s cercanos lo logr\u00f3, eliminando a gran parte de los c\u00edrculos corruptos, sin embargo algunos nefandos lograron esconderse dentro de la nueva Uni\u00f3n.<\/p>\n\n\n\n<p class=\"wp-block-paragraph\">Dada su exitosa campa\u00f1a y el cese de conflictos con varias otras facciones, form\u00f3 parte del nuevo c\u00edrculo interior que dirigir\u00eda los movimientos tecn\u00f3cratas en la siguiente d\u00e9cada, donde promovi\u00f3 la integraci\u00f3n de nuevos agentes m\u00e1s j\u00f3venes a posiciones importantes en la nueva Uni\u00f3n, entre los que se encontraba su nieta <strong><a href=\"https:\/\/chileentinieblas.cl\/en\/pnj\/victoria-bitar\/\" data-type=\"personajes\" data-id=\"21\">Victoria Bitar<\/a><\/strong>.<\/p>\n\n\n\n<p class=\"wp-block-paragraph\">Fue gracias a estos proyectos, su destacada participaci\u00f3n a nivel internacional, y luego de que lograra conseguir los fondos para construir las estaciones de conexi\u00f3n panespacial en el norte de Chile, que fue invitado a conocer la estaci\u00f3n Cop\u00e9rnico, desde donde sigui\u00f3 guiando los movimientos internos del pa\u00eds, hasta que su rastro desapareci\u00f3 despu\u00e9s de que la anomal\u00eda dimensional destruyera el constructo. Este duro golpe cre\u00f3 un vac\u00edo en el c\u00edrculo interior, que actualmente su nieta busca tomar para seguir con su cruzada.<\/p>\n\n\n\n<p class=\"wp-block-paragraph\">Desde entonces, no se ha vuelto a saber de Osvaldo, dado el tiempo que ha pasado se considera muerto junto a otros miembros de la estaci\u00f3n, pero no hay rastros de su cuerpo ni de sus compa\u00f1eros, por lo que su nieta no ha perdido la esperanza de que podr\u00eda estar perdido en alguna parte del espacio profundo.<\/p>","protected":false},"author":1,"featured_media":78,"template":"","tags":[7],"faccion":[51,6,21],"class_list":["post-1693","pnj","type-pnj","status-publish","has-post-thumbnail","hentry","tag-torre-de-marfil","faccion-mago-la-ascension","faccion-nom","faccion-tecnocracia"],"acf":{"fecha":"1921 - Sin confirmar","estatus":"Desaparecido","ficha_del_personaje":"","aspecto":"","interpretacion":"","rango":"5 - C\u00edrculo interno","informacion_privada":"","mapa_de_kumu_u_otro_embed":null},"yoast_head":"<!-- This site is optimized with the Yoast SEO plugin v28.4 - https:\/\/yoast.com\/product\/yoast-seo-wordpress\/ -->\n<title>Osvaldo Bitar - Chile en Tinieblas<\/title>\n<meta name=\"robots\" content=\"index, follow, max-snippet:-1, max-image-preview:large, max-video-preview:-1\" \/>\n<link rel=\"canonical\" href=\"https:\/\/chileentinieblas.cl\/en\/pnj\/osvaldo-bitar\/\" \/>\n<meta property=\"og:locale\" content=\"en_US\" \/>\n<meta property=\"og:type\" content=\"article\" \/>\n<meta property=\"og:title\" content=\"Osvaldo Bitar - Chile en Tinieblas\" \/>\n<meta property=\"og:description\" content=\"Osvaldo fue uno de los l\u00edderes que influenci\u00f3 al pa\u00eds para generar el cambio a un paradigma moderno y capitalista que le quitara poder a la gran cantidad de facciones sobrenaturales que estaban infiltradas en ese momento. Logr\u00f3 manipular a la sociedad para que temporalmente apaciguaran el apoyo a los grupos m\u00edsticos e hizo que [&hellip;]\" \/>\n<meta property=\"og:url\" content=\"https:\/\/chileentinieblas.cl\/en\/pnj\/osvaldo-bitar\/\" \/>\n<meta property=\"og:site_name\" content=\"Chile en Tinieblas\" \/>\n<meta property=\"article:publisher\" content=\"https:\/\/www.facebook.com\/ChileenTinieblas\" \/>\n<meta property=\"article:modified_time\" content=\"2024-07-27T03:56:16+00:00\" \/>\n<meta property=\"og:image\" content=\"https:\/\/chileentinieblas.cl\/wp-content\/uploads\/2020\/11\/pasted-image-0.png\" \/>\n\t<meta property=\"og:image:width\" content=\"709\" \/>\n\t<meta property=\"og:image:height\" content=\"900\" \/>\n\t<meta property=\"og:image:type\" content=\"image\/png\" \/>\n<meta name=\"twitter:card\" content=\"summary_large_image\" \/>\n<meta name=\"twitter:label1\" content=\"Est. reading time\" \/>\n\t<meta name=\"twitter:data1\" content=\"2 minutes\" \/>\n<script type=\"application\/ld+json\" class=\"yoast-schema-graph\">{\"@context\":\"https:\\\/\\\/schema.org\",\"@graph\":[{\"@type\":\"WebPage\",\"@id\":\"https:\\\/\\\/chileentinieblas.cl\\\/pnj\\\/osvaldo-bitar\\\/\",\"url\":\"https:\\\/\\\/chileentinieblas.cl\\\/pnj\\\/osvaldo-bitar\\\/\",\"name\":\"Osvaldo Bitar - Chile en Tinieblas\",\"isPartOf\":{\"@id\":\"https:\\\/\\\/chileentinieblas.cl\\\/#website\"},\"primaryImageOfPage\":{\"@id\":\"https:\\\/\\\/chileentinieblas.cl\\\/pnj\\\/osvaldo-bitar\\\/#primaryimage\"},\"image\":{\"@id\":\"https:\\\/\\\/chileentinieblas.cl\\\/pnj\\\/osvaldo-bitar\\\/#primaryimage\"},\"thumbnailUrl\":\"https:\\\/\\\/chileentinieblas.cl\\\/wp-content\\\/uploads\\\/2020\\\/11\\\/pasted-image-0.png\",\"datePublished\":\"2020-11-15T08:26:23+00:00\",\"dateModified\":\"2024-07-27T03:56:16+00:00\",\"breadcrumb\":{\"@id\":\"https:\\\/\\\/chileentinieblas.cl\\\/pnj\\\/osvaldo-bitar\\\/#breadcrumb\"},\"inLanguage\":\"en-US\",\"potentialAction\":[{\"@type\":\"ReadAction\",\"target\":[\"https:\\\/\\\/chileentinieblas.cl\\\/pnj\\\/osvaldo-bitar\\\/\"]}]},{\"@type\":\"ImageObject\",\"inLanguage\":\"en-US\",\"@id\":\"https:\\\/\\\/chileentinieblas.cl\\\/pnj\\\/osvaldo-bitar\\\/#primaryimage\",\"url\":\"https:\\\/\\\/chileentinieblas.cl\\\/wp-content\\\/uploads\\\/2020\\\/11\\\/pasted-image-0.png\",\"contentUrl\":\"https:\\\/\\\/chileentinieblas.cl\\\/wp-content\\\/uploads\\\/2020\\\/11\\\/pasted-image-0.png\",\"width\":709,\"height\":900},{\"@type\":\"BreadcrumbList\",\"@id\":\"https:\\\/\\\/chileentinieblas.cl\\\/pnj\\\/osvaldo-bitar\\\/#breadcrumb\",\"itemListElement\":[{\"@type\":\"ListItem\",\"position\":1,\"name\":\"Portada\",\"item\":\"https:\\\/\\\/chileentinieblas.cl\\\/\"},{\"@type\":\"ListItem\",\"position\":2,\"name\":\"PNJs\",\"item\":\"https:\\\/\\\/chileentinieblas.cl\\\/pnj\\\/\"},{\"@type\":\"ListItem\",\"position\":3,\"name\":\"Osvaldo Bitar\"}]},{\"@type\":\"WebSite\",\"@id\":\"https:\\\/\\\/chileentinieblas.cl\\\/#website\",\"url\":\"https:\\\/\\\/chileentinieblas.cl\\\/\",\"name\":\"Chile en Tinieblas\",\"description\":\"Un servidor con mesas de rol de Mundo de Tinieblas\",\"publisher\":{\"@id\":\"https:\\\/\\\/chileentinieblas.cl\\\/#organization\"},\"potentialAction\":[{\"@type\":\"SearchAction\",\"target\":{\"@type\":\"EntryPoint\",\"urlTemplate\":\"https:\\\/\\\/chileentinieblas.cl\\\/?s={search_term_string}\"},\"query-input\":{\"@type\":\"PropertyValueSpecification\",\"valueRequired\":true,\"valueName\":\"search_term_string\"}}],\"inLanguage\":\"en-US\"},{\"@type\":\"Organization\",\"@id\":\"https:\\\/\\\/chileentinieblas.cl\\\/#organization\",\"name\":\"Chile en Tinieblas\",\"url\":\"https:\\\/\\\/chileentinieblas.cl\\\/\",\"logo\":{\"@type\":\"ImageObject\",\"inLanguage\":\"en-US\",\"@id\":\"https:\\\/\\\/chileentinieblas.cl\\\/#\\\/schema\\\/logo\\\/image\\\/\",\"url\":\"https:\\\/\\\/chileentinieblas.cl\\\/wp-content\\\/uploads\\\/2021\\\/12\\\/logo-cet-claro.png\",\"contentUrl\":\"https:\\\/\\\/chileentinieblas.cl\\\/wp-content\\\/uploads\\\/2021\\\/12\\\/logo-cet-claro.png\",\"width\":1001,\"height\":1030,\"caption\":\"Chile en Tinieblas\"},\"image\":{\"@id\":\"https:\\\/\\\/chileentinieblas.cl\\\/#\\\/schema\\\/logo\\\/image\\\/\"},\"sameAs\":[\"https:\\\/\\\/www.facebook.com\\\/ChileenTinieblas\",\"https:\\\/\\\/www.instagram.com\\\/chileentinieblas\\\/\",\"https:\\\/\\\/www.youtube.com\\\/@chileentinieblas\",\"https:\\\/\\\/www.tiktok.com\\\/@chileentinieblas\"]}]}<\/script>\n<!-- \/ Yoast SEO plugin. -->","yoast_head_json":{"title":"Osvaldo Bitar - Chile en Tinieblas","robots":{"index":"index","follow":"follow","max-snippet":"max-snippet:-1","max-image-preview":"max-image-preview:large","max-video-preview":"max-video-preview:-1"},"canonical":"https:\/\/chileentinieblas.cl\/en\/pnj\/osvaldo-bitar\/","og_locale":"en_US","og_type":"article","og_title":"Osvaldo Bitar - Chile en Tinieblas","og_description":"Osvaldo fue uno de los l\u00edderes que influenci\u00f3 al pa\u00eds para generar el cambio a un paradigma moderno y capitalista que le quitara poder a la gran cantidad de facciones sobrenaturales que estaban infiltradas en ese momento. Logr\u00f3 manipular a la sociedad para que temporalmente apaciguaran el apoyo a los grupos m\u00edsticos e hizo que [&hellip;]","og_url":"https:\/\/chileentinieblas.cl\/en\/pnj\/osvaldo-bitar\/","og_site_name":"Chile en Tinieblas","article_publisher":"https:\/\/www.facebook.com\/ChileenTinieblas","article_modified_time":"2024-07-27T03:56:16+00:00","og_image":[{"width":709,"height":900,"url":"https:\/\/chileentinieblas.cl\/wp-content\/uploads\/2020\/11\/pasted-image-0.png","type":"image\/png"}],"twitter_card":"summary_large_image","twitter_misc":{"Est. reading time":"2 minutes"},"schema":{"@context":"https:\/\/schema.org","@graph":[{"@type":"WebPage","@id":"https:\/\/chileentinieblas.cl\/pnj\/osvaldo-bitar\/","url":"https:\/\/chileentinieblas.cl\/pnj\/osvaldo-bitar\/","name":"Osvaldo Bitar - Chile en Tinieblas","isPartOf":{"@id":"https:\/\/chileentinieblas.cl\/#website"},"primaryImageOfPage":{"@id":"https:\/\/chileentinieblas.cl\/pnj\/osvaldo-bitar\/#primaryimage"},"image":{"@id":"https:\/\/chileentinieblas.cl\/pnj\/osvaldo-bitar\/#primaryimage"},"thumbnailUrl":"https:\/\/chileentinieblas.cl\/wp-content\/uploads\/2020\/11\/pasted-image-0.png","datePublished":"2020-11-15T08:26:23+00:00","dateModified":"2024-07-27T03:56:16+00:00","breadcrumb":{"@id":"https:\/\/chileentinieblas.cl\/pnj\/osvaldo-bitar\/#breadcrumb"},"inLanguage":"en-US","potentialAction":[{"@type":"ReadAction","target":["https:\/\/chileentinieblas.cl\/pnj\/osvaldo-bitar\/"]}]},{"@type":"ImageObject","inLanguage":"en-US","@id":"https:\/\/chileentinieblas.cl\/pnj\/osvaldo-bitar\/#primaryimage","url":"https:\/\/chileentinieblas.cl\/wp-content\/uploads\/2020\/11\/pasted-image-0.png","contentUrl":"https:\/\/chileentinieblas.cl\/wp-content\/uploads\/2020\/11\/pasted-image-0.png","width":709,"height":900},{"@type":"BreadcrumbList","@id":"https:\/\/chileentinieblas.cl\/pnj\/osvaldo-bitar\/#breadcrumb","itemListElement":[{"@type":"ListItem","position":1,"name":"Portada","item":"https:\/\/chileentinieblas.cl\/"},{"@type":"ListItem","position":2,"name":"PNJs","item":"https:\/\/chileentinieblas.cl\/pnj\/"},{"@type":"ListItem","position":3,"name":"Osvaldo Bitar"}]},{"@type":"WebSite","@id":"https:\/\/chileentinieblas.cl\/#website","url":"https:\/\/chileentinieblas.cl\/","name":"Chile en Tinieblas","description":"Un servidor con mesas de rol de Mundo de Tinieblas","publisher":{"@id":"https:\/\/chileentinieblas.cl\/#organization"},"potentialAction":[{"@type":"SearchAction","target":{"@type":"EntryPoint","urlTemplate":"https:\/\/chileentinieblas.cl\/?s={search_term_string}"},"query-input":{"@type":"PropertyValueSpecification","valueRequired":true,"valueName":"search_term_string"}}],"inLanguage":"en-US"},{"@type":"Organization","@id":"https:\/\/chileentinieblas.cl\/#organization","name":"Chile en Tinieblas","url":"https:\/\/chileentinieblas.cl\/","logo":{"@type":"ImageObject","inLanguage":"en-US","@id":"https:\/\/chileentinieblas.cl\/#\/schema\/logo\/image\/","url":"https:\/\/chileentinieblas.cl\/wp-content\/uploads\/2021\/12\/logo-cet-claro.png","contentUrl":"https:\/\/chileentinieblas.cl\/wp-content\/uploads\/2021\/12\/logo-cet-claro.png","width":1001,"height":1030,"caption":"Chile en Tinieblas"},"image":{"@id":"https:\/\/chileentinieblas.cl\/#\/schema\/logo\/image\/"},"sameAs":["https:\/\/www.facebook.com\/ChileenTinieblas","https:\/\/www.instagram.com\/chileentinieblas\/","https:\/\/www.youtube.com\/@chileentinieblas","https:\/\/www.tiktok.com\/@chileentinieblas"]}]}},"jetpack_sharing_enabled":true,"_links":{"self":[{"href":"https:\/\/chileentinieblas.cl\/en\/wp-json\/wp\/v2\/pnj\/1693","targetHints":{"allow":["GET"]}}],"collection":[{"href":"https:\/\/chileentinieblas.cl\/en\/wp-json\/wp\/v2\/pnj"}],"about":[{"href":"https:\/\/chileentinieblas.cl\/en\/wp-json\/wp\/v2\/types\/pnj"}],"author":[{"embeddable":true,"href":"https:\/\/chileentinieblas.cl\/en\/wp-json\/wp\/v2\/users\/1"}],"wp:featuredmedia":[{"embeddable":true,"href":"https:\/\/chileentinieblas.cl\/en\/wp-json\/wp\/v2\/media\/78"}],"wp:attachment":[{"href":"https:\/\/chileentinieblas.cl\/en\/wp-json\/wp\/v2\/media?parent=1693"}],"wp:term":[{"taxonomy":"post_tag","embeddable":true,"href":"https:\/\/chileentinieblas.cl\/en\/wp-json\/wp\/v2\/tags?post=1693"},{"taxonomy":"faccion","embeddable":true,"href":"https:\/\/chileentinieblas.cl\/en\/wp-json\/wp\/v2\/faccion?post=1693"}],"curies":[{"name":"wp","href":"https:\/\/api.w.org\/{rel}","templated":true}]}}