{"id":1530,"date":"2021-10-16T20:07:02","date_gmt":"2021-10-16T23:07:02","guid":{"rendered":"https:\/\/chileentinieblas.cl\/?post_type=personajes&#038;p=1530"},"modified":"2024-07-29T19:41:08","modified_gmt":"2024-07-29T19:41:08","slug":"orion-hierro-frio-2","status":"publish","type":"pnj","link":"https:\/\/chileentinieblas.cl\/en\/pnj\/orion-hierro-frio-2\/","title":{"rendered":"Ori\u00f3n, Hierro-Fr\u00edo"},"content":{"rendered":"<p class=\"wp-block-paragraph\">De 72 a\u00f1os, este Ingeniero del Vac\u00edo contin\u00faa ejerciendo pese a su edad, haciendo uso de las tecnolog\u00edas de la Uni\u00f3n para mantenerse en la fuerza y comprobar que su visi\u00f3n no se pierda entre las nuevas juventudes.<br><br>Reside en Vi\u00f1a del Mar, en la base subacu\u00e1tica V-5. Desde ah\u00ed suele dirigir proyectos avocados a velar por el bien de la humanidad y a la protecci\u00f3n de sus fronteras dimensionales. Es un astr\u00f3nomo experto y entre sus especialidades est\u00e1n la fabricaci\u00f3n de dispositivos o veh\u00edculos hipertecnol\u00f3gicos preparados para cualquier terreno.<\/p>\n\n\n\n<p class=\"wp-block-paragraph\">Es un sujeto con decisi\u00f3n y sabidur\u00eda, pero tambi\u00e9n comprensivo, que ha atravesado varios infiernos emocionales para llegar a la situaci\u00f3n en la que est\u00e1, como haber perdido a su esposa 30 a\u00f1os atr\u00e1s durante los sucesos de una anomal\u00eda dimensional que &#8220;oficialmente&#8221; nunca ocurri\u00f3 o como el hecho de haber investigado el suceso desde entonces, sin recibir el apoyo de ninguno de sus colegas. Pero eventualmente lo logr\u00f3, descubri\u00f3 una serie de fisuras dimensionales por toda la ciudad y c\u00f3mo en ellas se ocultaban evidencias de laboratorios de experimentaci\u00f3n humana, as\u00ed como las posesiones de su difunta esposa (confirmado). Fue gracias a ese \u00faltimo esfuerzo que, junto con poder centrarse y recuperar la energ\u00eda de desear continuar con sus labores, la Uni\u00f3n volvi\u00f3 a prestarle atenci\u00f3n y entregarle los recursos necesarios para sus pr\u00f3ximas labores.<\/p>\n\n\n\n<p class=\"wp-block-paragraph\">Hoy en d\u00eda dirige la base subacu\u00e1tica y gu\u00eda a sus nuevos reclutas para ser agentes excepcionales. Su proyecto actual radica en la &#8220;conquista&#8221; de todas aquellas fisuras dimensionales que ya encontr\u00f3. Qui\u00e9n sabe qu\u00e9 clase de amenazas descansen all\u00ed afuera, ocultas, sin que nadie las haya molestado por a\u00f1os.<\/p>","protected":false},"author":19,"featured_media":1533,"template":"","tags":[49],"faccion":[8,21],"class_list":["post-1530","pnj","type-pnj","status-publish","has-post-thumbnail","hentry","tag-division-fronteriza-terrestre","faccion-ingeniero","faccion-tecnocracia"],"acf":{"fecha":"","estatus":"Activo","ficha_del_personaje":"","aspecto":"","interpretacion":"La Tecnolog\u00eda tiene todas las respuestas.\r\nPr\u00e1ctica: cibern\u00e9tica \/ hipertecnolog\u00eda.\r\n-Artilugios e Invenciones.\r\n-Dispositivos y m\u00e1quinas.\r\n-Equipo inform\u00e1tico.\r\n-Laboratorios y equipo.\r\n-Nanotecnologia\r\n-Veh\u00edculos\r\n\r\nPosee un foco especial \u00fanico de nombre muy particular:\r\nTelescopio de Treinta Lentes Superpuestos, una poderosa herramienta con la que potencia todos sus esfuerzos referentes a efectos de detecci\u00f3n y percepciones de grande maneras narrativas\r\n\r\nAunque obsesionado con su proyecto personal y experimentado agente de campo por sus a\u00f1os gloriosos, no es por naturaleza una persona hostil ni dura con las personas a su alrededor, aunque s\u00ed pragm\u00e1tica y de gustos pr\u00e1cticos por cuantas herramientas vaya a usar.\r\n\r\nLas batallas y encuentros directos no son su fuerte, pero en caso de necesidad es bueno manejando veh\u00edculos de batalla y ayudando a ensamblar toda clase de m\u00e1quinas, as\u00ed como empu\u00f1ando armas de hipertecnolog\u00eda. Pero luego de un rato claro queda que se sentir\u00eda mucho m\u00e1s c\u00f3modo reparando m\u00e1quinas y trabajando con equipos tecnol\u00f3gicos que us\u00e1ndolos para tareas arriesgadas.\r\n\r\nInnovador de naturaleza por su af\u00e1n en lo creativo.\r\nActivista por conducta, en su af\u00e1n por estar \"ah\u00ed\" y no ser de aquellos que hacen las cosas en segundo plano. Es importante demostrar ser quien se dice ser, especialmente frente a nuevos agentes.\r\n\r\n&nbsp;","rango":"4 - Director local","informacion_privada":"","mapa_de_kumu_u_otro_embed":null},"yoast_head":"<!-- This site is optimized with the Yoast SEO plugin v28.4 - https:\/\/yoast.com\/product\/yoast-seo-wordpress\/ -->\n<title>Ori\u00f3n, Hierro-Fr\u00edo - Chile en Tinieblas<\/title>\n<meta name=\"robots\" content=\"index, follow, max-snippet:-1, max-image-preview:large, max-video-preview:-1\" \/>\n<link rel=\"canonical\" href=\"https:\/\/chileentinieblas.cl\/en\/pnj\/orion-hierro-frio-2\/\" \/>\n<meta property=\"og:locale\" content=\"en_US\" \/>\n<meta property=\"og:type\" content=\"article\" \/>\n<meta property=\"og:title\" content=\"Ori\u00f3n, Hierro-Fr\u00edo - Chile en Tinieblas\" \/>\n<meta property=\"og:description\" content=\"De 72 a\u00f1os, este Ingeniero del Vac\u00edo contin\u00faa ejerciendo pese a su edad, haciendo uso de las tecnolog\u00edas de la Uni\u00f3n para mantenerse en la fuerza y comprobar que su visi\u00f3n no se pierda entre las nuevas juventudes. Reside en Vi\u00f1a del Mar, en la base subacu\u00e1tica V-5. Desde ah\u00ed suele dirigir proyectos avocados a [&hellip;]\" \/>\n<meta property=\"og:url\" content=\"https:\/\/chileentinieblas.cl\/en\/pnj\/orion-hierro-frio-2\/\" \/>\n<meta property=\"og:site_name\" content=\"Chile en Tinieblas\" \/>\n<meta property=\"article:publisher\" content=\"https:\/\/www.facebook.com\/ChileenTinieblas\" \/>\n<meta property=\"article:modified_time\" content=\"2024-07-29T19:41:08+00:00\" \/>\n<meta property=\"og:image\" content=\"https:\/\/chileentinieblas.cl\/wp-content\/uploads\/2021\/10\/Orion-Hierro-Frio-face.jpg\" \/>\n\t<meta property=\"og:image:width\" content=\"149\" \/>\n\t<meta property=\"og:image:height\" content=\"243\" \/>\n\t<meta property=\"og:image:type\" content=\"image\/jpeg\" \/>\n<meta name=\"twitter:card\" content=\"summary_large_image\" \/>\n<meta name=\"twitter:label1\" content=\"Est. reading time\" \/>\n\t<meta name=\"twitter:data1\" content=\"2 minutes\" \/>\n<script type=\"application\/ld+json\" class=\"yoast-schema-graph\">{\"@context\":\"https:\\\/\\\/schema.org\",\"@graph\":[{\"@type\":\"WebPage\",\"@id\":\"https:\\\/\\\/chileentinieblas.cl\\\/pnj\\\/orion-hierro-frio-2\\\/\",\"url\":\"https:\\\/\\\/chileentinieblas.cl\\\/pnj\\\/orion-hierro-frio-2\\\/\",\"name\":\"Ori\u00f3n, Hierro-Fr\u00edo - Chile en Tinieblas\",\"isPartOf\":{\"@id\":\"https:\\\/\\\/chileentinieblas.cl\\\/#website\"},\"primaryImageOfPage\":{\"@id\":\"https:\\\/\\\/chileentinieblas.cl\\\/pnj\\\/orion-hierro-frio-2\\\/#primaryimage\"},\"image\":{\"@id\":\"https:\\\/\\\/chileentinieblas.cl\\\/pnj\\\/orion-hierro-frio-2\\\/#primaryimage\"},\"thumbnailUrl\":\"https:\\\/\\\/chileentinieblas.cl\\\/wp-content\\\/uploads\\\/2021\\\/10\\\/Orion-Hierro-Frio-face.jpg\",\"datePublished\":\"2021-10-16T23:07:02+00:00\",\"dateModified\":\"2024-07-29T19:41:08+00:00\",\"breadcrumb\":{\"@id\":\"https:\\\/\\\/chileentinieblas.cl\\\/pnj\\\/orion-hierro-frio-2\\\/#breadcrumb\"},\"inLanguage\":\"en-US\",\"potentialAction\":[{\"@type\":\"ReadAction\",\"target\":[\"https:\\\/\\\/chileentinieblas.cl\\\/pnj\\\/orion-hierro-frio-2\\\/\"]}]},{\"@type\":\"ImageObject\",\"inLanguage\":\"en-US\",\"@id\":\"https:\\\/\\\/chileentinieblas.cl\\\/pnj\\\/orion-hierro-frio-2\\\/#primaryimage\",\"url\":\"https:\\\/\\\/chileentinieblas.cl\\\/wp-content\\\/uploads\\\/2021\\\/10\\\/Orion-Hierro-Frio-face.jpg\",\"contentUrl\":\"https:\\\/\\\/chileentinieblas.cl\\\/wp-content\\\/uploads\\\/2021\\\/10\\\/Orion-Hierro-Frio-face.jpg\",\"width\":149,\"height\":243},{\"@type\":\"BreadcrumbList\",\"@id\":\"https:\\\/\\\/chileentinieblas.cl\\\/pnj\\\/orion-hierro-frio-2\\\/#breadcrumb\",\"itemListElement\":[{\"@type\":\"ListItem\",\"position\":1,\"name\":\"Portada\",\"item\":\"https:\\\/\\\/chileentinieblas.cl\\\/\"},{\"@type\":\"ListItem\",\"position\":2,\"name\":\"PNJs\",\"item\":\"https:\\\/\\\/chileentinieblas.cl\\\/pnj\\\/\"},{\"@type\":\"ListItem\",\"position\":3,\"name\":\"Ori\u00f3n, Hierro-Fr\u00edo\"}]},{\"@type\":\"WebSite\",\"@id\":\"https:\\\/\\\/chileentinieblas.cl\\\/#website\",\"url\":\"https:\\\/\\\/chileentinieblas.cl\\\/\",\"name\":\"Chile en Tinieblas\",\"description\":\"Un servidor con mesas de rol de Mundo de Tinieblas\",\"publisher\":{\"@id\":\"https:\\\/\\\/chileentinieblas.cl\\\/#organization\"},\"potentialAction\":[{\"@type\":\"SearchAction\",\"target\":{\"@type\":\"EntryPoint\",\"urlTemplate\":\"https:\\\/\\\/chileentinieblas.cl\\\/?s={search_term_string}\"},\"query-input\":{\"@type\":\"PropertyValueSpecification\",\"valueRequired\":true,\"valueName\":\"search_term_string\"}}],\"inLanguage\":\"en-US\"},{\"@type\":\"Organization\",\"@id\":\"https:\\\/\\\/chileentinieblas.cl\\\/#organization\",\"name\":\"Chile en Tinieblas\",\"url\":\"https:\\\/\\\/chileentinieblas.cl\\\/\",\"logo\":{\"@type\":\"ImageObject\",\"inLanguage\":\"en-US\",\"@id\":\"https:\\\/\\\/chileentinieblas.cl\\\/#\\\/schema\\\/logo\\\/image\\\/\",\"url\":\"https:\\\/\\\/chileentinieblas.cl\\\/wp-content\\\/uploads\\\/2021\\\/12\\\/logo-cet-claro.png\",\"contentUrl\":\"https:\\\/\\\/chileentinieblas.cl\\\/wp-content\\\/uploads\\\/2021\\\/12\\\/logo-cet-claro.png\",\"width\":1001,\"height\":1030,\"caption\":\"Chile en Tinieblas\"},\"image\":{\"@id\":\"https:\\\/\\\/chileentinieblas.cl\\\/#\\\/schema\\\/logo\\\/image\\\/\"},\"sameAs\":[\"https:\\\/\\\/www.facebook.com\\\/ChileenTinieblas\",\"https:\\\/\\\/www.instagram.com\\\/chileentinieblas\\\/\",\"https:\\\/\\\/www.youtube.com\\\/@chileentinieblas\",\"https:\\\/\\\/www.tiktok.com\\\/@chileentinieblas\"]}]}<\/script>\n<!-- \/ Yoast SEO plugin. -->","yoast_head_json":{"title":"Ori\u00f3n, Hierro-Fr\u00edo - Chile en Tinieblas","robots":{"index":"index","follow":"follow","max-snippet":"max-snippet:-1","max-image-preview":"max-image-preview:large","max-video-preview":"max-video-preview:-1"},"canonical":"https:\/\/chileentinieblas.cl\/en\/pnj\/orion-hierro-frio-2\/","og_locale":"en_US","og_type":"article","og_title":"Ori\u00f3n, Hierro-Fr\u00edo - Chile en Tinieblas","og_description":"De 72 a\u00f1os, este Ingeniero del Vac\u00edo contin\u00faa ejerciendo pese a su edad, haciendo uso de las tecnolog\u00edas de la Uni\u00f3n para mantenerse en la fuerza y comprobar que su visi\u00f3n no se pierda entre las nuevas juventudes. Reside en Vi\u00f1a del Mar, en la base subacu\u00e1tica V-5. Desde ah\u00ed suele dirigir proyectos avocados a [&hellip;]","og_url":"https:\/\/chileentinieblas.cl\/en\/pnj\/orion-hierro-frio-2\/","og_site_name":"Chile en Tinieblas","article_publisher":"https:\/\/www.facebook.com\/ChileenTinieblas","article_modified_time":"2024-07-29T19:41:08+00:00","og_image":[{"width":149,"height":243,"url":"https:\/\/chileentinieblas.cl\/wp-content\/uploads\/2021\/10\/Orion-Hierro-Frio-face.jpg","type":"image\/jpeg"}],"twitter_card":"summary_large_image","twitter_misc":{"Est. reading time":"2 minutes"},"schema":{"@context":"https:\/\/schema.org","@graph":[{"@type":"WebPage","@id":"https:\/\/chileentinieblas.cl\/pnj\/orion-hierro-frio-2\/","url":"https:\/\/chileentinieblas.cl\/pnj\/orion-hierro-frio-2\/","name":"Ori\u00f3n, Hierro-Fr\u00edo - Chile en Tinieblas","isPartOf":{"@id":"https:\/\/chileentinieblas.cl\/#website"},"primaryImageOfPage":{"@id":"https:\/\/chileentinieblas.cl\/pnj\/orion-hierro-frio-2\/#primaryimage"},"image":{"@id":"https:\/\/chileentinieblas.cl\/pnj\/orion-hierro-frio-2\/#primaryimage"},"thumbnailUrl":"https:\/\/chileentinieblas.cl\/wp-content\/uploads\/2021\/10\/Orion-Hierro-Frio-face.jpg","datePublished":"2021-10-16T23:07:02+00:00","dateModified":"2024-07-29T19:41:08+00:00","breadcrumb":{"@id":"https:\/\/chileentinieblas.cl\/pnj\/orion-hierro-frio-2\/#breadcrumb"},"inLanguage":"en-US","potentialAction":[{"@type":"ReadAction","target":["https:\/\/chileentinieblas.cl\/pnj\/orion-hierro-frio-2\/"]}]},{"@type":"ImageObject","inLanguage":"en-US","@id":"https:\/\/chileentinieblas.cl\/pnj\/orion-hierro-frio-2\/#primaryimage","url":"https:\/\/chileentinieblas.cl\/wp-content\/uploads\/2021\/10\/Orion-Hierro-Frio-face.jpg","contentUrl":"https:\/\/chileentinieblas.cl\/wp-content\/uploads\/2021\/10\/Orion-Hierro-Frio-face.jpg","width":149,"height":243},{"@type":"BreadcrumbList","@id":"https:\/\/chileentinieblas.cl\/pnj\/orion-hierro-frio-2\/#breadcrumb","itemListElement":[{"@type":"ListItem","position":1,"name":"Portada","item":"https:\/\/chileentinieblas.cl\/"},{"@type":"ListItem","position":2,"name":"PNJs","item":"https:\/\/chileentinieblas.cl\/pnj\/"},{"@type":"ListItem","position":3,"name":"Ori\u00f3n, Hierro-Fr\u00edo"}]},{"@type":"WebSite","@id":"https:\/\/chileentinieblas.cl\/#website","url":"https:\/\/chileentinieblas.cl\/","name":"Chile en Tinieblas","description":"Un servidor con mesas de rol de Mundo de Tinieblas","publisher":{"@id":"https:\/\/chileentinieblas.cl\/#organization"},"potentialAction":[{"@type":"SearchAction","target":{"@type":"EntryPoint","urlTemplate":"https:\/\/chileentinieblas.cl\/?s={search_term_string}"},"query-input":{"@type":"PropertyValueSpecification","valueRequired":true,"valueName":"search_term_string"}}],"inLanguage":"en-US"},{"@type":"Organization","@id":"https:\/\/chileentinieblas.cl\/#organization","name":"Chile en Tinieblas","url":"https:\/\/chileentinieblas.cl\/","logo":{"@type":"ImageObject","inLanguage":"en-US","@id":"https:\/\/chileentinieblas.cl\/#\/schema\/logo\/image\/","url":"https:\/\/chileentinieblas.cl\/wp-content\/uploads\/2021\/12\/logo-cet-claro.png","contentUrl":"https:\/\/chileentinieblas.cl\/wp-content\/uploads\/2021\/12\/logo-cet-claro.png","width":1001,"height":1030,"caption":"Chile en Tinieblas"},"image":{"@id":"https:\/\/chileentinieblas.cl\/#\/schema\/logo\/image\/"},"sameAs":["https:\/\/www.facebook.com\/ChileenTinieblas","https:\/\/www.instagram.com\/chileentinieblas\/","https:\/\/www.youtube.com\/@chileentinieblas","https:\/\/www.tiktok.com\/@chileentinieblas"]}]}},"jetpack_sharing_enabled":true,"_links":{"self":[{"href":"https:\/\/chileentinieblas.cl\/en\/wp-json\/wp\/v2\/pnj\/1530","targetHints":{"allow":["GET"]}}],"collection":[{"href":"https:\/\/chileentinieblas.cl\/en\/wp-json\/wp\/v2\/pnj"}],"about":[{"href":"https:\/\/chileentinieblas.cl\/en\/wp-json\/wp\/v2\/types\/pnj"}],"author":[{"embeddable":true,"href":"https:\/\/chileentinieblas.cl\/en\/wp-json\/wp\/v2\/users\/19"}],"wp:featuredmedia":[{"embeddable":true,"href":"https:\/\/chileentinieblas.cl\/en\/wp-json\/wp\/v2\/media\/1533"}],"wp:attachment":[{"href":"https:\/\/chileentinieblas.cl\/en\/wp-json\/wp\/v2\/media?parent=1530"}],"wp:term":[{"taxonomy":"post_tag","embeddable":true,"href":"https:\/\/chileentinieblas.cl\/en\/wp-json\/wp\/v2\/tags?post=1530"},{"taxonomy":"faccion","embeddable":true,"href":"https:\/\/chileentinieblas.cl\/en\/wp-json\/wp\/v2\/faccion?post=1530"}],"curies":[{"name":"wp","href":"https:\/\/api.w.org\/{rel}","templated":true}]}}