{"id":1484,"date":"2021-09-29T10:02:38","date_gmt":"2021-09-29T13:02:38","guid":{"rendered":"https:\/\/chileentinieblas.cl\/?post_type=personajes&#038;p=1484"},"modified":"2025-05-13T23:05:22","modified_gmt":"2025-05-13T23:05:22","slug":"adolfo-johnson","status":"publish","type":"pnj","link":"https:\/\/chileentinieblas.cl\/en\/pnj\/adolfo-johnson\/","title":{"rendered":"Adolfo Johnson &#8211; Adawolf Jotunson"},"content":{"rendered":"<p class=\"wp-block-paragraph\">Adolfo Johnson, es un m\u00edstico nacido en Noruega, fruto de una humana y un Fae. Desde su infancia, fue criado con la convicci\u00f3n de ser la reencarnaci\u00f3n de un dios n\u00f3rdico, lo que se confirm\u00f3 cuando despert\u00f3 poderes m\u00e1gicos a una muy temprana edad despu\u00e9s de un intenso ritual. El mito que \u00e9l encarnaba atrajo la atenci\u00f3n de la Sociedad de Thule, quienes atacaron su pueblo intentando descubrir la fuente de este poder m\u00e1gico, asesin\u00e1ndolo a \u00e9l y a su familia en el proceso. Resucitado por la influencia de su avatar, los nazis descubrieron que \u00e9l era aquella fuente de poder y fue capturado para luego ser sometido a brutales experimentos y entrenado como soldado nazi, pero nunca perdi\u00f3 de vista su b\u00fasqueda de conocimiento y su prop\u00f3sito divino.<\/p>\n\n\n\n<p class=\"wp-block-paragraph\">Durante su tiempo con la Sociedad de Thule, Adolfo comenz\u00f3 a entender que su destino estaba ligado a una renovaci\u00f3n c\u00f3smica. Esta revelaci\u00f3n lo llev\u00f3 a traicionar a sus captores y, tras escapar de sus garras, se refugi\u00f3 en Sudam\u00e9rica bajo el nombre de Adolfo Johnson. All\u00ed se dispuso a cumplir su destino, aprendiendo de diversas tradiciones m\u00edsticas y reuniendo un grupo de aliados poderosos, con quienes fund\u00f3 la Sociedad del Octubre Negro en 1960.<\/p>\n\n\n\n<p class=\"wp-block-paragraph\">El grupo oper\u00f3 en las sombras, desafiando tanto a la tecnocracia como a las tradiciones m\u00e1gicas establecidas, buscando desestabilizar el orden mundial y preparar el camino para un nuevo ciclo c\u00f3smico. A pesar de sus esfuerzos, fueron descubiertos en 1969, lo que desencaden\u00f3 una serie de eventos que culminaron en la Masacre de Puerto Montt, un acto de represi\u00f3n liderado por la tecnocracia chilena.<\/p>\n\n\n\n<p class=\"wp-block-paragraph\">En 1976, frente a la creciente presi\u00f3n del gobierno militar chileno y la tecnocracia, Adolfo tom\u00f3 la decisi\u00f3n estrat\u00e9gica de entregarse, convencido de que deb\u00eda ser encarcelado antes de seguir cumpliendo su destino. Desde entonces, ha permanecido en silencio, prisionero en el CRC, aguardando el momento en que las profec\u00edas se cumplan y pueda liberarse para cumplir su destino de traer el equilibrio c\u00f3smico.<\/p>","protected":false},"author":1,"featured_media":1485,"template":"","tags":[],"faccion":[48,28,29,27],"class_list":["post-1484","pnj","type-pnj","status-publish","has-post-thumbnail","hentry","faccion-huerfanos","faccion-merodeador","faccion-otros","faccion-tradiciones"],"acf":{"fecha":"1913 - Actualidad","estatus":"Desaparecido","ficha_del_personaje":0,"aspecto":"Gracias a su inmortalidad, envejece anormalmente lento, lo que le ha servido para pasar desapercibido en el mundo. Pero su pelo y ojos claros reflejan sus or\u00edgenes y su linaje fe\u00e9rico.","interpretacion":"","rango_mago":"8 - Archimago","informacion_privada":"<!-- wp:paragraph -->\r\n\r\nNacido en Noruega, Hijo de una humana y un Fae quienes lo nombraron como Adalwolf Jotunson bajo los mitos de la cultura N\u00f3rdica de la cual proven\u00edan. Desde peque\u00f1o le ense\u00f1aron las historias de sus antepasados, convencidos de que \u00e9l era la reencarnaci\u00f3n de uno de sus dioses. Fue tanto as\u00ed que a los 5 a\u00f1os se convirti\u00f3 en un artesano de la voluntad, pero su pronto despertar caus\u00f3 serios problemas y tuvieron que ocultarlo para que no llamara la atenci\u00f3n de sus enemigos.\r\n\r\n<!-- \/wp:paragraph --> <!-- wp:paragraph -->\r\n\r\nUn a\u00f1o despu\u00e9s, en 1919, la <a href=\"https:\/\/whitewolf.fandom.com\/wiki\/Thule_Society_(WOD)\">Sociedad de Thule<\/a> hab\u00eda escuchado los rumores de un evento m\u00e1gico en su pueblo de origen, as\u00ed que atacaron el lugar busc\u00e1ndolo, asesinando a su familia y a \u00e9l en el proceso. En ese momento fue cuando ve por primera vez la reencarnaci\u00f3n de su avatar en la figura de Loki, el Dios de las mentiras, quien lo convenci\u00f3 de que como su hijo, era inmortal, y que deb\u00eda levantarse nuevamente. Cuando el pelot\u00f3n not\u00f3 que el ni\u00f1o volvi\u00f3 a la vida minutos despu\u00e9s, se dieron cuenta de que \u00e9l era lo que estaban buscando, as\u00ed que decidieron usarlo como sujeto de prueba en sus experimentos y posteriormente unirlo a sus filas para que luchara por el partido nazi.\r\n\r\n<!-- \/wp:paragraph --> <!-- wp:paragraph -->\r\n\r\nDesde 1920 hasta 1945 fue v\u00edctima de horribles experimentos a los que sobrevivi\u00f3 por su habilidad y la constante gu\u00eda de su avatar que le recordaba el dios que era. Cuando los cient\u00edficos Nazis vieron ese potencial, lo entrenaron como soldado, recibi\u00f3 ense\u00f1anzas de los magos que eran parte de la sociedad y de los nefandos que estaban infiltrados en ella. A pesar de todo lo que hab\u00eda sufrido, segu\u00eda absorbiendo cu\u00e1nto conocimiento pod\u00eda. Fue ah\u00ed cuando tuvo la primera pista de su verdadero ser. Como el lobo Fenrir, \u00e9l deseaba m\u00e1s y m\u00e1s.\r\n\r\n<!-- \/wp:paragraph --> <!-- wp:paragraph -->\r\n\r\nA medida que pasaba el tiempo, su avatar interior lo convenc\u00eda de su divinidad, le dijo que su objetivo era destruir el orden imperante y aprender la forma de volver al mundo a su estado puro, a la edad m\u00edtica, cuando los dioses caminaban sobre la tierra, algo que no lograba entender completamente. Cuando lo consult\u00f3 con los eruditos nefandos de la sociedad, lo apoyaron. Creyendo que se hab\u00eda vuelto uno de ellos le mostraron el verdadero objetivo de las guerras: Traer el apocalipsis, el ragnarok, a toda la creaci\u00f3n. Confundido, sin encontrar la verdadera respuesta en ellos y ahora que sab\u00eda sus verdaderas intenciones, decide traicionarlos y usar eso a su favor como lo har\u00eda su padre, el maestro del enga\u00f1o, as\u00ed que cuando tuvo la oportunidad entreg\u00f3 a varios miembros de la sociedad de Thule. Este gesto le permiti\u00f3 ser perdonado ante las tradiciones en el <a href=\"https:\/\/whitewolf.fandom.com\/wiki\/Wewelsberg_Tribunal\" target=\"_blank\" rel=\"noreferrer noopener\">Tribunal de Wewelsberg<\/a>, con la condici\u00f3n de ser vigilado y entrenado por los eut\u00e1natos, a lo que <a href=\"https:\/\/whitewolf.fandom.com\/wiki\/Consanguinity_of_Eternal_Joy\">la consanguinidad del eterno goce<\/a> accedi\u00f3 a rega\u00f1adientes. Para \u00e9l, la historia segu\u00eda su curso natural, como cuando los Aesir deciden retener a Fenrir en Asgard, pero nadie se atrev\u00eda a cuidarlo.\r\n\r\n<!-- \/wp:paragraph --> <!-- wp:paragraph -->\r\n\r\nEstando dentro, aprendi\u00f3 el concepto del equilibrio c\u00f3smico, la rueda k\u00e1rmica, la importancia de los ciclos de renovaci\u00f3n de la realidad y la funci\u00f3n de los eut\u00e1natos para mantenerla girando, aprendi\u00f3 c\u00f3mo es que la tecnocracia, enemiga eterna de las tradiciones, luchaba para definir la realidad en un \u00fanico paradigma racional, ordenado, est\u00e1tico, y como estaban ganando. Fue en ese entonces que lo comprendi\u00f3, el verdadero objetivo del Ragnarok no es la destrucci\u00f3n de la creaci\u00f3n, es su renovaci\u00f3n, romper las barreras, hacer que la rueda gire una vez m\u00e1s y reestablecer el equilibrio celestial. Esta revelaci\u00f3n lo puso en el camino que marcar\u00eda su destino, pero cuando descubri\u00f3 el verdadero objetivo del grupo y de c\u00f3mo Voormas buscaba destruir el manto para evitar la muerte not\u00f3 que tambi\u00e9n hab\u00edan ca\u00eddo bajo la marca de la corrupci\u00f3n y que de lograrlo no habr\u00eda m\u00e1s muerte, la rueda se detendr\u00eda, ser\u00edan como sus enemigos.\r\n\r\n<!-- \/wp:paragraph --> <!-- wp:paragraph -->\r\n\r\nSab\u00eda que la muerte era parte del proceso para que la rueda siguiera girando y la gravedad de lo que hab\u00eda descubierto, pero al mismo tiempo, tambi\u00e9n sab\u00eda que ninguno entre las tradiciones confiar\u00eda de un ex-miembro de la Thule, as\u00ed que como un hu\u00e9rfano, qued\u00f3 solo, sin poder contarle a nadie lo que hab\u00eda descubierto.\r\n\r\n<!-- \/wp:paragraph --> <!-- wp:paragraph -->\r\n\r\nEn 195x, cuando era momento de su iniciaci\u00f3n, <em>\u00c9l<\/em> se neg\u00f3 a ser parte del culto y su causa corrupta, as\u00ed que decidi\u00f3 enfrentarlos. Sin dudarlo, la consaguinidad lo asesin\u00f3 para evitar ser delatados frente a las tradiciones, pero <em>\u00c9l<\/em> estaba tan convencido de ser el hijo de Loki, que su poder lo hab\u00eda vuelto inmortal. Cuando la c\u00e1bala a cargo de su eliminaci\u00f3n not\u00f3 esto, intentaron encerrarlo en una de sus c\u00e1rceles en el castillo de H\u00e9lekkar, pero la batalla gener\u00f3 un estallido de paradoja del que sali\u00f3 inmune. Fue en ese momento, mientras ve\u00eda la imagen de su avatar, que termin\u00f3 de convencerse: <em>\u00c9l era el lobo Fenrir<\/em>, hijo de Loki, los dioses lo eligieron para traer el equilibrio celestial, para que la rueda siguiera girando, \u00e9l estaba destinado a traer el Ragnarok, y en ese momento de revelaci\u00f3n absoluta, <strong>se convirti\u00f3 en un merodeador<\/strong>. Fenrir hab\u00eda escapado de su primera cadena, la prisi\u00f3n de la mente.\r\n\r\n<!-- \/wp:paragraph --> <!-- wp:paragraph -->\r\n\r\nEn 195x, sin la protecci\u00f3n de las tradiciones, ni de los eut\u00e1natos, escapa a sudam\u00e9rica, donde cambia de nombre a <strong>Adolfo Johnson<\/strong>, hambriento de conocimiento y convencido de que ah\u00ed se encontraba la clave para comenzar su plan, ya que todav\u00eda quedaban tierras puras que no estaban bajo el yugo de la est\u00e1sis. Con lo aprendido entre los eut\u00e1natos y lo que hab\u00eda vivido hasta ese momento, decide buscar el saber faltante para volver al mundo a su estado puro, para que la rueda girara, como siempre debi\u00f3 ser.\r\n\r\n<!-- \/wp:paragraph --> <!-- wp:paragraph -->\r\n\r\nEstando en sudam\u00e9rica, comparti\u00f3 con varios otros m\u00edsticos, usando t\u00e9cnicas de enga\u00f1o y transformaci\u00f3n como su padre Loki le ense\u00f1aba en sus sue\u00f1os, aprendi\u00f3 tanto de la magia como de otras criaturas. Su linaje m\u00edstico le permiti\u00f3 seguir absorbiendo conocimiento m\u00e1s all\u00e1 del limitado punto de vista de las tradiciones.\r\n\r\n<!-- \/wp:paragraph --> <!-- wp:paragraph -->\r\n\r\nEn su viaje a Chile conoci\u00f3 otros mitos y seres sobrenaturales que lo iluminaron en su camino: de los herm\u00e9ticos aprendi\u00f3 las distintas barreras m\u00edsticas y reinos umbrales, de los cultistas aprendi\u00f3 las t\u00e9cnicas para enfocarse y predecir actos futuros, de los verbenas occidentales aprendi\u00f3 c\u00f3mo cambiar de forma a formas animales, comparti\u00f3 las teor\u00edas de Voormas y se dio cuenta de que era posible derrumbar no solo la barrera entre el mundo de los vivos y muertos, sino que al sumarle los reinos del caos, podr\u00eda reinstaurar el equilibrio c\u00f3smico que se hab\u00eda perdido ante el avance de la tecnocracia y las fuerzas del orden primordial.\r\n\r\n<!-- \/wp:paragraph --> <!-- wp:paragraph -->\r\n\r\nSu presencia celestial llam\u00f3 la atenci\u00f3n de otros grupos tambi\u00e9n: algunos lo persiguieron, otros le ense\u00f1aron y otros, convencidos de su poder, lo siguieron. As\u00ed fue buscando y convenciendo a las criaturas m\u00e1s poderosas que habitaban en el pa\u00eds y que estaban en contra del orden imperante para que lo ayudaran a su causa, una que beneficiar\u00eda a todos. as\u00ed que se embarc\u00f3 en distintos viajes:\r\n\r\n<!-- \/wp:paragraph --> <!-- wp:list -->\r\n<ul class=\"wp-block-list\"><!-- wp:list-item -->\r\n \t<li>En 1951 conoce a <strong>Helena, una Vampiro nigromante<\/strong> le ense\u00f1\u00f3 la magia para romper el manto que Voormas guardaba celosamente.<\/li>\r\n<!-- \/wp:list-item --> <!-- wp:list-item -->\r\n \t<li>1957, conoce a <strong>Wacolda<\/strong>, antigua guerrera mapuche y gu\u00eda espiritual Machi, miembro de las hojas de Mate, lo tom\u00f3 como alumno y le ense\u00f1o las t\u00e9cnicas de cambio de forma y conexi\u00f3n espiritual.<\/li>\r\n<!-- \/wp:list-item --> <!-- wp:list-item -->\r\n \t<li>1950 conoce a <strong>Libra-Esquiva<\/strong>, El \u00faltimo Selknam, Uktena Theurge Legendario, le ense\u00f1\u00f3 c\u00f3mo el desequilibrio era a causa de la tejedora y quienes podr\u00edan ayudarlos a derribarla.<\/li>\r\n<!-- \/wp:list-item --> <!-- wp:list-item -->\r\n \t<li>1959 Carlos Guzman (padre) conoce a Helena, <strong>Un Sidhe de la casa Balor<\/strong> le ense\u00f1\u00f3 a invocar la fantas\u00eda para liberar a las fuerzas del caos.<\/li>\r\n<!-- \/wp:list-item --> <!-- wp:list-item -->\r\n \t<li>1960 Se forma el grupo con sus principales integrantes.<\/li>\r\n<!-- \/wp:list-item --><\/ul>\r\n<!-- \/wp:list --> <!-- wp:paragraph -->\r\n\r\nJunto a ellos, en 1960 form\u00f3 la Sociedad del Octubre Negro.\r\n\r\n<!-- \/wp:paragraph --> <!-- wp:paragraph -->\r\n\r\n&nbsp;\r\n\r\n<!-- \/wp:paragraph --> <!-- wp:paragraph -->\r\n\r\n1960 a 1974 influyeron en las tradiciones, conocieron a otros miembros y ayudaron en el conflicto contra la tecnocracia.\r\n\r\n<!-- \/wp:paragraph --> <!-- wp:paragraph -->\r\n\r\n1966 Carlos Guzman muere y asume su hijo Jorge Guzman, quien hereda la gema\r\n\r\n<!-- \/wp:paragraph --> <!-- wp:paragraph -->\r\n\r\n1967 Wacolda se retira del grupo luego de ver lo extremista que su disc\u00edpulo se hab\u00eda vuelto\r\n\r\n<!-- \/wp:paragraph --> <!-- wp:paragraph -->\r\n\r\n1969 Es descubierto por la tecnocracia\r\n\r\n<!-- \/wp:paragraph --> <!-- wp:paragraph -->\r\n\r\n1974 Carlos Guzman muere, su hijo se queda con la gema\r\n\r\n<!-- \/wp:paragraph --> <!-- wp:paragraph -->\r\n\r\n1974, el grupo es traicionado por las tradiciones que lo entregan a la tecnocracia\r\n\r\n<!-- \/wp:paragraph --> <!-- wp:paragraph -->\r\n\r\nDurante a\u00f1os \u00e9l y sus aliados fueron expandiendo su ideolog\u00eda a trav\u00e9s del pa\u00eds, su movimiento gener\u00f3 rebeli\u00f3n, desestabilizaba el gobierno con cada d\u00eda que pasaba y la tecnocracia solo era capaz de enfrentar las amenazas directas con las que se encontraban. La sociedad se revolucionaba tras la sombra de su influencia, hasta que en 1969 fueron descubiertos. Carabineros de Chile, por \u00f3rdenes del ministro del interior Edmundo P\u00e9rez Z\u00fajovic, miembro de la tecnocracia en ese entonces, llevar\u00eda a cabo un desalojo que terminar\u00eda convirti\u00e9ndose en la Masacre de Puerto Montt, donde el verdadero objetivo del operativo era obtener informaci\u00f3n del Magi y los otros miembros del culto. Cuando descubrieron lo que el grupo tramaba, todo sali\u00f3 mal y a\u00f1os despu\u00e9s Z\u00fajovic terminar\u00eda siendo asesinado por la sociedad usando como tapadera un movimiento pol\u00edtico.\r\n\r\n<!-- \/wp:paragraph --> <!-- wp:paragraph -->\r\n\r\nLos tecn\u00f3cratas completamente arrinconados por esta informaci\u00f3n y otras amenazas a la realidad nacional, deciden tomar medidas extremas y aprueban la aplicaci\u00f3n del pogromo en el pa\u00eds en contra de cualquier subversor de la realidad, usando como fachada el fat\u00eddico Golpe Militar.\r\n\r\n<!-- \/wp:paragraph --> <!-- wp:paragraph -->\r\n\r\nPero <em>\u00c9l<\/em> lo vio venir, as\u00ed que convenci\u00f3 al resto del culto de idear un escondite en caso de ser atacados, y solo los l\u00edderes de cada facci\u00f3n sabr\u00edan el verdadero paradero de sus compa\u00f1eros.\r\n\r\n<!-- \/wp:paragraph --> <!-- wp:paragraph -->\r\n\r\nEn 1976, la dictadura militar logr\u00f3 desestabilizar a la orden y desbandarla completamente. Cuando los l\u00edderes pusieron en marcha su plan de escape, <em>\u00c9l<\/em> se entreg\u00f3 a la tecnocracia, convencido de que Fenrir deb\u00eda ser aprisionado antes del Ragnarok, y esto era lo que estaba esperando.\r\n\r\n<!-- \/wp:paragraph --> <!-- wp:paragraph -->\r\n\r\nDurante m\u00e1s de 30 a\u00f1os ha estado encerrado en el CRC sin soltar una palabra ante el intento in\u00fatil de la tecnocracia para sacar m\u00e1s informaci\u00f3n de \u00e9l y los otros miembros de la sociedad, convencido de que alg\u00fan d\u00eda volver\u00eda a liberarse, como lo declara la profec\u00eda de Fenrir.\r\n\r\n<!-- \/wp:paragraph -->","mapa_de_kumu_u_otro_embed":""},"yoast_head":"<!-- This site is optimized with the Yoast SEO plugin v28.4 - https:\/\/yoast.com\/product\/yoast-seo-wordpress\/ -->\n<title>Adolfo Johnson - Adawolf Jotunson - Chile en Tinieblas<\/title>\n<meta name=\"robots\" content=\"index, follow, max-snippet:-1, max-image-preview:large, max-video-preview:-1\" \/>\n<link rel=\"canonical\" href=\"https:\/\/chileentinieblas.cl\/en\/pnj\/adolfo-johnson\/\" \/>\n<meta property=\"og:locale\" content=\"en_US\" \/>\n<meta property=\"og:type\" content=\"article\" \/>\n<meta property=\"og:title\" content=\"Adolfo Johnson - Adawolf Jotunson - Chile en Tinieblas\" \/>\n<meta property=\"og:description\" content=\"Adolfo Johnson, es un m\u00edstico nacido en Noruega, fruto de una humana y un Fae. Desde su infancia, fue criado con la convicci\u00f3n de ser la reencarnaci\u00f3n de un dios n\u00f3rdico, lo que se confirm\u00f3 cuando despert\u00f3 poderes m\u00e1gicos a una muy temprana edad despu\u00e9s de un intenso ritual. El mito que \u00e9l encarnaba atrajo [&hellip;]\" \/>\n<meta property=\"og:url\" content=\"https:\/\/chileentinieblas.cl\/en\/pnj\/adolfo-johnson\/\" \/>\n<meta property=\"og:site_name\" content=\"Chile en Tinieblas\" \/>\n<meta property=\"article:publisher\" content=\"https:\/\/www.facebook.com\/ChileenTinieblas\" \/>\n<meta property=\"article:modified_time\" content=\"2025-05-13T23:05:22+00:00\" \/>\n<meta property=\"og:image\" content=\"https:\/\/chileentinieblas.cl\/wp-content\/uploads\/2021\/09\/dcsp3d4-7f459084-6c03-4179-a7fd-a1c0563bc84a.png\" \/>\n\t<meta property=\"og:image:width\" content=\"780\" \/>\n\t<meta property=\"og:image:height\" content=\"1108\" \/>\n\t<meta property=\"og:image:type\" content=\"image\/png\" \/>\n<meta name=\"twitter:card\" content=\"summary_large_image\" \/>\n<meta name=\"twitter:label1\" content=\"Est. reading time\" \/>\n\t<meta name=\"twitter:data1\" content=\"2 minutes\" \/>\n<script type=\"application\/ld+json\" class=\"yoast-schema-graph\">{\"@context\":\"https:\\\/\\\/schema.org\",\"@graph\":[{\"@type\":\"WebPage\",\"@id\":\"https:\\\/\\\/chileentinieblas.cl\\\/pnj\\\/adolfo-johnson\\\/\",\"url\":\"https:\\\/\\\/chileentinieblas.cl\\\/pnj\\\/adolfo-johnson\\\/\",\"name\":\"Adolfo Johnson - Adawolf Jotunson - Chile en Tinieblas\",\"isPartOf\":{\"@id\":\"https:\\\/\\\/chileentinieblas.cl\\\/#website\"},\"primaryImageOfPage\":{\"@id\":\"https:\\\/\\\/chileentinieblas.cl\\\/pnj\\\/adolfo-johnson\\\/#primaryimage\"},\"image\":{\"@id\":\"https:\\\/\\\/chileentinieblas.cl\\\/pnj\\\/adolfo-johnson\\\/#primaryimage\"},\"thumbnailUrl\":\"https:\\\/\\\/chileentinieblas.cl\\\/wp-content\\\/uploads\\\/2021\\\/09\\\/dcsp3d4-7f459084-6c03-4179-a7fd-a1c0563bc84a.png\",\"datePublished\":\"2021-09-29T13:02:38+00:00\",\"dateModified\":\"2025-05-13T23:05:22+00:00\",\"breadcrumb\":{\"@id\":\"https:\\\/\\\/chileentinieblas.cl\\\/pnj\\\/adolfo-johnson\\\/#breadcrumb\"},\"inLanguage\":\"en-US\",\"potentialAction\":[{\"@type\":\"ReadAction\",\"target\":[\"https:\\\/\\\/chileentinieblas.cl\\\/pnj\\\/adolfo-johnson\\\/\"]}]},{\"@type\":\"ImageObject\",\"inLanguage\":\"en-US\",\"@id\":\"https:\\\/\\\/chileentinieblas.cl\\\/pnj\\\/adolfo-johnson\\\/#primaryimage\",\"url\":\"https:\\\/\\\/chileentinieblas.cl\\\/wp-content\\\/uploads\\\/2021\\\/09\\\/dcsp3d4-7f459084-6c03-4179-a7fd-a1c0563bc84a.png\",\"contentUrl\":\"https:\\\/\\\/chileentinieblas.cl\\\/wp-content\\\/uploads\\\/2021\\\/09\\\/dcsp3d4-7f459084-6c03-4179-a7fd-a1c0563bc84a.png\",\"width\":780,\"height\":1108},{\"@type\":\"BreadcrumbList\",\"@id\":\"https:\\\/\\\/chileentinieblas.cl\\\/pnj\\\/adolfo-johnson\\\/#breadcrumb\",\"itemListElement\":[{\"@type\":\"ListItem\",\"position\":1,\"name\":\"Portada\",\"item\":\"https:\\\/\\\/chileentinieblas.cl\\\/\"},{\"@type\":\"ListItem\",\"position\":2,\"name\":\"PNJs\",\"item\":\"https:\\\/\\\/chileentinieblas.cl\\\/pnj\\\/\"},{\"@type\":\"ListItem\",\"position\":3,\"name\":\"Adolfo Johnson &#8211; Adawolf Jotunson\"}]},{\"@type\":\"WebSite\",\"@id\":\"https:\\\/\\\/chileentinieblas.cl\\\/#website\",\"url\":\"https:\\\/\\\/chileentinieblas.cl\\\/\",\"name\":\"Chile en Tinieblas\",\"description\":\"Un servidor con mesas de rol de Mundo de Tinieblas\",\"publisher\":{\"@id\":\"https:\\\/\\\/chileentinieblas.cl\\\/#organization\"},\"potentialAction\":[{\"@type\":\"SearchAction\",\"target\":{\"@type\":\"EntryPoint\",\"urlTemplate\":\"https:\\\/\\\/chileentinieblas.cl\\\/?s={search_term_string}\"},\"query-input\":{\"@type\":\"PropertyValueSpecification\",\"valueRequired\":true,\"valueName\":\"search_term_string\"}}],\"inLanguage\":\"en-US\"},{\"@type\":\"Organization\",\"@id\":\"https:\\\/\\\/chileentinieblas.cl\\\/#organization\",\"name\":\"Chile en Tinieblas\",\"url\":\"https:\\\/\\\/chileentinieblas.cl\\\/\",\"logo\":{\"@type\":\"ImageObject\",\"inLanguage\":\"en-US\",\"@id\":\"https:\\\/\\\/chileentinieblas.cl\\\/#\\\/schema\\\/logo\\\/image\\\/\",\"url\":\"https:\\\/\\\/chileentinieblas.cl\\\/wp-content\\\/uploads\\\/2021\\\/12\\\/logo-cet-claro.png\",\"contentUrl\":\"https:\\\/\\\/chileentinieblas.cl\\\/wp-content\\\/uploads\\\/2021\\\/12\\\/logo-cet-claro.png\",\"width\":1001,\"height\":1030,\"caption\":\"Chile en Tinieblas\"},\"image\":{\"@id\":\"https:\\\/\\\/chileentinieblas.cl\\\/#\\\/schema\\\/logo\\\/image\\\/\"},\"sameAs\":[\"https:\\\/\\\/www.facebook.com\\\/ChileenTinieblas\",\"https:\\\/\\\/www.instagram.com\\\/chileentinieblas\\\/\",\"https:\\\/\\\/www.youtube.com\\\/@chileentinieblas\",\"https:\\\/\\\/www.tiktok.com\\\/@chileentinieblas\"]}]}<\/script>\n<!-- \/ Yoast SEO plugin. -->","yoast_head_json":{"title":"Adolfo Johnson - Adawolf Jotunson - Chile en Tinieblas","robots":{"index":"index","follow":"follow","max-snippet":"max-snippet:-1","max-image-preview":"max-image-preview:large","max-video-preview":"max-video-preview:-1"},"canonical":"https:\/\/chileentinieblas.cl\/en\/pnj\/adolfo-johnson\/","og_locale":"en_US","og_type":"article","og_title":"Adolfo Johnson - Adawolf Jotunson - Chile en Tinieblas","og_description":"Adolfo Johnson, es un m\u00edstico nacido en Noruega, fruto de una humana y un Fae. Desde su infancia, fue criado con la convicci\u00f3n de ser la reencarnaci\u00f3n de un dios n\u00f3rdico, lo que se confirm\u00f3 cuando despert\u00f3 poderes m\u00e1gicos a una muy temprana edad despu\u00e9s de un intenso ritual. El mito que \u00e9l encarnaba atrajo [&hellip;]","og_url":"https:\/\/chileentinieblas.cl\/en\/pnj\/adolfo-johnson\/","og_site_name":"Chile en Tinieblas","article_publisher":"https:\/\/www.facebook.com\/ChileenTinieblas","article_modified_time":"2025-05-13T23:05:22+00:00","og_image":[{"width":780,"height":1108,"url":"https:\/\/chileentinieblas.cl\/wp-content\/uploads\/2021\/09\/dcsp3d4-7f459084-6c03-4179-a7fd-a1c0563bc84a.png","type":"image\/png"}],"twitter_card":"summary_large_image","twitter_misc":{"Est. reading time":"2 minutes"},"schema":{"@context":"https:\/\/schema.org","@graph":[{"@type":"WebPage","@id":"https:\/\/chileentinieblas.cl\/pnj\/adolfo-johnson\/","url":"https:\/\/chileentinieblas.cl\/pnj\/adolfo-johnson\/","name":"Adolfo Johnson - Adawolf Jotunson - Chile en Tinieblas","isPartOf":{"@id":"https:\/\/chileentinieblas.cl\/#website"},"primaryImageOfPage":{"@id":"https:\/\/chileentinieblas.cl\/pnj\/adolfo-johnson\/#primaryimage"},"image":{"@id":"https:\/\/chileentinieblas.cl\/pnj\/adolfo-johnson\/#primaryimage"},"thumbnailUrl":"https:\/\/chileentinieblas.cl\/wp-content\/uploads\/2021\/09\/dcsp3d4-7f459084-6c03-4179-a7fd-a1c0563bc84a.png","datePublished":"2021-09-29T13:02:38+00:00","dateModified":"2025-05-13T23:05:22+00:00","breadcrumb":{"@id":"https:\/\/chileentinieblas.cl\/pnj\/adolfo-johnson\/#breadcrumb"},"inLanguage":"en-US","potentialAction":[{"@type":"ReadAction","target":["https:\/\/chileentinieblas.cl\/pnj\/adolfo-johnson\/"]}]},{"@type":"ImageObject","inLanguage":"en-US","@id":"https:\/\/chileentinieblas.cl\/pnj\/adolfo-johnson\/#primaryimage","url":"https:\/\/chileentinieblas.cl\/wp-content\/uploads\/2021\/09\/dcsp3d4-7f459084-6c03-4179-a7fd-a1c0563bc84a.png","contentUrl":"https:\/\/chileentinieblas.cl\/wp-content\/uploads\/2021\/09\/dcsp3d4-7f459084-6c03-4179-a7fd-a1c0563bc84a.png","width":780,"height":1108},{"@type":"BreadcrumbList","@id":"https:\/\/chileentinieblas.cl\/pnj\/adolfo-johnson\/#breadcrumb","itemListElement":[{"@type":"ListItem","position":1,"name":"Portada","item":"https:\/\/chileentinieblas.cl\/"},{"@type":"ListItem","position":2,"name":"PNJs","item":"https:\/\/chileentinieblas.cl\/pnj\/"},{"@type":"ListItem","position":3,"name":"Adolfo Johnson &#8211; Adawolf Jotunson"}]},{"@type":"WebSite","@id":"https:\/\/chileentinieblas.cl\/#website","url":"https:\/\/chileentinieblas.cl\/","name":"Chile en Tinieblas","description":"Un servidor con mesas de rol de Mundo de Tinieblas","publisher":{"@id":"https:\/\/chileentinieblas.cl\/#organization"},"potentialAction":[{"@type":"SearchAction","target":{"@type":"EntryPoint","urlTemplate":"https:\/\/chileentinieblas.cl\/?s={search_term_string}"},"query-input":{"@type":"PropertyValueSpecification","valueRequired":true,"valueName":"search_term_string"}}],"inLanguage":"en-US"},{"@type":"Organization","@id":"https:\/\/chileentinieblas.cl\/#organization","name":"Chile en Tinieblas","url":"https:\/\/chileentinieblas.cl\/","logo":{"@type":"ImageObject","inLanguage":"en-US","@id":"https:\/\/chileentinieblas.cl\/#\/schema\/logo\/image\/","url":"https:\/\/chileentinieblas.cl\/wp-content\/uploads\/2021\/12\/logo-cet-claro.png","contentUrl":"https:\/\/chileentinieblas.cl\/wp-content\/uploads\/2021\/12\/logo-cet-claro.png","width":1001,"height":1030,"caption":"Chile en Tinieblas"},"image":{"@id":"https:\/\/chileentinieblas.cl\/#\/schema\/logo\/image\/"},"sameAs":["https:\/\/www.facebook.com\/ChileenTinieblas","https:\/\/www.instagram.com\/chileentinieblas\/","https:\/\/www.youtube.com\/@chileentinieblas","https:\/\/www.tiktok.com\/@chileentinieblas"]}]}},"jetpack_sharing_enabled":true,"_links":{"self":[{"href":"https:\/\/chileentinieblas.cl\/en\/wp-json\/wp\/v2\/pnj\/1484","targetHints":{"allow":["GET"]}}],"collection":[{"href":"https:\/\/chileentinieblas.cl\/en\/wp-json\/wp\/v2\/pnj"}],"about":[{"href":"https:\/\/chileentinieblas.cl\/en\/wp-json\/wp\/v2\/types\/pnj"}],"author":[{"embeddable":true,"href":"https:\/\/chileentinieblas.cl\/en\/wp-json\/wp\/v2\/users\/1"}],"wp:featuredmedia":[{"embeddable":true,"href":"https:\/\/chileentinieblas.cl\/en\/wp-json\/wp\/v2\/media\/1485"}],"wp:attachment":[{"href":"https:\/\/chileentinieblas.cl\/en\/wp-json\/wp\/v2\/media?parent=1484"}],"wp:term":[{"taxonomy":"post_tag","embeddable":true,"href":"https:\/\/chileentinieblas.cl\/en\/wp-json\/wp\/v2\/tags?post=1484"},{"taxonomy":"faccion","embeddable":true,"href":"https:\/\/chileentinieblas.cl\/en\/wp-json\/wp\/v2\/faccion?post=1484"}],"curies":[{"name":"wp","href":"https:\/\/api.w.org\/{rel}","templated":true}]}}