{"id":1254,"date":"2021-09-15T11:47:15","date_gmt":"2021-09-15T14:47:15","guid":{"rendered":"https:\/\/chileentinieblas.cl\/?post_type=personajes&#038;p=1254"},"modified":"2024-07-29T19:41:08","modified_gmt":"2024-07-29T19:41:08","slug":"hendrik-schmidt-el-patron","status":"publish","type":"pnj","link":"https:\/\/chileentinieblas.cl\/en\/pnj\/hendrik-schmidt-el-patron\/","title":{"rendered":"Hendrik Schmidt, El Patr\u00f3n"},"content":{"rendered":"<h3 class=\"wp-block-heading\">1860 &#8211; Origen<\/h3>\n\n\n\n<p class=\"wp-block-paragraph\">De origen germ\u00e1nico, sus abuelos llegaron a Chile despu\u00e9s de la inmigraci\u00f3n alemana para poblar los pueblos del sur en 1860. Entre ellos viaj\u00f3 un aquelarre de los <strong>Valdaermen<\/strong>, los artesanos de runas n\u00f3rdicas, quienes miraron con malos ojos la uni\u00f3n verbena con las tradiciones mapuches en el sur dado los secretos oscuros que exist\u00edan entre sus pr\u00e1cticas, por lo que intentaron mantener sus propias costumbres m\u00e1gicas alejadas de ellas en post de protegerla de la influencia del wallmapu. <\/p>\n\n\n\n<h3 class=\"wp-block-heading\"><meta charset=\"utf-8\">1872 &#8211; Nacimiento<\/h3>\n\n\n\n<p class=\"wp-block-paragraph\">Hendrik naci\u00f3 y creci\u00f3 en una familia muy conservadora que prohibi\u00f3 las relaciones con ind\u00edgenas. Sin embargo la curiosidad fue superior en \u00e9l. Ten\u00eda 8 a\u00f1os cuando conoci\u00f3 a una Machi quien le ense\u00f1ar\u00eda los secretos prohibidos para atraer su atenci\u00f3n. Despu\u00e9s de que ella se ganara su confianza, termin\u00f3 infiltr\u00e1ndose en la familia y quemando la finca en lo que ser\u00eda parte de los actos del alzamiento ind\u00edgena de 1881. Desde ese entonces Hendrik no ser\u00eda el mismo, su familia lo perdi\u00f3 todo, la venganza y el rechazo hacia esos grupos marc\u00f3 su camino para siempre y escap\u00f3 de ah\u00ed antes de que fueran a asesinarlo, aunque nadie lo sigui\u00f3.<\/p>\n\n\n\n<p class=\"wp-block-paragraph\">Fuera de su hogar fue acogido por otros miembros verbena que sobrevivieron al ataque ind\u00edgena, familiares del ni\u00f1o. Ah\u00ed aprendi\u00f3 los principios de la magia pero tambi\u00e9n un prop\u00f3sito, le dijeron que todo el sufrimiento por el que hab\u00eda pasado lo hicieron m\u00e1s fuerte, y si segu\u00eda ese camino, podr\u00eda volverse muy poderoso y vengarse de lo que le hicieron, su sangre conservaba el legado de los Valdaermen, lo que los volv\u00eda superiores ante la magia nativa.<\/p>\n\n\n\n<p class=\"wp-block-paragraph\">Hendrik despert\u00f3 gracias a su entrenamiento con su aquelarre. Sabiendo que la afinidad espiritual que ten\u00eda la magia mapuche era su mayor poder, se entren\u00f3 para someter a otros esp\u00edritus, fantasmas y toda clase de criatura que encontrara al otro lado de la celos\u00eda, y fue por su propia voluntad que aprendi\u00f3 a vincularlos y someterlos, estaba preparado para su venganza.<\/p>\n\n\n\n<h3 class=\"wp-block-heading\"><meta charset=\"utf-8\">1896 &#8211; Cruzada contra las Hojas de Mate<\/h3>\n\n\n\n<p class=\"wp-block-paragraph\">Completamente convencido de que estaba destinado a volverse cada vez m\u00e1s poderoso, parte una sutil campa\u00f1a para robar los secretos de los mapuches, poni\u00e9ndolos en contra de sus mismos compa\u00f1eros Verbenas de las tradiciones. Viaj\u00f3 desde el sur influyendo a otros aquelarres, buscando seguidores y simpatizantes con su causa. Lo apodaron &#8220;El patr\u00f3n&#8221; porque usaba esp\u00edritus a su servicio y ofrec\u00eda su poder y protecci\u00f3n para enfrentar a la la Orden de la raz\u00f3n y los grupos extremistas inquisidores que atacaban a los pueblos m\u00e1s aislados, a cambio de m\u00e1s conocimiento, seguidores y servidumbre. Muy pocos se atrev\u00edan a seguir sus pasos ya que sus m\u00e9todos eran extremistas y brutales.<\/p>\n\n\n\n<p class=\"wp-block-paragraph\">Su avance fue vertiginoso y diezm\u00f3 a varios grupos peque\u00f1os nativos que todav\u00eda intentaban defender sus tierras. Su reputaci\u00f3n y el temor que infund\u00eda fue tal que llam\u00f3 la atenci\u00f3n de la mism\u00edsima <strong><a href=\"https:\/\/chileentinieblas.cl\/en\/pnj\/wacolda-huaikilaf-la-machi\/\" data-type=\"pnj\" data-id=\"803\">Wacolda<\/a><\/strong> y su grupo &#8220;<strong>las hojas de Mate<\/strong>&#8220;, quienes estaban investigando la desaparici\u00f3n de varias de sus reliquias, rituales y tesoros sagrados, entre ellos, el \u00faltimo huevo de c\u00f3ndor gigante.<\/p>\n\n\n\n<p class=\"wp-block-paragraph\">Esa fue la primera y \u00faltima vez que se cruz\u00f3 con la anciana, quien sin mucho problema, logr\u00f3 dejar malherido a H\u00e9nrick en un enfrentamiento directo, para perdonarle la vida despu\u00e9s, gran error de parte de ella.<\/p>\n\n\n\n<p class=\"wp-block-paragraph\">Nunca olvid\u00f3 ese momento, sus t\u00e9cnicas no eran nada frente a la capacidad superior de una miembro de las Hojas de Mate, quien con su arcaica magia pudo haberlo f\u00e1cilmente eliminado. Desde ese entonces jur\u00f3 para s\u00ed mismo que encontrar\u00eda el poder para poder derrotarla a ella y el resto de m\u00edsticos de las hojas de Mate.<\/p>\n\n\n\n<p class=\"wp-block-paragraph\">Por casi 100 a\u00f1os pas\u00f3 entre las sombras de la sociedad m\u00e1gica, escondi\u00e9ndose, aprendiendo y manipulando aquelarres con tal de encontrar el poder que ansiaba.<\/p>\n\n\n\n<h3 class=\"wp-block-heading\">1946 &#8211; Se forma el c\u00edrculo de Hierro en Chile<\/h3>\n\n\n\n<p class=\"wp-block-paragraph\">M\u00e1s de 40 a\u00f1os hab\u00edan pasado cuando descubre que antiguos aliados Valdaermen estaban viajando a Chile, escapando de su persecuci\u00f3n por otros magos despu\u00e9s de la segunda guerra mundial. Cuando los contact\u00f3, descubri\u00f3 que pertenec\u00edan a la facci\u00f3n del <strong>C\u00edrculo de Hierro<\/strong>, un grupo conformado de raza Aria que hab\u00eda logrado descubrir poderosos artefactos y secretos saqueados en la guerra. Como era de esperarse ambos coincidieron en motivos y filosof\u00edas, lo que lo llev\u00f3 a formar un grupo en Chile para enfrentarse a c\u00e1balas jud\u00edas, herm\u00e9ticas y religiosas, con la excusa de ayudar a otros aquelarres. <\/p>\n\n\n\n<h3 class=\"wp-block-heading\">1989 &#8211; Un respiro en Vichuqu\u00e9n<\/h3>\n\n\n\n<p class=\"wp-block-paragraph\">Entre los aquelarres que investig\u00f3 se encuentra el de los Calqu\u00edn, en Vichuqu\u00e9n, donde \u00e9l y algunos seguidores ayudaron al grupo para evitar su extinci\u00f3n de las manos de la tecnocracia y el golpe militar. Este Aquelarre pose\u00eda un inter\u00e9s especial ya que los brujos de Calqu\u00edn hab\u00edan podido asimilar tanto pr\u00e1cticas nativas como extranjeras y se hab\u00edan ganado la confianza de algunas Machis en el proceso.<\/p>\n\n\n\n<h3 class=\"wp-block-heading\">1995 &#8211; Padre de familia<\/h3>\n\n\n\n<p class=\"wp-block-paragraph\">6 a\u00f1os pasaron investigando al culto, entre esos a\u00f1os sedujo a la hija de la sacerdotiza mayor, una prometedora maga a la que llamaban Solandis, poco a poco fue llev\u00e1ndola por un camino de autodestrucci\u00f3n hasta que logra ponerla en contra de su propio aquelarre cuando roba para \u00e9l algunos secretos de su grupo, a costa de sus l\u00edderes.<\/p>\n\n\n\n<p class=\"wp-block-paragraph\">Entre los secretos que ocultaba el aquelarre de Vichuqu\u00e9n, encontr\u00f3 una historia, un mito que hablaba de una entidad poderosa, una serpiente que hab\u00eda forjado esta parte del mundo enfrent\u00e1ndose al mismo mar, una serpiente que muchas Machis respetaban, y otras tem\u00edan. Investigar m\u00e1s se hizo dif\u00edcil, ya no le era posible volver al Aquelarre, no despu\u00e9s de lo que le hab\u00eda hecho a Solandis. Pero la oportunidad la encontr\u00f3 cuando conoci\u00f3 a un antiguo maestro K&#8217;Llashaa, quien hab\u00eda escuchado de \u00e9l y el ni\u00f1o que hab\u00eda sobrevivido ante la masacre mapuche. \u00c9l le mostr\u00f3 que la historia que encontr\u00f3 era m\u00e1s real de lo que cre\u00eda, y que solo deb\u00eda buscar la figura de lo que ellos llamaban &#8220;La gran sierpe&#8221;, le coment\u00f3 de que estaba formando un grupo de despertados que se atrevieran a hacer caer el pa\u00eds, y as\u00ed se uni\u00f3 al maestro en una nueva cruzada.<\/p>\n\n\n\n<h3 class=\"wp-block-heading\">2019 &#8211; Formaci\u00f3n del culto de los K&#8217;llashaa<\/h3>\n\n\n\n<p class=\"wp-block-paragraph\">Decidido a encontrar los rituales secretos para invocar a Treng treng, el esp\u00edritu al que los mapuches llamaban \u201cla protectora serpiente de la tierra\u201d, las pistas pasadas lo terminar\u00edan trayendo hasta Santiago, donde forma el culto de los \u00faltimos K\u2019llashaa junto a su nuevo maestro <strong>Kaff&#8217;pacher<\/strong>. Sin embargo, en el fondo nunca comparti\u00f3 sus motivaciones, los us\u00f3 para encontrar fuentes de mayor poder y una distracci\u00f3n para que Wakolda no se fijara en \u00e9l. El tiempo le dio la raz\u00f3n, el conocimiento de Kaff&#8217;pacher sobre estas tierras le dieron la \u00faltima pista que necesitaba para encontrarse al fin con la entidad que llaman Antumael, la gran sierpe. Cuando lo supo, arm\u00f3 un plan para salir del culto sin ser castigado por Kaff&#8217;, quien lo dio por muerto al ver que no volvi\u00f3 de su enfrentamiento con los tremere y al sentir que su avatar se hab\u00eda extinguido, lo que solo fue un elaborado enga\u00f1o.<\/p>\n\n\n\n<p class=\"wp-block-paragraph\">Actualmente se encuentra trabajando para un nuevo se\u00f1or y sus seguidores, con la esperanza de encontrar la forma de absorber su poder, ya que su verdadero motivo es obtener el poder suficiente para enfrentarse a Wacolda y sus seguidores, y as\u00ed vengarse, cumplir su promesa&#8230;<\/p>","protected":false},"author":1,"featured_media":1255,"template":"","tags":[45,46,47],"faccion":[51,24,27,37],"class_list":["post-1254","pnj","type-pnj","status-publish","has-post-thumbnail","hentry","tag-bahari","tag-forjadores-de-hierro","tag-infernalista","faccion-mago-la-ascension","faccion-nefando","faccion-tradiciones","faccion-verbena"],"acf":{"fecha":"1933 - Actualidad","estatus":"Activo","ficha_del_personaje":"","aspecto":"\u00c9l oculta bajo su gruesa ropa las marcas de una historia llena de autoflagelaci\u00f3n, tortura y muerte a su paso. Poco de esto se ve en su rostro, marcado por unas runas con el toque del hierro al rojo vivo.","interpretacion":"<span style=\"font-weight: 400;\">Maestro en manipulaci\u00f3n y dominaci\u00f3n de perdiciones y esp\u00edritus, el hierro es su marca. Transforma la esencia de animales y otros seres de la naturaleza para ser pose\u00eddos por perdiciones y as\u00ed dominarlos neutralizando su mente y voluntad. Usa antiguas runas n\u00f3rdicas como foco de sus actos, pero busca m\u00e1s poder entre los esp\u00edritus m\u00e1s poderosos.<\/span>","rango_mago":"6 - Maestro","informacion_privada":"","mapa_de_kumu_u_otro_embed":null},"yoast_head":"<!-- This site is optimized with the Yoast SEO plugin v28.4 - https:\/\/yoast.com\/product\/yoast-seo-wordpress\/ -->\n<title>Hendrik Schmidt, El Patr\u00f3n - Chile en Tinieblas<\/title>\n<meta name=\"robots\" content=\"index, follow, max-snippet:-1, max-image-preview:large, max-video-preview:-1\" \/>\n<link rel=\"canonical\" href=\"https:\/\/chileentinieblas.cl\/en\/pnj\/hendrik-schmidt-el-patron\/\" \/>\n<meta property=\"og:locale\" content=\"en_US\" \/>\n<meta property=\"og:type\" content=\"article\" \/>\n<meta property=\"og:title\" content=\"Hendrik Schmidt, El Patr\u00f3n - Chile en Tinieblas\" \/>\n<meta property=\"og:description\" content=\"1860 &#8211; Origen De origen germ\u00e1nico, sus abuelos llegaron a Chile despu\u00e9s de la inmigraci\u00f3n alemana para poblar los pueblos del sur en 1860. Entre ellos viaj\u00f3 un aquelarre de los Valdaermen, los artesanos de runas n\u00f3rdicas, quienes miraron con malos ojos la uni\u00f3n verbena con las tradiciones mapuches en el sur dado los secretos [&hellip;]\" \/>\n<meta property=\"og:url\" content=\"https:\/\/chileentinieblas.cl\/en\/pnj\/hendrik-schmidt-el-patron\/\" \/>\n<meta property=\"og:site_name\" content=\"Chile en Tinieblas\" \/>\n<meta property=\"article:publisher\" content=\"https:\/\/www.facebook.com\/ChileenTinieblas\" \/>\n<meta property=\"article:modified_time\" content=\"2024-07-29T19:41:08+00:00\" \/>\n<meta property=\"og:image\" content=\"https:\/\/chileentinieblas.cl\/wp-content\/uploads\/2021\/09\/darth_jevlas_by_cher_ro_ddggn5m-e1631715732882.jpg\" \/>\n\t<meta property=\"og:image:width\" content=\"1335\" \/>\n\t<meta property=\"og:image:height\" content=\"1460\" \/>\n\t<meta property=\"og:image:type\" content=\"image\/jpeg\" \/>\n<meta name=\"twitter:card\" content=\"summary_large_image\" \/>\n<meta name=\"twitter:label1\" content=\"Est. reading time\" \/>\n\t<meta name=\"twitter:data1\" content=\"7 minutes\" \/>\n<script type=\"application\/ld+json\" class=\"yoast-schema-graph\">{\"@context\":\"https:\\\/\\\/schema.org\",\"@graph\":[{\"@type\":\"WebPage\",\"@id\":\"https:\\\/\\\/chileentinieblas.cl\\\/en\\\/pnj\\\/hendrik-schmidt-el-patron\\\/\",\"url\":\"https:\\\/\\\/chileentinieblas.cl\\\/en\\\/pnj\\\/hendrik-schmidt-el-patron\\\/\",\"name\":\"Hendrik Schmidt, El Patr\u00f3n - Chile en Tinieblas\",\"isPartOf\":{\"@id\":\"https:\\\/\\\/chileentinieblas.cl\\\/#website\"},\"primaryImageOfPage\":{\"@id\":\"https:\\\/\\\/chileentinieblas.cl\\\/en\\\/pnj\\\/hendrik-schmidt-el-patron\\\/#primaryimage\"},\"image\":{\"@id\":\"https:\\\/\\\/chileentinieblas.cl\\\/en\\\/pnj\\\/hendrik-schmidt-el-patron\\\/#primaryimage\"},\"thumbnailUrl\":\"https:\\\/\\\/chileentinieblas.cl\\\/wp-content\\\/uploads\\\/2021\\\/09\\\/darth_jevlas_by_cher_ro_ddggn5m-e1631715732882.jpg\",\"datePublished\":\"2021-09-15T14:47:15+00:00\",\"dateModified\":\"2024-07-29T19:41:08+00:00\",\"breadcrumb\":{\"@id\":\"https:\\\/\\\/chileentinieblas.cl\\\/en\\\/pnj\\\/hendrik-schmidt-el-patron\\\/#breadcrumb\"},\"inLanguage\":\"en-US\",\"potentialAction\":[{\"@type\":\"ReadAction\",\"target\":[\"https:\\\/\\\/chileentinieblas.cl\\\/en\\\/pnj\\\/hendrik-schmidt-el-patron\\\/\"]}]},{\"@type\":\"ImageObject\",\"inLanguage\":\"en-US\",\"@id\":\"https:\\\/\\\/chileentinieblas.cl\\\/en\\\/pnj\\\/hendrik-schmidt-el-patron\\\/#primaryimage\",\"url\":\"https:\\\/\\\/chileentinieblas.cl\\\/wp-content\\\/uploads\\\/2021\\\/09\\\/darth_jevlas_by_cher_ro_ddggn5m-e1631715732882.jpg\",\"contentUrl\":\"https:\\\/\\\/chileentinieblas.cl\\\/wp-content\\\/uploads\\\/2021\\\/09\\\/darth_jevlas_by_cher_ro_ddggn5m-e1631715732882.jpg\",\"width\":1335,\"height\":1460},{\"@type\":\"BreadcrumbList\",\"@id\":\"https:\\\/\\\/chileentinieblas.cl\\\/en\\\/pnj\\\/hendrik-schmidt-el-patron\\\/#breadcrumb\",\"itemListElement\":[{\"@type\":\"ListItem\",\"position\":1,\"name\":\"Portada\",\"item\":\"https:\\\/\\\/chileentinieblas.cl\\\/\"},{\"@type\":\"ListItem\",\"position\":2,\"name\":\"PNJs\",\"item\":\"https:\\\/\\\/chileentinieblas.cl\\\/pnj\\\/\"},{\"@type\":\"ListItem\",\"position\":3,\"name\":\"Hendrik Schmidt, El Patr\u00f3n\"}]},{\"@type\":\"WebSite\",\"@id\":\"https:\\\/\\\/chileentinieblas.cl\\\/#website\",\"url\":\"https:\\\/\\\/chileentinieblas.cl\\\/\",\"name\":\"Chile en Tinieblas\",\"description\":\"Un servidor con mesas de rol de Mundo de Tinieblas\",\"publisher\":{\"@id\":\"https:\\\/\\\/chileentinieblas.cl\\\/#organization\"},\"potentialAction\":[{\"@type\":\"SearchAction\",\"target\":{\"@type\":\"EntryPoint\",\"urlTemplate\":\"https:\\\/\\\/chileentinieblas.cl\\\/?s={search_term_string}\"},\"query-input\":{\"@type\":\"PropertyValueSpecification\",\"valueRequired\":true,\"valueName\":\"search_term_string\"}}],\"inLanguage\":\"en-US\"},{\"@type\":\"Organization\",\"@id\":\"https:\\\/\\\/chileentinieblas.cl\\\/#organization\",\"name\":\"Chile en Tinieblas\",\"url\":\"https:\\\/\\\/chileentinieblas.cl\\\/\",\"logo\":{\"@type\":\"ImageObject\",\"inLanguage\":\"en-US\",\"@id\":\"https:\\\/\\\/chileentinieblas.cl\\\/#\\\/schema\\\/logo\\\/image\\\/\",\"url\":\"https:\\\/\\\/chileentinieblas.cl\\\/wp-content\\\/uploads\\\/2021\\\/12\\\/logo-cet-claro.png\",\"contentUrl\":\"https:\\\/\\\/chileentinieblas.cl\\\/wp-content\\\/uploads\\\/2021\\\/12\\\/logo-cet-claro.png\",\"width\":1001,\"height\":1030,\"caption\":\"Chile en Tinieblas\"},\"image\":{\"@id\":\"https:\\\/\\\/chileentinieblas.cl\\\/#\\\/schema\\\/logo\\\/image\\\/\"},\"sameAs\":[\"https:\\\/\\\/www.facebook.com\\\/ChileenTinieblas\",\"https:\\\/\\\/www.instagram.com\\\/chileentinieblas\\\/\",\"https:\\\/\\\/www.youtube.com\\\/@chileentinieblas\",\"https:\\\/\\\/www.tiktok.com\\\/@chileentinieblas\"]}]}<\/script>\n<!-- \/ Yoast SEO plugin. -->","yoast_head_json":{"title":"Hendrik Schmidt, El Patr\u00f3n - Chile en Tinieblas","robots":{"index":"index","follow":"follow","max-snippet":"max-snippet:-1","max-image-preview":"max-image-preview:large","max-video-preview":"max-video-preview:-1"},"canonical":"https:\/\/chileentinieblas.cl\/en\/pnj\/hendrik-schmidt-el-patron\/","og_locale":"en_US","og_type":"article","og_title":"Hendrik Schmidt, El Patr\u00f3n - Chile en Tinieblas","og_description":"1860 &#8211; Origen De origen germ\u00e1nico, sus abuelos llegaron a Chile despu\u00e9s de la inmigraci\u00f3n alemana para poblar los pueblos del sur en 1860. Entre ellos viaj\u00f3 un aquelarre de los Valdaermen, los artesanos de runas n\u00f3rdicas, quienes miraron con malos ojos la uni\u00f3n verbena con las tradiciones mapuches en el sur dado los secretos [&hellip;]","og_url":"https:\/\/chileentinieblas.cl\/en\/pnj\/hendrik-schmidt-el-patron\/","og_site_name":"Chile en Tinieblas","article_publisher":"https:\/\/www.facebook.com\/ChileenTinieblas","article_modified_time":"2024-07-29T19:41:08+00:00","og_image":[{"width":1335,"height":1460,"url":"https:\/\/chileentinieblas.cl\/wp-content\/uploads\/2021\/09\/darth_jevlas_by_cher_ro_ddggn5m-e1631715732882.jpg","type":"image\/jpeg"}],"twitter_card":"summary_large_image","twitter_misc":{"Est. reading time":"7 minutes"},"schema":{"@context":"https:\/\/schema.org","@graph":[{"@type":"WebPage","@id":"https:\/\/chileentinieblas.cl\/en\/pnj\/hendrik-schmidt-el-patron\/","url":"https:\/\/chileentinieblas.cl\/en\/pnj\/hendrik-schmidt-el-patron\/","name":"Hendrik Schmidt, El Patr\u00f3n - Chile en Tinieblas","isPartOf":{"@id":"https:\/\/chileentinieblas.cl\/#website"},"primaryImageOfPage":{"@id":"https:\/\/chileentinieblas.cl\/en\/pnj\/hendrik-schmidt-el-patron\/#primaryimage"},"image":{"@id":"https:\/\/chileentinieblas.cl\/en\/pnj\/hendrik-schmidt-el-patron\/#primaryimage"},"thumbnailUrl":"https:\/\/chileentinieblas.cl\/wp-content\/uploads\/2021\/09\/darth_jevlas_by_cher_ro_ddggn5m-e1631715732882.jpg","datePublished":"2021-09-15T14:47:15+00:00","dateModified":"2024-07-29T19:41:08+00:00","breadcrumb":{"@id":"https:\/\/chileentinieblas.cl\/en\/pnj\/hendrik-schmidt-el-patron\/#breadcrumb"},"inLanguage":"en-US","potentialAction":[{"@type":"ReadAction","target":["https:\/\/chileentinieblas.cl\/en\/pnj\/hendrik-schmidt-el-patron\/"]}]},{"@type":"ImageObject","inLanguage":"en-US","@id":"https:\/\/chileentinieblas.cl\/en\/pnj\/hendrik-schmidt-el-patron\/#primaryimage","url":"https:\/\/chileentinieblas.cl\/wp-content\/uploads\/2021\/09\/darth_jevlas_by_cher_ro_ddggn5m-e1631715732882.jpg","contentUrl":"https:\/\/chileentinieblas.cl\/wp-content\/uploads\/2021\/09\/darth_jevlas_by_cher_ro_ddggn5m-e1631715732882.jpg","width":1335,"height":1460},{"@type":"BreadcrumbList","@id":"https:\/\/chileentinieblas.cl\/en\/pnj\/hendrik-schmidt-el-patron\/#breadcrumb","itemListElement":[{"@type":"ListItem","position":1,"name":"Portada","item":"https:\/\/chileentinieblas.cl\/"},{"@type":"ListItem","position":2,"name":"PNJs","item":"https:\/\/chileentinieblas.cl\/pnj\/"},{"@type":"ListItem","position":3,"name":"Hendrik Schmidt, El Patr\u00f3n"}]},{"@type":"WebSite","@id":"https:\/\/chileentinieblas.cl\/#website","url":"https:\/\/chileentinieblas.cl\/","name":"Chile en Tinieblas","description":"Un servidor con mesas de rol de Mundo de Tinieblas","publisher":{"@id":"https:\/\/chileentinieblas.cl\/#organization"},"potentialAction":[{"@type":"SearchAction","target":{"@type":"EntryPoint","urlTemplate":"https:\/\/chileentinieblas.cl\/?s={search_term_string}"},"query-input":{"@type":"PropertyValueSpecification","valueRequired":true,"valueName":"search_term_string"}}],"inLanguage":"en-US"},{"@type":"Organization","@id":"https:\/\/chileentinieblas.cl\/#organization","name":"Chile en Tinieblas","url":"https:\/\/chileentinieblas.cl\/","logo":{"@type":"ImageObject","inLanguage":"en-US","@id":"https:\/\/chileentinieblas.cl\/#\/schema\/logo\/image\/","url":"https:\/\/chileentinieblas.cl\/wp-content\/uploads\/2021\/12\/logo-cet-claro.png","contentUrl":"https:\/\/chileentinieblas.cl\/wp-content\/uploads\/2021\/12\/logo-cet-claro.png","width":1001,"height":1030,"caption":"Chile en Tinieblas"},"image":{"@id":"https:\/\/chileentinieblas.cl\/#\/schema\/logo\/image\/"},"sameAs":["https:\/\/www.facebook.com\/ChileenTinieblas","https:\/\/www.instagram.com\/chileentinieblas\/","https:\/\/www.youtube.com\/@chileentinieblas","https:\/\/www.tiktok.com\/@chileentinieblas"]}]}},"jetpack_sharing_enabled":true,"_links":{"self":[{"href":"https:\/\/chileentinieblas.cl\/en\/wp-json\/wp\/v2\/pnj\/1254","targetHints":{"allow":["GET"]}}],"collection":[{"href":"https:\/\/chileentinieblas.cl\/en\/wp-json\/wp\/v2\/pnj"}],"about":[{"href":"https:\/\/chileentinieblas.cl\/en\/wp-json\/wp\/v2\/types\/pnj"}],"author":[{"embeddable":true,"href":"https:\/\/chileentinieblas.cl\/en\/wp-json\/wp\/v2\/users\/1"}],"wp:featuredmedia":[{"embeddable":true,"href":"https:\/\/chileentinieblas.cl\/en\/wp-json\/wp\/v2\/media\/1255"}],"wp:attachment":[{"href":"https:\/\/chileentinieblas.cl\/en\/wp-json\/wp\/v2\/media?parent=1254"}],"wp:term":[{"taxonomy":"post_tag","embeddable":true,"href":"https:\/\/chileentinieblas.cl\/en\/wp-json\/wp\/v2\/tags?post=1254"},{"taxonomy":"faccion","embeddable":true,"href":"https:\/\/chileentinieblas.cl\/en\/wp-json\/wp\/v2\/faccion?post=1254"}],"curies":[{"name":"wp","href":"https:\/\/api.w.org\/{rel}","templated":true}]}}