{"id":1248,"date":"2021-09-15T04:25:34","date_gmt":"2021-09-15T07:25:34","guid":{"rendered":"https:\/\/chileentinieblas.cl\/?post_type=personajes&#038;p=1248"},"modified":"2024-11-06T00:16:48","modified_gmt":"2024-11-06T00:16:48","slug":"madre-solandis","status":"publish","type":"pnj","link":"https:\/\/chileentinieblas.cl\/en\/pnj\/madre-solandis\/","title":{"rendered":"Madre Solandis"},"content":{"rendered":"<p class=\"wp-block-paragraph\">Madre Solandis es un rumor, un susurro, un cuento de terror que miembros del aquelarre de Vichuqu\u00e9n cuentan a sus integrantes para ense\u00f1arles sobre los frutos que un exceso de ambici\u00f3n y odio puede provocar en aquellos que tienen las habilidades para conectarse con la naturaleza. Sin embargo algunos creen que detr\u00e1s de esos mitos hay algo de realidad dado que hay gente que dice haberla conocido, pero las ancianas del lugar se niegan a hablar de eso.<\/p>\n\n\n\n<p class=\"wp-block-paragraph\">Solandis es el nombre que gan\u00f3 la madre de H\u00e9mera cuando se volvi\u00f3 la l\u00edder del aquelarre de Vichuqu\u00e9n, premiada directamente por la anciana (quien era su madre). Result\u00f3 ser una de las brujas m\u00e1s destacadas ya que fue la \u00fanica que despert\u00f3 en su generaci\u00f3n.<\/p>","protected":false},"author":1,"featured_media":1249,"template":"","tags":[45],"faccion":[51,24,27,37],"class_list":["post-1248","pnj","type-pnj","status-publish","has-post-thumbnail","hentry","tag-bahari","faccion-mago-la-ascension","faccion-nefando","faccion-tradiciones","faccion-verbena"],"acf":{"fecha":"1956 - Actualidad","estatus":"Activo","ficha_del_personaje":2920,"aspecto":"Misteriosa, nadie la ha visto directamente ya que desde que tom\u00f3 el camino de la soledad, lleva una m\u00e1scara.","interpretacion":"Totalmente desamparada se entrega completamente al dolor, la soledad, y cualquier tipo de sentimiento que provenga de los abusos y vicios humanos. Los canaliza en poder y determinaci\u00f3n para seguir la senda de Lilith","rango_mago":"5 - Adepto","informacion_privada":"<!-- wp:paragraph -->\r\n<h2>1972 - Nacimiento<\/h2>\r\n<!-- \/wp:paragraph --> <!-- wp:paragraph -->\r\n\r\nComo es tradicional, el nombre de nacimiento de Solandis ten\u00eda que iniciar con la letra A, fue as\u00ed como su madre la nombr\u00f3 Amanda, pero su nacimiento fue prematuro, naci\u00f3 m\u00e1s peque\u00f1a de lo normal y m\u00e1s d\u00e9bil, por lo que debi\u00f3 recibir cuidados especiales.\r\n\r\n<!-- \/wp:paragraph --> <!-- wp:paragraph -->\r\n\r\nDesde temprana edad mostr\u00f3 una curiosidad por las plantas, la tierra, los elementos y las estaciones t\u00edpicas de una nacida entre brujas. Su delicada condici\u00f3n f\u00edsica hizo que creciera especialmente sobreprotegida por su madre, sus huesos eran delicados y no pod\u00eda jugar con el resto de ni\u00f1os del barrio. A medida que crec\u00eda, esto iba apart\u00e1ndola de la vida social del pueblo, quienes le dejaban sola por considerarla rara. Su discriminaci\u00f3n hizo que usara su tiempo libre en leer las historias de brujas, hechicer\u00eda y mitos del lugar, algo que usaba para escapar de la realidad e imaginarse lo que har\u00eda si ella tuviera ese poder.\r\n<h2>1986 - Nacimiento<\/h2>\r\nPero fue a sus 14 a\u00f1os, mientras se volv\u00eda una mujer, que tambi\u00e9n se volv\u00eda una poderosa bruja Verbena cuando su avatar finalmente se manifiesta con la gu\u00eda del consejo de ancianas del lugar. Desde ese entonces, fue guiada por el concejo de ancianos, quienes le revelar\u00edan el mundo que se escond\u00eda detr\u00e1s de sus ojos mortales. Fue as\u00ed como recibi\u00f3 gu\u00eda de aquellas brujas que practicaban las antiguas artes heredadas de su historia, en la profundidad del bosque de Vichuqu\u00e9n. Tanto sus costumbres, como aquellos que el aquelarre consideraba enemigos.\r\n\r\nQued\u00f3 bajo la tutela de su propia madre, <strong>Agustina<\/strong>, quien se volver\u00eda una exigente y severa mentora. Agustina, como madre y mentora forj\u00f3 una relaci\u00f3n conflictiva con su hija, que mezclado con su adolescencia, form\u00f3 una personalidad agresiva, rebelde, atra\u00edda cada vez m\u00e1s por las figuras m\u00e1s oscuras de la historia. Su conflicto aumentaba cuando ella activamente buscaba subvertir al consejo de ancianas y tomar una posici\u00f3n m\u00e1s activa frente a la gente de la comunidad, demostrando el verdadero poder de brujas. Algo a lo que Agustina estaba en total desacuerdo.\r\n\r\n<!-- \/wp:paragraph --> <!-- wp:heading {\"level\":3} -->\r\n<h3 class=\"wp-block-heading\">1989 - Conoci\u00f3 al Patr\u00f3n<\/h3>\r\n<!-- \/wp:heading --> <!-- wp:paragraph -->\r\n\r\nPero todo cambi\u00f3 cuando conoci\u00f3 a <a href=\"https:\/\/chileentinieblas.cl\/pnj\/hendrik-schmidt-el-patron\/\">Hendrik<\/a> en 1989, un atractivo mago que promet\u00eda poder a aquellos dispuestos a obtenerlo y a ayudarlos frente a la opresi\u00f3n de sus enemigos. En ese tiempo lleg\u00f3 a Vichuqu\u00e9n buscando conocimiento entre las ancianas, quienes se negaron en primera instancia hasta no conocerlo m\u00e1s, as\u00ed que el Patr\u00f3n se fij\u00f3 en la joven promesa hija de Agustina, quien sucumbi\u00f3 a sus t\u00e1cticas seductoras mientras ca\u00eda en la espiral de poder que \u00e9l le ofrec\u00eda, sucumbiendo a pr\u00e1cticas oscuras y perversas. Juntos se rebelaron al consejo de ancianas, atrayendo a m\u00e1s seguidores a su causa.\r\n\r\nFue as\u00ed como arrastr\u00f3 poco a poco a m\u00e1s seguidores del Aquelarre a su secta, discutiendo con las ancianas que eran capaces de ver la oscuridad en la que navegaba, pero el poder era m\u00e1s atractivo para las nuevas generaciones.\r\n\r\n<!-- \/wp:paragraph --> <!-- wp:heading {\"level\":3} -->\r\n<h3 class=\"wp-block-heading\">1995 - Es madre<\/h3>\r\n<!-- \/wp:heading --> <!-- wp:paragraph -->\r\n\r\nA pesar de todo el conflicto que el aquelarre ten\u00eda con el Patr\u00f3n, a Solandis nunca le hab\u00edan negado la entrada al santuario de Vichuqu\u00e9n. No hasta que tiempo despu\u00e9s, en 1995, ella lleg\u00f3 con la noticia de que tendr\u00e1 una ni\u00f1a del Patr\u00f3n, jurando que se concibi\u00f3 en una relaci\u00f3n de amor y no de abuso. A pesar de la creciente oscuridad que rodeaba a Solandis, se le permiti\u00f3 mantenerla, siempre y cuando se convirtiera en una sacerdotiza para el aquelarre y siguiera su legado, pero su madre no vi\u00f3 el embarazo con buenos ojos. Le dijo a Solandis que su vida se hab\u00eda vuelto una flor delicada, que aparentaba ser bella pero era muy f\u00e1cil de romper. Ofendida, desde ese momento que cambi\u00f3 su apodo a Solandis, dejando definitivamente atr\u00e1s las costumbres de su madre y el aquelarre de Vichuqu\u00e9n, jurando que no volver\u00eda m\u00e1s y que har\u00eda su vida junto a Hendrik.\r\n\r\n<!-- \/wp:paragraph --> <!-- wp:heading {\"level\":3} -->\r\n<h3 class=\"wp-block-heading\">1996 - El patr\u00f3n la abandona<\/h3>\r\n<!-- \/wp:heading --> <!-- wp:paragraph -->\r\n\r\nPero no pas\u00f3 mucho tiempo hasta que el mal augurio se hizo realidad. En una fuerte discusi\u00f3n, Hendrik le cont\u00f3 su verdadero prop\u00f3sito: le cont\u00f3 la fuente de poder que hab\u00eda descubierto, y que mantenerse con ella y su hija solo lo hac\u00edan m\u00e1s d\u00e9bil, que \u00e9l solo se hab\u00eda acercado a ella para robarle los secretos al aquelarre de Vichuqu\u00e9n y que desde que decidi\u00f3 abandonarlo, ech\u00f3 a perder su plan, ahora no le servir\u00eda para nada. Solandis vio en sus ojos un fulgor m\u00e1s oscuro que el de la secta misma, un ansia de poder imposible de saciar y una venganza improbable de cumplir. Con el coraz\u00f3n roto, lo dej\u00f3 ir, esperando alg\u00fan d\u00eda que logre su venganza y que vuelva con ella y su hija. Se sinti\u00f3 sola, desamparada, vagando en medio de la oscuridad que la rodeaba a ella y su hija, viendo el error que hab\u00eda cometido.\r\n\r\nMientras se escond\u00eda de un mundo que no entend\u00eda sus habilidades, una noche conoci\u00f3 a un grupo de mujeres muy especial, que a diferencia de su aquelarre original, abrazaban su dolor y sufrimiento para enfocarlo en sus pr\u00e1cticas, el inevitable da\u00f1o que Solandis habr\u00eda sufrido en su alma ten\u00eda un sentido ahora que hab\u00eda conocido a <a href=\"https:\/\/chileentinieblas.cl\/pnj\/elena-montero\/\">Elena Montero<\/a> y su devoci\u00f3n a Lilith, d\u00e1ndole la bienvenida a las Baharis. Bajo su gu\u00eda aprendi\u00f3 a escuchar sus m\u00e1s oscuros deseos de venganza y conect\u00f3 con un ser m\u00e1s all\u00e1 de los l\u00edmites terrenales, una divinidad oscura que susurraba en su cabeza planes para ella, haciendo crecer su poder.\r\n\r\n<!-- \/wp:paragraph --> <!-- wp:heading {\"level\":3} -->\r\n<h3 class=\"wp-block-heading\">1998 - Su madre le arrebata a su hija<\/h3>\r\n<!-- \/wp:heading --> <!-- wp:paragraph -->\r\n\r\nUn par de a\u00f1os despu\u00e9s viene su segundo y m\u00e1s grande sufrimiento: El consejo de ancianos del aquelarre de Vichuqu\u00e9n decide enfrentarse a la secta Bahari, que se extend\u00eda como un c\u00e1ncer en los bosques y sus alrededores. Las m\u00e1s grandes brujas se enfrentaron a los miembros de las Baharis y su vampiros guardianes, sometiendo a quienes se resist\u00edan. Los ancianos buscaban la rendici\u00f3n de sus miembros, pero sorprendidos por la resilencia y la tolerancia al dolor de la secta, el enfrentamiento se convirti\u00f3 en una masacre, dirigida por la mism\u00edsima Agustina y sus compa\u00f1eras del concejo.\r\n\r\n<!-- \/wp:paragraph --> <!-- wp:paragraph -->\r\n\r\nCuando su madre captura a los pocos sobrevivientes, por medio de un juicio, intent\u00f3 hacer entender a su hija del camino oscuro que estaba tomando, pero los hechos que acababa de atestiguar solo le daban la raz\u00f3n y aquella voz en sus sue\u00f1os le mostraba que todo era parte del camino de lilith. Los esfuerzos de la anciana Agustina fueron en vano, pero influenciada por su piedad, deja ir a su hija, conden\u00e1ndola al exilio y quit\u00e1ndole la ni\u00f1a de sus brazos. El resto fueron ejecutados o escaparon.\r\n\r\n<!-- \/wp:paragraph --> <!-- wp:paragraph -->\r\n\r\nEste nuevo quiebre emocional termina por convertirla definitivamente en una hermana al servicio del camino de Lilith. Traicionada por su propia madre, se esconde en lo profundo de los bosques umbrales para no volver a ser vista jam\u00e1s.\r\n\r\n<!-- \/wp:paragraph --> <!-- wp:heading {\"level\":3} -->\r\n<h3 class=\"wp-block-heading\">2015 - Asesina en un sacrificio ritual a su madre<\/h3>\r\n<!-- \/wp:heading --> <!-- wp:paragraph -->\r\n\r\nTiempo despu\u00e9s, en lo profundo del bosque encontr\u00f3 un jard\u00edn, en medio de ese jard\u00edn conoci\u00f3 a la voz de la mujer que le hablaba en sus sue\u00f1os, quien le cont\u00f3 que para encontrar el poder que buscaba, deb\u00eda deshacerse de su \u00faltimo v\u00ednculo emocional: Su madre, y con su poder abrir el camino hasta lo profundo de los reinos de Lilith.Fue as\u00ed como a\u00f1os despu\u00e9s aparece con un poder renovado. Enga\u00f1ando a su madre para que se encuentren a solas en medio del bosque, decide matarla y entregarla como sacrificio ritual para abrir el camino hacia el mismo abismo. Ahora que hab\u00eda logrado romper todos sus v\u00ednculos emocionales, refundar\u00eda la secta buscando nuevos miembros, bajo el nombre de las <strong>espinas rojas<\/strong>, y preparando el camino para su hija, quien sab\u00eda, la encontrar\u00eda alg\u00fan d\u00eda. Su historia se volvi\u00f3 conocida entre diversos grupos de Baharis que ella ayud\u00f3 a fundar en todo Chile.\r\n\r\n<!-- \/wp:paragraph --> <!-- wp:heading {\"level\":3} -->\r\n<h3 class=\"wp-block-heading\">Actualidad<\/h3>\r\n<!-- \/wp:heading --> <!-- wp:paragraph -->\r\n\r\nActualmente, miembros de las Baharis de Santiago, luego de haber sufrido un fuerte ataque por parte de la agencia de inteligencia F.A.S.T, decide contactarla para pedir apoyo y volver a armar el grupo a lo que era antes. Por lo que prepara un ritual para convertir a uno de ellos en el pr\u00f3ximo l\u00edder del grupo como un nefando de la secta, como ella lo fue.\r\n\r\n<!-- \/wp:paragraph -->","mapa_de_kumu_u_otro_embed":null},"yoast_head":"<!-- This site is optimized with the Yoast SEO plugin v28.4 - https:\/\/yoast.com\/product\/yoast-seo-wordpress\/ -->\n<title>Madre Solandis - Chile en Tinieblas<\/title>\n<meta name=\"robots\" content=\"index, follow, max-snippet:-1, max-image-preview:large, max-video-preview:-1\" \/>\n<link rel=\"canonical\" href=\"https:\/\/chileentinieblas.cl\/en\/pnj\/madre-solandis\/\" \/>\n<meta property=\"og:locale\" content=\"en_US\" \/>\n<meta property=\"og:type\" content=\"article\" \/>\n<meta property=\"og:title\" content=\"Madre Solandis - Chile en Tinieblas\" \/>\n<meta property=\"og:description\" content=\"Madre Solandis es un rumor, un susurro, un cuento de terror que miembros del aquelarre de Vichuqu\u00e9n cuentan a sus integrantes para ense\u00f1arles sobre los frutos que un exceso de ambici\u00f3n y odio puede provocar en aquellos que tienen las habilidades para conectarse con la naturaleza. Sin embargo algunos creen que detr\u00e1s de esos mitos [&hellip;]\" \/>\n<meta property=\"og:url\" content=\"https:\/\/chileentinieblas.cl\/en\/pnj\/madre-solandis\/\" \/>\n<meta property=\"og:site_name\" content=\"Chile en Tinieblas\" \/>\n<meta property=\"article:publisher\" content=\"https:\/\/www.facebook.com\/ChileenTinieblas\" \/>\n<meta property=\"article:modified_time\" content=\"2024-11-06T00:16:48+00:00\" \/>\n<meta property=\"og:image\" content=\"https:\/\/chileentinieblas.cl\/wp-content\/uploads\/2021\/09\/tumblr_odxpbgwCZv1sn33lio1_1280-e1631690718296.jpg\" \/>\n\t<meta property=\"og:image:width\" content=\"719\" \/>\n\t<meta property=\"og:image:height\" content=\"826\" \/>\n\t<meta property=\"og:image:type\" content=\"image\/jpeg\" \/>\n<meta name=\"twitter:card\" content=\"summary_large_image\" \/>\n<meta name=\"twitter:label1\" content=\"Est. reading time\" \/>\n\t<meta name=\"twitter:data1\" content=\"1 minute\" \/>\n<script type=\"application\/ld+json\" class=\"yoast-schema-graph\">{\"@context\":\"https:\\\/\\\/schema.org\",\"@graph\":[{\"@type\":\"WebPage\",\"@id\":\"https:\\\/\\\/chileentinieblas.cl\\\/en\\\/pnj\\\/madre-solandis\\\/\",\"url\":\"https:\\\/\\\/chileentinieblas.cl\\\/en\\\/pnj\\\/madre-solandis\\\/\",\"name\":\"Madre Solandis - Chile en Tinieblas\",\"isPartOf\":{\"@id\":\"https:\\\/\\\/chileentinieblas.cl\\\/#website\"},\"primaryImageOfPage\":{\"@id\":\"https:\\\/\\\/chileentinieblas.cl\\\/en\\\/pnj\\\/madre-solandis\\\/#primaryimage\"},\"image\":{\"@id\":\"https:\\\/\\\/chileentinieblas.cl\\\/en\\\/pnj\\\/madre-solandis\\\/#primaryimage\"},\"thumbnailUrl\":\"https:\\\/\\\/chileentinieblas.cl\\\/wp-content\\\/uploads\\\/2021\\\/09\\\/tumblr_odxpbgwCZv1sn33lio1_1280-e1631690718296.jpg\",\"datePublished\":\"2021-09-15T07:25:34+00:00\",\"dateModified\":\"2024-11-06T00:16:48+00:00\",\"breadcrumb\":{\"@id\":\"https:\\\/\\\/chileentinieblas.cl\\\/en\\\/pnj\\\/madre-solandis\\\/#breadcrumb\"},\"inLanguage\":\"en-US\",\"potentialAction\":[{\"@type\":\"ReadAction\",\"target\":[\"https:\\\/\\\/chileentinieblas.cl\\\/en\\\/pnj\\\/madre-solandis\\\/\"]}]},{\"@type\":\"ImageObject\",\"inLanguage\":\"en-US\",\"@id\":\"https:\\\/\\\/chileentinieblas.cl\\\/en\\\/pnj\\\/madre-solandis\\\/#primaryimage\",\"url\":\"https:\\\/\\\/chileentinieblas.cl\\\/wp-content\\\/uploads\\\/2021\\\/09\\\/tumblr_odxpbgwCZv1sn33lio1_1280-e1631690718296.jpg\",\"contentUrl\":\"https:\\\/\\\/chileentinieblas.cl\\\/wp-content\\\/uploads\\\/2021\\\/09\\\/tumblr_odxpbgwCZv1sn33lio1_1280-e1631690718296.jpg\",\"width\":719,\"height\":826},{\"@type\":\"BreadcrumbList\",\"@id\":\"https:\\\/\\\/chileentinieblas.cl\\\/en\\\/pnj\\\/madre-solandis\\\/#breadcrumb\",\"itemListElement\":[{\"@type\":\"ListItem\",\"position\":1,\"name\":\"Portada\",\"item\":\"https:\\\/\\\/chileentinieblas.cl\\\/\"},{\"@type\":\"ListItem\",\"position\":2,\"name\":\"PNJs\",\"item\":\"https:\\\/\\\/chileentinieblas.cl\\\/pnj\\\/\"},{\"@type\":\"ListItem\",\"position\":3,\"name\":\"Madre Solandis\"}]},{\"@type\":\"WebSite\",\"@id\":\"https:\\\/\\\/chileentinieblas.cl\\\/#website\",\"url\":\"https:\\\/\\\/chileentinieblas.cl\\\/\",\"name\":\"Chile en Tinieblas\",\"description\":\"Un servidor con mesas de rol de Mundo de Tinieblas\",\"publisher\":{\"@id\":\"https:\\\/\\\/chileentinieblas.cl\\\/#organization\"},\"potentialAction\":[{\"@type\":\"SearchAction\",\"target\":{\"@type\":\"EntryPoint\",\"urlTemplate\":\"https:\\\/\\\/chileentinieblas.cl\\\/?s={search_term_string}\"},\"query-input\":{\"@type\":\"PropertyValueSpecification\",\"valueRequired\":true,\"valueName\":\"search_term_string\"}}],\"inLanguage\":\"en-US\"},{\"@type\":\"Organization\",\"@id\":\"https:\\\/\\\/chileentinieblas.cl\\\/#organization\",\"name\":\"Chile en Tinieblas\",\"url\":\"https:\\\/\\\/chileentinieblas.cl\\\/\",\"logo\":{\"@type\":\"ImageObject\",\"inLanguage\":\"en-US\",\"@id\":\"https:\\\/\\\/chileentinieblas.cl\\\/#\\\/schema\\\/logo\\\/image\\\/\",\"url\":\"https:\\\/\\\/chileentinieblas.cl\\\/wp-content\\\/uploads\\\/2021\\\/12\\\/logo-cet-claro.png\",\"contentUrl\":\"https:\\\/\\\/chileentinieblas.cl\\\/wp-content\\\/uploads\\\/2021\\\/12\\\/logo-cet-claro.png\",\"width\":1001,\"height\":1030,\"caption\":\"Chile en Tinieblas\"},\"image\":{\"@id\":\"https:\\\/\\\/chileentinieblas.cl\\\/#\\\/schema\\\/logo\\\/image\\\/\"},\"sameAs\":[\"https:\\\/\\\/www.facebook.com\\\/ChileenTinieblas\",\"https:\\\/\\\/www.instagram.com\\\/chileentinieblas\\\/\",\"https:\\\/\\\/www.youtube.com\\\/@chileentinieblas\",\"https:\\\/\\\/www.tiktok.com\\\/@chileentinieblas\"]}]}<\/script>\n<!-- \/ Yoast SEO plugin. -->","yoast_head_json":{"title":"Madre Solandis - Chile en Tinieblas","robots":{"index":"index","follow":"follow","max-snippet":"max-snippet:-1","max-image-preview":"max-image-preview:large","max-video-preview":"max-video-preview:-1"},"canonical":"https:\/\/chileentinieblas.cl\/en\/pnj\/madre-solandis\/","og_locale":"en_US","og_type":"article","og_title":"Madre Solandis - Chile en Tinieblas","og_description":"Madre Solandis es un rumor, un susurro, un cuento de terror que miembros del aquelarre de Vichuqu\u00e9n cuentan a sus integrantes para ense\u00f1arles sobre los frutos que un exceso de ambici\u00f3n y odio puede provocar en aquellos que tienen las habilidades para conectarse con la naturaleza. Sin embargo algunos creen que detr\u00e1s de esos mitos [&hellip;]","og_url":"https:\/\/chileentinieblas.cl\/en\/pnj\/madre-solandis\/","og_site_name":"Chile en Tinieblas","article_publisher":"https:\/\/www.facebook.com\/ChileenTinieblas","article_modified_time":"2024-11-06T00:16:48+00:00","og_image":[{"width":719,"height":826,"url":"https:\/\/chileentinieblas.cl\/wp-content\/uploads\/2021\/09\/tumblr_odxpbgwCZv1sn33lio1_1280-e1631690718296.jpg","type":"image\/jpeg"}],"twitter_card":"summary_large_image","twitter_misc":{"Est. reading time":"1 minute"},"schema":{"@context":"https:\/\/schema.org","@graph":[{"@type":"WebPage","@id":"https:\/\/chileentinieblas.cl\/en\/pnj\/madre-solandis\/","url":"https:\/\/chileentinieblas.cl\/en\/pnj\/madre-solandis\/","name":"Madre Solandis - Chile en Tinieblas","isPartOf":{"@id":"https:\/\/chileentinieblas.cl\/#website"},"primaryImageOfPage":{"@id":"https:\/\/chileentinieblas.cl\/en\/pnj\/madre-solandis\/#primaryimage"},"image":{"@id":"https:\/\/chileentinieblas.cl\/en\/pnj\/madre-solandis\/#primaryimage"},"thumbnailUrl":"https:\/\/chileentinieblas.cl\/wp-content\/uploads\/2021\/09\/tumblr_odxpbgwCZv1sn33lio1_1280-e1631690718296.jpg","datePublished":"2021-09-15T07:25:34+00:00","dateModified":"2024-11-06T00:16:48+00:00","breadcrumb":{"@id":"https:\/\/chileentinieblas.cl\/en\/pnj\/madre-solandis\/#breadcrumb"},"inLanguage":"en-US","potentialAction":[{"@type":"ReadAction","target":["https:\/\/chileentinieblas.cl\/en\/pnj\/madre-solandis\/"]}]},{"@type":"ImageObject","inLanguage":"en-US","@id":"https:\/\/chileentinieblas.cl\/en\/pnj\/madre-solandis\/#primaryimage","url":"https:\/\/chileentinieblas.cl\/wp-content\/uploads\/2021\/09\/tumblr_odxpbgwCZv1sn33lio1_1280-e1631690718296.jpg","contentUrl":"https:\/\/chileentinieblas.cl\/wp-content\/uploads\/2021\/09\/tumblr_odxpbgwCZv1sn33lio1_1280-e1631690718296.jpg","width":719,"height":826},{"@type":"BreadcrumbList","@id":"https:\/\/chileentinieblas.cl\/en\/pnj\/madre-solandis\/#breadcrumb","itemListElement":[{"@type":"ListItem","position":1,"name":"Portada","item":"https:\/\/chileentinieblas.cl\/"},{"@type":"ListItem","position":2,"name":"PNJs","item":"https:\/\/chileentinieblas.cl\/pnj\/"},{"@type":"ListItem","position":3,"name":"Madre Solandis"}]},{"@type":"WebSite","@id":"https:\/\/chileentinieblas.cl\/#website","url":"https:\/\/chileentinieblas.cl\/","name":"Chile en Tinieblas","description":"Un servidor con mesas de rol de Mundo de Tinieblas","publisher":{"@id":"https:\/\/chileentinieblas.cl\/#organization"},"potentialAction":[{"@type":"SearchAction","target":{"@type":"EntryPoint","urlTemplate":"https:\/\/chileentinieblas.cl\/?s={search_term_string}"},"query-input":{"@type":"PropertyValueSpecification","valueRequired":true,"valueName":"search_term_string"}}],"inLanguage":"en-US"},{"@type":"Organization","@id":"https:\/\/chileentinieblas.cl\/#organization","name":"Chile en Tinieblas","url":"https:\/\/chileentinieblas.cl\/","logo":{"@type":"ImageObject","inLanguage":"en-US","@id":"https:\/\/chileentinieblas.cl\/#\/schema\/logo\/image\/","url":"https:\/\/chileentinieblas.cl\/wp-content\/uploads\/2021\/12\/logo-cet-claro.png","contentUrl":"https:\/\/chileentinieblas.cl\/wp-content\/uploads\/2021\/12\/logo-cet-claro.png","width":1001,"height":1030,"caption":"Chile en Tinieblas"},"image":{"@id":"https:\/\/chileentinieblas.cl\/#\/schema\/logo\/image\/"},"sameAs":["https:\/\/www.facebook.com\/ChileenTinieblas","https:\/\/www.instagram.com\/chileentinieblas\/","https:\/\/www.youtube.com\/@chileentinieblas","https:\/\/www.tiktok.com\/@chileentinieblas"]}]}},"jetpack_sharing_enabled":true,"_links":{"self":[{"href":"https:\/\/chileentinieblas.cl\/en\/wp-json\/wp\/v2\/pnj\/1248","targetHints":{"allow":["GET"]}}],"collection":[{"href":"https:\/\/chileentinieblas.cl\/en\/wp-json\/wp\/v2\/pnj"}],"about":[{"href":"https:\/\/chileentinieblas.cl\/en\/wp-json\/wp\/v2\/types\/pnj"}],"author":[{"embeddable":true,"href":"https:\/\/chileentinieblas.cl\/en\/wp-json\/wp\/v2\/users\/1"}],"wp:featuredmedia":[{"embeddable":true,"href":"https:\/\/chileentinieblas.cl\/en\/wp-json\/wp\/v2\/media\/1249"}],"wp:attachment":[{"href":"https:\/\/chileentinieblas.cl\/en\/wp-json\/wp\/v2\/media?parent=1248"}],"wp:term":[{"taxonomy":"post_tag","embeddable":true,"href":"https:\/\/chileentinieblas.cl\/en\/wp-json\/wp\/v2\/tags?post=1248"},{"taxonomy":"faccion","embeddable":true,"href":"https:\/\/chileentinieblas.cl\/en\/wp-json\/wp\/v2\/faccion?post=1248"}],"curies":[{"name":"wp","href":"https:\/\/api.w.org\/{rel}","templated":true}]}}