{"id":6258,"date":"2025-04-10T11:53:06","date_gmt":"2025-04-10T11:53:06","guid":{"rendered":"https:\/\/chileentinieblas.cl\/?post_type=objeto-de-poder&#038;p=6258"},"modified":"2025-04-10T15:17:58","modified_gmt":"2025-04-10T15:17:58","slug":"ojo-del-manana","status":"publish","type":"objeto-de-poder","link":"https:\/\/chileentinieblas.cl\/en\/objeto-de-poder\/ojo-del-manana\/","title":{"rendered":"Ojo del ma\u00f1ana"},"content":{"rendered":"<p class=\"wp-block-paragraph\">Un orbe de cristal encantado para mejorar la percepci\u00f3n del usuario. Su creaci\u00f3n fue inspirada por las habilidades de los V\u00e1stagos. Este artefacto encantado es \u00fanico en su tipo y est\u00e1 en posesi\u00f3n del arcanum.<\/p>\n\n\n\n<p class=\"wp-block-paragraph\"><\/p>","protected":false},"author":24,"featured_media":6267,"template":"","tipo-de-objeto":[228,233],"class_list":["post-6258","objeto-de-poder","type-objeto-de-poder","status-publish","has-post-thumbnail","hentry","tipo-de-objeto-artefacto","tipo-de-objeto-encantamiento"],"acf":{"informacion_privada":"<strong>-Ojo del Ma\u00f1ana (Auspex) :<\/strong> Un orbe de cristal que otorga una percepci\u00f3n mejorada o entregando una premonici\u00f3n. imitando Auspex 2 [premonici\u00f3n (p\u00e1g. 249 Vampiro la mascarada 5ta ed.)]. Cuando se activa, el usuario puede percibir atisbos del presente, pasado o futuro los cuales debe interpretar.\r\n\r\n<strong>-Beneficio (Pasivo):<\/strong> 1 dado a Conciencia.\r\n\r\n<strong>- Activaci\u00f3n de Artefacto:<\/strong> El Arcanista gasta 2 de Fuerza de Voluntad realizar una Inteligencia + Ocultismo (Dificultad 4) [no se puede activar de forma pasiva]\r\n\r\n<strong>-Sistema<\/strong>: Al lograr la tirada de activaci\u00f3n, El Cazador experimenta destellos de intuici\u00f3n. \u00c9stos pueden tomar la forma de pelos de punta, inspiraci\u00f3n repentina o hasta visiones v\u00edvidas. Aunque nunca demasiado precisas,\u00a0 estas visiones pueden apartar al Cazador del camino del da\u00f1o o revelar una verdad pasada por alto.\r\n\r\n<strong>-Duraci\u00f3n:<\/strong> el Turno.","mapa_de_kumu_u_otro_embed":""},"yoast_head":"<!-- This site is optimized with the Yoast SEO plugin v28.4 - https:\/\/yoast.com\/product\/yoast-seo-wordpress\/ -->\n<title>Ojo del ma\u00f1ana - Chile en Tinieblas<\/title>\n<meta name=\"robots\" content=\"index, follow, max-snippet:-1, max-image-preview:large, max-video-preview:-1\" \/>\n<link rel=\"canonical\" href=\"https:\/\/chileentinieblas.cl\/en\/objeto-de-poder\/ojo-del-manana\/\" \/>\n<meta property=\"og:locale\" content=\"en_US\" \/>\n<meta property=\"og:type\" content=\"article\" \/>\n<meta property=\"og:title\" content=\"Ojo del ma\u00f1ana - Chile en Tinieblas\" \/>\n<meta property=\"og:description\" content=\"Un orbe de cristal encantado para mejorar la percepci\u00f3n del usuario. Su creaci\u00f3n fue inspirada por las habilidades de los V\u00e1stagos. Este artefacto encantado es \u00fanico en su tipo y est\u00e1 en posesi\u00f3n del arcanum.\" \/>\n<meta property=\"og:url\" content=\"https:\/\/chileentinieblas.cl\/en\/objeto-de-poder\/ojo-del-manana\/\" \/>\n<meta property=\"og:site_name\" content=\"Chile en Tinieblas\" \/>\n<meta property=\"article:publisher\" content=\"https:\/\/www.facebook.com\/ChileenTinieblas\" \/>\n<meta property=\"article:modified_time\" content=\"2025-04-10T15:17:58+00:00\" \/>\n<meta property=\"og:image\" content=\"https:\/\/chileentinieblas.cl\/wp-content\/uploads\/2025\/04\/ojo.jpg\" \/>\n\t<meta property=\"og:image:width\" content=\"569\" \/>\n\t<meta property=\"og:image:height\" content=\"524\" \/>\n\t<meta property=\"og:image:type\" content=\"image\/jpeg\" \/>\n<meta name=\"twitter:card\" content=\"summary_large_image\" \/>\n<script type=\"application\/ld+json\" class=\"yoast-schema-graph\">{\"@context\":\"https:\\\/\\\/schema.org\",\"@graph\":[{\"@type\":\"WebPage\",\"@id\":\"https:\\\/\\\/chileentinieblas.cl\\\/en\\\/objeto-de-poder\\\/ojo-del-manana\\\/\",\"url\":\"https:\\\/\\\/chileentinieblas.cl\\\/en\\\/objeto-de-poder\\\/ojo-del-manana\\\/\",\"name\":\"Ojo del ma\u00f1ana - Chile en Tinieblas\",\"isPartOf\":{\"@id\":\"https:\\\/\\\/chileentinieblas.cl\\\/#website\"},\"primaryImageOfPage\":{\"@id\":\"https:\\\/\\\/chileentinieblas.cl\\\/en\\\/objeto-de-poder\\\/ojo-del-manana\\\/#primaryimage\"},\"image\":{\"@id\":\"https:\\\/\\\/chileentinieblas.cl\\\/en\\\/objeto-de-poder\\\/ojo-del-manana\\\/#primaryimage\"},\"thumbnailUrl\":\"https:\\\/\\\/chileentinieblas.cl\\\/wp-content\\\/uploads\\\/2025\\\/04\\\/ojo.jpg\",\"datePublished\":\"2025-04-10T11:53:06+00:00\",\"dateModified\":\"2025-04-10T15:17:58+00:00\",\"breadcrumb\":{\"@id\":\"https:\\\/\\\/chileentinieblas.cl\\\/en\\\/objeto-de-poder\\\/ojo-del-manana\\\/#breadcrumb\"},\"inLanguage\":\"en-US\",\"potentialAction\":[{\"@type\":\"ReadAction\",\"target\":[\"https:\\\/\\\/chileentinieblas.cl\\\/en\\\/objeto-de-poder\\\/ojo-del-manana\\\/\"]}]},{\"@type\":\"ImageObject\",\"inLanguage\":\"en-US\",\"@id\":\"https:\\\/\\\/chileentinieblas.cl\\\/en\\\/objeto-de-poder\\\/ojo-del-manana\\\/#primaryimage\",\"url\":\"https:\\\/\\\/chileentinieblas.cl\\\/wp-content\\\/uploads\\\/2025\\\/04\\\/ojo.jpg\",\"contentUrl\":\"https:\\\/\\\/chileentinieblas.cl\\\/wp-content\\\/uploads\\\/2025\\\/04\\\/ojo.jpg\",\"width\":569,\"height\":524},{\"@type\":\"BreadcrumbList\",\"@id\":\"https:\\\/\\\/chileentinieblas.cl\\\/en\\\/objeto-de-poder\\\/ojo-del-manana\\\/#breadcrumb\",\"itemListElement\":[{\"@type\":\"ListItem\",\"position\":1,\"name\":\"Portada\",\"item\":\"https:\\\/\\\/chileentinieblas.cl\\\/\"},{\"@type\":\"ListItem\",\"position\":2,\"name\":\"Objetos de poder\",\"item\":\"https:\\\/\\\/chileentinieblas.cl\\\/objeto-de-poder\\\/\"},{\"@type\":\"ListItem\",\"position\":3,\"name\":\"Ojo del ma\u00f1ana\"}]},{\"@type\":\"WebSite\",\"@id\":\"https:\\\/\\\/chileentinieblas.cl\\\/#website\",\"url\":\"https:\\\/\\\/chileentinieblas.cl\\\/\",\"name\":\"Chile en Tinieblas\",\"description\":\"Un servidor con mesas de rol de Mundo de Tinieblas\",\"publisher\":{\"@id\":\"https:\\\/\\\/chileentinieblas.cl\\\/#organization\"},\"potentialAction\":[{\"@type\":\"SearchAction\",\"target\":{\"@type\":\"EntryPoint\",\"urlTemplate\":\"https:\\\/\\\/chileentinieblas.cl\\\/?s={search_term_string}\"},\"query-input\":{\"@type\":\"PropertyValueSpecification\",\"valueRequired\":true,\"valueName\":\"search_term_string\"}}],\"inLanguage\":\"en-US\"},{\"@type\":\"Organization\",\"@id\":\"https:\\\/\\\/chileentinieblas.cl\\\/#organization\",\"name\":\"Chile en Tinieblas\",\"url\":\"https:\\\/\\\/chileentinieblas.cl\\\/\",\"logo\":{\"@type\":\"ImageObject\",\"inLanguage\":\"en-US\",\"@id\":\"https:\\\/\\\/chileentinieblas.cl\\\/#\\\/schema\\\/logo\\\/image\\\/\",\"url\":\"https:\\\/\\\/chileentinieblas.cl\\\/wp-content\\\/uploads\\\/2021\\\/12\\\/logo-cet-claro.png\",\"contentUrl\":\"https:\\\/\\\/chileentinieblas.cl\\\/wp-content\\\/uploads\\\/2021\\\/12\\\/logo-cet-claro.png\",\"width\":1001,\"height\":1030,\"caption\":\"Chile en Tinieblas\"},\"image\":{\"@id\":\"https:\\\/\\\/chileentinieblas.cl\\\/#\\\/schema\\\/logo\\\/image\\\/\"},\"sameAs\":[\"https:\\\/\\\/www.facebook.com\\\/ChileenTinieblas\",\"https:\\\/\\\/www.instagram.com\\\/chileentinieblas\\\/\",\"https:\\\/\\\/www.youtube.com\\\/@chileentinieblas\",\"https:\\\/\\\/www.tiktok.com\\\/@chileentinieblas\"]}]}<\/script>\n<!-- \/ Yoast SEO plugin. -->","yoast_head_json":{"title":"Ojo del ma\u00f1ana - Chile en Tinieblas","robots":{"index":"index","follow":"follow","max-snippet":"max-snippet:-1","max-image-preview":"max-image-preview:large","max-video-preview":"max-video-preview:-1"},"canonical":"https:\/\/chileentinieblas.cl\/en\/objeto-de-poder\/ojo-del-manana\/","og_locale":"en_US","og_type":"article","og_title":"Ojo del ma\u00f1ana - Chile en Tinieblas","og_description":"Un orbe de cristal encantado para mejorar la percepci\u00f3n del usuario. Su creaci\u00f3n fue inspirada por las habilidades de los V\u00e1stagos. Este artefacto encantado es \u00fanico en su tipo y est\u00e1 en posesi\u00f3n del arcanum.","og_url":"https:\/\/chileentinieblas.cl\/en\/objeto-de-poder\/ojo-del-manana\/","og_site_name":"Chile en Tinieblas","article_publisher":"https:\/\/www.facebook.com\/ChileenTinieblas","article_modified_time":"2025-04-10T15:17:58+00:00","og_image":[{"width":569,"height":524,"url":"https:\/\/chileentinieblas.cl\/wp-content\/uploads\/2025\/04\/ojo.jpg","type":"image\/jpeg"}],"twitter_card":"summary_large_image","schema":{"@context":"https:\/\/schema.org","@graph":[{"@type":"WebPage","@id":"https:\/\/chileentinieblas.cl\/en\/objeto-de-poder\/ojo-del-manana\/","url":"https:\/\/chileentinieblas.cl\/en\/objeto-de-poder\/ojo-del-manana\/","name":"Ojo del ma\u00f1ana - Chile en Tinieblas","isPartOf":{"@id":"https:\/\/chileentinieblas.cl\/#website"},"primaryImageOfPage":{"@id":"https:\/\/chileentinieblas.cl\/en\/objeto-de-poder\/ojo-del-manana\/#primaryimage"},"image":{"@id":"https:\/\/chileentinieblas.cl\/en\/objeto-de-poder\/ojo-del-manana\/#primaryimage"},"thumbnailUrl":"https:\/\/chileentinieblas.cl\/wp-content\/uploads\/2025\/04\/ojo.jpg","datePublished":"2025-04-10T11:53:06+00:00","dateModified":"2025-04-10T15:17:58+00:00","breadcrumb":{"@id":"https:\/\/chileentinieblas.cl\/en\/objeto-de-poder\/ojo-del-manana\/#breadcrumb"},"inLanguage":"en-US","potentialAction":[{"@type":"ReadAction","target":["https:\/\/chileentinieblas.cl\/en\/objeto-de-poder\/ojo-del-manana\/"]}]},{"@type":"ImageObject","inLanguage":"en-US","@id":"https:\/\/chileentinieblas.cl\/en\/objeto-de-poder\/ojo-del-manana\/#primaryimage","url":"https:\/\/chileentinieblas.cl\/wp-content\/uploads\/2025\/04\/ojo.jpg","contentUrl":"https:\/\/chileentinieblas.cl\/wp-content\/uploads\/2025\/04\/ojo.jpg","width":569,"height":524},{"@type":"BreadcrumbList","@id":"https:\/\/chileentinieblas.cl\/en\/objeto-de-poder\/ojo-del-manana\/#breadcrumb","itemListElement":[{"@type":"ListItem","position":1,"name":"Portada","item":"https:\/\/chileentinieblas.cl\/"},{"@type":"ListItem","position":2,"name":"Objetos de poder","item":"https:\/\/chileentinieblas.cl\/objeto-de-poder\/"},{"@type":"ListItem","position":3,"name":"Ojo del ma\u00f1ana"}]},{"@type":"WebSite","@id":"https:\/\/chileentinieblas.cl\/#website","url":"https:\/\/chileentinieblas.cl\/","name":"Chile en Tinieblas","description":"Un servidor con mesas de rol de Mundo de Tinieblas","publisher":{"@id":"https:\/\/chileentinieblas.cl\/#organization"},"potentialAction":[{"@type":"SearchAction","target":{"@type":"EntryPoint","urlTemplate":"https:\/\/chileentinieblas.cl\/?s={search_term_string}"},"query-input":{"@type":"PropertyValueSpecification","valueRequired":true,"valueName":"search_term_string"}}],"inLanguage":"en-US"},{"@type":"Organization","@id":"https:\/\/chileentinieblas.cl\/#organization","name":"Chile en Tinieblas","url":"https:\/\/chileentinieblas.cl\/","logo":{"@type":"ImageObject","inLanguage":"en-US","@id":"https:\/\/chileentinieblas.cl\/#\/schema\/logo\/image\/","url":"https:\/\/chileentinieblas.cl\/wp-content\/uploads\/2021\/12\/logo-cet-claro.png","contentUrl":"https:\/\/chileentinieblas.cl\/wp-content\/uploads\/2021\/12\/logo-cet-claro.png","width":1001,"height":1030,"caption":"Chile en Tinieblas"},"image":{"@id":"https:\/\/chileentinieblas.cl\/#\/schema\/logo\/image\/"},"sameAs":["https:\/\/www.facebook.com\/ChileenTinieblas","https:\/\/www.instagram.com\/chileentinieblas\/","https:\/\/www.youtube.com\/@chileentinieblas","https:\/\/www.tiktok.com\/@chileentinieblas"]}]}},"jetpack_sharing_enabled":true,"_links":{"self":[{"href":"https:\/\/chileentinieblas.cl\/en\/wp-json\/wp\/v2\/objeto-de-poder\/6258","targetHints":{"allow":["GET"]}}],"collection":[{"href":"https:\/\/chileentinieblas.cl\/en\/wp-json\/wp\/v2\/objeto-de-poder"}],"about":[{"href":"https:\/\/chileentinieblas.cl\/en\/wp-json\/wp\/v2\/types\/objeto-de-poder"}],"author":[{"embeddable":true,"href":"https:\/\/chileentinieblas.cl\/en\/wp-json\/wp\/v2\/users\/24"}],"wp:featuredmedia":[{"embeddable":true,"href":"https:\/\/chileentinieblas.cl\/en\/wp-json\/wp\/v2\/media\/6267"}],"wp:attachment":[{"href":"https:\/\/chileentinieblas.cl\/en\/wp-json\/wp\/v2\/media?parent=6258"}],"wp:term":[{"taxonomy":"tipo-de-objeto","embeddable":true,"href":"https:\/\/chileentinieblas.cl\/en\/wp-json\/wp\/v2\/tipo-de-objeto?post=6258"}],"curies":[{"name":"wp","href":"https:\/\/api.w.org\/{rel}","templated":true}]}}