{"id":6058,"date":"2025-09-02T05:03:50","date_gmt":"2025-09-02T05:03:50","guid":{"rendered":"https:\/\/chileentinieblas.cl\/?post_type=objeto-de-poder&#038;p=6058"},"modified":"2026-02-12T01:54:13","modified_gmt":"2026-02-12T01:54:13","slug":"el-punto-cerola-clavicula-de-los-andes","status":"publish","type":"objeto-de-poder","link":"https:\/\/chileentinieblas.cl\/en\/objeto-de-poder\/el-punto-cerola-clavicula-de-los-andes\/","title":{"rendered":"El punto cero(La clav\u00edcula de los Andes)"},"content":{"rendered":"<p class=\"wp-block-paragraph\">&#8220;En verdad creo que este objeto puede ser el m\u00e1s extra\u00f1o, aterrador y maravilloso que me he topado en mis viajes por este Reino en el fin del mundo al que conocen como Chile. Si vuestra autoridad lo ordena, gustoso lo traer\u00e9 a sus manos en la madre patria, y sin demora lo dejare a su buen recaudo&#8221;- Aedo Aros Artois, iniciado bani de la Orden de Hermes<\/p>\n\n\n\n<p class=\"wp-block-paragraph\">-Diario de Rumor, entrevistas sobre el caso 5.7 &#8220;El punto 0&#8221;:<\/p>\n\n\n\n<p class=\"wp-block-paragraph\">Asi que&#8230;quera buscarte para ver que informaci\u00f3n me podias compartir sobre el tal llamado &#8220;Punto 0&#8221; esa reliquia arqueol\u00f3gica descubriera hace unos cientos de a\u00f1os. Ambos somos investigadores y ambos hemos mostrado inter\u00e9s en saber m\u00e1s de esta pieza&#8230;Me podr\u00edas contar algo a cambio de un favor?<\/p>\n\n\n\n<p class=\"wp-block-paragraph\">Gael Estrada, Detective privado, estudiante universitario y mochilero, sumamente peludo- &#8220;El Punto cero? yo lo conozco por us nombre original, la clav\u00edcula de los Andes. La leyenda cuenta que antes solia ser el espejo de un noble que permit\u00eda a la gente ver historias y mundos ideales&#8230;lo que sus corazones desearan&#8230;un dia un duende intento robar el espejo y se parti\u00f3 en cien pedazos&#8230;Cuando el noble lo rearmo pieza por pieza lo ensamblo como un orbe de cristal blanco. Y aunque se hizo un gran trabajo el tesoro ya no era el mismo&#8230;.estaba furioso y se hab\u00eda vuelto s\u00e1dico. EL noble deicidio ocuparlo para castigar con el exilio a los que romp\u00edan sus leyes&#8230;adivina quien fue el primero en ser enviado dentro del espejo?&#8230;exacto el duende que intento robarlo.&#8221;<\/p>\n\n\n\n<p class=\"wp-block-paragraph\">El Maltes, Cazador de fortunas, aventurero- &#8220;Gran enigma chico&#8230;que te puedo contar sobre el tal punto 0&#8230;.es una joya  muy valiosa y tambien son malas noticias&#8230;mi recomendaci\u00f3n, no importa cuanto te tiente no lo ocupes&#8230;y si escuchas de el mantente bien lejos de todo ese problema&#8230;Nadie que obtenga la gema suele quedarse con ella. Y mas de una persona ha terminado peor que antes despu\u00e9s de poseerla&#8230; que si la ocupe? Por supuesto que la ocupe, es parte de mi trabajo.&#8221;<\/p>\n\n\n\n<p class=\"wp-block-paragraph\">Valet, profesor de esgrima, escritor- Esa maravilla&#8230;.es todo un enigma cierto?&#8230; no te puedo contar mucho. Salvo que el objeto es mucho mas antiguo de lo que todos creen. Ni siquiera mis contactos tienen una respuesta definitiva sobre su historia u origen&#8230;solo sabemos donde suele aparecer cuando alguien se lo topa&#8230;casi por error.&#8221;-<\/p>\n\n\n\n<p class=\"wp-block-paragraph\">Entonces ninguno de ustedes sabe de donde viene?:<\/p>\n\n\n\n<p class=\"wp-block-paragraph\">Maltes- &#8220;He escuchado que es un meteorito que cayo sobre la tierra, en su interior ya venia la gema&#8221;.-<\/p>\n\n\n\n<p class=\"wp-block-paragraph\">Valet- &#8220;Hay una teor\u00eda que propone que fue el tesoro perdido del l\u00edder de una civilizaci\u00f3n antigua, ya hace tiempo perdida que se asent\u00f3 en estas tierras antes de que existieran los registros hist\u00f3ricos&#8221;.<\/p>\n\n\n\n<p class=\"wp-block-paragraph\">Pueden ayudarme a sacar algo en claro sobre este objeto?:<\/p>\n\n\n\n<p class=\"wp-block-paragraph\">Gael, Maltes y Valet- &#8220;Es peligroso. NO te acerques a menos que est\u00e9s dispuesto a jugartela&#8221;.-<\/p>\n\n\n\n<p class=\"wp-block-paragraph\">Y porque alguien lo buscar\u00eda?<\/p>\n\n\n\n<p class=\"wp-block-paragraph\">Gael: -&#8220;Imaginatelo&#8230;la oportunidad de viajar a otra historia&#8230;a tu historia, empezar de 0 en un nuevo relato en una nueva vida&#8230;sin que nadie sepa nada sobre ti&#8221;-<\/p>\n\n\n\n<p class=\"wp-block-paragraph\">Maltes: -&#8220;Los tesoros que se podr\u00edan conseguir. Los mundos que se podr\u00edan visitar&#8230;uno podr\u00eda perderse en esa aventura&#8230;para siempre&#8221;-<\/p>\n\n\n\n<p class=\"wp-block-paragraph\">Valet: -&#8220;Controlarlo&#8230;usarlo como tu muevo hogar&#8230;ver un sin fin de mundos con tus propios ojos y poder viajar a verlos en persona&#8230;si uno es creativo y tiene el talento y la capacidad&#8230;el orbe podr\u00eda en teor\u00eda llevarte a donde sea. En este mundo y otros&#8230;Y por eso nadie lo va a tener&#8230;nunca. Los que llegan cerca terminan perdi\u00e9ndolo, muriendo o deseando no haberlo encontrado..salvo unos pocos afortunados&#8221;.-<\/p>\n\n\n\n<p class=\"wp-block-paragraph\">-Fin de la entrevista-<\/p>\n\n\n\n<p class=\"wp-block-paragraph\">El punto cero o Clav\u00edcula de los Andes es una antigua y peligrosa reliquia de tiempos ancestrales. Las capacidades de este orbe parecen ser numerosas pero las principales son el viaje entre distancias y entre mundos. La gema es blanca y redonda, testigos aseguran que su tama\u00f1o varia entre la palma de una mano y una esfera de cristal de feria. Lo que pareciera ser una certeza son las inscripciones talladas alrededor del orbe, el cu\u00e1l es pr\u00edstino y liso sin contar por dichas inscripciones. El color de la esfera siempre se mantiene blanco y puro. Aunque algunos testigos aseguran que si uno se esfuerza y ve de cerca, puede ver otros mundo y obtener visiones de su mundo ideal, donde le gustar\u00eda vivir.<\/p>\n\n\n\n<p class=\"wp-block-paragraph\">El punto 0 o Clav\u00edcula de los Andes es una joya que cayo en la Cordillera dentro de un meteorito, fue escarbado por una civilizaci\u00f3n andina ya perdida en el olvido y m\u00e1s all\u00e1 de los confines del tiempo. El l\u00edder de la ciudad donde el orbe fue recogido decidi\u00f3 hacerlo una pieza central del tesoro de su familia y se lo dio de herencia a sus sucesores. Eventualmente uno de estos sucesores ofreci\u00f3 esta gema, el arca de su casa con propiedades m\u00edsticas y reales a un arquitecto extranjero el cu\u00e1l la recibi\u00f3 como pago de sus servicios despu\u00e9s de dise\u00f1ar y dirigir la construcci\u00f3n de un nuevo templo que agrupaba las ceremonias realizadas en honor a los ancestros, la madre monta\u00f1a y el dios sol. Despu\u00e9s de recibirlo este arquitecto que resultaba ser uno de los despertados tallo c\u00f3digos esot\u00e9ricos alrededor la gema en forma de inscripciones. estas inscripciones si eran le\u00eddas por un iniciado de las pr\u00e1cticas correctas eran un camino oculto para encontrar la iluminaci\u00f3n y medirse en los ritos iniciados correspondientes para alcanzar el grado de maestro y descubrir a\u00fan m\u00e1s sabidur\u00eda, la sabidur\u00eda de m\u00faltiples mundos. La gema sigui\u00f3 en posesi\u00f3n de humanos despertados hasta que un iniciado perdi\u00f3 su posesi\u00f3n en una apuesta contra un hombre que &#8220;Usaba la fe como su escudo y espada&#8221;. Sin embargo este hombre de gran fe seria posteriormente asesinado por criaturas extra\u00f1as que buscaban la esfera para probar sus magias, estas criaturas vinculadas a los sue\u00f1os y profec\u00edas del arquitecto original eran sin embargo distintas al c\u00edrculo de chamanes que sol\u00eda darle cobijo al extra\u00f1o objeto. Las criaturas  espirituales se quedaron con la gema en su corte por un largo tiempo. Hasta que dos mercaderes de talentos curiosos y magias cuestionables la recuperaron para llevarla a su pueblo que resid\u00eda dentro del valle de lo que se conocer\u00eda como Santiago. Despu\u00e9s e aquello la historia se vuelve difusa, hombre que enarbolaban cruces negras como estandarte se intentaron hacer con la posesi\u00f3n de la joya, la cu\u00e1l se perdi\u00f3 en el registro entra las m\u00faltiples peleas que surgieron entre usuarios de magia m\u00edstica y religiosa atra\u00eddos por la gema. Eventualmente esta quedo en posesi\u00f3n de un fray que la mantuvo oculta en un templo enrome compa\u00f1\u00eda de otro mundo. Sigui\u00f3 siendo custodiada por esta orden hasta que un mago de tierras lejanas ocupo a un grupo de mercenarios hispanos para recuperarla por la violencia. pero en un voto de arrogancia no pudo prever que uno de los mercenarios quisiera quedarse con la gema en parte de pago. Sin importar las torturas y m\u00e9todos del mago el mercenario nunca dio la ubicaci\u00f3n de la gema, muriendo antes de entregarla a su antiguo empleador y condenando a toda su compa\u00f1\u00eda.<\/p>\n\n\n\n<p class=\"wp-block-paragraph\">Posteriormente la gema seri\u00e1 descubierta por un profesor de una fundaci\u00f3n privada, el cu\u00e1l ceder\u00eda su descubrimiento a su benefactor, un millonario estadounidense establecido en el Sur de Chile, con miedos irracionales sobre el fin del mundo. Antes de poder cederla el profesor encontr\u00f3 una muerte funesta e inexplicable, misteriosa y del todo inoportuna. A pesar de esto la gema fue trasladada por un grupo de contrabandistas al sur de Chile donde fue robada por un grupo de aventureros y cazafortunas quienes la ocuparon para desenterrar un tesoro y buscar fortuna en otro mundo. Posteriormente fue vendida a un siniestro despertado que mezclaba tecnolog\u00eda con magia y la ocupo para despertar personas a la realidad del mundo sin prepararlas de manera previa, generando mucho dolor y ruina. Este despertado y su culto serian destruidos en la ciudad de Valparaiso y la gema caer\u00eda en manos de la Orden de Hermes, cumpliendo asi los deseos del mago de m\u00e1s all\u00e1 del mar..por ahora, la gema pareciera tener funestas implicancias y cambia de manos constantemente, todo sus due\u00f1os conocen un destino terrible o una muerte horrenda y m\u00e1s de uno se ha librado de la gema voluntariamente. Para aquellos que saben ocuparla es una fuente de mucho poder. Pero para aquellos que la subestiman solo trae desgracia, NO es solo que el infortunio pareciese perseguir al due\u00f1o de la clav\u00edcula. Pareciese que siempre hay algo o alguien detr\u00e1s de la gema, buscando arrancarla para si.<\/p>\n\n\n\n<p class=\"wp-block-paragraph\">Las historias sobre la gema son parcialmente reales. lleva a otros mundos e historias si es que no mata al usuario, siempre pareciese poner a prueba a sus due\u00f1os transport\u00e1ndolos a lugares peligrosos, como si tuviera una conciencia propia. Los c\u00f3digos m\u00edsticos grabados leg\u00edtimamente pueden despertar a la gente a una revelaci\u00f3n mental, espiritual o esot\u00e9rica. pero la gema siempre toma un precio, a veces la cordura del iniciado es el precio que demanda. Aquellos que sobreviven a las pruebas sin embargo se encuentran con una recompensa desmedida: Un mundo de bolsillo que puede ser gobernado y moldeado a la voluntad del due\u00f1o y un pasaje a otros mundo e historias que el due\u00f1o considere ideales para el. El tener la gema siempre implica el ser objetivo de algo, alguna entidad, alguna organizaci\u00f3n u orden, rara vez el due\u00f1o puede quedarse con la gema o aprender a manipularla y por lo general suele traer muerte y ruina a los que la intentan controlar. Su ubicaci\u00f3n actual es un alto secreto de la Orden de Hermes.<\/p>\n\n\n\n<p class=\"wp-block-paragraph\"><\/p>","protected":false},"author":1,"featured_media":0,"template":"","tipo-de-objeto":[227],"class_list":["post-6058","objeto-de-poder","type-objeto-de-poder","status-publish","hentry","tipo-de-objeto-desconocido"],"acf":{"informacion_privada":"","mapa_de_kumu_u_otro_embed":""},"yoast_head":"<!-- This site is optimized with the Yoast SEO plugin v28.4 - https:\/\/yoast.com\/product\/yoast-seo-wordpress\/ -->\n<title>El punto cero(La clav\u00edcula de los Andes) - Chile en Tinieblas<\/title>\n<meta name=\"robots\" content=\"index, follow, max-snippet:-1, max-image-preview:large, max-video-preview:-1\" \/>\n<link rel=\"canonical\" href=\"https:\/\/chileentinieblas.cl\/en\/objeto-de-poder\/el-punto-cerola-clavicula-de-los-andes\/\" \/>\n<meta property=\"og:locale\" content=\"en_US\" \/>\n<meta property=\"og:type\" content=\"article\" \/>\n<meta property=\"og:title\" content=\"El punto cero(La clav\u00edcula de los Andes) - Chile en Tinieblas\" \/>\n<meta property=\"og:description\" content=\"&#8220;En verdad creo que este objeto puede ser el m\u00e1s extra\u00f1o, aterrador y maravilloso que me he topado en mis viajes por este Reino en el fin del mundo al que conocen como Chile. Si vuestra autoridad lo ordena, gustoso lo traer\u00e9 a sus manos en la madre patria, y sin demora lo dejare a [&hellip;]\" \/>\n<meta property=\"og:url\" content=\"https:\/\/chileentinieblas.cl\/en\/objeto-de-poder\/el-punto-cerola-clavicula-de-los-andes\/\" \/>\n<meta property=\"og:site_name\" content=\"Chile en Tinieblas\" \/>\n<meta property=\"article:publisher\" content=\"https:\/\/www.facebook.com\/ChileenTinieblas\" \/>\n<meta property=\"article:modified_time\" content=\"2026-02-12T01:54:13+00:00\" \/>\n<meta name=\"twitter:card\" content=\"summary_large_image\" \/>\n<meta name=\"twitter:label1\" content=\"Est. reading time\" \/>\n\t<meta name=\"twitter:data1\" content=\"8 minutes\" \/>\n<script type=\"application\/ld+json\" class=\"yoast-schema-graph\">{\"@context\":\"https:\\\/\\\/schema.org\",\"@graph\":[{\"@type\":\"WebPage\",\"@id\":\"https:\\\/\\\/chileentinieblas.cl\\\/objeto-de-poder\\\/el-punto-cerola-clavicula-de-los-andes\\\/\",\"url\":\"https:\\\/\\\/chileentinieblas.cl\\\/objeto-de-poder\\\/el-punto-cerola-clavicula-de-los-andes\\\/\",\"name\":\"El punto cero(La clav\u00edcula de los Andes) - Chile en Tinieblas\",\"isPartOf\":{\"@id\":\"https:\\\/\\\/chileentinieblas.cl\\\/#website\"},\"datePublished\":\"2025-09-02T05:03:50+00:00\",\"dateModified\":\"2026-02-12T01:54:13+00:00\",\"breadcrumb\":{\"@id\":\"https:\\\/\\\/chileentinieblas.cl\\\/objeto-de-poder\\\/el-punto-cerola-clavicula-de-los-andes\\\/#breadcrumb\"},\"inLanguage\":\"en-US\",\"potentialAction\":[{\"@type\":\"ReadAction\",\"target\":[\"https:\\\/\\\/chileentinieblas.cl\\\/objeto-de-poder\\\/el-punto-cerola-clavicula-de-los-andes\\\/\"]}]},{\"@type\":\"BreadcrumbList\",\"@id\":\"https:\\\/\\\/chileentinieblas.cl\\\/objeto-de-poder\\\/el-punto-cerola-clavicula-de-los-andes\\\/#breadcrumb\",\"itemListElement\":[{\"@type\":\"ListItem\",\"position\":1,\"name\":\"Portada\",\"item\":\"https:\\\/\\\/chileentinieblas.cl\\\/\"},{\"@type\":\"ListItem\",\"position\":2,\"name\":\"Objetos de poder\",\"item\":\"https:\\\/\\\/chileentinieblas.cl\\\/objeto-de-poder\\\/\"},{\"@type\":\"ListItem\",\"position\":3,\"name\":\"El punto cero(La clav\u00edcula de los Andes)\"}]},{\"@type\":\"WebSite\",\"@id\":\"https:\\\/\\\/chileentinieblas.cl\\\/#website\",\"url\":\"https:\\\/\\\/chileentinieblas.cl\\\/\",\"name\":\"Chile en Tinieblas\",\"description\":\"Un servidor con mesas de rol de Mundo de Tinieblas\",\"publisher\":{\"@id\":\"https:\\\/\\\/chileentinieblas.cl\\\/#organization\"},\"potentialAction\":[{\"@type\":\"SearchAction\",\"target\":{\"@type\":\"EntryPoint\",\"urlTemplate\":\"https:\\\/\\\/chileentinieblas.cl\\\/?s={search_term_string}\"},\"query-input\":{\"@type\":\"PropertyValueSpecification\",\"valueRequired\":true,\"valueName\":\"search_term_string\"}}],\"inLanguage\":\"en-US\"},{\"@type\":\"Organization\",\"@id\":\"https:\\\/\\\/chileentinieblas.cl\\\/#organization\",\"name\":\"Chile en Tinieblas\",\"url\":\"https:\\\/\\\/chileentinieblas.cl\\\/\",\"logo\":{\"@type\":\"ImageObject\",\"inLanguage\":\"en-US\",\"@id\":\"https:\\\/\\\/chileentinieblas.cl\\\/#\\\/schema\\\/logo\\\/image\\\/\",\"url\":\"https:\\\/\\\/chileentinieblas.cl\\\/wp-content\\\/uploads\\\/2021\\\/12\\\/logo-cet-claro.png\",\"contentUrl\":\"https:\\\/\\\/chileentinieblas.cl\\\/wp-content\\\/uploads\\\/2021\\\/12\\\/logo-cet-claro.png\",\"width\":1001,\"height\":1030,\"caption\":\"Chile en Tinieblas\"},\"image\":{\"@id\":\"https:\\\/\\\/chileentinieblas.cl\\\/#\\\/schema\\\/logo\\\/image\\\/\"},\"sameAs\":[\"https:\\\/\\\/www.facebook.com\\\/ChileenTinieblas\",\"https:\\\/\\\/www.instagram.com\\\/chileentinieblas\\\/\",\"https:\\\/\\\/www.youtube.com\\\/@chileentinieblas\",\"https:\\\/\\\/www.tiktok.com\\\/@chileentinieblas\"]}]}<\/script>\n<!-- \/ Yoast SEO plugin. -->","yoast_head_json":{"title":"El punto cero(La clav\u00edcula de los Andes) - Chile en Tinieblas","robots":{"index":"index","follow":"follow","max-snippet":"max-snippet:-1","max-image-preview":"max-image-preview:large","max-video-preview":"max-video-preview:-1"},"canonical":"https:\/\/chileentinieblas.cl\/en\/objeto-de-poder\/el-punto-cerola-clavicula-de-los-andes\/","og_locale":"en_US","og_type":"article","og_title":"El punto cero(La clav\u00edcula de los Andes) - Chile en Tinieblas","og_description":"&#8220;En verdad creo que este objeto puede ser el m\u00e1s extra\u00f1o, aterrador y maravilloso que me he topado en mis viajes por este Reino en el fin del mundo al que conocen como Chile. Si vuestra autoridad lo ordena, gustoso lo traer\u00e9 a sus manos en la madre patria, y sin demora lo dejare a [&hellip;]","og_url":"https:\/\/chileentinieblas.cl\/en\/objeto-de-poder\/el-punto-cerola-clavicula-de-los-andes\/","og_site_name":"Chile en Tinieblas","article_publisher":"https:\/\/www.facebook.com\/ChileenTinieblas","article_modified_time":"2026-02-12T01:54:13+00:00","twitter_card":"summary_large_image","twitter_misc":{"Est. reading time":"8 minutes"},"schema":{"@context":"https:\/\/schema.org","@graph":[{"@type":"WebPage","@id":"https:\/\/chileentinieblas.cl\/objeto-de-poder\/el-punto-cerola-clavicula-de-los-andes\/","url":"https:\/\/chileentinieblas.cl\/objeto-de-poder\/el-punto-cerola-clavicula-de-los-andes\/","name":"El punto cero(La clav\u00edcula de los Andes) - Chile en Tinieblas","isPartOf":{"@id":"https:\/\/chileentinieblas.cl\/#website"},"datePublished":"2025-09-02T05:03:50+00:00","dateModified":"2026-02-12T01:54:13+00:00","breadcrumb":{"@id":"https:\/\/chileentinieblas.cl\/objeto-de-poder\/el-punto-cerola-clavicula-de-los-andes\/#breadcrumb"},"inLanguage":"en-US","potentialAction":[{"@type":"ReadAction","target":["https:\/\/chileentinieblas.cl\/objeto-de-poder\/el-punto-cerola-clavicula-de-los-andes\/"]}]},{"@type":"BreadcrumbList","@id":"https:\/\/chileentinieblas.cl\/objeto-de-poder\/el-punto-cerola-clavicula-de-los-andes\/#breadcrumb","itemListElement":[{"@type":"ListItem","position":1,"name":"Portada","item":"https:\/\/chileentinieblas.cl\/"},{"@type":"ListItem","position":2,"name":"Objetos de poder","item":"https:\/\/chileentinieblas.cl\/objeto-de-poder\/"},{"@type":"ListItem","position":3,"name":"El punto cero(La clav\u00edcula de los Andes)"}]},{"@type":"WebSite","@id":"https:\/\/chileentinieblas.cl\/#website","url":"https:\/\/chileentinieblas.cl\/","name":"Chile en Tinieblas","description":"Un servidor con mesas de rol de Mundo de Tinieblas","publisher":{"@id":"https:\/\/chileentinieblas.cl\/#organization"},"potentialAction":[{"@type":"SearchAction","target":{"@type":"EntryPoint","urlTemplate":"https:\/\/chileentinieblas.cl\/?s={search_term_string}"},"query-input":{"@type":"PropertyValueSpecification","valueRequired":true,"valueName":"search_term_string"}}],"inLanguage":"en-US"},{"@type":"Organization","@id":"https:\/\/chileentinieblas.cl\/#organization","name":"Chile en Tinieblas","url":"https:\/\/chileentinieblas.cl\/","logo":{"@type":"ImageObject","inLanguage":"en-US","@id":"https:\/\/chileentinieblas.cl\/#\/schema\/logo\/image\/","url":"https:\/\/chileentinieblas.cl\/wp-content\/uploads\/2021\/12\/logo-cet-claro.png","contentUrl":"https:\/\/chileentinieblas.cl\/wp-content\/uploads\/2021\/12\/logo-cet-claro.png","width":1001,"height":1030,"caption":"Chile en Tinieblas"},"image":{"@id":"https:\/\/chileentinieblas.cl\/#\/schema\/logo\/image\/"},"sameAs":["https:\/\/www.facebook.com\/ChileenTinieblas","https:\/\/www.instagram.com\/chileentinieblas\/","https:\/\/www.youtube.com\/@chileentinieblas","https:\/\/www.tiktok.com\/@chileentinieblas"]}]}},"jetpack_sharing_enabled":true,"_links":{"self":[{"href":"https:\/\/chileentinieblas.cl\/en\/wp-json\/wp\/v2\/objeto-de-poder\/6058","targetHints":{"allow":["GET"]}}],"collection":[{"href":"https:\/\/chileentinieblas.cl\/en\/wp-json\/wp\/v2\/objeto-de-poder"}],"about":[{"href":"https:\/\/chileentinieblas.cl\/en\/wp-json\/wp\/v2\/types\/objeto-de-poder"}],"author":[{"embeddable":true,"href":"https:\/\/chileentinieblas.cl\/en\/wp-json\/wp\/v2\/users\/1"}],"wp:attachment":[{"href":"https:\/\/chileentinieblas.cl\/en\/wp-json\/wp\/v2\/media?parent=6058"}],"wp:term":[{"taxonomy":"tipo-de-objeto","embeddable":true,"href":"https:\/\/chileentinieblas.cl\/en\/wp-json\/wp\/v2\/tipo-de-objeto?post=6058"}],"curies":[{"name":"wp","href":"https:\/\/api.w.org\/{rel}","templated":true}]}}