{"id":6056,"date":"2025-03-10T22:33:32","date_gmt":"2025-03-10T22:33:32","guid":{"rendered":"https:\/\/chileentinieblas.cl\/?post_type=objeto-de-poder&#038;p=6056"},"modified":"2026-06-23T01:50:08","modified_gmt":"2026-06-23T01:50:08","slug":"el-caliz-de-las-pesadillas","status":"publish","type":"objeto-de-poder","link":"https:\/\/chileentinieblas.cl\/en\/objeto-de-poder\/el-caliz-de-las-pesadillas\/","title":{"rendered":"El c\u00e1liz de las Pesadillas"},"content":{"rendered":"<p class=\"wp-block-paragraph\">El C\u00e1liz de las Pesadillas es un artefacto de gran antig\u00fcedad y poder en el mundo fe\u00e9rico. Se dice que fue creado por un ser oscuro y retorcido, un ser que se alimentaba de los miedos y las pesadillas de los so\u00f1adores. Este ser, conocido como el Devorador de Sue\u00f1os, buscaba extender su influencia y sembrar el caos en el Ensue\u00f1o.<\/p>\n\n\n\n<p class=\"wp-block-paragraph\">El C\u00e1liz de las Pesadillas tiene la capacidad de alterar y distorsionar los sue\u00f1os y las realidades, sumergiendo a los so\u00f1adores en pesadillas interminables y alimentando los miedos m\u00e1s profundos de sus corazones. Con cada sue\u00f1o corrompido, el Devorador de Sue\u00f1os crec\u00eda en poder y su influencia se extend\u00eda a\u00fan m\u00e1s.<\/p>\n\n\n\n<p class=\"wp-block-paragraph\">Durante siglos, el C\u00e1liz de las Pesadillas estuvo oculto en alg\u00fan rinc\u00f3n olvidado del mundo fe\u00e9rico, protegido por poderosos encantamientos y guardianes leales. Sin embargo, en un acto de audacia y osad\u00eda, el ser mal\u00e9volo logr\u00f3 desenterrar el artefacto y llevarlo al mundo mortal, espec\u00edficamente a la localidad de Pomaire en Santiago de Chile.<\/p>\n\n\n\n<p class=\"wp-block-paragraph\">Con el C\u00e1liz en su poder, el Devorador de Sue\u00f1os planeaba desatar una ola de pesadillas sobre la ciudad, sumiendo a los so\u00f1adores en un tormento perpetuo y aliment\u00e1ndose de su sufrimiento. Su objetivo era debilitar el v\u00ednculo entre el mundo mortal y el fe\u00e9rico, sumiendo a Pomaire en una espiral de oscuridad y desesperanza.<\/p>\n\n\n\n<p class=\"wp-block-paragraph\">M\u00e1s tarde, se revelar\u00eda que la aparici\u00f3n del c\u00e1liz de las pesadillas en el mundo de oto\u00f1o se habr\u00eda concretado casi cercano a la fundaci\u00f3n de pomaire, cuando uno de los artesanos locales llamado \u201cSalvador\u201d fue maldecido con un Geas por un Kithain corrompido por el devorador de sue\u00f1os.<\/p>\n\n\n\n<p class=\"wp-block-paragraph\">Seg\u00fan se cree, el Geas maldec\u00eda a toda su descendencia intentando recrear la obra magna del primer \u201cDon Salvador\u201d, sin embargo, estar\u00edan impedidos en su cometido hasta que alguien usase por primera vez el c\u00e1liz. Tras la incursi\u00f3n de algunos Kithains de la casa Eiluned contra la banalidad, uno de ellos entr\u00f3 en confusi\u00f3n y asesin\u00f3 a sus pares, al recuperar la consciencia, y darse cuenta de la realidad, culp\u00f3 al ensue\u00f1o y tras conocer la leyenda del c\u00e1liz, emprendi\u00f3 su viaje reencarnaci\u00f3n tras reencarnaci\u00f3n para adquirir tan ancestral objeto y tomar venganza contra el mism\u00edsimo ensue\u00f1o, convirti\u00e9ndose en Morwen, el primer Daunthain de la casa Eiluned Local.<\/p>","protected":false},"author":20,"featured_media":6081,"template":"","tipo-de-objeto":[227],"class_list":["post-6056","objeto-de-poder","type-objeto-de-poder","status-publish","has-post-thumbnail","hentry","tipo-de-objeto-desconocido"],"acf":{"informacion_privada":"<p data-prosemirror-content-type=\"node\" data-prosemirror-node-name=\"paragraph\" data-prosemirror-node-block=\"true\"><strong data-prosemirror-content-type=\"mark\" data-prosemirror-mark-name=\"strong\">La Sombra de los sue\u00f1os (Campa\u00f1a en Pomaire \/ Discord):<\/strong><\/p>\r\n<p data-prosemirror-content-type=\"node\" data-prosemirror-node-name=\"paragraph\" data-prosemirror-node-block=\"true\">El grupo logra detener a Morwen y junto a terrabrisa, logran usar el c\u00e1liz para disminuir la banalidad en Pomaire y dejar en custodia este artefacto en las manos de Terrabrisa (Inanimae local).<\/p>\r\n<p data-prosemirror-content-type=\"node\" data-prosemirror-node-name=\"paragraph\" data-prosemirror-node-block=\"true\"><strong data-prosemirror-content-type=\"mark\" data-prosemirror-mark-name=\"strong\">El C\u00e1liz de las pesadillas (Evento SON \/ Ludum Bar)<\/strong><\/p>\r\n<p data-prosemirror-content-type=\"node\" data-prosemirror-node-name=\"paragraph\" data-prosemirror-node-block=\"true\">Tras el evento La Espada Sagrada y el C\u00e1liz de las Pesadillas (Mayo 2021) donde Iv\u00e1n intent\u00f3 antes de su muerte utilizarlo para frenar su cruel destino, los kithains de regiones logran llevarse el c\u00e1liz, siendo llevado a la casa Beaumayn de la ciudad de Iquique.<\/p>\r\n<p data-prosemirror-content-type=\"node\" data-prosemirror-node-name=\"paragraph\" data-prosemirror-node-block=\"true\"><strong data-prosemirror-content-type=\"mark\" data-prosemirror-mark-name=\"strong\">El C\u00edrculo Dorado Parte 1 (Evento C\u00edrculo Dorado \/ Teatro caupolic\u00e1n):<\/strong><\/p>\r\n<p data-prosemirror-content-type=\"node\" data-prosemirror-node-name=\"paragraph\" data-prosemirror-node-block=\"true\">El C\u00e1liz es robado de la b\u00f3veda de la casa Beaumayn y se encuentra en posesi\u00f3n de la <a href=\"https:\/\/chileentinieblas.cl\/agrupaciones\/la-hermandad-de-agyrodes\/\">hermandad de Agyrodes<\/a>.<\/p>","mapa_de_kumu_u_otro_embed":""},"yoast_head":"<!-- This site is optimized with the Yoast SEO plugin v28.4 - https:\/\/yoast.com\/product\/yoast-seo-wordpress\/ -->\n<title>El c\u00e1liz de las Pesadillas - Chile en Tinieblas<\/title>\n<meta name=\"robots\" content=\"index, follow, max-snippet:-1, max-image-preview:large, max-video-preview:-1\" \/>\n<link rel=\"canonical\" href=\"https:\/\/chileentinieblas.cl\/en\/objeto-de-poder\/el-caliz-de-las-pesadillas\/\" \/>\n<meta property=\"og:locale\" content=\"en_US\" \/>\n<meta property=\"og:type\" content=\"article\" \/>\n<meta property=\"og:title\" content=\"El c\u00e1liz de las Pesadillas - Chile en Tinieblas\" \/>\n<meta property=\"og:description\" content=\"El C\u00e1liz de las Pesadillas es un artefacto de gran antig\u00fcedad y poder en el mundo fe\u00e9rico. Se dice que fue creado por un ser oscuro y retorcido, un ser que se alimentaba de los miedos y las pesadillas de los so\u00f1adores. Este ser, conocido como el Devorador de Sue\u00f1os, buscaba extender su influencia y [&hellip;]\" \/>\n<meta property=\"og:url\" content=\"https:\/\/chileentinieblas.cl\/en\/objeto-de-poder\/el-caliz-de-las-pesadillas\/\" \/>\n<meta property=\"og:site_name\" content=\"Chile en Tinieblas\" \/>\n<meta property=\"article:publisher\" content=\"https:\/\/www.facebook.com\/ChileenTinieblas\" \/>\n<meta property=\"article:modified_time\" content=\"2026-06-23T01:50:08+00:00\" \/>\n<meta property=\"og:image\" content=\"https:\/\/chileentinieblas.cl\/wp-content\/uploads\/2025\/03\/caliz.png\" \/>\n\t<meta property=\"og:image:width\" content=\"1024\" \/>\n\t<meta property=\"og:image:height\" content=\"1024\" \/>\n\t<meta property=\"og:image:type\" content=\"image\/png\" \/>\n<meta name=\"twitter:card\" content=\"summary_large_image\" \/>\n<meta name=\"twitter:label1\" content=\"Est. reading time\" \/>\n\t<meta name=\"twitter:data1\" content=\"2 minutes\" \/>\n<script type=\"application\/ld+json\" class=\"yoast-schema-graph\">{\"@context\":\"https:\\\/\\\/schema.org\",\"@graph\":[{\"@type\":\"WebPage\",\"@id\":\"https:\\\/\\\/chileentinieblas.cl\\\/objeto-de-poder\\\/el-caliz-de-las-pesadillas\\\/\",\"url\":\"https:\\\/\\\/chileentinieblas.cl\\\/objeto-de-poder\\\/el-caliz-de-las-pesadillas\\\/\",\"name\":\"El c\u00e1liz de las Pesadillas - Chile en Tinieblas\",\"isPartOf\":{\"@id\":\"https:\\\/\\\/chileentinieblas.cl\\\/#website\"},\"primaryImageOfPage\":{\"@id\":\"https:\\\/\\\/chileentinieblas.cl\\\/objeto-de-poder\\\/el-caliz-de-las-pesadillas\\\/#primaryimage\"},\"image\":{\"@id\":\"https:\\\/\\\/chileentinieblas.cl\\\/objeto-de-poder\\\/el-caliz-de-las-pesadillas\\\/#primaryimage\"},\"thumbnailUrl\":\"https:\\\/\\\/chileentinieblas.cl\\\/wp-content\\\/uploads\\\/2025\\\/03\\\/caliz.png\",\"datePublished\":\"2025-03-10T22:33:32+00:00\",\"dateModified\":\"2026-06-23T01:50:08+00:00\",\"breadcrumb\":{\"@id\":\"https:\\\/\\\/chileentinieblas.cl\\\/objeto-de-poder\\\/el-caliz-de-las-pesadillas\\\/#breadcrumb\"},\"inLanguage\":\"en-US\",\"potentialAction\":[{\"@type\":\"ReadAction\",\"target\":[\"https:\\\/\\\/chileentinieblas.cl\\\/objeto-de-poder\\\/el-caliz-de-las-pesadillas\\\/\"]}]},{\"@type\":\"ImageObject\",\"inLanguage\":\"en-US\",\"@id\":\"https:\\\/\\\/chileentinieblas.cl\\\/objeto-de-poder\\\/el-caliz-de-las-pesadillas\\\/#primaryimage\",\"url\":\"https:\\\/\\\/chileentinieblas.cl\\\/wp-content\\\/uploads\\\/2025\\\/03\\\/caliz.png\",\"contentUrl\":\"https:\\\/\\\/chileentinieblas.cl\\\/wp-content\\\/uploads\\\/2025\\\/03\\\/caliz.png\",\"width\":1024,\"height\":1024},{\"@type\":\"BreadcrumbList\",\"@id\":\"https:\\\/\\\/chileentinieblas.cl\\\/objeto-de-poder\\\/el-caliz-de-las-pesadillas\\\/#breadcrumb\",\"itemListElement\":[{\"@type\":\"ListItem\",\"position\":1,\"name\":\"Portada\",\"item\":\"https:\\\/\\\/chileentinieblas.cl\\\/\"},{\"@type\":\"ListItem\",\"position\":2,\"name\":\"Objetos de poder\",\"item\":\"https:\\\/\\\/chileentinieblas.cl\\\/objeto-de-poder\\\/\"},{\"@type\":\"ListItem\",\"position\":3,\"name\":\"El c\u00e1liz de las Pesadillas\"}]},{\"@type\":\"WebSite\",\"@id\":\"https:\\\/\\\/chileentinieblas.cl\\\/#website\",\"url\":\"https:\\\/\\\/chileentinieblas.cl\\\/\",\"name\":\"Chile en Tinieblas\",\"description\":\"Un servidor con mesas de rol de Mundo de Tinieblas\",\"publisher\":{\"@id\":\"https:\\\/\\\/chileentinieblas.cl\\\/#organization\"},\"potentialAction\":[{\"@type\":\"SearchAction\",\"target\":{\"@type\":\"EntryPoint\",\"urlTemplate\":\"https:\\\/\\\/chileentinieblas.cl\\\/?s={search_term_string}\"},\"query-input\":{\"@type\":\"PropertyValueSpecification\",\"valueRequired\":true,\"valueName\":\"search_term_string\"}}],\"inLanguage\":\"en-US\"},{\"@type\":\"Organization\",\"@id\":\"https:\\\/\\\/chileentinieblas.cl\\\/#organization\",\"name\":\"Chile en Tinieblas\",\"url\":\"https:\\\/\\\/chileentinieblas.cl\\\/\",\"logo\":{\"@type\":\"ImageObject\",\"inLanguage\":\"en-US\",\"@id\":\"https:\\\/\\\/chileentinieblas.cl\\\/#\\\/schema\\\/logo\\\/image\\\/\",\"url\":\"https:\\\/\\\/chileentinieblas.cl\\\/wp-content\\\/uploads\\\/2021\\\/12\\\/logo-cet-claro.png\",\"contentUrl\":\"https:\\\/\\\/chileentinieblas.cl\\\/wp-content\\\/uploads\\\/2021\\\/12\\\/logo-cet-claro.png\",\"width\":1001,\"height\":1030,\"caption\":\"Chile en Tinieblas\"},\"image\":{\"@id\":\"https:\\\/\\\/chileentinieblas.cl\\\/#\\\/schema\\\/logo\\\/image\\\/\"},\"sameAs\":[\"https:\\\/\\\/www.facebook.com\\\/ChileenTinieblas\",\"https:\\\/\\\/www.instagram.com\\\/chileentinieblas\\\/\",\"https:\\\/\\\/www.youtube.com\\\/@chileentinieblas\",\"https:\\\/\\\/www.tiktok.com\\\/@chileentinieblas\"]}]}<\/script>\n<!-- \/ Yoast SEO plugin. -->","yoast_head_json":{"title":"El c\u00e1liz de las Pesadillas - Chile en Tinieblas","robots":{"index":"index","follow":"follow","max-snippet":"max-snippet:-1","max-image-preview":"max-image-preview:large","max-video-preview":"max-video-preview:-1"},"canonical":"https:\/\/chileentinieblas.cl\/en\/objeto-de-poder\/el-caliz-de-las-pesadillas\/","og_locale":"en_US","og_type":"article","og_title":"El c\u00e1liz de las Pesadillas - Chile en Tinieblas","og_description":"El C\u00e1liz de las Pesadillas es un artefacto de gran antig\u00fcedad y poder en el mundo fe\u00e9rico. Se dice que fue creado por un ser oscuro y retorcido, un ser que se alimentaba de los miedos y las pesadillas de los so\u00f1adores. Este ser, conocido como el Devorador de Sue\u00f1os, buscaba extender su influencia y [&hellip;]","og_url":"https:\/\/chileentinieblas.cl\/en\/objeto-de-poder\/el-caliz-de-las-pesadillas\/","og_site_name":"Chile en Tinieblas","article_publisher":"https:\/\/www.facebook.com\/ChileenTinieblas","article_modified_time":"2026-06-23T01:50:08+00:00","og_image":[{"width":1024,"height":1024,"url":"https:\/\/chileentinieblas.cl\/wp-content\/uploads\/2025\/03\/caliz.png","type":"image\/png"}],"twitter_card":"summary_large_image","twitter_misc":{"Est. reading time":"2 minutes"},"schema":{"@context":"https:\/\/schema.org","@graph":[{"@type":"WebPage","@id":"https:\/\/chileentinieblas.cl\/objeto-de-poder\/el-caliz-de-las-pesadillas\/","url":"https:\/\/chileentinieblas.cl\/objeto-de-poder\/el-caliz-de-las-pesadillas\/","name":"El c\u00e1liz de las Pesadillas - Chile en Tinieblas","isPartOf":{"@id":"https:\/\/chileentinieblas.cl\/#website"},"primaryImageOfPage":{"@id":"https:\/\/chileentinieblas.cl\/objeto-de-poder\/el-caliz-de-las-pesadillas\/#primaryimage"},"image":{"@id":"https:\/\/chileentinieblas.cl\/objeto-de-poder\/el-caliz-de-las-pesadillas\/#primaryimage"},"thumbnailUrl":"https:\/\/chileentinieblas.cl\/wp-content\/uploads\/2025\/03\/caliz.png","datePublished":"2025-03-10T22:33:32+00:00","dateModified":"2026-06-23T01:50:08+00:00","breadcrumb":{"@id":"https:\/\/chileentinieblas.cl\/objeto-de-poder\/el-caliz-de-las-pesadillas\/#breadcrumb"},"inLanguage":"en-US","potentialAction":[{"@type":"ReadAction","target":["https:\/\/chileentinieblas.cl\/objeto-de-poder\/el-caliz-de-las-pesadillas\/"]}]},{"@type":"ImageObject","inLanguage":"en-US","@id":"https:\/\/chileentinieblas.cl\/objeto-de-poder\/el-caliz-de-las-pesadillas\/#primaryimage","url":"https:\/\/chileentinieblas.cl\/wp-content\/uploads\/2025\/03\/caliz.png","contentUrl":"https:\/\/chileentinieblas.cl\/wp-content\/uploads\/2025\/03\/caliz.png","width":1024,"height":1024},{"@type":"BreadcrumbList","@id":"https:\/\/chileentinieblas.cl\/objeto-de-poder\/el-caliz-de-las-pesadillas\/#breadcrumb","itemListElement":[{"@type":"ListItem","position":1,"name":"Portada","item":"https:\/\/chileentinieblas.cl\/"},{"@type":"ListItem","position":2,"name":"Objetos de poder","item":"https:\/\/chileentinieblas.cl\/objeto-de-poder\/"},{"@type":"ListItem","position":3,"name":"El c\u00e1liz de las Pesadillas"}]},{"@type":"WebSite","@id":"https:\/\/chileentinieblas.cl\/#website","url":"https:\/\/chileentinieblas.cl\/","name":"Chile en Tinieblas","description":"Un servidor con mesas de rol de Mundo de Tinieblas","publisher":{"@id":"https:\/\/chileentinieblas.cl\/#organization"},"potentialAction":[{"@type":"SearchAction","target":{"@type":"EntryPoint","urlTemplate":"https:\/\/chileentinieblas.cl\/?s={search_term_string}"},"query-input":{"@type":"PropertyValueSpecification","valueRequired":true,"valueName":"search_term_string"}}],"inLanguage":"en-US"},{"@type":"Organization","@id":"https:\/\/chileentinieblas.cl\/#organization","name":"Chile en Tinieblas","url":"https:\/\/chileentinieblas.cl\/","logo":{"@type":"ImageObject","inLanguage":"en-US","@id":"https:\/\/chileentinieblas.cl\/#\/schema\/logo\/image\/","url":"https:\/\/chileentinieblas.cl\/wp-content\/uploads\/2021\/12\/logo-cet-claro.png","contentUrl":"https:\/\/chileentinieblas.cl\/wp-content\/uploads\/2021\/12\/logo-cet-claro.png","width":1001,"height":1030,"caption":"Chile en Tinieblas"},"image":{"@id":"https:\/\/chileentinieblas.cl\/#\/schema\/logo\/image\/"},"sameAs":["https:\/\/www.facebook.com\/ChileenTinieblas","https:\/\/www.instagram.com\/chileentinieblas\/","https:\/\/www.youtube.com\/@chileentinieblas","https:\/\/www.tiktok.com\/@chileentinieblas"]}]}},"jetpack_sharing_enabled":true,"_links":{"self":[{"href":"https:\/\/chileentinieblas.cl\/en\/wp-json\/wp\/v2\/objeto-de-poder\/6056","targetHints":{"allow":["GET"]}}],"collection":[{"href":"https:\/\/chileentinieblas.cl\/en\/wp-json\/wp\/v2\/objeto-de-poder"}],"about":[{"href":"https:\/\/chileentinieblas.cl\/en\/wp-json\/wp\/v2\/types\/objeto-de-poder"}],"author":[{"embeddable":true,"href":"https:\/\/chileentinieblas.cl\/en\/wp-json\/wp\/v2\/users\/20"}],"wp:featuredmedia":[{"embeddable":true,"href":"https:\/\/chileentinieblas.cl\/en\/wp-json\/wp\/v2\/media\/6081"}],"wp:attachment":[{"href":"https:\/\/chileentinieblas.cl\/en\/wp-json\/wp\/v2\/media?parent=6056"}],"wp:term":[{"taxonomy":"tipo-de-objeto","embeddable":true,"href":"https:\/\/chileentinieblas.cl\/en\/wp-json\/wp\/v2\/tipo-de-objeto?post=6056"}],"curies":[{"name":"wp","href":"https:\/\/api.w.org\/{rel}","templated":true}]}}