{"id":5972,"date":"2025-07-29T01:56:15","date_gmt":"2025-07-29T01:56:15","guid":{"rendered":"https:\/\/chileentinieblas.cl\/?post_type=localidad&#038;p=5972"},"modified":"2026-03-05T04:08:56","modified_gmt":"2026-03-05T04:08:56","slug":"region-del-maule","status":"publish","type":"localidad","link":"https:\/\/chileentinieblas.cl\/en\/localidad\/region-del-maule\/","title":{"rendered":"Regi\u00f3n Del Maule"},"content":{"rendered":"<h2 class=\"wp-block-heading has-text-align-center\" id=\"h-el-arbol-de-la-vida\"><strong><em>El \u00c1rbol de la Vida<\/em><\/strong><\/h2>\n\n\n\n<p class=\"has-text-align-center wp-block-paragraph\"><strong>El sue\u00f1o de una tierra bendecida<\/strong>&nbsp;<\/p>\n\n\n\n<p class=\"wp-block-paragraph\">La tierra del Maule es un lugar de aventuras y secretos, de mitos y leyendas donde se oculta una gran historia. Eso es lo que dicen algunas personas cuando hablan de la regi\u00f3n. Pocos saben la veracidad en estas palabras, aun menos, la historia oculta que se cuenta en estas tierras.<\/p>\n\n\n\n<p class=\"wp-block-paragraph\">El mejor secreto jam\u00e1s contado salvo para unos pocos. Las tierras lluviosas est\u00e1n conectadas. Sus valles, sus planicies costeras, los r\u00edos, lagos e incluso sus centros urbanos, todo est\u00e1 unido por las ra\u00edces del \u00e1rbol.<\/p>\n\n\n\n<p class=\"wp-block-paragraph\">Estas ra\u00edces enlazan feudos, t\u00famulos y otros sitios de poder, aliment\u00e1ndolos y dot\u00e1ndolos de una fuerte resistencia contra un mundo que les rechaza. Todas ellas provienen de un mismo lugar, escondido en el ensue\u00f1o lejano y conocido solo por aquellos a quienes se les ha revelado: el \u00c1rbol de la vida.<\/p>\n\n\n\n<p class=\"wp-block-paragraph\">Se cuenta que sus ra\u00edces son tan largas que se extienden a trav\u00e9s del ensue\u00f1o pr\u00f3ximo, atraves\u00e1ndolo y alcanzando el oto\u00f1o. Su tronco, gigantesco, llega hasta los cielos del ensue\u00f1o, pasando por encima de las mismas nubes. Se dice que su copa es tan alta que alcanza lugares nunca vistos del ensue\u00f1o profundo.<\/p>\n\n\n\n<p class=\"wp-block-paragraph\">Y el \u00e1rbol no es un simple sue\u00f1o, es un ser consciente. Uno que busca proteger aquello que hace hermoso todo lo que nos rodea. Y, en muy \u00fanicas e inusuales ocasiones, aparece en los sue\u00f1os de quienes lo necesitan.<\/p>\n\n\n\n<p class=\"wp-block-paragraph\">Aquellos afortunados que son bendecidos con una vista del \u00e1rbol, entran en una tierra hecha de ra\u00edces y nubes. Entre la bruma, peque\u00f1os rayos de luz dorada abren paso, iluminando el camino para aquellos invitados, y quienes logran atravesar la niebla ven sus corazones y almas iluminadas por la m\u00e1s pura calidez. Aquellos que han llegado y vislumbrado el \u00e1rbol, se dice, han sido marcados por el Dan.<\/p>\n\n\n\n<figure class=\"wp-block-image size-full\"><img fetchpriority=\"high\" decoding=\"async\" width=\"736\" height=\"925\" src=\"https:\/\/chileentinieblas.cl\/wp-content\/uploads\/2025\/04\/El-Arbol-de-la-Vida.jpg\" alt=\"\" class=\"wp-image-6293\" srcset=\"https:\/\/chileentinieblas.cl\/wp-content\/uploads\/2025\/04\/El-Arbol-de-la-Vida.jpg 736w, https:\/\/chileentinieblas.cl\/wp-content\/uploads\/2025\/04\/El-Arbol-de-la-Vida-239x300.jpg 239w, https:\/\/chileentinieblas.cl\/wp-content\/uploads\/2025\/04\/El-Arbol-de-la-Vida-10x12.jpg 10w\" sizes=\"(max-width: 736px) 100vw, 736px\" \/><\/figure>\n\n\n\n<p class=\"wp-block-paragraph\"><\/p>\n\n\n\n<div class=\"wp-block-group is-layout-constrained wp-block-group-is-layout-constrained\">\n<div class=\"wp-block-columns is-layout-flex wp-container-core-columns-is-layout-7387b849 wp-block-columns-is-layout-flex\">\n<div class=\"wp-block-column is-layout-flow wp-block-column-is-layout-flow\" style=\"flex-basis:100%\">\n<blockquote class=\"wp-block-quote is-layout-flow wp-block-quote-is-layout-flow\">\n<p class=\"has-text-align-center wp-block-paragraph\"><strong>Una antigua profec\u00eda, contada solo a aquellos que han jurado proteger el \u00e1rbol, dicta:<br>&#8220;Cuando el que corrompe mancille la tierra, un fruto se gestar\u00e1; este ser\u00e1 la clave para lo perdido recuperar. Pero precavidos quienes lo busquen deber\u00e1n estar, pues el fruto la codicia del malefactor llamar\u00e1 y la voracidad del que duerme despertar\u00e1.\u201d<\/strong><\/p>\n\n\n\n<p class=\"has-text-align-center wp-block-paragraph\"><strong>&nbsp;<\/strong><\/p>\n<\/blockquote>\n<\/div>\n<\/div>\n<\/div>\n\n\n\n<p class=\"wp-block-paragraph\"><\/p>\n\n\n\n<p class=\"wp-block-paragraph\"><\/p>\n\n\n\n<h2 class=\"wp-block-heading has-text-align-center\" id=\"h-los-cairidh-na-crann-nbsp\"><em>Los Cairidh na crann&nbsp;<\/em><\/h2>\n\n\n\n<p class=\"wp-block-paragraph\">En la regi\u00f3n del Maule, distintos seres sobrenaturales han conocido la existencia del \u00c1rbol y han jurado protegerlo. Formando refugios en distintos puntos donde su poder e influencia se manifiestan con mayor fuerza, este grupo de criaturas se hace llamar los <strong>Cairidh na Crann<\/strong>, o, traducido al espa\u00f1ol, <strong>los Guardianes del \u00c1rbol<\/strong>.<\/p>\n\n\n\n<p class=\"wp-block-paragraph\">Pocos son quienes conocen los nombres de los guardianes, y menos a\u00fan, su posici\u00f3n como tales. Estos son solo algunos de sus miembros:<\/p>\n\n\n\n<p class=\"wp-block-paragraph\"><strong>Magnus \u201c\u00d1uke K\u00fcyen\u201d di Aesin<\/strong>, el <em>Vigilante de la Ra\u00edz<\/em>, actual conde de la Casa Aesin de Linares, vigila y protege el <em>Claro de la Ra\u00edz del \u00c1rbol de la Vida<\/em>, uno de los puntos de acceso m\u00e1s r\u00e1pidos y seguros hacia el \u00c1rbol en la regi\u00f3n.<\/p>\n\n\n\n<p class=\"wp-block-paragraph\"><strong>Elyciriam<\/strong>, la <em>Purificadora de las Aguas<\/em>, es una Inanimae florestana de aspecto ondino cuya Ancla es la <em>Laguna Encantada de Vilches<\/em>. Mantiene un dominio extenso y conserva sus aguas puras y cristalinas para aquellos que las traten con el respeto que merecen. Se rumorea, por boca de un pooka puma, que cuida de un peque\u00f1o grupo de quimeras muy extra\u00f1as.<\/p>\n\n\n\n<p class=\"wp-block-paragraph\">Posiblemente uno de los m\u00e1s violentos y sanguinarios entre los <strong>Cairidh na Crann<\/strong> es el redcap <strong>Alexander Montenegro<\/strong>, conocido como <em>La Espina Negra<\/em>. L\u00edder de la corva de motoqueros <em>Colmillo Negro<\/em>, Alexander ostenta el t\u00edtulo de guardi\u00e1n, aunque a diferencia de sus compa\u00f1eros, no protege un sitio fijo. En su lugar, busca y elimina a quienes representan una amenaza para el \u00c1rbol. Si bien suele evitar los lugares protegidos por otros guardianes, se asegura de visitar cada uno de ellos al menos una vez al a\u00f1o.<\/p>\n\n\n\n<p class=\"wp-block-paragraph\">La <em>Guardiana de los Bosques<\/em>, <strong>Oronia ap Sibrwd<\/strong>, tambi\u00e9n conocida por su nombre de Oto\u00f1o como <strong>Valeria Riquelme<\/strong>, fue una sluagh plebeya y la guardiana encargada de la ciudad de Talca. Mantuvo una relaci\u00f3n cercana con la Inanimae florestana <strong>Flum<\/strong>, una K\u00fabera con quien conviv\u00eda y proteg\u00eda la flora de la regi\u00f3n. Oronia velaba para que la existencia de Flum se mantuviera oculta del resto de los Kithain de la ciudad por razones de seguridad. Lamentablemente, Oronia falleci\u00f3 durante la ca\u00edda de Talca.<\/p>\n\n\n\n<p class=\"wp-block-paragraph\">Los dem\u00e1s guardianes se reparten en distintas zonas de la regi\u00f3n; sin embargo, su identidad, naturaleza y n\u00famero permanecen en secreto, y rara vez se comunican entre s\u00ed, a menos que ocurra una emergencia de verdadera gravedad.<\/p>\n\n\n\n<p class=\"wp-block-paragraph\">El <strong>Juramento del \u00c1rbol<\/strong>, que se realiza ante su presencia, es un secreto guardado celosamente. Quienes lo conocen no lo comparten bajo ninguna circunstancia, salvo en la muy rara ocasi\u00f3n en que un nuevo guardi\u00e1n haya sido elegido por el propio \u00c1rbol.<\/p>\n\n\n\n<h2 class=\"wp-block-heading has-text-align-center\" id=\"h-el-conflicto-del-resurgimiento-en-linares-nbsp\"><em>El conflicto del resurgimiento en Linares&nbsp;<\/em><\/h2>\n\n\n\n<p class=\"wp-block-paragraph\"><strong>Linares<\/strong> es una peque\u00f1a ciudad de la regi\u00f3n del Maule, fuertemente controlada por tres casas nobles de la Buena Gente: las casas <strong>Liam<\/strong>, <strong>Eliuned<\/strong> y <strong>Aesin<\/strong>.<\/p>\n\n\n\n<p class=\"wp-block-paragraph\">Actualmente, estas son dirigidas por los condes <strong>H\u00e9ctor ap Bellini di Liam<\/strong> (boggan), <strong>M\u00f3nica T. di Eliuned<\/strong> (piskie) y <strong>Magnus \u00d1uke K\u00fcyen di Aesin<\/strong> (sluagh). Para muchos <strong>Kithain<\/strong>, puede resultar extra\u00f1o que ninguno de los l\u00edderes pertenezca al linaje de los Sidhe, y m\u00e1s a\u00fan que en ninguna de estas casas se encuentre un Sidhe Arcadiano.<\/p>\n\n\n\n<p class=\"wp-block-paragraph\">Esto se debe a un antiguo conflicto ocurrido en <strong>1970<\/strong>.<\/p>\n\n\n\n<p class=\"wp-block-paragraph\">Tras la inauguraci\u00f3n de la parroquia de San Ambrosio y la fundaci\u00f3n del feudo <em>El Hogar del Pastor<\/em>, la repentina llegada de los Arcadianos irrumpi\u00f3 en la paz de la ciudad. Estos exigieron la entrega del feudo principal, lo que provoc\u00f3 un conflicto tanto pol\u00edtico como b\u00e9lico entre la Buena Gente. El enfrentamiento, que al principio consisti\u00f3 en escaramuzas menores y leves encontronazos, comenz\u00f3 a escalar hasta acercarse a lo que muchos tem\u00edan: una guerra abierta.<\/p>\n\n\n\n<p class=\"wp-block-paragraph\">Sin embargo, el conflicto culmin\u00f3 con la alianza de las tres casas, que unieron fuerzas para enfrentar y expulsar a los Arcadianos de la ciudad. Desde entonces, se estableci\u00f3 un tratado que proh\u00edbe a cualquier Arcadiano ostentar la regencia de un feudo en la localidad. Este acuerdo fue conocido como <strong>El Tratado de la Tr\u00edada de Plata<\/strong>.<\/p>\n\n\n\n<p class=\"wp-block-paragraph\">Desde entonces, las casas han mantenido un pacto de apoyo mutuo, dejando de lado sus diferencias y rivalidades en momentos de necesidad. Adem\u00e1s, celebran su propio parlamento local el <strong>d\u00eda 29 de cada mes<\/strong> (exceptuando los febreros no bisiestos, en los que se re\u00fanen el 1 de marzo y nuevamente el 29 de ese mismo mes).<\/p>\n\n\n\n<p class=\"wp-block-paragraph\">La \u00faltima Arcadiana recibida en la ciudad con los brazos abiertos fue <strong>Serenity<\/strong>, caballera de la casa <strong>Scathach<\/strong>, junto a su cuadrilla, los <strong>Vigilantes de la Niebla<\/strong>, en <strong>1968<\/strong>, pocos meses despu\u00e9s de la fundaci\u00f3n del feudo. La cuadrilla emprendi\u00f3 un viaje hacia unas supuestas ruinas en la zona on\u00edrica precordillerana, guiados por los presagios de Serenity. Lamentablemente, no hubo noticia alguna de ellos\u2026 hasta el a\u00f1o <strong>2021<\/strong>&#8230;<\/p>\n\n\n\n<h2 class=\"wp-block-heading has-text-align-center\" id=\"h-la-caida-de-talca-nbsp\"><em>La ca\u00edda de Talca&nbsp;<\/em><\/h2>\n\n\n\n<p class=\"wp-block-paragraph\">Por mediados de abril del a\u00f1o 2021, la comunidad <strong>Kithain<\/strong> de Talca not\u00f3 un repentino incremento de Banalidad en la ciudad.<\/p>\n\n\n\n<p class=\"wp-block-paragraph\">Contemplaron con horror c\u00f3mo las hogueras de los feudos comenzaban a extinguirse sin raz\u00f3n aparente. El suceso, que fue progresivo y seguro, caus\u00f3 un frenes\u00ed de p\u00e1nico y terror colectivo. Los miembros de la<strong> Corte Oscura<\/strong> realizaron sacrificios de quimera<strong>s<\/strong> y tesoros a las hogueras con la esperanza de volver a encender sus llamas. Mientras tanto, los miembros de la <strong>Corte Luminosa<\/strong>, en su af\u00e1n por enso\u00f1ar humanos y recolectar Glamour con el cual alimentar las hogueras, se toparon con la llegada de un <strong>Basti\u00f3n de Oto\u00f1o<\/strong>.<\/p>\n\n\n\n<p class=\"wp-block-paragraph\">Culpando su terrible situaci\u00f3n a la presencia de tal abominaci\u00f3n, varias cuadrillas se unieron para enfrentar al basti\u00f3n, con resultados nefastos para la <strong>Corte Luminosa<\/strong>.<\/p>\n\n\n\n<p class=\"wp-block-paragraph\">Aquellos que hab\u00edan sacrificado a sus compa\u00f1eros quim\u00e9ricos tampoco se ver\u00edan absueltos de las consecuencias de sus actos. Los miembros de la nobleza contemplaron con espanto c\u00f3mo las hogueras escup\u00edan a sus quimeras, ahora transformadas en feroces monstruosidades de pesadilla que les atacaron sin piedad.<\/p>\n\n\n\n<p class=\"wp-block-paragraph\">El caos y el p\u00e1nico se difundieron como fuego salvaje, devorando toda resistencia y rastro de Glamour. Los pocos supervivientes huyeron de la ciudad; muchos dejaron atr\u00e1s a sus quimeras, ya fuera por el caos o por el miedo a que les atacaran, como hab\u00edan hecho aquellas nacidas del fuego.<\/p>\n\n\n\n<p class=\"wp-block-paragraph\">El <strong>20 de mayo<\/strong>, la ciudad de Talca se vio completamente desprovista de <strong>Kithain<\/strong>. Con una \u00fanica excepci\u00f3n.<\/p>\n\n\n\n<p class=\"wp-block-paragraph\"><strong>Oronia ap Sibrwd<\/strong>, una sluagh plebeya y <strong>Cairidh na Crann<\/strong> establecida junto al Ancla de una <strong>Inanimae<\/strong> que habitaba a orillas del R\u00edo Claro, fue la \u00faltima Kithain de Talca antes de fallecer a manos de una criatura que no logr\u00f3 identificar. Recibi\u00f3 de esta un golpe mortal, similar al que da el mism\u00edsimo hierro fr\u00edo.<\/p>\n\n\n\n<p class=\"wp-block-paragraph\">En sus \u00faltimos momentos, desat\u00f3 Oniromancia para crear, con los fragmentos rotos de su alma, un mural. En \u00e9l, pintado como un fuego resplandeciente, se hallaba el dibujo del \u00c1rbol de la Vida, dando forma as\u00ed a un \u00faltimo Basti\u00f3n de Glamour en la ciudad.<\/p>\n\n\n\n<p class=\"wp-block-paragraph\">Poco sabr\u00eda ella que este Basti\u00f3n dar\u00eda vida a un peque\u00f1o grupo de <strong>Licios<\/strong>.<\/p>\n\n\n\n<p class=\"wp-block-paragraph\">Y quiz\u00e1s, solo quiz\u00e1s\u2026 a la \u00faltima esperanza de la ciudad.<\/p>\n\n\n\n<h2 class=\"wp-block-heading has-text-align-center\" id=\"h-la-balada-de-los-vigilantes-de-la-niebla-nbsp\"><em>La balada de los Vigilantes de la niebla&nbsp;<\/em><\/h2>\n\n\n\n<p class=\"wp-block-paragraph\">Los <strong>Caminantes Grises<\/strong>, la <strong>Casa Scathach<\/strong>. Ellos, junto con los <strong>Liam<\/strong>, fueron quienes se quedaron atr\u00e1s. Los \u00fanicos Arcadianos que jam\u00e1s abandonaron a su pueblo.<\/p>\n\n\n\n<p class=\"wp-block-paragraph\">Fue esta decisi\u00f3n \u2014su acto de sacrificio y valor\u2014 lo que caus\u00f3 estupor y admiraci\u00f3n entre los plebeyos. Pero el tiempo fue cruel, y al igual que la Banalidad, dej\u00f3 en ruinas el legado de los <strong>Caminantes Grises<\/strong>.<\/p>\n\n\n\n<p class=\"wp-block-paragraph\">En Chile, la sangre de la conquista ser\u00eda la tinta con la que se escribir\u00eda su acto final.<\/p>\n\n\n\n<p class=\"wp-block-paragraph\">La guerra, la codicia y la ambici\u00f3n de sus primos fueron el primer pu\u00f1al en su coraz\u00f3n; la desconfianza y la traici\u00f3n, la mano que cegar\u00eda su visi\u00f3n; y el tiempo, quien con su sangre como tinta, tach\u00f3 de la historia su legado.<\/p>\n\n\n\n<p class=\"has-text-align-center wp-block-paragraph\">Pero no todo se perdi\u00f3. Se dijo en una canci\u00f3n que alg\u00fan Eshu una vez cant\u00f3:<br><strong>&#8220;Los vigilantes volver\u00e1n,<br>entre la bruma y los llantos que atraviesan la niebla,<br>la espada plateada regresar\u00e1.<br>A trav\u00e9s del tiempo ella viaj\u00f3,<br>a trav\u00e9s de las eras, ella perdur\u00f3.<br>La vigilante que entre la niebla el camino plateado encontr\u00f3,<br>la sombra que camina entre la penumbra y el alba,<br>aquella que, entre las ra\u00edces y la bruma,<br>el \u00c1rbol encontr\u00f3:<br>la \u00faltima de los Scathach.&#8221;<\/strong><\/p>\n\n\n\n<h2 class=\"wp-block-heading has-text-align-center\" id=\"h-las-serpientes-de-la-costa-y-los-herreros-del-mar\"><em>Las serpientes de la costa y los Herreros del Mar<\/em><\/h2>\n\n\n\n<p class=\"wp-block-paragraph\">Constituci\u00f3n se encuentra en una situaci\u00f3n compleja. Tras <strong>la ca\u00edda de Talca<\/strong>, varios de los refugiados que lograron huir se dispersaron por distintos lugares de la regi\u00f3n. Aquellos que no hab\u00edan perdido del todo la fe en la nobleza optaron por acudir a los <strong>Liam<\/strong>, pero la gran mayor\u00eda, repudiando el fracaso de los nobles, buscaron refugio en otros lugares. Constituci\u00f3n fue una de esas opciones.<\/p>\n\n\n\n<p class=\"wp-block-paragraph\">La ciudad, que originalmente se encontraba en territorio neutral donde miembros de la <strong>Casa Dougal<\/strong> y de los <strong>Garou <\/strong>manten\u00edan un pacto de no agresi\u00f3n, sufri\u00f3 un aumento en las tensiones tras la repentina llegada de hadas extranjeras. Los nobles, incapaces de controlar a la desconfiada plebe, se ven sobrepasados m\u00e1s all\u00e1 de sus capacidades. Los <strong>Garou<\/strong>, temiendo que las hadas busquen apropiarse de sus dominios, muestran sus colmillos y sacan sus garras en se\u00f1al de amenaza.<\/p>\n\n\n\n<p class=\"wp-block-paragraph\">Mientras la tensi\u00f3n se palpa en la ciudad, dos purasangre han llegado de forma sutil y han empezado a esparcir su veneno entre la plebe, difundiendo rumores y ofreciendo tratos. La <strong>Casa Balor<\/strong> se prepara para establecer un basti\u00f3n en la regi\u00f3n, y los <strong>Dougal<\/strong> ven un sue\u00f1o de generaciones frustrado.<\/p>\n\n\n\n<p class=\"wp-block-paragraph\">Con todo aquello, un grupo de seres acaba de hacer su aparici\u00f3n. \u00bfSer\u00e1n aquellos que fueron condenados por el Creador quienes inclinen la balanza? La pregunta persiste:<\/p>\n\n\n\n<p class=\"wp-block-paragraph\"><strong>\u00bfQui\u00e9nes ser\u00e1n los que se alcen con la soberan\u00eda de la ciudad?<\/strong><\/p>\n\n\n\n<p class=\"wp-block-paragraph\">Poco saben las fichas del tablero. Quien mueve los hilos sonr\u00ede ante la serpiente ciega y el desespero del herrero, y el abismo espera ansioso su tributo entre las brechas del telar.<\/p>\n\n\n\n<h2 class=\"wp-block-heading has-text-align-center\" id=\"h-fenomenos-oniricos-y-seres-mas-extranos-nbsp\"><em>Fen\u00f3menos on\u00edricos y seres m\u00e1s extra\u00f1os&nbsp;<\/em><\/h2>\n\n\n\n<p class=\"wp-block-paragraph\"><strong>Fragmento del informe de investigaci\u00f3n de la Condesa M\u00f3nica T., de la Casa Eliuned<\/strong><\/p>\n\n\n\n<p class=\"wp-block-paragraph\">En la regi\u00f3n del Maule han ocurrido y siguen ocurriendo extra\u00f1os fen\u00f3menos de manera \u201cregular\u201d. Algunos son ocasionados por la influencia de las ra\u00edces del \u00c1rbol. Por desgracia, me he visto incapacitada para investigar este fen\u00f3meno a profundidad. Sin embargo, he logrado clasificar e indagar algunos de sus efectos. Otros, para mi pesar y curiosidad, permanecen sin explicaci\u00f3n. A continuaci\u00f3n, presento algunos de los fen\u00f3menos que he podido registrar en los \u00faltimos a\u00f1os:<\/p>\n\n\n\n<hr class=\"wp-block-separator has-alpha-channel-opacity\" \/>\n\n\n\n<h3 class=\"wp-block-heading\">Nieblas profundas<\/h3>\n\n\n\n<p class=\"wp-block-paragraph\">Generalmente, las actividades \u201cm\u00e1gicas\u201d de nuestra comunidad se ocultan gracias al efecto de las nieblas, impidiendo que mortales y seres no fe\u00e9ricos descubran nuestra existencia. No obstante, en algunos lugares de la regi\u00f3n, estas nieblas parecen tener un efecto potenciado.<\/p>\n\n\n\n<p class=\"wp-block-paragraph\">He comprobado que, cuando se produce una demostraci\u00f3n de poder descontrolado (por ejemplo, el uso inapropiado del <em><strong>Desatar<\/strong><\/em>) en un \u00e1rea concurrida por gente com\u00fan u otros seres sobrenaturales, una densa niebla emerge de la tierra, cubriendo los efectos y evitando llamar la atenci\u00f3n. Parad\u00f3jicamente, esto ha dado origen a numerosas historias de fantasmas en la regi\u00f3n. A\u00fan no eh logrado determinar la magnitud y escala exacta de este fen\u00f3meno, pero los recientes conflictos con los <strong>Thallain<\/strong> no parecieron despertar las alarmas de m\u00e1s seres como los Magi o Garou, lo que indica un considerable alcance.<\/p>\n\n\n\n<hr class=\"wp-block-separator has-alpha-channel-opacity\" \/>\n\n\n\n<h3 class=\"wp-block-heading\">Anticuerpos quim\u00e9ricos<\/h3>\n\n\n\n<p class=\"wp-block-paragraph\">Durante el conflicto causado por la invasi\u00f3n <strong>Thallain<\/strong>, identifiqu\u00e9 un nuevo efecto de las nieblas profundas. Seg\u00fan lo informado por Rigoberto, la quimera de mi joven alumna Violet, cierto tipo de quimeras hizo su aparicion cuando las nieblas naturales son se volvieron mas densas. Estas quimeras atacaban fren\u00e9ticamente a todo ser fe\u00e9rico. Tengo cierta teor\u00eda que implica que sus reacciones cambian seg\u00fan la raza fe\u00e9rica con la que se encuentran, siendo los <strong>Kithain <\/strong>como Aurus o Red objetivos a enfrentar, pero <strong>Quimeras <\/strong>como Rigoberto generan una menor reacci\u00f3n, al menos eso puedo concluir por su testimonio. Por lamentable que sea, a\u00fan no cuento con los contactos viables para comprobar esta teor\u00eda.<\/p>\n\n\n\n<hr class=\"wp-block-separator has-alpha-channel-opacity\" \/>\n\n\n\n<h3 class=\"wp-block-heading\">\u00bfNuevos tipos de quimeras\/hadas?<\/h3>\n\n\n\n<p class=\"wp-block-paragraph\">En los \u00faltimos a\u00f1os, he interactuado con quimeras que, a primera vista, resultan inusuales. A diferencia de las convencionales, estas nacen de conceptos, objetos e ideas, y parecen poseer una especie de \u201cancla\u201d similar a la de nuestros primos Inanimae, aunque diferente en esencia. Tras conversar con algunos Inanimae, he considerado la posibilidad de que estemos ante una nueva ola de seres fe\u00e9ricos. A\u00fan no s\u00e9 si su aparici\u00f3n resultar\u00e1 beneficiosa o perjudicial para nuestra comunidad, pero continuar\u00e9 investigando.<\/p>\n\n\n\n<h2 class=\"wp-block-heading\">Misterios del Maule<\/h2>\n\n\n\n<p class=\"wp-block-paragraph\" id=\"h-registro-incompleto-autor-anonimo\"><em><strong>(Registro incompleto \u2013 autor an\u00f3nimo)<\/strong><\/em><\/p>\n\n\n\n<p class=\"wp-block-paragraph\">El ensue\u00f1o de la S\u00e9ptima Regi\u00f3n resulta ser uno donde abundan las formas de vida quim\u00e9rica de todo tipo. Esto, sin embargo, tambi\u00e9n contempla la gran variedad de biomas que presenta la regi\u00f3n, as\u00ed como la evidente influencia del \u00c1rbol en su fauna.<\/p>\n\n\n\n<p class=\"wp-block-paragraph\">El ensue\u00f1o pr\u00f3ximo magnifica cada zona natural, convirti\u00e9ndolas en paisajes sacados de alg\u00fan documental prehist\u00f3rico. Los humedales se transforman en calderos gigantescos de vida; los campos, en extensas planicies de cultivo; los valles, en llanuras que parecieran no conocer fin. Y no hablemos de los bosques, que adquieren un aspecto casi ancestral.<\/p>\n\n\n\n<p class=\"wp-block-paragraph\">Por otro lado, las costas no parecen ser tan distintas a las del oto\u00f1o, con la clara diferencia de que los roquer\u00edos y acantilados alcanzan una altura notablemente mayor.<\/p>\n\n\n\n<p class=\"wp-block-paragraph\">Entre todo esto, la cordillera de los Andes es quiz\u00e1 la visi\u00f3n m\u00e1s impresionante, ya que frente a ella se vislumbra la gran barrera que nos separa del Reino de las Monta\u00f1as, territorio de los Gallain nativos de Chile.<\/p>\n\n\n\n<p class=\"wp-block-paragraph\">Ahora bien, resulta curioso que en toda la extensi\u00f3n de tierra que compone el Maule no parezca posible encontrar el Valle de las Nieblas. Tras varias investigaciones, todo apunta a que es posible acceder a este a trav\u00e9s de una serie de cavernas y caminos ocultos. Esto, sin embargo, a\u00fan no se ha comprobado.<\/p>\n\n\n\n<p class=\"wp-block-paragraph\">Tambi\u00e9n debo agregar algo importante: algunas zonas donde pueden apreciarse ruinas de lo que alguna vez fueron hogares de las hadas nativas, mantienen una constante acumulaci\u00f3n de quimeras y trampas a\u00fan activas. Pese a los intentos de adentrarse en estas, los resultados, en la mayor\u00eda de los casos, terminan siendo letales. No se recomienda su exploraci\u00f3n sin la preparaci\u00f3n y el equipo adecuados.<\/p>\n\n\n\n<p class=\"wp-block-paragraph\">Debo a\u00f1adir, adem\u00e1s, que desconozco el motivo por el cual nuestros mapas cartografiados siguen desapareciendo. En su lugar encontramos rastros de tierra removida, como si alguien \u2014o algo\u2014 hubiese escarbado y sustra\u00eddo de forma selectiva nuestros registros.<\/p>\n\n\n\n<p class=\"wp-block-paragraph\">Debido a estos motivos, me veo imposibilitado de presentar un mapa de la regi\u00f3n. Sin embargo, puedo dejar constancia de algunos hallazgos interesantes.<\/p>\n\n\n\n<hr class=\"wp-block-separator has-alpha-channel-opacity\" \/>\n\n\n\n<h3 class=\"wp-block-heading\">Aldeas de champi\u00f1ones<\/h3>\n\n\n\n<p class=\"wp-block-paragraph\">Como hab\u00e9is le\u00eddo, en algunos sectores \u2014especialmente bajo \u00e1rboles huecos o entre hierba alta\u2014 es posible escuchar m\u00fasica y canciones. Si uno se acerca con cautela, seguramente se topar\u00e1 con la vista de una peque\u00f1a aldea donde champi\u00f1ones levantan diminutas viviendas y forman c\u00edrculos de hadas.<\/p>\n\n\n\n<p class=\"wp-block-paragraph\">Agrego esta advertencia: si miras demasiado tiempo, es probable que termines siendo encogido a su tama\u00f1o y te veas forzado a participar en sus festividades hasta el amanecer. Tras ello, despertar\u00e1s agotado y con un severo dolor de cabeza.<\/p>\n\n\n\n<hr class=\"wp-block-separator has-alpha-channel-opacity\" \/>\n\n\n\n<h3 class=\"wp-block-heading\">Quimeras elusivas: <em>Viajeros sin rostro<\/em><\/h3>\n\n\n\n<p class=\"wp-block-paragraph\">Pese a su aspecto inofensivo y humanoide bajo sus ropajes, estas quimeras resultan un completo enigma. Viajan en grupos de aproximadamente veinte individuos, todos portando un peque\u00f1o farol. Sin embargo, es imposible encontrar a m\u00e1s de uno al mismo tiempo.<\/p>\n\n\n\n<p class=\"wp-block-paragraph\">Por si fuera poco, al percatarse de tu presencia, la criatura se quitar\u00e1 la capucha y, al instante siguiente, todos se esfumar\u00e1n. He intentado aproximarme mediante el arte de los embustes, sin \u00e9xito. Es casi como si supieran de manera innata cu\u00e1ndo uno se ha acercado demasiado.<\/p>\n\n\n\n<p class=\"wp-block-paragraph\">La raz\u00f3n de su viaje sigue siendo un misterio, as\u00ed como su destino. Lo \u00fanico seguro es que se desplazan hacia el centro del Maule.<\/p>\n\n\n\n<hr class=\"wp-block-separator has-alpha-channel-opacity\" \/>\n\n\n\n<h3 class=\"wp-block-heading\">Noche de pesadillas<\/h3>\n\n\n\n<p class=\"wp-block-paragraph\">Lean esto con atenci\u00f3n.<\/p>\n\n\n\n<p class=\"wp-block-paragraph\">La noche transforma el Maule. No es una met\u00e1fora. El bioma cambia. Los sonidos cambian. La presi\u00f3n en el aire cambia.<\/p>\n\n\n\n<p class=\"wp-block-paragraph\">Si no encuentran refugio antes del anochecer, mu\u00e9vanse. No se detengan. Si pueden, desaten y regresen al oto\u00f1o.<\/p>\n\n\n\n<p class=\"wp-block-paragraph\">BAJO NINGUNA CIRCUNSTANCIA DUERMAN SIN FUEGO.<\/p>\n\n\n\n<p class=\"wp-block-paragraph\">Las quimeras de pesadilla emergen como si el suelo las pariera. El entorno se convierte en algo irreconocible. Lo que durante el d\u00eda era bosque, por la noche es territorio hostil. Lo que parec\u00eda sendero se vuelve trampa.<\/p>\n\n\n\n<p class=\"wp-block-paragraph\">El fuego las incomoda. Las mantiene a raya. Pero no a todas. Las m\u00e1s grandes caminan entre las llamas.<\/p>\n\n\n\n<p class=\"wp-block-paragraph\">Perdimos a tres. No hubo gritos. Solo silencio.<\/p>\n\n\n\n<p class=\"wp-block-paragraph\">Si leen esto y a\u00fan est\u00e1n a tiempo:<br>refu\u00e9rcense.<br>Prep\u00e1rense.<br>O no entren.<\/p>\n\n\n\n<h3 class=\"wp-block-heading\">Anexo final \u2013 Entrada no fechada<\/h3>\n\n\n\n<p class=\"wp-block-paragraph\">No queda mucho tiempo.<\/p>\n\n\n\n<p class=\"wp-block-paragraph\">El fuego est\u00e1 bajo. No por falta de le\u00f1a. No s\u00e9 c\u00f3mo explicarlo, pero las llamas ya no iluminan igual. Algo las ahoga. Algo espera fuera del c\u00edrculo de luz.<\/p>\n\n\n\n<p class=\"wp-block-paragraph\">He vuelto a escuchar los faroles. No el tintinear. No pasos. Solo esa sensaci\u00f3n de que avanzan, como si el aire se plegara a su alrededor.<\/p>\n\n\n\n<p class=\"wp-block-paragraph\">Intent\u00e9 desatar. Fall\u00f3.<br>Intent\u00e9 llamar por auxilio. Silencio.<\/p>\n\n\n\n<p class=\"wp-block-paragraph\">Creo que el error fue cartografiar el centro. No deb\u00eda hacerlo. No deb\u00ed marcarlo en el mapa. Ahora entiendo por qu\u00e9 los registros desaparecen. No es para ocultar el lugar.<\/p>\n\n\n\n<p class=\"wp-block-paragraph\">Es para impedir que alguien m\u00e1s lo encuentre.<\/p>\n\n\n\n<p class=\"wp-block-paragraph\">El suelo vibra. No como terremoto. Como respiraci\u00f3n.<\/p>\n\n\n\n<p class=\"wp-block-paragraph\">Si alguien encuentra este documento, no se acerquen a las sombras. No sigan a los Viajeros. No intenten apagar la noche.<\/p>\n\n\n\n<p class=\"wp-block-paragraph\">No es la oscuridad lo que nos caza.<\/p>\n\n\n\n<p class=\"wp-block-paragraph\">Es algo que camina dentro de ella.<\/p>\n\n\n\n<p class=\"wp-block-paragraph\">El fuego\u2026<\/p>\n\n\n\n<p class=\"wp-block-paragraph\">\u2026<\/p>\n\n\n\n<p class=\"wp-block-paragraph\">\u2014<\/p>\n\n\n\n<p class=\"wp-block-paragraph\"><em><strong>(El resto del pergamino presenta marcas de quemadura en los bordes. No hay restos de sangre. No hay signos de lucha.)<\/strong><\/em><\/p>\n\n\n\n<h2 class=\"wp-block-heading\" id=\"h-cronicas-nbsp-nbsp\"><strong><em>Cr\u00f3nicas&nbsp;&nbsp;<\/em><\/strong><\/h2>\n\n\n\n<h4 class=\"wp-block-heading\" id=\"h-el-ladron-de-corazones-nbsp-nbsp\">El ladr\u00f3n de corazones&nbsp;&nbsp;<\/h4>\n\n\n\n<p class=\"wp-block-paragraph\">29 de marzo \u2013 03 de abril \/ 2021&nbsp;<\/p>\n\n\n\n<p class=\"wp-block-paragraph\">La comunidad Kithain de Linares se vio s\u00fabitamente golpeada con la repentina reaparici\u00f3n de Serenity, caballera de la casa Scathach, quien advirti\u00f3 a las casas de que todos corr\u00edan un inminente peligro.&nbsp;<\/p>\n\n\n\n<p class=\"wp-block-paragraph\">Y tal como la Sidhe Arcadiana advirti\u00f3, ocurri\u00f3 una incursi\u00f3n de una cuadrilla Thallain y la supuesta aparici\u00f3n de una Dauntain. Ante la repentina emergencia, las casas Liam, Eliuned y Aesin formaron una cuadrilla para enfrentar la amenaza, m\u00e1s tarde conocida como el &#8220;Raid Team&#8221;.&nbsp;<\/p>\n\n\n\n<p class=\"wp-block-paragraph\">La cuadrilla se dispuso a enfrentar a los Thallain; sin embargo, despu\u00e9s de un brutal ataque al feudo Eliuned, en el cual dos de sus miembros recibieron heridas severas, la condesa M\u00f3nica declar\u00f3 de manera oficial la guerra contra los Thallain.&nbsp;<\/p>\n\n\n\n<p class=\"wp-block-paragraph\">El primer enfrentamiento ocurri\u00f3 cuando la cuadrilla encontr\u00f3 una de las bases Thallain, una casa antigua perteneciente a un adulto mayor conocido como Don Ra\u00fal. Durante el enfrentamiento, la cuadrilla fue emboscada y llevada a una trampa que los transport\u00f3 al sue\u00f1o de Don Ra\u00fal, quien se encontraba en estado de coma en la casa. En el sue\u00f1o, se enfrentaron y eliminaron a las quimeras de pesadilla construidas por el goblin enemigo. Tras lograrlo, consiguieron despertar y rescatar a Don Ra\u00fal, escapando r\u00e1pidamente de la escena antes de ser atrapados por oficiales de la ley que hab\u00edan acudido al lugar. Tristemente, los Thallain hab\u00edan escapado, pero hab\u00edan perdido un recurso valioso.&nbsp;<\/p>\n\n\n\n<p class=\"wp-block-paragraph\">Una vez descansados y con sus heridas recuperadas, en un golpe de suerte y astucia, la cuadrilla logr\u00f3 avistar el pr\u00f3ximo plan de sus enemigos. Un cobarde intento de atacar a aquellos m\u00e1s preciados para la comunidad, los Thallain intentaron un ataque coordinado contra los miembros infantiles de las casas mientras asist\u00edan a clases. Gracias a la r\u00e1pida respuesta de la cuadrilla, las casas acudieron a tiempo y repelieron con \u00e9xito el ataque, logrando eliminar al primero de los Thallain. Al mismo tiempo, la condesa M\u00f3nica, junto al caballero Marco, lograron manipular con artes a otro de los Thallain para que revelara informaci\u00f3n y ayudara a la cuadrilla m\u00e1s adelante.&nbsp;<\/p>\n\n\n\n<p class=\"wp-block-paragraph\">Sin embargo, a causa del incidente ocurrido en el colegio donde asist\u00edan las miembros infantiles de la casa Aesin, Carabineros y la PDI llegaron a la escena, encontrando un cuerpo asesinado. La cuadrilla, con excepci\u00f3n de Ra\u00fal Nicarag\u00fcen, quien escap\u00f3 a tiempo, y R.E.D., quien formaba parte de la PDI, fueron detenidos para una investigaci\u00f3n por presunto delito.&nbsp;<\/p>\n\n\n\n<p class=\"wp-block-paragraph\">Durante su corta estad\u00eda tras las rejas, la cuadrilla se vio repentinamente emboscada por la misma Dauntain, Melissa Leonard, quien, tomando el tesoro de uno de los miembros de la cuadrilla, Marcus, asesin\u00f3 a sangre fr\u00eda a un joven que estaba encerrado junto al grupo, inculp\u00e1ndolos de asesinato y escapando r\u00e1pidamente.&nbsp;<\/p>\n\n\n\n<p class=\"wp-block-paragraph\">La cuadrilla, vi\u00e9ndose acorralada, fue rescatada gracias a la petici\u00f3n de Ra\u00fal al bar\u00f3n Lark de la casa Aesin, quien los llev\u00f3 al feudo de la casa atravesando el ensue\u00f1o.&nbsp;<\/p>\n\n\n\n<p class=\"wp-block-paragraph\">Despu\u00e9s de este evento, se encontraron con que los Thallain estaban invocando Langostas de Pesadilla con una especie de flauta. Poco a poco, estaban causando que los feudos se corrompieran, convirti\u00e9ndolos en feudos Thallain. Tras un intento de eliminar algunas de estas, dieron con la innegable verdad de que estaban ante un enjambre que parec\u00eda interminable.&nbsp;<\/p>\n\n\n\n<p class=\"wp-block-paragraph\">Ante la desesperada situaci\u00f3n, la cuadrilla logr\u00f3 idear una forma para lidiar con las langostas. Violet, nokker y dama de la casa Eliuned, logr\u00f3 idear un veneno capaz de eliminar a las langostas, compartiendo la f\u00f3rmula con las casas y, as\u00ed, d\u00e1ndoles un arma para frenar a la plaga.&nbsp;<\/p>\n\n\n\n<p class=\"wp-block-paragraph\">Con eso logrado, la cuadrilla se dispuso a seguir con la b\u00fasqueda de los Thallain para acabar con el origen del problema. En ese momento, recibieron una llamada de parte de los kinain de la casa Eliuned, quienes informaron que el feudo hab\u00eda sufrido un segundo ataque mientras aseguraban a los infantiles. Despu\u00e9s de una desesperada lucha y un desatar, lograron repeler el ataque y proteger el feudo.&nbsp;<\/p>\n\n\n\n<p class=\"wp-block-paragraph\">De igual manera, se les dio la informaci\u00f3n conseguida sobre la ubicaci\u00f3n de la segunda base Thallain restante. Con eso, la cuadrilla se dispuso a ponerle fin a la guerra.&nbsp;<\/p>\n\n\n\n<p class=\"wp-block-paragraph\">Al llegar al lugar, una casa en ruinas, la cuadrilla se top\u00f3 con que uno de los Thallain estaba siendo forzado a ayudarlos por medio de soberan\u00eda, por lo que les ayud\u00f3 a sortear las trampas explosivas que los esperaban. Sin embargo, nadie esperaba que la Dauntain hubiera vislumbrado la manipulaci\u00f3n sobre su compa\u00f1ero, por lo que ide\u00f3 una trampa dentro de la trampa.&nbsp;<\/p>\n\n\n\n<p class=\"wp-block-paragraph\">Cuando la cuadrilla lleg\u00f3 a la sala donde estaba una mujer en coma, se sorprendieron cuando ella sac\u00f3 un arma y dispar\u00f3 al grupo, solo para luego lanzarlos a todos directamente al ensue\u00f1o por medio de oniromancia. Al llegar al ensue\u00f1o, la cuadrilla se vio rodeada por quimeras creadas por el Goblin. Al ver que se encontraban en desventaja, R.E.D. desat\u00f3 el viaje, devolviendo a todos al oto\u00f1o. Pero, para desgracia de la cuadrilla, el Goblin esta vez desat\u00f3 oniromancia, devolviendo a todos nuevamente al ensue\u00f1o.&nbsp;<\/p>\n\n\n\n<p class=\"wp-block-paragraph\">Marcus, no dispuesto a que el Goblin siguiera haciendo de las suyas, emple\u00f3 su tesoro y, con un disparo certero, acab\u00f3 con la vida del Thallain. Este muri\u00f3 sonriendo, al ver c\u00f3mo las langostas se acercaban como una nube de frenes\u00ed y muerte hacia la cuadrilla.&nbsp;<\/p>\n\n\n\n<p class=\"wp-block-paragraph\">Gracias a los esfuerzos combinados de todo el grupo, la cuadrilla logr\u00f3 escapar de las langostas, encontrando un ensue\u00f1o que, poco a poco, estaba volviendo a un estado primitivo a causa de la depredaci\u00f3n de las langostas.&nbsp;<\/p>\n\n\n\n<p class=\"wp-block-paragraph\">Cuando lleg\u00f3 la noche, se dispusieron a descansar, pero ninguno esperaba que Violet fuera secuestrada por una quimera de pesadilla y casi fuese devorada. Ante el peligro, ella desat\u00f3 invierno, eliminando a la quimera, pero atrayendo a una horda de langostas hacia su posici\u00f3n. Esta vez parec\u00eda ser el fin; sin escapatoria, la cuadrilla se enfrent\u00f3 a lo que debi\u00f3 ser su funesto final. De no haber sido por Serenity, quien advirti\u00f3 al mismo Conde Magnus sobre una premonici\u00f3n acerca de la cuadrilla, todo habr\u00eda acabado all\u00ed. As\u00ed, cuando todo parec\u00eda perdido, un rayo cort\u00f3 la horda, y con el primero, m\u00faltiples rayos cayeron dispersando a las langostas, salvando a la cuadrilla.&nbsp;<\/p>\n\n\n\n<p class=\"wp-block-paragraph\">Despu\u00e9s de lo ocurrido, el grupo fue llevado a un peque\u00f1o refugio en el ensue\u00f1o, donde discutieron c\u00f3mo lidiar con la Dauntain que estaba controlando la horda. Decidieron que Magnus distraer\u00eda al enjambre mientras el grupo, junto con Serenity, enfrentaba a Melissa.&nbsp;<\/p>\n\n\n\n<p class=\"wp-block-paragraph\">Al llegar al lugar, el grupo encaro a la Dauntain, quien por todos los medios intent\u00f3 escapar, convirtiendo en dodos al grupo y a la quimera de Violet en vaca, con excepci\u00f3n de Ra\u00fal, quien se hab\u00eda adelantado hacia el claro de la ra\u00edz del \u00e1rbol de la vida, el objetivo de la Dauntain.&nbsp;<\/p>\n\n\n\n<p class=\"wp-block-paragraph\">Ra\u00fal enfrent\u00f3 solo a Melissa, logrando que ella soltara la flauta, y cuando esta aprovech\u00f3 una apertura para darle un golpe mortal, en contra de todo pron\u00f3stico, Rigoberto, convertido en vaca, llevando al resto de la cuadrilla a su lomo, embisti\u00f3 a Melissa, mand\u00e1ndola por los aires y dej\u00e1ndola inconsciente. Esto provoc\u00f3 que el cantrip se disparara, y el grupo, dejando atr\u00e1s su emplumada forma, termin\u00f3 con un \u00faltimo ataque que acab\u00f3 con la vida de la Dauntain.&nbsp;<\/p>\n\n\n\n<p class=\"wp-block-paragraph\">En ese momento de dulce victoria, nadie esperaba que la flauta se hubiese roto durante el combate. Todos sintieron como sus almas temblaron cuando, ante sus ojos, el poder contenido del ser que hab\u00eda forjado la flauta, Fobetor, fue liberado, dando as\u00ed origen a un monstruo de pesadilla: una gigantesca ave corvida. La Esquirla de Fobetor.&nbsp;<\/p>\n\n\n\n<p class=\"wp-block-paragraph\">El combate los oblig\u00f3 a ir m\u00e1s all\u00e1 de sus l\u00edmites; cada uno desat\u00f3 todo el arte que pod\u00eda usar con tal de frenar y detener a la bestia. Violet, entendiendo que si una vez estuvo contenida, pod\u00eda volver a ser contenida, desat\u00f3 infusi\u00f3n para crear un objeto capaz de contener al monstruo. As\u00ed recibi\u00f3 un anillo creado por el mismo ensue\u00f1o. Los dem\u00e1s miembros del grupo siguieron desatando, logrando que poco a poco la Esquirla comenzara a ceder. Pero, aun con todo esto, se vieron contra las cuerdas y, en un \u00faltimo momento, Magnus, junto con un miembro de la hermandad de Agyrodes, Arion, quien hab\u00eda llegado para dejarle un mensaje a uno de sus compa\u00f1eros y a Violet, llegaron para brindar apoyo invocando rayos y quimeras para detener a la Esquirla.&nbsp;<\/p>\n\n\n\n<p class=\"wp-block-paragraph\">Finalmente, con un \u00faltimo desatar, Arion invoc\u00f3 un Pho\u00e9nix que redujo a la Esquirla, y con eso, finalmente fue sellada en el anillo.&nbsp;<\/p>\n\n\n\n<p class=\"wp-block-paragraph\">Con su misi\u00f3n completada y la amenaza detenida, Serenity sell\u00f3 el anillo en una caja por medio de un \u00faltimo desatar, encerrando para siempre a la Esquirla y guardando con ella la caja.&nbsp;<\/p>\n\n\n\n<p class=\"wp-block-paragraph\">Una vez volvieron al oto\u00f1o, la cuadrilla fue llevada a la plaza de armas de Linares, donde encontraron que todas las casas estaban celebrando un peque\u00f1o festival de juegos de agua, en el que hab\u00edan mezclado la f\u00f3rmula para matar a las langostas, acabando as\u00ed con la plaga y, finalmente, d\u00e1ndole punto final a la guerra de Linares.&nbsp;<\/p>\n\n\n\n<p class=\"wp-block-paragraph\"><\/p>\n\n\n\n<h4 class=\"wp-block-heading\" id=\"h-el-sueno-del-guardian\"><strong>El sue\u00f1o del Guardian<\/strong><\/h4>\n\n\n\n<p class=\"wp-block-paragraph\">27 de mayo de 2021 &#8211; 01 de Junio de 2021<\/p>\n\n\n\n<p class=\"wp-block-paragraph\"><\/p>","protected":false},"author":33,"featured_media":6289,"template":"","juego":[],"class_list":["post-5972","localidad","type-localidad","status-publish","has-post-thumbnail","hentry"],"acf":{"ubicacion":null,"imagenes_de_referencia":[6292],"lideres_localidad":[6676,6675,6671],"miembros_localidad":[5977,6680,6682,6684],"informacion_privada":"","mapa_de_kumu_u_otro_embed":""},"yoast_head":"<!-- This site is optimized with the Yoast SEO plugin v28.4 - https:\/\/yoast.com\/product\/yoast-seo-wordpress\/ -->\n<title>Regi\u00f3n Del Maule - Chile en Tinieblas<\/title>\n<meta name=\"robots\" content=\"index, follow, max-snippet:-1, max-image-preview:large, max-video-preview:-1\" \/>\n<link rel=\"canonical\" href=\"https:\/\/chileentinieblas.cl\/en\/localidad\/region-del-maule\/\" \/>\n<meta property=\"og:locale\" content=\"en_US\" \/>\n<meta property=\"og:type\" content=\"article\" \/>\n<meta property=\"og:title\" content=\"Regi\u00f3n Del Maule - Chile en Tinieblas\" \/>\n<meta property=\"og:description\" content=\"El \u00c1rbol de la Vida El sue\u00f1o de una tierra bendecida&nbsp; La tierra del Maule es un lugar de aventuras y secretos, de mitos y leyendas donde se oculta una gran historia. Eso es lo que dicen algunas personas cuando hablan de la regi\u00f3n. Pocos saben la veracidad en estas palabras, aun menos, la historia [&hellip;]\" \/>\n<meta property=\"og:url\" content=\"https:\/\/chileentinieblas.cl\/en\/localidad\/region-del-maule\/\" \/>\n<meta property=\"og:site_name\" content=\"Chile en Tinieblas\" \/>\n<meta property=\"article:publisher\" content=\"https:\/\/www.facebook.com\/ChileenTinieblas\" \/>\n<meta property=\"article:modified_time\" content=\"2026-03-05T04:08:56+00:00\" \/>\n<meta property=\"og:image\" content=\"https:\/\/chileentinieblas.cl\/wp-content\/uploads\/2025\/03\/Captura-de-pantalla-2025-04-12-235947.png\" \/>\n\t<meta property=\"og:image:width\" content=\"691\" \/>\n\t<meta property=\"og:image:height\" content=\"665\" \/>\n\t<meta property=\"og:image:type\" content=\"image\/png\" \/>\n<meta name=\"twitter:card\" content=\"summary_large_image\" \/>\n<meta name=\"twitter:label1\" content=\"Est. reading time\" \/>\n\t<meta name=\"twitter:data1\" content=\"19 minutes\" \/>\n<script type=\"application\/ld+json\" class=\"yoast-schema-graph\">{\"@context\":\"https:\\\/\\\/schema.org\",\"@graph\":[{\"@type\":\"WebPage\",\"@id\":\"https:\\\/\\\/chileentinieblas.cl\\\/localidad\\\/region-del-maule\\\/\",\"url\":\"https:\\\/\\\/chileentinieblas.cl\\\/localidad\\\/region-del-maule\\\/\",\"name\":\"Regi\u00f3n Del Maule - Chile en Tinieblas\",\"isPartOf\":{\"@id\":\"https:\\\/\\\/chileentinieblas.cl\\\/#website\"},\"primaryImageOfPage\":{\"@id\":\"https:\\\/\\\/chileentinieblas.cl\\\/localidad\\\/region-del-maule\\\/#primaryimage\"},\"image\":{\"@id\":\"https:\\\/\\\/chileentinieblas.cl\\\/localidad\\\/region-del-maule\\\/#primaryimage\"},\"thumbnailUrl\":\"https:\\\/\\\/chileentinieblas.cl\\\/wp-content\\\/uploads\\\/2025\\\/03\\\/Captura-de-pantalla-2025-04-12-235947.png\",\"datePublished\":\"2025-07-29T01:56:15+00:00\",\"dateModified\":\"2026-03-05T04:08:56+00:00\",\"breadcrumb\":{\"@id\":\"https:\\\/\\\/chileentinieblas.cl\\\/localidad\\\/region-del-maule\\\/#breadcrumb\"},\"inLanguage\":\"en-US\",\"potentialAction\":[{\"@type\":\"ReadAction\",\"target\":[\"https:\\\/\\\/chileentinieblas.cl\\\/localidad\\\/region-del-maule\\\/\"]}]},{\"@type\":\"ImageObject\",\"inLanguage\":\"en-US\",\"@id\":\"https:\\\/\\\/chileentinieblas.cl\\\/localidad\\\/region-del-maule\\\/#primaryimage\",\"url\":\"https:\\\/\\\/chileentinieblas.cl\\\/wp-content\\\/uploads\\\/2025\\\/03\\\/Captura-de-pantalla-2025-04-12-235947.png\",\"contentUrl\":\"https:\\\/\\\/chileentinieblas.cl\\\/wp-content\\\/uploads\\\/2025\\\/03\\\/Captura-de-pantalla-2025-04-12-235947.png\",\"width\":691,\"height\":665},{\"@type\":\"BreadcrumbList\",\"@id\":\"https:\\\/\\\/chileentinieblas.cl\\\/localidad\\\/region-del-maule\\\/#breadcrumb\",\"itemListElement\":[{\"@type\":\"ListItem\",\"position\":1,\"name\":\"Portada\",\"item\":\"https:\\\/\\\/chileentinieblas.cl\\\/\"},{\"@type\":\"ListItem\",\"position\":2,\"name\":\"localidades\",\"item\":\"https:\\\/\\\/chileentinieblas.cl\\\/localidad\\\/\"},{\"@type\":\"ListItem\",\"position\":3,\"name\":\"Regi\u00f3n Del Maule\"}]},{\"@type\":\"WebSite\",\"@id\":\"https:\\\/\\\/chileentinieblas.cl\\\/#website\",\"url\":\"https:\\\/\\\/chileentinieblas.cl\\\/\",\"name\":\"Chile en Tinieblas\",\"description\":\"Un servidor con mesas de rol de Mundo de Tinieblas\",\"publisher\":{\"@id\":\"https:\\\/\\\/chileentinieblas.cl\\\/#organization\"},\"potentialAction\":[{\"@type\":\"SearchAction\",\"target\":{\"@type\":\"EntryPoint\",\"urlTemplate\":\"https:\\\/\\\/chileentinieblas.cl\\\/?s={search_term_string}\"},\"query-input\":{\"@type\":\"PropertyValueSpecification\",\"valueRequired\":true,\"valueName\":\"search_term_string\"}}],\"inLanguage\":\"en-US\"},{\"@type\":\"Organization\",\"@id\":\"https:\\\/\\\/chileentinieblas.cl\\\/#organization\",\"name\":\"Chile en Tinieblas\",\"url\":\"https:\\\/\\\/chileentinieblas.cl\\\/\",\"logo\":{\"@type\":\"ImageObject\",\"inLanguage\":\"en-US\",\"@id\":\"https:\\\/\\\/chileentinieblas.cl\\\/#\\\/schema\\\/logo\\\/image\\\/\",\"url\":\"https:\\\/\\\/chileentinieblas.cl\\\/wp-content\\\/uploads\\\/2021\\\/12\\\/logo-cet-claro.png\",\"contentUrl\":\"https:\\\/\\\/chileentinieblas.cl\\\/wp-content\\\/uploads\\\/2021\\\/12\\\/logo-cet-claro.png\",\"width\":1001,\"height\":1030,\"caption\":\"Chile en Tinieblas\"},\"image\":{\"@id\":\"https:\\\/\\\/chileentinieblas.cl\\\/#\\\/schema\\\/logo\\\/image\\\/\"},\"sameAs\":[\"https:\\\/\\\/www.facebook.com\\\/ChileenTinieblas\",\"https:\\\/\\\/www.instagram.com\\\/chileentinieblas\\\/\",\"https:\\\/\\\/www.youtube.com\\\/@chileentinieblas\",\"https:\\\/\\\/www.tiktok.com\\\/@chileentinieblas\"]}]}<\/script>\n<!-- \/ Yoast SEO plugin. -->","yoast_head_json":{"title":"Regi\u00f3n Del Maule - Chile en Tinieblas","robots":{"index":"index","follow":"follow","max-snippet":"max-snippet:-1","max-image-preview":"max-image-preview:large","max-video-preview":"max-video-preview:-1"},"canonical":"https:\/\/chileentinieblas.cl\/en\/localidad\/region-del-maule\/","og_locale":"en_US","og_type":"article","og_title":"Regi\u00f3n Del Maule - Chile en Tinieblas","og_description":"El \u00c1rbol de la Vida El sue\u00f1o de una tierra bendecida&nbsp; La tierra del Maule es un lugar de aventuras y secretos, de mitos y leyendas donde se oculta una gran historia. Eso es lo que dicen algunas personas cuando hablan de la regi\u00f3n. Pocos saben la veracidad en estas palabras, aun menos, la historia [&hellip;]","og_url":"https:\/\/chileentinieblas.cl\/en\/localidad\/region-del-maule\/","og_site_name":"Chile en Tinieblas","article_publisher":"https:\/\/www.facebook.com\/ChileenTinieblas","article_modified_time":"2026-03-05T04:08:56+00:00","og_image":[{"width":691,"height":665,"url":"https:\/\/chileentinieblas.cl\/wp-content\/uploads\/2025\/03\/Captura-de-pantalla-2025-04-12-235947.png","type":"image\/png"}],"twitter_card":"summary_large_image","twitter_misc":{"Est. reading time":"19 minutes"},"schema":{"@context":"https:\/\/schema.org","@graph":[{"@type":"WebPage","@id":"https:\/\/chileentinieblas.cl\/localidad\/region-del-maule\/","url":"https:\/\/chileentinieblas.cl\/localidad\/region-del-maule\/","name":"Regi\u00f3n Del Maule - Chile en Tinieblas","isPartOf":{"@id":"https:\/\/chileentinieblas.cl\/#website"},"primaryImageOfPage":{"@id":"https:\/\/chileentinieblas.cl\/localidad\/region-del-maule\/#primaryimage"},"image":{"@id":"https:\/\/chileentinieblas.cl\/localidad\/region-del-maule\/#primaryimage"},"thumbnailUrl":"https:\/\/chileentinieblas.cl\/wp-content\/uploads\/2025\/03\/Captura-de-pantalla-2025-04-12-235947.png","datePublished":"2025-07-29T01:56:15+00:00","dateModified":"2026-03-05T04:08:56+00:00","breadcrumb":{"@id":"https:\/\/chileentinieblas.cl\/localidad\/region-del-maule\/#breadcrumb"},"inLanguage":"en-US","potentialAction":[{"@type":"ReadAction","target":["https:\/\/chileentinieblas.cl\/localidad\/region-del-maule\/"]}]},{"@type":"ImageObject","inLanguage":"en-US","@id":"https:\/\/chileentinieblas.cl\/localidad\/region-del-maule\/#primaryimage","url":"https:\/\/chileentinieblas.cl\/wp-content\/uploads\/2025\/03\/Captura-de-pantalla-2025-04-12-235947.png","contentUrl":"https:\/\/chileentinieblas.cl\/wp-content\/uploads\/2025\/03\/Captura-de-pantalla-2025-04-12-235947.png","width":691,"height":665},{"@type":"BreadcrumbList","@id":"https:\/\/chileentinieblas.cl\/localidad\/region-del-maule\/#breadcrumb","itemListElement":[{"@type":"ListItem","position":1,"name":"Portada","item":"https:\/\/chileentinieblas.cl\/"},{"@type":"ListItem","position":2,"name":"localidades","item":"https:\/\/chileentinieblas.cl\/localidad\/"},{"@type":"ListItem","position":3,"name":"Regi\u00f3n Del Maule"}]},{"@type":"WebSite","@id":"https:\/\/chileentinieblas.cl\/#website","url":"https:\/\/chileentinieblas.cl\/","name":"Chile en Tinieblas","description":"Un servidor con mesas de rol de Mundo de Tinieblas","publisher":{"@id":"https:\/\/chileentinieblas.cl\/#organization"},"potentialAction":[{"@type":"SearchAction","target":{"@type":"EntryPoint","urlTemplate":"https:\/\/chileentinieblas.cl\/?s={search_term_string}"},"query-input":{"@type":"PropertyValueSpecification","valueRequired":true,"valueName":"search_term_string"}}],"inLanguage":"en-US"},{"@type":"Organization","@id":"https:\/\/chileentinieblas.cl\/#organization","name":"Chile en Tinieblas","url":"https:\/\/chileentinieblas.cl\/","logo":{"@type":"ImageObject","inLanguage":"en-US","@id":"https:\/\/chileentinieblas.cl\/#\/schema\/logo\/image\/","url":"https:\/\/chileentinieblas.cl\/wp-content\/uploads\/2021\/12\/logo-cet-claro.png","contentUrl":"https:\/\/chileentinieblas.cl\/wp-content\/uploads\/2021\/12\/logo-cet-claro.png","width":1001,"height":1030,"caption":"Chile en Tinieblas"},"image":{"@id":"https:\/\/chileentinieblas.cl\/#\/schema\/logo\/image\/"},"sameAs":["https:\/\/www.facebook.com\/ChileenTinieblas","https:\/\/www.instagram.com\/chileentinieblas\/","https:\/\/www.youtube.com\/@chileentinieblas","https:\/\/www.tiktok.com\/@chileentinieblas"]}]}},"jetpack_sharing_enabled":true,"_links":{"self":[{"href":"https:\/\/chileentinieblas.cl\/en\/wp-json\/wp\/v2\/localidad\/5972","targetHints":{"allow":["GET"]}}],"collection":[{"href":"https:\/\/chileentinieblas.cl\/en\/wp-json\/wp\/v2\/localidad"}],"about":[{"href":"https:\/\/chileentinieblas.cl\/en\/wp-json\/wp\/v2\/types\/localidad"}],"author":[{"embeddable":true,"href":"https:\/\/chileentinieblas.cl\/en\/wp-json\/wp\/v2\/users\/33"}],"acf:post":[{"embeddable":true,"href":"https:\/\/chileentinieblas.cl\/en\/wp-json\/wp\/v2\/pnj\/6684"},{"embeddable":true,"href":"https:\/\/chileentinieblas.cl\/en\/wp-json\/wp\/v2\/pnj\/6682"},{"embeddable":true,"href":"https:\/\/chileentinieblas.cl\/en\/wp-json\/wp\/v2\/pnj\/6680"},{"embeddable":true,"href":"https:\/\/chileentinieblas.cl\/en\/wp-json\/wp\/v2\/pnj\/5977"},{"embeddable":true,"href":"https:\/\/chileentinieblas.cl\/en\/wp-json\/wp\/v2\/pnj\/6671"},{"embeddable":true,"href":"https:\/\/chileentinieblas.cl\/en\/wp-json\/wp\/v2\/pnj\/6675"},{"embeddable":true,"href":"https:\/\/chileentinieblas.cl\/en\/wp-json\/wp\/v2\/pnj\/6676"}],"acf:attachment":[{"embeddable":true,"href":"https:\/\/chileentinieblas.cl\/en\/wp-json\/wp\/v2\/media\/6292"}],"wp:featuredmedia":[{"embeddable":true,"href":"https:\/\/chileentinieblas.cl\/en\/wp-json\/wp\/v2\/media\/6289"}],"wp:attachment":[{"href":"https:\/\/chileentinieblas.cl\/en\/wp-json\/wp\/v2\/media?parent=5972"}],"wp:term":[{"taxonomy":"juego","embeddable":true,"href":"https:\/\/chileentinieblas.cl\/en\/wp-json\/wp\/v2\/juego?post=5972"}],"curies":[{"name":"wp","href":"https:\/\/api.w.org\/{rel}","templated":true}]}}