{"id":3055,"date":"2022-09-19T06:49:03","date_gmt":"2022-09-19T06:49:03","guid":{"rendered":"https:\/\/chileentinieblas.cl\/?post_type=localidad&#038;p=3055"},"modified":"2024-05-09T04:50:54","modified_gmt":"2024-05-09T04:50:54","slug":"bajos-de-mena","status":"publish","type":"localidad","link":"https:\/\/chileentinieblas.cl\/en\/localidad\/bajos-de-mena\/","title":{"rendered":"Bajos de Mena &#8211; La capital roja"},"content":{"rendered":"<p class=\"wp-block-paragraph\">Considerado el basurero de Santiago, es el entorno m\u00e1s peligroso que tiene la ciudad. Est\u00e1 dominado por 4 familias criminales, esencialmente humanas, que controlan distintos negocios ilegales que se hacen en la ciudad. Existe un delgado equilibrio entre estos grupos, pero de vez en cuando sus bandas se pelean o se asaltan unos a otros, todo vale en este lugar, la justicia se aplica entre sus propios miembros.<\/p>\n\n\n\n<!--more-->\n\n\n\n<h2 class=\"wp-block-heading\">Historia<\/h2>\n\n\n\n<p class=\"wp-block-paragraph\">Bajos de Mena se gan\u00f3 su popularidad desde que las villas del Volc\u00e1n se hicieron notar por los caracter\u00edsticos pl\u00e1sticos que sus habitantes deb\u00edan usar para protegerse de las lluvias y el fr\u00edo debido a la mala calidad de sus construcciones, esto llam\u00f3 la atenci\u00f3n de variados grupos de inter\u00e9s quienes ve\u00edan en estos espacios un lugar perfecto para desarrollar sus negocios ilegales.<\/p>\n\n\n\n<p class=\"wp-block-paragraph\">La mayor\u00eda de estos departamentos fueron abandonados por sus inquilinos originales, dejando un espacio para bandas criminales y criaturas que prefieren mantenerse alejados de sus propios grupos que intentan controlarlos, todos los planes para recuperar estos espacios fallan o terminan retir\u00e1ndose, nadie del estado ha podido hacerse cargo de los problemas del lugar, mientras que las grandes telas y pl\u00e1sticos negros que cubren los departamentos se mantienen hasta el d\u00eda de hoy, impidiendo en gran medida poder observar lo que sucede dentro de ellos.<\/p>\n\n\n\n<h2 class=\"wp-block-heading\">Caracter\u00edsticas<\/h2>\n\n\n\n<p class=\"wp-block-paragraph\">Animitas cada pocas cuadras<\/p>\n\n\n\n<p class=\"wp-block-paragraph\">Muchos espacios con grafiti y arte urbano, edificios quemados y algunos semi demolidos<\/p>\n\n\n\n<p class=\"wp-block-paragraph\">Ferias, comercio informal, art\u00edculos robados, verduler\u00edas, ropa.<\/p>\n\n\n\n<p class=\"wp-block-paragraph\">Botiller\u00edas, bares, puestos de tatuaje, drogas, armas.<\/p>\n\n\n\n<p class=\"wp-block-paragraph\">Postes de luz rotos, la mayor\u00eda en mal funcionamiento, con cables robados, algunos todav\u00eda cuelgan<\/p>\n\n\n\n<p class=\"wp-block-paragraph\">Basura<\/p>\n\n\n\n<h2 class=\"wp-block-heading\">Organizaciones de la gente com\u00fan<\/h2>\n\n\n\n<p class=\"wp-block-paragraph\">Centro social Internet para todos<\/p>\n\n\n\n<p class=\"wp-block-paragraph\">Agrupaci\u00f3n de cuidado de hu\u00e9rfanos<\/p>\n\n\n\n<h2 class=\"wp-block-heading\">La gran familia<\/h2>\n\n\n\n<p class=\"wp-block-paragraph\">4 &#8220;Familias&#8221;, como ellos se hacen llamar, son las que gobiernan los d\u00edas y las noches de la capital roja, cada una tiene el principal dominio de uno de grandes negocios que funcionan bajo las sombras.<\/p>\n\n\n\n<h3 class=\"wp-block-heading\"><a href=\"https:\/\/chileentinieblas.cl\/en\/localidad\/bajos-de-mena\/2\/\" data-type=\"localidad\">Los Miranda &#8211; Placer y pol\u00edtica<\/a><\/h3>\n\n\n\n<h3 class=\"wp-block-heading\"><a href=\"https:\/\/chileentinieblas.cl\/en\/localidad\/bajos-de-mena\/3\/\" data-type=\"localidad\">Los Andana &#8211; Violencia y seguridad<\/a><\/h3>\n\n\n\n<h3 class=\"wp-block-heading\"><a href=\"https:\/\/chileentinieblas.cl\/en\/localidad\/bajos-de-mena\/4\/\" data-type=\"localidad\">Los Orellana &#8211; Codicia y vicio<\/a><\/h3>\n\n\n\n<h3 class=\"wp-block-heading\"><a href=\"https:\/\/chileentinieblas.cl\/en\/localidad\/bajos-de-mena\/5\/\" data-type=\"localidad\">Los Far\u00edas &#8211; Informaci\u00f3n y estafas<\/a><\/h3>\n\n\n\n<h2 class=\"wp-block-heading\">El Tatita<\/h2>\n\n\n\n<p class=\"wp-block-paragraph\">Detr\u00e1s de las 4 familias hay una figura a\u00fan m\u00e1s misteriosa e influyente, a la que todos conocen como <strong>&#8220;el Tatita<\/strong>&#8220;. <strong>Edgar Gonzalez<\/strong> lleg\u00f3 en 1997 al lugar bajo una de las empresas inmobiliarias que lograron entrar para trabajar en los espacios comunes del sector. Enfrentando una serie de amenazas sobrenaturales que ten\u00edan secuestrado el territorio, r\u00e1pidamente vio el potencial para el comercio ilegal y se posicion\u00f3 como un gran negociante que logr\u00f3 conectar a las bandas que en ese momento se enfrentaban en el lugar influenciados por estas criaturas. Durante a\u00f1os construy\u00f3 un delicado sistema de influencias que permiti\u00f3 el equilibrio entre las que posteriormente ser\u00edan los miembros de la gran familia.<\/p>\n\n\n\n<p class=\"wp-block-paragraph\">Esta alianza permiti\u00f3 cierta &#8220;paz&#8221; que hizo que el lugar con el tiempo se transformara en el refugio de mucha gente de escasos recursos y bandas criminales que evitaban a las autoridades. Las bandas pod\u00edan quedarse mientras respetaran a la gran familia con sus c\u00f3digos y aportaran con algo a la comunidad.<\/p>\n\n\n\n<p class=\"wp-block-paragraph\">El verdadero objetivo del tatita es transformar el sector en un lugar m\u00e1s acogedor para las personas de escasos recursos, incluyendo criaturas sobrenaturales. Su trabajo ha durado a\u00f1os pero ha permitido que muchos proscritos y rechazados de la sociedad encuentren un espacio de &#8220;libertad&#8221; en el sector, aunque eso signifique trabajar en asuntos criminales. Tiene conocimiento que entre la gran familia existen seres sobrenaturales pero lo permite mientras trabajen para los objetivos del lugar y aporten a la comunidad, tenerlos les da una enorme ventaja frente a quienes intentan entrar a dominar los negocios o tratan de destruirlo, este delicado equilibrio les permitir\u00e1 a estas criaturas, con el tiempo, compartir los ideales de la Uni\u00f3n aunque no lo sepan.<\/p>\n\n\n\n<p class=\"wp-block-paragraph\">El abuelo es una leyenda conocida por todos en el lugar, y aunque pocas veces se le ve dando vueltas, quienes lo hacen lo reconocen inmediatamente, nadie osa meterse con \u00e9l, principalmente por las consecuencias que eso significa (Ganarse el odio de las 4 familias).<\/p>\n\n\n\n<h2 class=\"wp-block-heading\">C\u00f3digo de la gran familia<\/h2>\n\n\n\n<p class=\"wp-block-paragraph\">A pesar de ser un lugar donde aparentemente encuentras todo tipo de actividades il\u00edcitas, la familia sigue un c\u00f3digo de conducta que ha ayudado a mantener las relaciones en estos a\u00f1os, cualquiera que se descubra rompi\u00e9ndolo termina muerto o expulsado con una cicatriz en el rostro con la marca de traici\u00f3n.<\/p>\n\n\n\n<ul class=\"wp-block-list\">\n<li><em>&#8220;Los cabros chicos se cuidan, ya que son el futuro pa que Bajos de Mena salga de la mierda en la que est\u00e1&#8221;<\/em>\n<ul class=\"wp-block-list\">\n<li>Si bien a los ni\u00f1os de chico se les ense\u00f1a c\u00f3mo deben cuidarse en la calle, a portar un arma, e incluso a participar de alg\u00fan crimen menor, est\u00e1 prohibido ponerlos en peligro inminente o frente a alguna amenaza grave. La pornograf\u00eda infantil y la esclavitud de menores se pena con la muerte.<\/li>\n<\/ul>\n<\/li>\n\n\n\n<li><em>&#8220;Nadie te juzgar\u00e1 por tus cr\u00edmenes, siempre que aport\u00ed algo pa&#8217;l barrio&#8221;<\/em><\/li>\n\n\n\n<li><em>&#8220;No se discrimina la procedencia de nadie, solo respondemos por nuestras acciones&#8221;<\/em><\/li>\n<\/ul>\n\n\n\n<h2 class=\"wp-block-heading\">Referentes<\/h2>\n\n\n\n<p class=\"wp-block-paragraph\"><a href=\"https:\/\/www.artstation.com\/artwork\/OKZl8\">https:\/\/www.artstation.com\/artwork\/OKZl8<\/a><\/p>\n\n\n\n<h2 class=\"wp-block-heading\">Mapa &#8211; Detalles del territorio<\/h2>\n\n\n\n<p class=\"wp-block-paragraph\"><\/p>\n\n\n\n<!--nextpage-->\n\n\n\n<div class=\"wp-block-group is-layout-flow wp-block-group-is-layout-flow\">\n<h2 class=\"wp-block-heading\">Los Miranda &#8211; Placer y Pol\u00edtica<\/h2>\n<\/div>\n\n\n\n<p class=\"wp-block-paragraph\">Alcohol, prostituci\u00f3n (amateur y profesional), arriendo de espacios a la comunidad, negocios vecinales, gesti\u00f3n de espacios en la poblaci\u00f3n, controlan los colegios, ferias, canchas de futbol, iglesias. Arriendan el espacio para la comisar\u00eda, para producciones pornogr\u00e1ficas, para escorts, para la antena. Est\u00e1n a cargo del lavado de dinero de las otras familias con negocios menores dentro de Bajos de mena (Peluquer\u00edas, almac\u00e9n de barrio, lavados de auto, talleres mec\u00e1nicos). Tambi\u00e9n le arriendan estos espacios a las otras familias y recortan parte de su negocio. Se encargan de la convivencia de los vecinos d\u00eda a d\u00eda.<\/p>\n\n\n\n<p class=\"wp-block-paragraph\">El lider trabaja y responde directamente a la oficina del Tatita.<\/p>\n\n\n\n<h3 class=\"wp-block-heading\">Sectores y grupos destacados<\/h3>\n\n\n\n<h4 class=\"wp-block-heading\">Edificio de prostituci\u00f3n (Nombre pendiente): <\/h4>\n\n\n\n<p class=\"wp-block-paragraph\">Edificio que ofrece servicios sexuales y un lugar seguro tanto para clientes como para las y los que trabajan en el lugar. La mayor\u00eda son mujeres independientes que trabajan de escort o pornograf\u00eda y transexuales que atraen clientes y ofrecen servicios.<\/p>\n\n\n\n<h4 class=\"wp-block-heading\">Bar y botilleria de mala muerte (Nombre pendiente):<\/h4>\n\n\n\n<p class=\"wp-block-paragraph\">Lugar de venta de alcohol y tragos donde hay shows de las chicas que hacen servicios, ac\u00e1 pueden venir a relajarse y conversar con las cabras del barrio, tambi\u00e9n pasar una buena noche, si pueden pagarlo.<\/p>\n\n\n\n<h3 class=\"wp-block-heading\">Relaci\u00f3n con el Tatita<\/h3>\n\n\n\n<p class=\"wp-block-paragraph\">La familia le debe los negocios y la influencia pol\u00edtica que tienen a \u00e9l. \u00c9l es el nexo cuando debe haber comunicaci\u00f3n con otras instituciones legales y privadas del pa\u00eds, y se asegura que la familia mantenga el poder, evitando que entren otras organizaciones mayores ingresen al lugar. Saben que as\u00ed como les dio el poder, se los puede quitar, asi que solo deben seguir las reglas y mantener el equilibrio de la poblaci\u00f3n.<\/p>\n\n\n\n<!--nextpage-->\n\n\n\n<h2 class=\"wp-block-heading\">Los Andana &#8211; Violencia<\/h2>\n\n\n\n<p class=\"wp-block-paragraph\">Venta de armas, guardias, matones, sicarios y mercenarios. La familia en su mayor\u00eda pertenece a la comisar\u00eda 66\u00ba Comisar\u00eda Bajos de Mena. Sus l\u00edderes juegan un doble papel: Protegen a los vecinos, ni\u00f1os y organizaciones de la poblaci\u00f3n, y al mismo tiempo trafican armas, trafican informaci\u00f3n de objetivos claves a mercenarios, y permiten ciertos &#8220;delitos&#8221; que ayuden a mantener las cosas en Orden. Poseen varios contactos de grupos con habilidades especiales para llevar a cabo sus negocios y sus actividades por lo general se extienden m\u00e1s all\u00e1 de Bajos de Mena. Internamente tienen un sistema de &#8220;cazadores&#8221;, a quienes les dan objetivos de poca relevancia. Si logran el trabajo se llevan dinero, la mayor\u00eda de estos objetivos son de amenazas externas, los objetivos m\u00e1s peligrosos suelen ser criaturas sobrenaturales aunque sus cazadores no lo sepan.<br><\/p>\n\n\n\n<h2 class=\"wp-block-heading\">Influencias<\/h2>\n\n\n\n<p class=\"wp-block-paragraph\">Una figura sombr\u00eda opera tras esta familia, el &#8220;Se\u00f1or D&#8221;. Opera detras de las diversas organizaciones pero nadie lo conoce.<br>El se\u00f1or D, esta asociado con Elosha Andana, quien es su contacto directo. Elosha es hija mayor del lider de la familia. <\/p>\n\n\n\n<p class=\"wp-block-paragraph\"><strong>Elosha Andana: <\/strong>Naci\u00f3 prematura en 1979 y desde ah\u00ed, solo tuvo problemas de salud. Generalmente, el lider de la famila Jorge Andana, la ocultaba del resto de las familias, para no aparentar debilidad. Cuando se da la unificaci\u00f3n de las familias, Andana corria con desventaja. A pesar de ser un hombre fuerte con muchos contactos, su hija era un s\u00edmbolo de debilidad. El se\u00f1or D, quien era uno de sus contactos de armas, le ofreci\u00f3 un tratamiento \u00fanico para lograr que su hija tomara su fuerza y llevara una vida normal. El se\u00f1or D, sin saber Jorge, la convirti\u00f3 en Ghoul y desde ese d\u00eda, tiene una gran influencia en Jorge y sus hermanos y hermanas.<\/p>\n\n\n\n<p class=\"wp-block-paragraph\"><strong>Jorge Andana:<\/strong> Es un hombre de contrastes, un protector de su comunidad que no teme ensuciarse las manos en el submundo criminal. Su amor por su hija es su tal\u00f3n de Aquiles, un punto ciego que lo ha dejado vulnerable a la manipulaci\u00f3n de fuerzas que no comprende completamente. Su historia es un entramado de lealtad, poder y los secretos ocultos que yacen en las sombras de Bajos de Mena.<\/p>\n\n\n\n<p class=\"wp-block-paragraph\"><strong>Leonardo &#8220;Leo&#8221; Mart\u00ednez &#8211; El Fixer:<\/strong><\/p>\n\n\n\n<p class=\"wp-block-paragraph\"><strong><a href=\"https:\/\/chileentinieblas.cl\/en\/pnj\/denzel-el-vio-andana\/\">Denzel Andana<\/a>:<\/strong> Uno de los principales sujetos de acci\u00f3n tras la familia de la violencia, el junto a su <a href=\"https:\/\/chileentinieblas.cl\/en\/agrupaciones\/la-pandilla-de-los-zarpaos\/\">pandilla<\/a> ejecutan los matonajes, espionaje y asesinatos que amenazan a la familia y a otros &#8220;parientes&#8221; con sangre Ratkin entre los pobladores de Bajos de Mena.<\/p>\n\n\n\n<!--nextpage-->\n\n\n\n<h2 class=\"wp-block-heading\">Los Orellana &#8211; Codicia<\/h2>\n\n\n\n<p class=\"wp-block-paragraph\">Mercado negro, venta de drogas, de animales, objetos y sustancias peligrosas, desarmadur\u00eda y reducci\u00f3n de objetos robados. Muchos lanzas salen de ac\u00e1 cuando necesitan insumos r\u00e1pidos, pero sin violencia. Hay bandas de portonazos que de vez en cuando traen veh\u00edculos robados para que los talleres los desarmen r\u00e1pidamente.<\/p>\n\n\n\n<p class=\"wp-block-paragraph\">Los Orellana son esencialmente violentos, su principal negocio son las drogas y sustancias ilegales, lo que hace que se lleven el odio de algunos j\u00f3venes que creen que ese es uno de los motivos del por qu\u00e9 Bajos de Mena est\u00e1 tan mal, la lucha que hay entre los traficantes y los choros que tratan de amedrentarlos solo han logrado que la familia tome medidas m\u00e1s violentas con el tiempo, con la excusa de que solo se defienden de aquellos que intentan romper el acuerdo. Eso hace al mismo tiempo que se vuelvan de los principales clientes de los Andana, quienes a su vez mantienen un equilibrio entre el poder de controlar el canal de venta de armas, con el dinero que los Orellana les ofrecen.<\/p>\n\n\n\n<p class=\"wp-block-paragraph\">El lugar m\u00e1s importante para ellos son las bodegas, donde entran y salen veh\u00edculos cargados de mercanc\u00eda ilegal, para ser distribuidos y comercializados a lo largo del pa\u00eds.<\/p>\n\n\n\n<h3 class=\"wp-block-heading\">Influencias<\/h3>\n\n\n\n<p class=\"wp-block-paragraph\">Un vampiro aliado del se\u00f1or D, llamado Ricco Alves, provee generalmente con mucha de la logistica y suministros para la familia Orellana, mediante sus diversos jovenes narco traficantes. Los Orellana tienen un gran respeto por la banda &#8220;Chucky Albo&#8221;, quienes son el cuerpo de elite de Ricco Alves y son los que tienen relaciones intimas con los Orellana, tanto de amistad y romanticas. Existen por lo menos cuatro hijos entre la banda de la pintana y la familia de los bajos de mena.<\/p>\n\n\n\n<h3 class=\"wp-block-heading\">Sectores y grupos destacados<\/h3>\n\n\n\n<h4 class=\"wp-block-heading\">El Hospital<\/h4>\n\n\n\n<p class=\"wp-block-paragraph\">El Hospital tiene 2 fachadas: la primera es la cara p\u00fablica, aquella que responde a los requerimientos m\u00ednimos de la municipalidad para atender a la gente de Bajos de Mena de manera que no vengan otros organismos estatales a instalar centros de Salud y as\u00ed evitar que el gobierno se entrometa.<\/p>\n\n\n\n<p class=\"wp-block-paragraph\">La otra cara es aquella que usa el 30% de sus instalaciones para el negocio de sustancias ilegales y operaciones clandestinas. Ofrece la infraestructura m\u00ednima (en estado paup\u00e9rrimo) para que se lleven a cabo todo tipo de negocios: Desde laboratorios para crear drogas hasta pabellones donde se realizan abortos, desapariciones de cuerpos, extracci\u00f3n y transplante de \u00f3rganos, implantes no regulados, etc. Algunos dicen que hasta tienen un banco de sangre para gustos m\u00e1s &#8220;refinados&#8221;.<\/p>\n\n\n\n<ul class=\"wp-block-list\">\n<li>Director del hospital: <strong>Agust\u00edn Orellana<\/strong><\/li>\n\n\n\n<li>Jefe de seguridad: (Pendiente)<\/li>\n\n\n\n<li>Doctor especialista en operaciones: (Pendiente)<\/li>\n\n\n\n<li>Encargado de los Pabellones: <strong>Yolanda Barraza<\/strong><\/li>\n\n\n\n<li>Vigilancia de los laboratorios ilegales: (Pendiente)<\/li>\n\n\n\n<li>Jefe de laboratorios ilegales: (Pendiente)<\/li>\n<\/ul>\n\n\n\n<p class=\"wp-block-paragraph\"><br><\/p>\n\n\n\n<!--nextpage-->\n\n\n\n<h2 class=\"wp-block-heading\">Los Far\u00edas, los sapos &#8211; Informaci\u00f3n<\/h2>\n\n\n\n<p class=\"wp-block-paragraph\">La familia Far\u00edas se especializa por ser un grupo que de manera ilegal comercializan informaci\u00f3n privada, privilegiada o sensible. Info que sacan de la deep web, del espionaje, de contactos por toda la ciudad, de  robar informaci\u00f3n con dispositivos de clonaci\u00f3n de tarjetas, virus para hackear cuentas, etc. La familia adem\u00e1s tiene un taller donde son capaces de falsificar documentos con un alto grado de precisi\u00f3n, y unos cuantos computadores para crear montajes falsos audiovisuales o fotogr\u00e1ficos.<\/p>\n\n\n\n<p class=\"wp-block-paragraph\">Ellos manejan mucha informaci\u00f3n de las otras familias tambi\u00e9n, al menos de manera superficial, por lo que logran mantener cierto status que hace que meterse con ellos sea complicado. Tambi\u00e9n tienen cierto peso en sus negocios ya que mantienen las plataformas para contratar los servicios de las otras familias en la deep web, adem\u00e1s de encargarse que no sean rastreados, dentro de los alcances de sus habilidades.<\/p>\n\n\n\n<p class=\"wp-block-paragraph\">Algunos incluso se meten a bases de datos de la PDI para advertir de redadas o de grupos a los que est\u00e9n investigando, pero no dan esa info gratis. Otros rumorean que tienen informantes digitales que le facilitan algunas cosas, pero no suelen meterse tan profundamente en los c\u00edrculos oficiales, conocen sus l\u00edmites y a quienes acudir cuando quieren romperlos, aunque ese servicio suele ser muy costoso.<\/p>\n\n\n\n<p class=\"wp-block-paragraph\">La mayor\u00eda de ellos se la pasa filtrando cuentas de Onlyfans en foros como reddit, posteando informaci\u00f3n falsa en Twitter, creando mails falsos para robar informaci\u00f3n bancaria o falsificando llamadas de urgencia, mucha de esta info llega al sitio en la Deep Web que mantienen para sus negocios llamado &#8220;<strong>El persa de pana<\/strong>&#8221; (Su nombre es intencional para despistar a los investigadores del negocio serio que hay dentro) donde encuentras distintas secciones para los negocios de bajos de mena.<\/p>\n\n\n\n<h3 class=\"wp-block-heading\">Miembros destacados:<\/h3>\n\n\n\n<div class=\"wp-block-media-text is-stacked-on-mobile is-vertically-aligned-top\" style=\"grid-template-columns:20% auto\"><figure class=\"wp-block-media-text__media\"><img fetchpriority=\"high\" decoding=\"async\" width=\"237\" height=\"300\" src=\"https:\/\/chileentinieblas.cl\/wp-content\/uploads\/2022\/09\/farias-237x300.jpg\" alt=\"\" class=\"wp-image-3172 size-medium\" srcset=\"https:\/\/chileentinieblas.cl\/wp-content\/uploads\/2022\/09\/farias-237x300.jpg 237w, https:\/\/chileentinieblas.cl\/wp-content\/uploads\/2022\/09\/farias.jpg 694w\" sizes=\"(max-width: 237px) 100vw, 237px\" \/><\/figure><div class=\"wp-block-media-text__content\">\n<h4 class=\"wp-block-heading\">L\u00edder: Do\u00f1a Luciana Far\u00edas<\/h4>\n\n\n\n<p class=\"wp-block-paragraph\">La se\u00f1ora Luciana, luego de enviudar, qued\u00f3 como la l\u00edder de la familia Far\u00edas. Sus hijos y nietos la respetan ya que en vez de oponerse a las actividades il\u00edcitas que ejecutaban, los orient\u00f3 para enfocarse en el negocio de la informaci\u00f3n, unific\u00e1ndolos y convirti\u00e9ndolos en una de las familias m\u00e1s poderosas. Conocida por sus vecinas por ser parte de las actividades de la comunidad, tiene un excelente ojo para saber donde enviar a su gente a husmear. <\/p>\n<\/div><\/div>\n\n\n\n<div class=\"wp-block-media-text is-stacked-on-mobile is-vertically-aligned-top\" style=\"grid-template-columns:20% auto\"><figure class=\"wp-block-media-text__media\"><img decoding=\"async\" width=\"564\" height=\"774\" src=\"https:\/\/chileentinieblas.cl\/wp-content\/uploads\/2024\/05\/natalia.png\" alt=\"\" class=\"wp-image-5218 size-medium\" srcset=\"https:\/\/chileentinieblas.cl\/wp-content\/uploads\/2024\/05\/natalia.png 564w, https:\/\/chileentinieblas.cl\/wp-content\/uploads\/2024\/05\/natalia-219x300.png 219w\" sizes=\"(max-width: 564px) 100vw, 564px\" \/><\/figure><div class=\"wp-block-media-text__content\">\n<h4 class=\"wp-block-heading\">Comadre Natalia<\/h4>\n\n\n\n<p class=\"wp-block-paragraph\">Amiga cercana, a cargo del grupo de las chismosas, la mano derecha y mejor amiga de do\u00f1a Luciana.<\/p>\n<\/div><\/div>\n\n\n\n<div class=\"wp-block-media-text is-stacked-on-mobile is-vertically-aligned-top\" style=\"grid-template-columns:20% auto\"><figure class=\"wp-block-media-text__media\"><img decoding=\"async\" width=\"1024\" height=\"939\" src=\"https:\/\/chileentinieblas.cl\/wp-content\/uploads\/2024\/05\/guaton-martinez-1024x939.png\" alt=\"\" class=\"wp-image-5219 size-medium\" srcset=\"https:\/\/chileentinieblas.cl\/wp-content\/uploads\/2024\/05\/guaton-martinez-1024x939.png 1024w, https:\/\/chileentinieblas.cl\/wp-content\/uploads\/2024\/05\/guaton-martinez-300x275.png 300w, https:\/\/chileentinieblas.cl\/wp-content\/uploads\/2024\/05\/guaton-martinez-768x704.png 768w, https:\/\/chileentinieblas.cl\/wp-content\/uploads\/2024\/05\/guaton-martinez-1536x1409.png 1536w, https:\/\/chileentinieblas.cl\/wp-content\/uploads\/2024\/05\/guaton-martinez.png 1582w\" sizes=\"(max-width: 1024px) 100vw, 1024px\" \/><\/figure><div class=\"wp-block-media-text__content\">\n<h4 class=\"wp-block-heading\">El guat\u00f3n Mart\u00ednez<\/h4>\n\n\n\n<p class=\"wp-block-paragraph\">Antiguo amigo del difunto esposo de Luciana, a cargo del taller mec\u00e1nico.<\/p>\n<\/div><\/div>\n\n\n\n<div class=\"wp-block-media-text is-stacked-on-mobile is-vertically-aligned-top\" style=\"grid-template-columns:20% auto\"><figure class=\"wp-block-media-text__media\"><img loading=\"lazy\" decoding=\"async\" width=\"1024\" height=\"1024\" src=\"https:\/\/chileentinieblas.cl\/wp-content\/uploads\/2024\/05\/hermanos-1024x1024.png\" alt=\"\" class=\"wp-image-5220 size-medium\" srcset=\"https:\/\/chileentinieblas.cl\/wp-content\/uploads\/2024\/05\/hermanos-1024x1024.png 1024w, https:\/\/chileentinieblas.cl\/wp-content\/uploads\/2024\/05\/hermanos-300x300.png 300w, https:\/\/chileentinieblas.cl\/wp-content\/uploads\/2024\/05\/hermanos-150x150.png 150w, https:\/\/chileentinieblas.cl\/wp-content\/uploads\/2024\/05\/hermanos-768x768.png 768w, https:\/\/chileentinieblas.cl\/wp-content\/uploads\/2024\/05\/hermanos.png 1080w\" sizes=\"(max-width: 1024px) 100vw, 1024px\" \/><\/figure><div class=\"wp-block-media-text__content\">\n<h4 class=\"wp-block-heading\">La Sofi y el Omar<\/h4>\n\n\n\n<p class=\"wp-block-paragraph\">Hermanos Far\u00edas, Omar trata de seguir los pasos de su padre y mantener el negocio, es leal a Luciana aunque encuentra que la tregua es una tontera. La Sofi es m\u00e1s rebelde y le gusta meterse en problemas con las otras familias, sobretodo con los Aldana.<\/p>\n<\/div><\/div>\n\n\n\n<div class=\"wp-block-media-text is-stacked-on-mobile is-vertically-aligned-top\" style=\"grid-template-columns:20% auto\"><figure class=\"wp-block-media-text__media\"><img loading=\"lazy\" decoding=\"async\" width=\"564\" height=\"767\" src=\"https:\/\/chileentinieblas.cl\/wp-content\/uploads\/2024\/05\/la-china.png\" alt=\"\" class=\"wp-image-5221 size-medium\" srcset=\"https:\/\/chileentinieblas.cl\/wp-content\/uploads\/2024\/05\/la-china.png 564w, https:\/\/chileentinieblas.cl\/wp-content\/uploads\/2024\/05\/la-china-221x300.png 221w\" sizes=\"(max-width: 564px) 100vw, 564px\" \/><\/figure><div class=\"wp-block-media-text__content\">\n<h4 class=\"wp-block-heading\">La China<\/h4>\n\n\n\n<p class=\"wp-block-paragraph\">Jefa de seguridad, hace tratos con los Aldana y los Orellana, secretamente es sopl\u00f3n y se lleva muy mal con la Sofi.<\/p>\n<\/div><\/div>\n\n\n\n<div class=\"wp-block-media-text is-stacked-on-mobile is-vertically-aligned-top\" style=\"grid-template-columns:20% auto\"><figure class=\"wp-block-media-text__media\"><img loading=\"lazy\" decoding=\"async\" width=\"564\" height=\"740\" src=\"https:\/\/chileentinieblas.cl\/wp-content\/uploads\/2023\/02\/346c7bfd0303b7f4cd9fa92855f6d541.jpg\" alt=\"\" class=\"wp-image-3431 size-medium\" srcset=\"https:\/\/chileentinieblas.cl\/wp-content\/uploads\/2023\/02\/346c7bfd0303b7f4cd9fa92855f6d541.jpg 564w, https:\/\/chileentinieblas.cl\/wp-content\/uploads\/2023\/02\/346c7bfd0303b7f4cd9fa92855f6d541-229x300.jpg 229w\" sizes=\"(max-width: 564px) 100vw, 564px\" \/><\/figure><div class=\"wp-block-media-text__content\">\n<h4 class=\"wp-block-heading\">Consejero: Lautaro Far\u00edas<\/h4>\n\n\n\n<p class=\"wp-block-paragraph\">Lautaro Far\u00edas es el hermano de Do\u00f1a Luciana, hermano de unos a\u00f1os menor, tiene un cargo de administraci\u00f3n que maneja con justicia y por ello recibe el agradecimiento de la mayor\u00eda que los acompa\u00f1an en la mafia de los Far\u00edas, pero es ambicioso por dentro, ya que considera que la tregua de la hermana con el tiempo acabar\u00e1 destruyendo a la familia, cree que ser due\u00f1os de la informaci\u00f3n es solo un poder superficial comparado a las armas y drogas de las otras familias y eso le preocupa, as\u00ed que har\u00e1 lo posible para darle una ventaja mayor a su familia, aunque sea en contra de los intereses de su hermana. El chico a diferencia de su hermana estudi\u00f3 en un instituto. <\/p>\n<\/div><\/div>\n\n\n\n<h3 class=\"wp-block-heading\">Sectores y grupos destacados<\/h3>\n\n\n\n<h4 class=\"wp-block-heading\">Las vieja &#8220;cahuineras&#8221;<\/h4>\n\n\n\n<p class=\"wp-block-paragraph\">Las viejas son principalmente se\u00f1oras que intercambian informaci\u00f3n entre ellas en juntas de vecinos, ferias, negocios, centros de madre, etc, pero influenciadas por Do\u00f1a Luciana, a puros rumores son capaces de saber todo lo que pasa en el barrio. Gracias a la venta de esta informaci\u00f3n han podido promover actividades para adultos mayores en la comunidad.<\/p>\n\n\n\n<h4 class=\"wp-block-heading\">El taller de los farsantes<\/h4>\n\n\n\n<p class=\"wp-block-paragraph\">Tapado por el pl\u00e1stico y las telas, cerca de la antena se encuentra el taller de los farsantes, donde van a parar diversos dispositivos para clonar tarjetas, hackear computadores, chips robados, etc, que usan para robar informaci\u00f3n tanto los miembros de la familia como los clientes que los compran. Los dispositivos m\u00e1s complejos suelen conseguirlos por contactos an\u00f3nimos en toda la ciudad, y tra\u00eddos por una red de delivery.<\/p>\n\n\n\n<p class=\"wp-block-paragraph\">Equipo:<\/p>\n\n\n\n<p class=\"wp-block-paragraph\"><strong>El Cristiano<\/strong>: Parecido al futbolista, es el encargado del taller, buen negociante, pero choro.<\/p>\n\n\n\n<p class=\"wp-block-paragraph\"><strong>La Taylor<\/strong>: Mujer de casi 30, ruda, no le importa ensuciarse las manos para alimentar a sus hijos, excelente armando y desarmando piezas.<\/p>\n\n\n\n<p class=\"wp-block-paragraph\"><strong>El Gary<\/strong>: Cabro tatuado, metalero, maneja una moto para el delivery entre las familias y otros clientes.<\/p>\n\n\n\n<h4 class=\"wp-block-heading\">El persa de Pana<\/h4>\n\n\n\n<p class=\"wp-block-paragraph\">Sitio web de la DeepWeb accesible solo por el navegador Tor, usando una direcci\u00f3n espec\u00edfica o busc\u00e1ndolo en la Hidden Wiki, es donde se concentra gran parte de los negocios de bajos de Mena para aquellos que quieran contactarse digitalmente, cuenta con una serie de links a distintos foros, la mayor\u00eda de ellos son estafas o informaci\u00f3n basura como foros conspiranoicos, activismo pol\u00edtico, conflicto de bandas, etc. Pero entre ellos se destacan los siguientes:<\/p>\n\n\n\n<div class=\"wp-block-media-text is-stacked-on-mobile is-vertically-aligned-top\" style=\"grid-template-columns:20% auto\"><figure class=\"wp-block-media-text__media\"><img loading=\"lazy\" decoding=\"async\" width=\"300\" height=\"300\" src=\"https:\/\/chileentinieblas.cl\/wp-content\/uploads\/2022\/09\/ElYaku-300x300.jpg\" alt=\"\" class=\"wp-image-3166 size-medium\" srcset=\"https:\/\/chileentinieblas.cl\/wp-content\/uploads\/2022\/09\/ElYaku-300x300.jpg 300w, https:\/\/chileentinieblas.cl\/wp-content\/uploads\/2022\/09\/ElYaku-150x150.jpg 150w, https:\/\/chileentinieblas.cl\/wp-content\/uploads\/2022\/09\/ElYaku.jpg 512w\" sizes=\"(max-width: 300px) 100vw, 300px\" \/><\/figure><div class=\"wp-block-media-text__content\">\n<h5 class=\"wp-block-heading\">El YakU<\/h5>\n\n\n\n<p class=\"wp-block-paragraph\">Administrador del <strong>Persa de Pana<\/strong> tiene a una serie de cabros j\u00f3venes a los que les paga los estudios y comparte sus ganancias para que mantengan el foro y los servidores donde est\u00e1 alojado, lo usa como medio para adquirir y negociar informaci\u00f3n legal e ilegal, ademas de hacerse de contactos con otros hackers interesados en FlameWars. A cambio aport\u00f3 para construir una antena y darle internet a bajos de mena a pesar de que las empresas se negaban.<\/p>\n\n\n\n<h5 class=\"wp-block-heading\">Equipo:<\/h5>\n\n\n\n<p class=\"wp-block-paragraph\"><strong>El Byron y el Jeison<\/strong>: Guardias armados<\/p>\n\n\n\n<p class=\"wp-block-paragraph\"><strong>La Cesi y la Sharon<\/strong>: Encargadas de los negocios online y las estafas.<\/p>\n\n\n\n<p class=\"wp-block-paragraph\"><strong>Alonzo<\/strong>: Cabro universitario a cargo de la mantenci\u00f3n de los equipos, fan de fumar pito.<\/p>\n\n\n\n<p class=\"wp-block-paragraph\"><\/p>\n<\/div><\/div>\n\n\n\n<ul class=\"wp-block-list\">\n<li><strong>Flamewars<\/strong>: Foro donde compiten por ser los mejores hackers, ah\u00ed encuentran herramientas que les permiten hacer mejor su trabajo y comprar dispositivos para robos digitales, por lo general el admin pone un tema y los usuarios van ganando reputaci\u00f3n en base a una puntuaci\u00f3n por cada tarea lograda,  tambi\u00e9n pueden ganar puntos por m\u00e9ritos propios que suban al foro (bromas, filtraci\u00f3n de informaci\u00f3n, compartir cuentas privadas, etc.) Cuenta con un espacio para contratar servicios de hackers como hackear cuentas de redes sociales, sitios web, o cuentas financieras, y otro donde desarrollan softwares para romper seguridad, como spywares, malwares, etc.<\/li>\n\n\n\n<li><strong>El rinc\u00f3n del sutro<\/strong>: Foro donde se filtran cuentas de sitios pornogr\u00e1ficos privados, se comparten videos caseros y donde pueden contratar escorts o servicios de prostituci\u00f3n que ofrece la familia (Pendiente) de bajos de Mena. Cuando se contrata un servicio digital, la familia (pendiente) tambi\u00e9n se lleva parte de la comisi\u00f3n.<\/li>\n\n\n\n<li><strong>Foro de art\u00edculos ilegales (Nombre Pendiente)<\/strong>: Foro que se conecta con el negocio ilegal de la familia (pendiente) y la venta de drogas de la familia (pendiente), se puede contratar un delivery incluso, lo que no hace necesario que el producto vayan a buscarlo a bajos de Mena (Si conf\u00edan en el delivery).<\/li>\n\n\n\n<li><strong>Foro de armas y sicarios (Nombre Pendiente)<\/strong>: Foro para conseguir armas que no est\u00e9n registradas, repuestos, balas, etc. Adem\u00e1s ofrece servicios de sicarios, mercenarios y guardias. El foro est\u00e1 directamente ligado a la familia (Pendiente). Admin pendiente<\/li>\n<\/ul>","protected":false},"author":1,"featured_media":3056,"template":"","juego":[117],"class_list":["post-3055","localidad","type-localidad","status-publish","has-post-thumbnail","hentry","juego-mundo-de-tinieblas"],"acf":{"ubicacion":{"address":"Parque Juan Pablo II - Av. Juanita \/ esq, La Lecher\u00eda, Puente Alto, Regi\u00f3n Metropolitana, Chile","lat":-33.6238664221162224521322059445083141326904296875,"lng":-70.6163566772460882248196867294609546661376953125,"zoom":13,"place_id":"ChIJqVwYUo_XYpYRXrHSpsq-Src","street_name":"La Lecher\u00eda","city":"Puente Alto","state":"Regi\u00f3n Metropolitana","country":"Chile","country_short":"CL"},"imagenes_de_referencia":[3461,3130,3131,3132,3133,3134,3135],"lideres_localidad":[2537],"miembros_localidad":[2553,3204,3198,4890],"informacion_privada":"","mapa_de_kumu_u_otro_embed":null},"yoast_head":"<!-- This site is optimized with the Yoast SEO plugin v28.4 - https:\/\/yoast.com\/product\/yoast-seo-wordpress\/ -->\n<title>Bajos de Mena - La capital roja - Chile en Tinieblas<\/title>\n<meta name=\"robots\" content=\"index, follow, max-snippet:-1, max-image-preview:large, max-video-preview:-1\" \/>\n<link rel=\"canonical\" href=\"https:\/\/chileentinieblas.cl\/en\/localidad\/bajos-de-mena\/\" \/>\n<link rel=\"next\" href=\"https:\/\/chileentinieblas.cl\/localidad\/bajos-de-mena\/2\/\" \/>\n<meta property=\"og:locale\" content=\"en_US\" \/>\n<meta property=\"og:type\" content=\"article\" \/>\n<meta property=\"og:title\" content=\"Bajos de Mena - La capital roja - Chile en Tinieblas\" \/>\n<meta property=\"og:description\" content=\"Considerado el basurero de Santiago, es el entorno m\u00e1s peligroso que tiene la ciudad. Est\u00e1 dominado por 4 familias criminales, esencialmente humanas, que controlan distintos negocios ilegales que se hacen en la ciudad. Existe un delgado equilibrio entre estos grupos, pero de vez en cuando sus bandas se pelean o se asaltan unos a otros, [&hellip;]\" \/>\n<meta property=\"og:url\" content=\"https:\/\/chileentinieblas.cl\/en\/localidad\/bajos-de-mena\/\" \/>\n<meta property=\"og:site_name\" content=\"Chile en Tinieblas\" \/>\n<meta property=\"article:publisher\" content=\"https:\/\/www.facebook.com\/ChileenTinieblas\" \/>\n<meta property=\"article:modified_time\" content=\"2024-05-09T04:50:54+00:00\" \/>\n<meta property=\"og:image\" content=\"https:\/\/cdna.artstation.com\/p\/assets\/images\/images\/007\/167\/880\/4k\/rogelio-olguin-sri-h-1.jpg?1504165908\" \/>\n\t<meta property=\"og:image:width\" content=\"2560\" \/>\n\t<meta property=\"og:image:height\" content=\"1513\" \/>\n\t<meta property=\"og:image:type\" content=\"image\/jpeg\" \/>\n<meta name=\"twitter:card\" content=\"summary_large_image\" \/>\n<meta name=\"twitter:label1\" content=\"Est. reading time\" \/>\n\t<meta name=\"twitter:data1\" content=\"17 minutes\" \/>\n<script type=\"application\/ld+json\" class=\"yoast-schema-graph\">{\"@context\":\"https:\\\/\\\/schema.org\",\"@graph\":[{\"@type\":\"WebPage\",\"@id\":\"https:\\\/\\\/chileentinieblas.cl\\\/localidad\\\/bajos-de-mena\\\/\",\"url\":\"https:\\\/\\\/chileentinieblas.cl\\\/localidad\\\/bajos-de-mena\\\/\",\"name\":\"Bajos de Mena - La capital roja - Chile en Tinieblas\",\"isPartOf\":{\"@id\":\"https:\\\/\\\/chileentinieblas.cl\\\/#website\"},\"primaryImageOfPage\":{\"@id\":\"https:\\\/\\\/chileentinieblas.cl\\\/localidad\\\/bajos-de-mena\\\/#primaryimage\"},\"image\":{\"@id\":\"https:\\\/\\\/chileentinieblas.cl\\\/localidad\\\/bajos-de-mena\\\/#primaryimage\"},\"thumbnailUrl\":\"https:\\\/\\\/cdna.artstation.com\\\/p\\\/assets\\\/images\\\/images\\\/007\\\/167\\\/880\\\/4k\\\/rogelio-olguin-sri-h-1.jpg?1504165908\",\"datePublished\":\"2022-09-19T06:49:03+00:00\",\"dateModified\":\"2024-05-09T04:50:54+00:00\",\"breadcrumb\":{\"@id\":\"https:\\\/\\\/chileentinieblas.cl\\\/localidad\\\/bajos-de-mena\\\/#breadcrumb\"},\"inLanguage\":\"en-US\",\"potentialAction\":[{\"@type\":\"ReadAction\",\"target\":[\"https:\\\/\\\/chileentinieblas.cl\\\/localidad\\\/bajos-de-mena\\\/\"]}]},{\"@type\":\"ImageObject\",\"inLanguage\":\"en-US\",\"@id\":\"https:\\\/\\\/chileentinieblas.cl\\\/localidad\\\/bajos-de-mena\\\/#primaryimage\",\"url\":\"https:\\\/\\\/cdna.artstation.com\\\/p\\\/assets\\\/images\\\/images\\\/007\\\/167\\\/880\\\/4k\\\/rogelio-olguin-sri-h-1.jpg?1504165908\",\"contentUrl\":\"https:\\\/\\\/cdna.artstation.com\\\/p\\\/assets\\\/images\\\/images\\\/007\\\/167\\\/880\\\/4k\\\/rogelio-olguin-sri-h-1.jpg?1504165908\",\"width\":2560,\"height\":1513},{\"@type\":\"BreadcrumbList\",\"@id\":\"https:\\\/\\\/chileentinieblas.cl\\\/localidad\\\/bajos-de-mena\\\/#breadcrumb\",\"itemListElement\":[{\"@type\":\"ListItem\",\"position\":1,\"name\":\"Portada\",\"item\":\"https:\\\/\\\/chileentinieblas.cl\\\/\"},{\"@type\":\"ListItem\",\"position\":2,\"name\":\"localidades\"}]},{\"@type\":\"WebSite\",\"@id\":\"https:\\\/\\\/chileentinieblas.cl\\\/#website\",\"url\":\"https:\\\/\\\/chileentinieblas.cl\\\/\",\"name\":\"Chile en Tinieblas\",\"description\":\"Un servidor con mesas de rol de Mundo de Tinieblas\",\"publisher\":{\"@id\":\"https:\\\/\\\/chileentinieblas.cl\\\/#organization\"},\"potentialAction\":[{\"@type\":\"SearchAction\",\"target\":{\"@type\":\"EntryPoint\",\"urlTemplate\":\"https:\\\/\\\/chileentinieblas.cl\\\/?s={search_term_string}\"},\"query-input\":{\"@type\":\"PropertyValueSpecification\",\"valueRequired\":true,\"valueName\":\"search_term_string\"}}],\"inLanguage\":\"en-US\"},{\"@type\":\"Organization\",\"@id\":\"https:\\\/\\\/chileentinieblas.cl\\\/#organization\",\"name\":\"Chile en Tinieblas\",\"url\":\"https:\\\/\\\/chileentinieblas.cl\\\/\",\"logo\":{\"@type\":\"ImageObject\",\"inLanguage\":\"en-US\",\"@id\":\"https:\\\/\\\/chileentinieblas.cl\\\/#\\\/schema\\\/logo\\\/image\\\/\",\"url\":\"https:\\\/\\\/chileentinieblas.cl\\\/wp-content\\\/uploads\\\/2021\\\/12\\\/logo-cet-claro.png\",\"contentUrl\":\"https:\\\/\\\/chileentinieblas.cl\\\/wp-content\\\/uploads\\\/2021\\\/12\\\/logo-cet-claro.png\",\"width\":1001,\"height\":1030,\"caption\":\"Chile en Tinieblas\"},\"image\":{\"@id\":\"https:\\\/\\\/chileentinieblas.cl\\\/#\\\/schema\\\/logo\\\/image\\\/\"},\"sameAs\":[\"https:\\\/\\\/www.facebook.com\\\/ChileenTinieblas\",\"https:\\\/\\\/www.instagram.com\\\/chileentinieblas\\\/\",\"https:\\\/\\\/www.youtube.com\\\/@chileentinieblas\",\"https:\\\/\\\/www.tiktok.com\\\/@chileentinieblas\"]}]}<\/script>\n<!-- \/ Yoast SEO plugin. -->","yoast_head_json":{"title":"Bajos de Mena - La capital roja - Chile en Tinieblas","robots":{"index":"index","follow":"follow","max-snippet":"max-snippet:-1","max-image-preview":"max-image-preview:large","max-video-preview":"max-video-preview:-1"},"canonical":"https:\/\/chileentinieblas.cl\/en\/localidad\/bajos-de-mena\/","next":"https:\/\/chileentinieblas.cl\/localidad\/bajos-de-mena\/2\/","og_locale":"en_US","og_type":"article","og_title":"Bajos de Mena - La capital roja - Chile en Tinieblas","og_description":"Considerado el basurero de Santiago, es el entorno m\u00e1s peligroso que tiene la ciudad. Est\u00e1 dominado por 4 familias criminales, esencialmente humanas, que controlan distintos negocios ilegales que se hacen en la ciudad. Existe un delgado equilibrio entre estos grupos, pero de vez en cuando sus bandas se pelean o se asaltan unos a otros, [&hellip;]","og_url":"https:\/\/chileentinieblas.cl\/en\/localidad\/bajos-de-mena\/","og_site_name":"Chile en Tinieblas","article_publisher":"https:\/\/www.facebook.com\/ChileenTinieblas","article_modified_time":"2024-05-09T04:50:54+00:00","og_image":[{"width":2560,"height":1513,"url":"https:\/\/cdna.artstation.com\/p\/assets\/images\/images\/007\/167\/880\/4k\/rogelio-olguin-sri-h-1.jpg?1504165908","type":"image\/jpeg"}],"twitter_card":"summary_large_image","twitter_misc":{"Est. reading time":"17 minutes"},"schema":{"@context":"https:\/\/schema.org","@graph":[{"@type":"WebPage","@id":"https:\/\/chileentinieblas.cl\/localidad\/bajos-de-mena\/","url":"https:\/\/chileentinieblas.cl\/localidad\/bajos-de-mena\/","name":"Bajos de Mena - La capital roja - Chile en Tinieblas","isPartOf":{"@id":"https:\/\/chileentinieblas.cl\/#website"},"primaryImageOfPage":{"@id":"https:\/\/chileentinieblas.cl\/localidad\/bajos-de-mena\/#primaryimage"},"image":{"@id":"https:\/\/chileentinieblas.cl\/localidad\/bajos-de-mena\/#primaryimage"},"thumbnailUrl":"https:\/\/cdna.artstation.com\/p\/assets\/images\/images\/007\/167\/880\/4k\/rogelio-olguin-sri-h-1.jpg?1504165908","datePublished":"2022-09-19T06:49:03+00:00","dateModified":"2024-05-09T04:50:54+00:00","breadcrumb":{"@id":"https:\/\/chileentinieblas.cl\/localidad\/bajos-de-mena\/#breadcrumb"},"inLanguage":"en-US","potentialAction":[{"@type":"ReadAction","target":["https:\/\/chileentinieblas.cl\/localidad\/bajos-de-mena\/"]}]},{"@type":"ImageObject","inLanguage":"en-US","@id":"https:\/\/chileentinieblas.cl\/localidad\/bajos-de-mena\/#primaryimage","url":"https:\/\/cdna.artstation.com\/p\/assets\/images\/images\/007\/167\/880\/4k\/rogelio-olguin-sri-h-1.jpg?1504165908","contentUrl":"https:\/\/cdna.artstation.com\/p\/assets\/images\/images\/007\/167\/880\/4k\/rogelio-olguin-sri-h-1.jpg?1504165908","width":2560,"height":1513},{"@type":"BreadcrumbList","@id":"https:\/\/chileentinieblas.cl\/localidad\/bajos-de-mena\/#breadcrumb","itemListElement":[{"@type":"ListItem","position":1,"name":"Portada","item":"https:\/\/chileentinieblas.cl\/"},{"@type":"ListItem","position":2,"name":"localidades"}]},{"@type":"WebSite","@id":"https:\/\/chileentinieblas.cl\/#website","url":"https:\/\/chileentinieblas.cl\/","name":"Chile en Tinieblas","description":"Un servidor con mesas de rol de Mundo de Tinieblas","publisher":{"@id":"https:\/\/chileentinieblas.cl\/#organization"},"potentialAction":[{"@type":"SearchAction","target":{"@type":"EntryPoint","urlTemplate":"https:\/\/chileentinieblas.cl\/?s={search_term_string}"},"query-input":{"@type":"PropertyValueSpecification","valueRequired":true,"valueName":"search_term_string"}}],"inLanguage":"en-US"},{"@type":"Organization","@id":"https:\/\/chileentinieblas.cl\/#organization","name":"Chile en Tinieblas","url":"https:\/\/chileentinieblas.cl\/","logo":{"@type":"ImageObject","inLanguage":"en-US","@id":"https:\/\/chileentinieblas.cl\/#\/schema\/logo\/image\/","url":"https:\/\/chileentinieblas.cl\/wp-content\/uploads\/2021\/12\/logo-cet-claro.png","contentUrl":"https:\/\/chileentinieblas.cl\/wp-content\/uploads\/2021\/12\/logo-cet-claro.png","width":1001,"height":1030,"caption":"Chile en Tinieblas"},"image":{"@id":"https:\/\/chileentinieblas.cl\/#\/schema\/logo\/image\/"},"sameAs":["https:\/\/www.facebook.com\/ChileenTinieblas","https:\/\/www.instagram.com\/chileentinieblas\/","https:\/\/www.youtube.com\/@chileentinieblas","https:\/\/www.tiktok.com\/@chileentinieblas"]}]}},"jetpack_sharing_enabled":true,"_links":{"self":[{"href":"https:\/\/chileentinieblas.cl\/en\/wp-json\/wp\/v2\/localidad\/3055","targetHints":{"allow":["GET"]}}],"collection":[{"href":"https:\/\/chileentinieblas.cl\/en\/wp-json\/wp\/v2\/localidad"}],"about":[{"href":"https:\/\/chileentinieblas.cl\/en\/wp-json\/wp\/v2\/types\/localidad"}],"author":[{"embeddable":true,"href":"https:\/\/chileentinieblas.cl\/en\/wp-json\/wp\/v2\/users\/1"}],"acf:post":[{"embeddable":true,"href":"https:\/\/chileentinieblas.cl\/en\/wp-json\/wp\/v2\/pnj\/4890"},{"embeddable":true,"href":"https:\/\/chileentinieblas.cl\/en\/wp-json\/wp\/v2\/pnj\/3198"},{"embeddable":true,"href":"https:\/\/chileentinieblas.cl\/en\/wp-json\/wp\/v2\/pnj\/3204"},{"embeddable":true,"href":"https:\/\/chileentinieblas.cl\/en\/wp-json\/wp\/v2\/pnj\/2553"},{"embeddable":true,"href":"https:\/\/chileentinieblas.cl\/en\/wp-json\/wp\/v2\/pnj\/2537"}],"acf:attachment":[{"embeddable":true,"href":"https:\/\/chileentinieblas.cl\/en\/wp-json\/wp\/v2\/media\/3135"},{"embeddable":true,"href":"https:\/\/chileentinieblas.cl\/en\/wp-json\/wp\/v2\/media\/3134"},{"embeddable":true,"href":"https:\/\/chileentinieblas.cl\/en\/wp-json\/wp\/v2\/media\/3133"},{"embeddable":true,"href":"https:\/\/chileentinieblas.cl\/en\/wp-json\/wp\/v2\/media\/3132"},{"embeddable":true,"href":"https:\/\/chileentinieblas.cl\/en\/wp-json\/wp\/v2\/media\/3131"},{"embeddable":true,"href":"https:\/\/chileentinieblas.cl\/en\/wp-json\/wp\/v2\/media\/3130"},{"embeddable":true,"href":"https:\/\/chileentinieblas.cl\/en\/wp-json\/wp\/v2\/media\/3461"}],"wp:featuredmedia":[{"embeddable":true,"href":"https:\/\/chileentinieblas.cl\/en\/wp-json\/wp\/v2\/media\/3056"}],"wp:attachment":[{"href":"https:\/\/chileentinieblas.cl\/en\/wp-json\/wp\/v2\/media?parent=3055"}],"wp:term":[{"taxonomy":"juego","embeddable":true,"href":"https:\/\/chileentinieblas.cl\/en\/wp-json\/wp\/v2\/juego?post=3055"}],"curies":[{"name":"wp","href":"https:\/\/api.w.org\/{rel}","templated":true}]}}