{"id":8183,"date":"2026-09-02T00:04:21","date_gmt":"2026-09-02T00:04:21","guid":{"rendered":"https:\/\/chileentinieblas.cl\/?post_type=agrupaciones&#038;p=8183"},"modified":"2026-09-02T00:04:23","modified_gmt":"2026-09-02T00:04:23","slug":"coordinadora-arauco-malleco-cam","status":"publish","type":"agrupaciones","link":"https:\/\/chileentinieblas.cl\/en\/agrupaciones\/coordinadora-arauco-malleco-cam\/","title":{"rendered":"Coordinadora Arauco Malleco (CAM)"},"content":{"rendered":"<p class=\"wp-block-paragraph\">La Coordinadora Arauco-Malleco (CAM) es una organizaci\u00f3n pol\u00edtica mapuche surgida a fines de la d\u00e9cada de 1990, principalmente en la zona de Arauco y Malleco, cuyo objetivo declarado ha sido avanzar hacia la recuperaci\u00f3n territorial y la autonom\u00eda del pueblo mapuche. Su aparici\u00f3n se encuentra vinculada a un contexto de conflicto entre comunidades mapuche, empresas forestales y el Estado chileno, especialmente en territorios que las organizaciones reivindican como ancestrales. A diferencia de otras organizaciones mapuche que han privilegiado v\u00edas institucionales, la CAM ha desarrollado una estrategia caracterizada por la acci\u00f3n directa y por una cr\u00edtica profunda al modelo econ\u00f3mico y pol\u00edtico chileno. Dentro de su discurso, la recuperaci\u00f3n territorial no constituye \u00fanicamente una demanda por tierras, sino que representa una forma de cuestionar las relaciones hist\u00f3ricas de poder que se han establecido sobre el territorio mapuche.<\/p>\n\n\n\n<p class=\"wp-block-paragraph\">En este sentido, la CAM se ha convertido en uno de los actores m\u00e1s relevantes y controvertidos del conflicto entre el Estado chileno y el pueblo mapuche. Sus acciones, particularmente los ataques incendiarios y otras formas de sabotaje dirigidas principalmente contra instalaciones forestales y bienes vinculados a empresas, han generado una fuerte respuesta estatal y un intenso debate p\u00fablico respecto de los l\u00edmites entre reivindicaci\u00f3n pol\u00edtica, resistencia y violencia. Al mismo tiempo, la organizaci\u00f3n sostiene que sus acciones deben comprenderse dentro de un proceso hist\u00f3rico m\u00e1s amplio de despojo territorial y marginaci\u00f3n de las comunidades mapuche. Por esta raz\u00f3n, estudiar a la CAM implica observar no solamente sus acciones concretas, sino tambi\u00e9n las condiciones sociales, econ\u00f3micas e hist\u00f3ricas que permiten comprender su aparici\u00f3n y permanencia dentro del conflicto territorial de La Araucan\u00eda.<\/p>\n\n\n\n<p class=\"wp-block-paragraph\">Si bien es una formaci\u00f3n humana, entre sus filas hay criaturas sobrenaturales variadas pero unidas bajo los mismos ideales. Desde magos, garous, changelings, demonios y entre otros, todos influencian desde las sombras a la CAM, as\u00ed como fungir como protectores espirituales.<\/p>","protected":false},"excerpt":{"rendered":"<p>La Coordinadora Arauco-Malleco (CAM) es una organizaci\u00f3n pol\u00edtica mapuche surgida a fines de la d\u00e9cada de 1990, principalmente en la zona de Arauco y Malleco, cuyo objetivo declarado ha sido avanzar hacia la recuperaci\u00f3n territorial y la autonom\u00eda del pueblo mapuche. Su aparici\u00f3n se encuentra vinculada a un contexto de conflicto entre comunidades mapuche, empresas [&hellip;]<\/p>\n","protected":false},"author":34,"featured_media":8184,"template":"","juego":[],"class_list":["post-8183","agrupaciones","type-agrupaciones","status-publish","has-post-thumbnail","hentry"],"acf":{"lideres_agrupacion":"","integrantes_agrupacion":"","integrantes-secundarios":null,"simbolo":"","estatus":"Activo","informacion_privada":"","mapa_de_kumu_u_otro_embed":""},"yoast_head":"<!-- This site is optimized with the Yoast SEO plugin v28.4 - https:\/\/yoast.com\/product\/yoast-seo-wordpress\/ -->\n<title>Coordinadora Arauco Malleco (CAM) - Chile en Tinieblas<\/title>\n<meta name=\"robots\" content=\"index, follow, max-snippet:-1, max-image-preview:large, max-video-preview:-1\" \/>\n<link rel=\"canonical\" href=\"https:\/\/chileentinieblas.cl\/en\/agrupaciones\/coordinadora-arauco-malleco-cam\/\" \/>\n<meta property=\"og:locale\" content=\"en_US\" \/>\n<meta property=\"og:type\" content=\"article\" \/>\n<meta property=\"og:title\" content=\"Coordinadora Arauco Malleco (CAM) - Chile en Tinieblas\" \/>\n<meta property=\"og:description\" content=\"La Coordinadora Arauco-Malleco (CAM) es una organizaci\u00f3n pol\u00edtica mapuche surgida a fines de la d\u00e9cada de 1990, principalmente en la zona de Arauco y Malleco, cuyo objetivo declarado ha sido avanzar hacia la recuperaci\u00f3n territorial y la autonom\u00eda del pueblo mapuche. Su aparici\u00f3n se encuentra vinculada a un contexto de conflicto entre comunidades mapuche, empresas [&hellip;]\" \/>\n<meta property=\"og:url\" content=\"https:\/\/chileentinieblas.cl\/en\/agrupaciones\/coordinadora-arauco-malleco-cam\/\" \/>\n<meta property=\"og:site_name\" content=\"Chile en Tinieblas\" \/>\n<meta property=\"article:publisher\" content=\"https:\/\/www.facebook.com\/ChileenTinieblas\" \/>\n<meta property=\"article:modified_time\" content=\"2026-09-02T00:04:23+00:00\" \/>\n<meta property=\"og:image\" content=\"https:\/\/chileentinieblas.cl\/wp-content\/uploads\/2026\/09\/multimedia.normal.ac17e70434296d7a.Q0FNX25vcm1hbC53ZWJw.webp\" \/>\n\t<meta property=\"og:image:width\" content=\"966\" \/>\n\t<meta property=\"og:image:height\" content=\"1000\" \/>\n\t<meta property=\"og:image:type\" content=\"image\/webp\" \/>\n<meta name=\"twitter:card\" content=\"summary_large_image\" \/>\n<meta name=\"twitter:label1\" content=\"Est. reading time\" \/>\n\t<meta name=\"twitter:data1\" content=\"2 minutes\" \/>\n<script type=\"application\/ld+json\" class=\"yoast-schema-graph\">{\"@context\":\"https:\\\/\\\/schema.org\",\"@graph\":[{\"@type\":\"WebPage\",\"@id\":\"https:\\\/\\\/chileentinieblas.cl\\\/agrupaciones\\\/coordinadora-arauco-malleco-cam\\\/\",\"url\":\"https:\\\/\\\/chileentinieblas.cl\\\/agrupaciones\\\/coordinadora-arauco-malleco-cam\\\/\",\"name\":\"Coordinadora Arauco Malleco (CAM) - Chile en Tinieblas\",\"isPartOf\":{\"@id\":\"https:\\\/\\\/chileentinieblas.cl\\\/#website\"},\"primaryImageOfPage\":{\"@id\":\"https:\\\/\\\/chileentinieblas.cl\\\/agrupaciones\\\/coordinadora-arauco-malleco-cam\\\/#primaryimage\"},\"image\":{\"@id\":\"https:\\\/\\\/chileentinieblas.cl\\\/agrupaciones\\\/coordinadora-arauco-malleco-cam\\\/#primaryimage\"},\"thumbnailUrl\":\"https:\\\/\\\/chileentinieblas.cl\\\/wp-content\\\/uploads\\\/2026\\\/09\\\/multimedia.normal.ac17e70434296d7a.Q0FNX25vcm1hbC53ZWJw.webp\",\"datePublished\":\"2026-09-02T00:04:21+00:00\",\"dateModified\":\"2026-09-02T00:04:23+00:00\",\"breadcrumb\":{\"@id\":\"https:\\\/\\\/chileentinieblas.cl\\\/agrupaciones\\\/coordinadora-arauco-malleco-cam\\\/#breadcrumb\"},\"inLanguage\":\"en-US\",\"potentialAction\":[{\"@type\":\"ReadAction\",\"target\":[\"https:\\\/\\\/chileentinieblas.cl\\\/agrupaciones\\\/coordinadora-arauco-malleco-cam\\\/\"]}]},{\"@type\":\"ImageObject\",\"inLanguage\":\"en-US\",\"@id\":\"https:\\\/\\\/chileentinieblas.cl\\\/agrupaciones\\\/coordinadora-arauco-malleco-cam\\\/#primaryimage\",\"url\":\"https:\\\/\\\/chileentinieblas.cl\\\/wp-content\\\/uploads\\\/2026\\\/09\\\/multimedia.normal.ac17e70434296d7a.Q0FNX25vcm1hbC53ZWJw.webp\",\"contentUrl\":\"https:\\\/\\\/chileentinieblas.cl\\\/wp-content\\\/uploads\\\/2026\\\/09\\\/multimedia.normal.ac17e70434296d7a.Q0FNX25vcm1hbC53ZWJw.webp\",\"width\":966,\"height\":1000},{\"@type\":\"BreadcrumbList\",\"@id\":\"https:\\\/\\\/chileentinieblas.cl\\\/agrupaciones\\\/coordinadora-arauco-malleco-cam\\\/#breadcrumb\",\"itemListElement\":[{\"@type\":\"ListItem\",\"position\":1,\"name\":\"Portada\",\"item\":\"https:\\\/\\\/chileentinieblas.cl\\\/\"},{\"@type\":\"ListItem\",\"position\":2,\"name\":\"agrupaciones\",\"item\":\"https:\\\/\\\/chileentinieblas.cl\\\/agrupaciones\\\/\"},{\"@type\":\"ListItem\",\"position\":3,\"name\":\"Coordinadora Arauco Malleco (CAM)\"}]},{\"@type\":\"WebSite\",\"@id\":\"https:\\\/\\\/chileentinieblas.cl\\\/#website\",\"url\":\"https:\\\/\\\/chileentinieblas.cl\\\/\",\"name\":\"Chile en Tinieblas\",\"description\":\"Un servidor con mesas de rol de Mundo de Tinieblas\",\"publisher\":{\"@id\":\"https:\\\/\\\/chileentinieblas.cl\\\/#organization\"},\"potentialAction\":[{\"@type\":\"SearchAction\",\"target\":{\"@type\":\"EntryPoint\",\"urlTemplate\":\"https:\\\/\\\/chileentinieblas.cl\\\/?s={search_term_string}\"},\"query-input\":{\"@type\":\"PropertyValueSpecification\",\"valueRequired\":true,\"valueName\":\"search_term_string\"}}],\"inLanguage\":\"en-US\"},{\"@type\":\"Organization\",\"@id\":\"https:\\\/\\\/chileentinieblas.cl\\\/#organization\",\"name\":\"Chile en Tinieblas\",\"url\":\"https:\\\/\\\/chileentinieblas.cl\\\/\",\"logo\":{\"@type\":\"ImageObject\",\"inLanguage\":\"en-US\",\"@id\":\"https:\\\/\\\/chileentinieblas.cl\\\/#\\\/schema\\\/logo\\\/image\\\/\",\"url\":\"https:\\\/\\\/chileentinieblas.cl\\\/wp-content\\\/uploads\\\/2021\\\/12\\\/logo-cet-claro.png\",\"contentUrl\":\"https:\\\/\\\/chileentinieblas.cl\\\/wp-content\\\/uploads\\\/2021\\\/12\\\/logo-cet-claro.png\",\"width\":1001,\"height\":1030,\"caption\":\"Chile en Tinieblas\"},\"image\":{\"@id\":\"https:\\\/\\\/chileentinieblas.cl\\\/#\\\/schema\\\/logo\\\/image\\\/\"},\"sameAs\":[\"https:\\\/\\\/www.facebook.com\\\/ChileenTinieblas\",\"https:\\\/\\\/www.instagram.com\\\/chileentinieblas\\\/\",\"https:\\\/\\\/www.youtube.com\\\/@chileentinieblas\",\"https:\\\/\\\/www.tiktok.com\\\/@chileentinieblas\"]}]}<\/script>\n<!-- \/ Yoast SEO plugin. -->","yoast_head_json":{"title":"Coordinadora Arauco Malleco (CAM) - Chile en Tinieblas","robots":{"index":"index","follow":"follow","max-snippet":"max-snippet:-1","max-image-preview":"max-image-preview:large","max-video-preview":"max-video-preview:-1"},"canonical":"https:\/\/chileentinieblas.cl\/en\/agrupaciones\/coordinadora-arauco-malleco-cam\/","og_locale":"en_US","og_type":"article","og_title":"Coordinadora Arauco Malleco (CAM) - Chile en Tinieblas","og_description":"La Coordinadora Arauco-Malleco (CAM) es una organizaci\u00f3n pol\u00edtica mapuche surgida a fines de la d\u00e9cada de 1990, principalmente en la zona de Arauco y Malleco, cuyo objetivo declarado ha sido avanzar hacia la recuperaci\u00f3n territorial y la autonom\u00eda del pueblo mapuche. Su aparici\u00f3n se encuentra vinculada a un contexto de conflicto entre comunidades mapuche, empresas [&hellip;]","og_url":"https:\/\/chileentinieblas.cl\/en\/agrupaciones\/coordinadora-arauco-malleco-cam\/","og_site_name":"Chile en Tinieblas","article_publisher":"https:\/\/www.facebook.com\/ChileenTinieblas","article_modified_time":"2026-09-02T00:04:23+00:00","og_image":[{"width":966,"height":1000,"url":"https:\/\/chileentinieblas.cl\/wp-content\/uploads\/2026\/09\/multimedia.normal.ac17e70434296d7a.Q0FNX25vcm1hbC53ZWJw.webp","type":"image\/webp"}],"twitter_card":"summary_large_image","twitter_misc":{"Est. reading time":"2 minutes"},"schema":{"@context":"https:\/\/schema.org","@graph":[{"@type":"WebPage","@id":"https:\/\/chileentinieblas.cl\/agrupaciones\/coordinadora-arauco-malleco-cam\/","url":"https:\/\/chileentinieblas.cl\/agrupaciones\/coordinadora-arauco-malleco-cam\/","name":"Coordinadora Arauco Malleco (CAM) - Chile en Tinieblas","isPartOf":{"@id":"https:\/\/chileentinieblas.cl\/#website"},"primaryImageOfPage":{"@id":"https:\/\/chileentinieblas.cl\/agrupaciones\/coordinadora-arauco-malleco-cam\/#primaryimage"},"image":{"@id":"https:\/\/chileentinieblas.cl\/agrupaciones\/coordinadora-arauco-malleco-cam\/#primaryimage"},"thumbnailUrl":"https:\/\/chileentinieblas.cl\/wp-content\/uploads\/2026\/09\/multimedia.normal.ac17e70434296d7a.Q0FNX25vcm1hbC53ZWJw.webp","datePublished":"2026-09-02T00:04:21+00:00","dateModified":"2026-09-02T00:04:23+00:00","breadcrumb":{"@id":"https:\/\/chileentinieblas.cl\/agrupaciones\/coordinadora-arauco-malleco-cam\/#breadcrumb"},"inLanguage":"en-US","potentialAction":[{"@type":"ReadAction","target":["https:\/\/chileentinieblas.cl\/agrupaciones\/coordinadora-arauco-malleco-cam\/"]}]},{"@type":"ImageObject","inLanguage":"en-US","@id":"https:\/\/chileentinieblas.cl\/agrupaciones\/coordinadora-arauco-malleco-cam\/#primaryimage","url":"https:\/\/chileentinieblas.cl\/wp-content\/uploads\/2026\/09\/multimedia.normal.ac17e70434296d7a.Q0FNX25vcm1hbC53ZWJw.webp","contentUrl":"https:\/\/chileentinieblas.cl\/wp-content\/uploads\/2026\/09\/multimedia.normal.ac17e70434296d7a.Q0FNX25vcm1hbC53ZWJw.webp","width":966,"height":1000},{"@type":"BreadcrumbList","@id":"https:\/\/chileentinieblas.cl\/agrupaciones\/coordinadora-arauco-malleco-cam\/#breadcrumb","itemListElement":[{"@type":"ListItem","position":1,"name":"Portada","item":"https:\/\/chileentinieblas.cl\/"},{"@type":"ListItem","position":2,"name":"agrupaciones","item":"https:\/\/chileentinieblas.cl\/agrupaciones\/"},{"@type":"ListItem","position":3,"name":"Coordinadora Arauco Malleco (CAM)"}]},{"@type":"WebSite","@id":"https:\/\/chileentinieblas.cl\/#website","url":"https:\/\/chileentinieblas.cl\/","name":"Chile en Tinieblas","description":"Un servidor con mesas de rol de Mundo de Tinieblas","publisher":{"@id":"https:\/\/chileentinieblas.cl\/#organization"},"potentialAction":[{"@type":"SearchAction","target":{"@type":"EntryPoint","urlTemplate":"https:\/\/chileentinieblas.cl\/?s={search_term_string}"},"query-input":{"@type":"PropertyValueSpecification","valueRequired":true,"valueName":"search_term_string"}}],"inLanguage":"en-US"},{"@type":"Organization","@id":"https:\/\/chileentinieblas.cl\/#organization","name":"Chile en Tinieblas","url":"https:\/\/chileentinieblas.cl\/","logo":{"@type":"ImageObject","inLanguage":"en-US","@id":"https:\/\/chileentinieblas.cl\/#\/schema\/logo\/image\/","url":"https:\/\/chileentinieblas.cl\/wp-content\/uploads\/2021\/12\/logo-cet-claro.png","contentUrl":"https:\/\/chileentinieblas.cl\/wp-content\/uploads\/2021\/12\/logo-cet-claro.png","width":1001,"height":1030,"caption":"Chile en Tinieblas"},"image":{"@id":"https:\/\/chileentinieblas.cl\/#\/schema\/logo\/image\/"},"sameAs":["https:\/\/www.facebook.com\/ChileenTinieblas","https:\/\/www.instagram.com\/chileentinieblas\/","https:\/\/www.youtube.com\/@chileentinieblas","https:\/\/www.tiktok.com\/@chileentinieblas"]}]}},"jetpack_sharing_enabled":true,"_links":{"self":[{"href":"https:\/\/chileentinieblas.cl\/en\/wp-json\/wp\/v2\/agrupaciones\/8183","targetHints":{"allow":["GET"]}}],"collection":[{"href":"https:\/\/chileentinieblas.cl\/en\/wp-json\/wp\/v2\/agrupaciones"}],"about":[{"href":"https:\/\/chileentinieblas.cl\/en\/wp-json\/wp\/v2\/types\/agrupaciones"}],"author":[{"embeddable":true,"href":"https:\/\/chileentinieblas.cl\/en\/wp-json\/wp\/v2\/users\/34"}],"version-history":[{"count":1,"href":"https:\/\/chileentinieblas.cl\/en\/wp-json\/wp\/v2\/agrupaciones\/8183\/revisions"}],"predecessor-version":[{"id":8185,"href":"https:\/\/chileentinieblas.cl\/en\/wp-json\/wp\/v2\/agrupaciones\/8183\/revisions\/8185"}],"wp:featuredmedia":[{"embeddable":true,"href":"https:\/\/chileentinieblas.cl\/en\/wp-json\/wp\/v2\/media\/8184"}],"wp:attachment":[{"href":"https:\/\/chileentinieblas.cl\/en\/wp-json\/wp\/v2\/media?parent=8183"}],"wp:term":[{"taxonomy":"juego","embeddable":true,"href":"https:\/\/chileentinieblas.cl\/en\/wp-json\/wp\/v2\/juego?post=8183"}],"curies":[{"name":"wp","href":"https:\/\/api.w.org\/{rel}","templated":true}]}}