{"id":7699,"date":"2026-02-19T06:58:00","date_gmt":"2026-02-19T06:58:00","guid":{"rendered":"https:\/\/chileentinieblas.cl\/?post_type=agrupaciones&#038;p=7699"},"modified":"2026-02-26T05:35:09","modified_gmt":"2026-02-26T05:35:09","slug":"hijos-de-la-liberacion","status":"publish","type":"agrupaciones","link":"https:\/\/chileentinieblas.cl\/en\/agrupaciones\/hijos-de-la-liberacion\/","title":{"rendered":"Hijos De La Liberaci\u00f3n."},"content":{"rendered":"<figure class=\"wp-block-pullquote\"><blockquote><p><em>&#8220;Rotos, pero nunca m\u00e1s esclavos.&#8221;<\/em><\/p><\/blockquote><\/figure>\n\n\n\n<p class=\"wp-block-paragraph\"><\/p>\n\n\n\n<p class=\"wp-block-paragraph\">Los <strong>Hijos de la Liberaci\u00f3n<\/strong> son un colectivo clandestino de mortales compuesto exclusivamente por antiguos Ghouls que han logrado romper, por voluntad propia o por el azar de la muerte de sus Domitor&#8217;s, el V\u00ednculo de Sangre y que tienen una data inicial desde la noche en que sobrevivieron a la purga de la Segunda Inquisici\u00f3n (<a href=\"https:\/\/chileentinieblas.cl\/en\/agrupaciones\/f-a-s-t\/\" data-type=\"agrupaciones\" data-id=\"3616\">FAST<\/a>) a finales del 2020 en Las Vizcachas. Operan en las sombras de la Regi\u00f3n Metropolitana, funcionando como una red de apoyo mutuo para aquellos que sufren el s\u00edndrome de abstinencia de la Vitae y buscan recuperar su autonom\u00eda frente a los &#8220;Par\u00e1sitos&#8221; (como ellos llaman a los V\u00e1stagos). A diferencia de otros grupos de &#8220;cazadores&#8221;, no buscan necesariamente el exterminio masivo, sino la emancipaci\u00f3n de los esclavos de sangre y la protecci\u00f3n de su propia humanidad.<\/p>\n\n\n\n<p class=\"wp-block-paragraph\"><\/p>","protected":false},"excerpt":{"rendered":"<p>&#8220;Rotos, pero nunca m\u00e1s esclavos.&#8221; Los Hijos de la Liberaci\u00f3n son un colectivo clandestino de mortales compuesto exclusivamente por antiguos Ghouls que han logrado romper, por voluntad propia o por el azar de la muerte de sus Domitor&#8217;s, el V\u00ednculo de Sangre y que tienen una data inicial desde la noche en que sobrevivieron a [&hellip;]<\/p>\n","protected":false},"author":29,"featured_media":7730,"template":"","juego":[84],"class_list":["post-7699","agrupaciones","type-agrupaciones","status-publish","has-post-thumbnail","hentry","juego-vampiro-la-mascarada"],"acf":{"lideres_agrupacion":[7732],"integrantes_agrupacion":[7735,7754,7738,7748,7746,7750,7752],"integrantes-secundarios":null,"simbolo":"","estatus":"Activo","informacion_privada":"<!-- wp:heading -->\r\n<h3 id=\"h-organizacion-y-distribucion\" class=\"wp-block-heading\"><strong>Organizaci\u00f3n y Distribuci\u00f3n<\/strong>.<\/h3>\r\n<!-- \/wp:heading --> <!-- wp:paragraph -->\r\n\r\nSu base de operaciones es m\u00f3vil para evitar ser detectados por la Segunda Inquisici\u00f3n o por antiguos amos resentidos. Sin embargo, mantienen \"Casas de Sanaci\u00f3n\" discretas en sectores de <strong>Santiago Centro<\/strong> (cercanos a Barrio Yungay y Lastarria) y puntos de encuentro en zonas perif\u00e9ricas como <strong>Quilicura<\/strong>. Se rumorea que tienen acceso a suministros m\u00e9dicos robados y conocimientos sobre la fisiolog\u00eda vamp\u00edrica que pocos mortales poseen.\r\n\r\n<!-- \/wp:paragraph --> <!-- wp:paragraph -->\r\n\r\nOperan como una red de apoyo mutuo y \"desintoxicaci\u00f3n\" de la Vitae en los barrios perif\u00e9ricos de Santiago. Para ellos, el V\u00ednculo de Sangre es la m\u00e1xima expresi\u00f3n de la degradaci\u00f3n humana, y su objetivo es rescatar a otros \"hermanos\" antes de que mueran por la abstinencia o bajo el fuego cruzado de la guerra vamp\u00edrica.\r\n\r\n<!-- \/wp:paragraph --> <!-- wp:heading -->\r\n<h3 id=\"h-historia-y-cronologia\" class=\"wp-block-heading\"><strong>Historia y Cronolog\u00eda<\/strong>.<\/h3>\r\n<!-- \/wp:heading --> <!-- wp:heading -->\r\n<h4 id=\"h-1-el-preludio-la-complacencia-2018-noviembre-2020\" class=\"wp-block-heading\"><strong>1. El Preludio: La complacencia (2018 - Noviembre 2020).<\/strong><\/h4>\r\n<!-- \/wp:heading --> <!-- wp:paragraph -->\r\n\r\nDurante los a\u00f1os de relativa calma bajo las Baron\u00edas Anarquistas en Santiago, los Ghouls viv\u00edan en una \"jaula de oro\". Muchos serv\u00edan en las casas de Providencia o proteg\u00edan los per\u00edmetros en el Caj\u00f3n del Maipo. Miriam y otros miembros fundadores eran parte de la log\u00edstica que manten\u00eda el orden bajo el mando de figuras como Pedro Ram\u00edrez y otros V\u00e1stagos reconocibles de ambas facciones predominantes en Santiago.\r\n\r\n<!-- \/wp:paragraph --> <!-- wp:paragraph -->\r\n\r\nEn 2019 la paz se rompe entre las tensiones pol\u00edticas y sociales humanas con el Estallido Social y revuelta social tanto por la poblaci\u00f3n nacional organizado en sus distintas regiones y ciudades a lo largo y ancho del territorio como en un aprovechamiento de lideres y capacitados revolucionarios Vamp\u00edricos para retomar terreno y dominio en Santiago, lo que inicia la primera oleada de Ghouls desligados a fuerza y eliminados como \"carne de ca\u00f1\u00f3n\" tanto de La Camarilla como del Movimiento Anarquista.\r\n\r\n<!-- \/wp:paragraph --> <!-- wp:paragraph -->\r\n\r\nSin embargo, ya en marzo de 2020 la sospecha de una peligrosa variante de un virus altamente contagioso proveniente desde Asia, desata la Pandemia Mundial por la propagaci\u00f3n del COVID 19, lo que repercute de manera favorable para un nuevo remanso de paz entre V\u00e1stagos y una tregua tensa entre las facciones asentadas en la Capital Santiaguina. Por su parte, los criados de los antiguos y neonatos Condenados pueden respirar un aire de servidumbre con el resguardo tanto de las medidas de cuarentena nacional y toque de queda regulado, como por las \"jaulas doradas\" de parte de sus amos Eternos.\r\n\r\n<!-- \/wp:paragraph --> <!-- wp:heading -->\r\n<h4 id=\"h-2-el-hito-el-asedio-de-las-vizcachas-diciembre-2020\" class=\"wp-block-heading\"><strong>2. El Hito: El Asedio de Las Vizcachas (Diciembre 2020)<\/strong>.<\/h4>\r\n<!-- \/wp:heading --> <!-- wp:paragraph -->\r\n\r\nDurante el ultimo trimestre y bajo los antecedentes y situaci\u00f3n mundiales que repercuten en Chile, en respuesta a un gran quiebre de la Mascarada bajo la que se protegen y elucubren sus no-vidas, <a href=\"https:\/\/chileentinieblas.cl\/agrupaciones\/f-a-s-t\/\" data-type=\"agrupaciones\" data-id=\"3616\">F.A.S.T<\/a> irrumpe con una Operaci\u00f3n Rel\u00e1mpago luego de recibir notificaci\u00f3n sobre cierto Cuerpo Neutro desertor de la Camarilla que revela la verdadera naturaleza de aquel llamado como Pr\u00edncipe de Santiago. Aquella noche se volc\u00f3 en fuego y cenizas que dio como resultado a una decena de V\u00e1stagos ejecutados, entre ellos, figuras importantes como la del Primog\u00e9nito Brujah que desaparece como medida de fuga y un importante Bar\u00f3n Anarquista: Pedro Ram\u00edrez.\r\n\r\n<!-- \/wp:paragraph --> <!-- wp:paragraph -->\r\n\r\nCon la muerte o desaparici\u00f3n de sus amos, cientos de Ghouls en Santiago sienten el quiebre del V\u00ednculo como un hachazo en el alma. Miriam Valladares sobrevive a la incursi\u00f3n, pero ve c\u00f3mo sus compa\u00f1eros son masacrados por militares o mueren por el shock sist\u00e9mico de la p\u00e9rdida de Vitae, generando un creciente trauma con el que formular\u00eda para su vida un nuevo objetivo: La formaci\u00f3n de Los Hijos de La Liberaci\u00f3n.\r\n\r\n<!-- \/wp:paragraph --> <!-- wp:paragraph -->\r\n\r\nEn los d\u00edas posteriores y como un pacto silencioso, los sobrevivientes se esconden en los t\u00faneles del Metro y en las bodegas ferroviarias de Estaci\u00f3n Central, pactando protegerse entre ellos para no ser capturados ni por los \"par\u00e1sitos\" sobrevivientes ni por los \"quemadores\" (<a href=\"https:\/\/chileentinieblas.cl\/agrupaciones\/f-a-s-t\/\" data-type=\"agrupaciones\" data-id=\"3616\">F.A.S.T<\/a>).\r\n\r\n<!-- \/wp:paragraph --> <!-- wp:heading -->\r\n<h4 id=\"h-3-el-despertar-enero-2021\" class=\"wp-block-heading\"><strong>3. El Despertar (Enero 2021)<\/strong>.<\/h4>\r\n<!-- \/wp:heading --> <!-- wp:paragraph -->\r\n\r\nComo fundaci\u00f3n de la organizaci\u00f3n, se establecen formalmente como los <strong>Hijos de la Liberaci\u00f3n<\/strong>. Miriam toma el liderazgo gracias a su voluntad de hierro para resistir la abstinencia. Desde este punto se lleva a cabo la filosof\u00eda del ayuno de la vitae, con el que comienzan a desarrollar t\u00e9cnicas de contenci\u00f3n f\u00edsica y psicol\u00f3gica para superar el \"mono\" de la sangre. Se convierten en expertos en pasar desapercibidos, movi\u00e9ndose entre la gente com\u00fan como sombras invisibles para el radar de la Inquisici\u00f3n.\r\n\r\n<!-- \/wp:paragraph --> <!-- wp:paragraph -->\r\n\r\nMoldean de esta manera con los primeros 8 integrantes, la distribuci\u00f3n y la log\u00edstica que manejar\u00e1 a futuro el grupo de contenci\u00f3n, siendo estos servidores de V\u00e1stagos de distintas facciones que se mueven en la ciudad, pero que en su mayor\u00eda est\u00e1n ligados a La Torre De Marfil o a los Revolucionarios de los posibles Estados Libres de la ciudad, quienes se aliaron en aquel traum\u00e1tico incidente en Las Vizcachas.\r\n\r\n<!-- \/wp:paragraph --> <!-- wp:heading -->\r\n<h4 id=\"h-4-actualidad-el-puente-con-los-anarquistas-y-otros-enero-2021-2022\" class=\"wp-block-heading\"><strong>4. Actualidad: El Puente con los Anarquistas y Otros (Enero 2021 - 2022)<\/strong>.<\/h4>\r\n<!-- \/wp:heading --> <!-- wp:paragraph -->\r\n<p id=\"h-\">Miriam conserva ciertamente un contacto con cierto grupo denominado como banda de Vampiros Anarquistas, gracias al enlace directo entre el Primog\u00e9nito Brujah desaparecido en el ataque de <a href=\"https:\/\/chileentinieblas.cl\/agrupaciones\/f-a-s-t\/\" data-type=\"agrupaciones\" data-id=\"3616\">F.A.S.T.<\/a> en Las Vizcachas y su Chiquillo Adoptivo que operaba como \"L\u00edder\" de dicha c\u00e9lula. Esto conlleva a ciertos roces internos dentro de la organizaci\u00f3n, ya que es visto como un posible retroceso por el resto de los Hijos De La Liberaci\u00f3n, hasta que se comprueba el estado an\u00e9mico de la L\u00edder del grupo luego de haber donado por medio de asistencia m\u00e9dica b\u00e1sica, sangre para cierta Vampira en letargo y hace poco iniciada en la condenaci\u00f3n nocturna.<\/p>\r\n<!-- \/wp:paragraph --> <!-- wp:paragraph -->\r\n\r\nDurante el segundo trimestre de 2021 y con las medidas de cuarentena en progresivo retiro, luego del inicio de la vacunaci\u00f3n a toda la poblaci\u00f3n y las medidas de aforo en v\u00eda publica, el grupo ya comienza a repartir y formar c\u00e9lulas peque\u00f1as en Quilicura y Santiago Centro. Esto tambi\u00e9n va de la mano con una alianza t\u00e1ctica que genera el grupo entre el Movimiento Anarquista de los Vampiros y los Hijos De La Condenaci\u00f3n, por cuanto los primeros mantienen sus preceptos filos\u00f3ficos de no generar Reba\u00f1o entre la poblaci\u00f3n humana adem\u00e1s de notificar al grupo de rehabilitaci\u00f3n sobre Criados en abandono o en intento de librarse del vicio sobrenatural de la Vitae Vamp\u00edrica, al mismo tiempo que reciben informes sobre posibles riesgos que pueden estar mas all\u00e1 de la vinculaci\u00f3n a los Condenados y\/o a la captura y trata de reclutamiento forzoso por parte de la Segunda Inquisici\u00f3n: La posible existencia de otros seres que puedan enjuiciarles y\/o capturarles por su condici\u00f3n en rehabilitaci\u00f3n.\r\n\r\n<!-- \/wp:paragraph --> <!-- wp:paragraph -->\r\n\r\nYa para el tercer y \u00faltimo trimestre, una nueva oleada de siervos sacrificados en medio de la desgracia, con evidencia de cuerpos momificados en la v\u00eda p\u00fablica y la presencia mas t\u00e1cita y palpable de la Segunda Inquisici\u00f3n, realizando cazas e incursiones menores vuelve a poner a la agrupaci\u00f3n en alerta, capturando a algunos de los Rehabilitados para extraer informaci\u00f3n y ponerlos al servicio como Ghouls Infiltrados dentro de las distintas facciones Vamp\u00edricas, luego de la guerra abierta entre Camarilla y Movimiento Anarquista donde la tregua se rompe desde marzo - abril de 2021 y el conflicto estalla con la eliminaci\u00f3n y desaparici\u00f3n masiva de V\u00e1stagos y Cainitas de Santiago: Una operaci\u00f3n de la SI designada como el Gas Rojo.\r\n\r\n<!-- \/wp:paragraph --> <!-- wp:paragraph -->\r\n\r\nEl grupo vuelve a relegarse a las comunas m\u00e1s por el contorno perif\u00e9rico de la provincia capitalina, alej\u00e1ndose de los territorios centrales y de las altas esferas, resguard\u00e1ndose entre los mismos 8 integrantes con los que parti\u00f3 el camino de la liberaci\u00f3n y el tratamiento contra la vinculaci\u00f3n eterna hacia sus antiguos amos en la noche y la esclavizaci\u00f3n de los \"Par\u00e1sitos\" de la SI.\r\n\r\n<!-- \/wp:paragraph --> <!-- wp:heading -->\r\n<h3 id=\"h-objetivos-y-filosofia\" class=\"wp-block-heading\"><strong>Objetivos y Filosof\u00eda<\/strong>:<\/h3>\r\n<!-- \/wp:heading --> <!-- wp:list -->\r\n<ol class=\"wp-block-list\" start=\"1\"><!-- wp:list-item -->\r\n \t<li><strong>Emancipaci\u00f3n:<\/strong> Identificar y extraer a Ghouls que deseen escapar de sus amos.<\/li>\r\n<!-- \/wp:list-item --> <!-- wp:list-item -->\r\n \t<li><strong>Soporte:<\/strong> Proveer refugio y terapia de choque para superar el V\u00ednculo de Sangre.<\/li>\r\n<!-- \/wp:list-item --> <!-- wp:list-item -->\r\n \t<li><strong>Informaci\u00f3n:<\/strong> Actuar como una red de inteligencia. Saben qui\u00e9n es qui\u00e9n en la calle porque ellos mismos sirvieron las copas y limpiaron la sangre en los refugios de la \u00e9lite vamp\u00edrica.<\/li>\r\n<!-- \/wp:list-item --> <!-- wp:list-item -->\r\n \t<li><strong>Transaccionalismo:<\/strong> Aunque desconf\u00edan de los vampiros, aceptan pactos con aquellos que demuestran un respeto inusual por la vida humana (Movimiento Anarquista y <a href=\"https:\/\/chileentinieblas.cl\/agrupaciones\/movimiento-por-la-inclusion-pmi\/\" data-type=\"agrupaciones\" data-id=\"7340\">Movimiento Por La Inclusi\u00f3n<\/a>), intercambiando servicios o sangre voluntaria por protecci\u00f3n y recursos.<\/li>\r\n<!-- \/wp:list-item --><\/ol>\r\n<!-- wp:heading -->\r\n<h3 id=\"h-relacion-con-las-facciones\" class=\"wp-block-heading\"><strong>Relaci\u00f3n con las Facciones<\/strong>:<\/h3>\r\n<!-- \/wp:heading --> <!-- wp:list -->\r\n<ul class=\"wp-block-list\"><!-- wp:list-item -->\r\n \t<li><strong>Movimiento Anarquista y Movimiento Por La Inclusi\u00f3n:<\/strong> Los ven como un \"mal necesario\" y, en ocasiones, como aliados ideol\u00f3gicos, siempre que los Anarquistas no intenten \"vincularlos\" de nuevo. Su Contacto mas directo es con V\u00edctor Villal\u00f3n \/ VicThor. Ex-l\u00edder de el Pi\u00f1o Unificador de las Baron\u00edas Unificadas Vamp\u00edricas en Santiago de Chile (Personaje Jugador) a trav\u00e9s de la l\u00edder, <a href=\"https:\/\/chileentinieblas.cl\/pnj\/miriam-valladares\/\">Miriam Valladares<\/a>.<\/li>\r\n<!-- \/wp:list-item --> <!-- wp:list-item -->\r\n \t<li><strong>La Camarilla:<\/strong> Los consideran una plaga de \"herramientas defectuosas\" que deben ser eliminadas para proteger la Mascarada.<\/li>\r\n<!-- \/wp:list-item --> <!-- wp:list-item -->\r\n \t<li><strong>Segunda Inquisici\u00f3n:<\/strong> Los Hijos de la Liberaci\u00f3n temen a la S.I. tanto como a los vampiros, ya que los agentes federales a menudo no distinguen entre un Ghoul activo y uno rehabilitado.<\/li>\r\n<!-- \/wp:list-item --><\/ul>\r\n<!-- \/wp:list -->\r\n\r\n<!-- \/wp:list -->","mapa_de_kumu_u_otro_embed":""},"yoast_head":"<!-- This site is optimized with the Yoast SEO plugin v28.4 - https:\/\/yoast.com\/product\/yoast-seo-wordpress\/ -->\n<title>Hijos De La Liberaci\u00f3n. - Chile en Tinieblas<\/title>\n<meta name=\"robots\" content=\"index, follow, max-snippet:-1, max-image-preview:large, max-video-preview:-1\" \/>\n<link rel=\"canonical\" href=\"https:\/\/chileentinieblas.cl\/en\/agrupaciones\/hijos-de-la-liberacion\/\" \/>\n<meta property=\"og:locale\" content=\"en_US\" \/>\n<meta property=\"og:type\" content=\"article\" \/>\n<meta property=\"og:title\" content=\"Hijos De La Liberaci\u00f3n. - Chile en Tinieblas\" \/>\n<meta property=\"og:description\" content=\"&#8220;Rotos, pero nunca m\u00e1s esclavos.&#8221; Los Hijos de la Liberaci\u00f3n son un colectivo clandestino de mortales compuesto exclusivamente por antiguos Ghouls que han logrado romper, por voluntad propia o por el azar de la muerte de sus Domitor&#8217;s, el V\u00ednculo de Sangre y que tienen una data inicial desde la noche en que sobrevivieron a [&hellip;]\" \/>\n<meta property=\"og:url\" content=\"https:\/\/chileentinieblas.cl\/en\/agrupaciones\/hijos-de-la-liberacion\/\" \/>\n<meta property=\"og:site_name\" content=\"Chile en Tinieblas\" \/>\n<meta property=\"article:publisher\" content=\"https:\/\/www.facebook.com\/ChileenTinieblas\" \/>\n<meta property=\"article:modified_time\" content=\"2026-02-26T05:35:09+00:00\" \/>\n<meta property=\"og:image\" content=\"https:\/\/chileentinieblas.cl\/wp-content\/uploads\/2026\/02\/Hijos-De-La-Liberacion-1-1024x683.png\" \/>\n\t<meta property=\"og:image:width\" content=\"1024\" \/>\n\t<meta property=\"og:image:height\" content=\"683\" \/>\n\t<meta property=\"og:image:type\" content=\"image\/png\" \/>\n<meta name=\"twitter:card\" content=\"summary_large_image\" \/>\n<meta name=\"twitter:label1\" content=\"Est. reading time\" \/>\n\t<meta name=\"twitter:data1\" content=\"1 minute\" \/>\n<script type=\"application\/ld+json\" class=\"yoast-schema-graph\">{\"@context\":\"https:\\\/\\\/schema.org\",\"@graph\":[{\"@type\":\"WebPage\",\"@id\":\"https:\\\/\\\/chileentinieblas.cl\\\/agrupaciones\\\/hijos-de-la-liberacion\\\/\",\"url\":\"https:\\\/\\\/chileentinieblas.cl\\\/agrupaciones\\\/hijos-de-la-liberacion\\\/\",\"name\":\"Hijos De La Liberaci\u00f3n. - Chile en Tinieblas\",\"isPartOf\":{\"@id\":\"https:\\\/\\\/chileentinieblas.cl\\\/#website\"},\"primaryImageOfPage\":{\"@id\":\"https:\\\/\\\/chileentinieblas.cl\\\/agrupaciones\\\/hijos-de-la-liberacion\\\/#primaryimage\"},\"image\":{\"@id\":\"https:\\\/\\\/chileentinieblas.cl\\\/agrupaciones\\\/hijos-de-la-liberacion\\\/#primaryimage\"},\"thumbnailUrl\":\"https:\\\/\\\/chileentinieblas.cl\\\/wp-content\\\/uploads\\\/2026\\\/02\\\/Hijos-De-La-Liberacion-1.png\",\"datePublished\":\"2026-02-19T06:58:00+00:00\",\"dateModified\":\"2026-02-26T05:35:09+00:00\",\"breadcrumb\":{\"@id\":\"https:\\\/\\\/chileentinieblas.cl\\\/agrupaciones\\\/hijos-de-la-liberacion\\\/#breadcrumb\"},\"inLanguage\":\"en-US\",\"potentialAction\":[{\"@type\":\"ReadAction\",\"target\":[\"https:\\\/\\\/chileentinieblas.cl\\\/agrupaciones\\\/hijos-de-la-liberacion\\\/\"]}]},{\"@type\":\"ImageObject\",\"inLanguage\":\"en-US\",\"@id\":\"https:\\\/\\\/chileentinieblas.cl\\\/agrupaciones\\\/hijos-de-la-liberacion\\\/#primaryimage\",\"url\":\"https:\\\/\\\/chileentinieblas.cl\\\/wp-content\\\/uploads\\\/2026\\\/02\\\/Hijos-De-La-Liberacion-1.png\",\"contentUrl\":\"https:\\\/\\\/chileentinieblas.cl\\\/wp-content\\\/uploads\\\/2026\\\/02\\\/Hijos-De-La-Liberacion-1.png\",\"width\":1536,\"height\":1024},{\"@type\":\"BreadcrumbList\",\"@id\":\"https:\\\/\\\/chileentinieblas.cl\\\/agrupaciones\\\/hijos-de-la-liberacion\\\/#breadcrumb\",\"itemListElement\":[{\"@type\":\"ListItem\",\"position\":1,\"name\":\"Portada\",\"item\":\"https:\\\/\\\/chileentinieblas.cl\\\/\"},{\"@type\":\"ListItem\",\"position\":2,\"name\":\"agrupaciones\",\"item\":\"https:\\\/\\\/chileentinieblas.cl\\\/agrupaciones\\\/\"},{\"@type\":\"ListItem\",\"position\":3,\"name\":\"Hijos De La Liberaci\u00f3n.\"}]},{\"@type\":\"WebSite\",\"@id\":\"https:\\\/\\\/chileentinieblas.cl\\\/#website\",\"url\":\"https:\\\/\\\/chileentinieblas.cl\\\/\",\"name\":\"Chile en Tinieblas\",\"description\":\"Un servidor con mesas de rol de Mundo de Tinieblas\",\"publisher\":{\"@id\":\"https:\\\/\\\/chileentinieblas.cl\\\/#organization\"},\"potentialAction\":[{\"@type\":\"SearchAction\",\"target\":{\"@type\":\"EntryPoint\",\"urlTemplate\":\"https:\\\/\\\/chileentinieblas.cl\\\/?s={search_term_string}\"},\"query-input\":{\"@type\":\"PropertyValueSpecification\",\"valueRequired\":true,\"valueName\":\"search_term_string\"}}],\"inLanguage\":\"en-US\"},{\"@type\":\"Organization\",\"@id\":\"https:\\\/\\\/chileentinieblas.cl\\\/#organization\",\"name\":\"Chile en Tinieblas\",\"url\":\"https:\\\/\\\/chileentinieblas.cl\\\/\",\"logo\":{\"@type\":\"ImageObject\",\"inLanguage\":\"en-US\",\"@id\":\"https:\\\/\\\/chileentinieblas.cl\\\/#\\\/schema\\\/logo\\\/image\\\/\",\"url\":\"https:\\\/\\\/chileentinieblas.cl\\\/wp-content\\\/uploads\\\/2021\\\/12\\\/logo-cet-claro.png\",\"contentUrl\":\"https:\\\/\\\/chileentinieblas.cl\\\/wp-content\\\/uploads\\\/2021\\\/12\\\/logo-cet-claro.png\",\"width\":1001,\"height\":1030,\"caption\":\"Chile en Tinieblas\"},\"image\":{\"@id\":\"https:\\\/\\\/chileentinieblas.cl\\\/#\\\/schema\\\/logo\\\/image\\\/\"},\"sameAs\":[\"https:\\\/\\\/www.facebook.com\\\/ChileenTinieblas\",\"https:\\\/\\\/www.instagram.com\\\/chileentinieblas\\\/\",\"https:\\\/\\\/www.youtube.com\\\/@chileentinieblas\",\"https:\\\/\\\/www.tiktok.com\\\/@chileentinieblas\"]}]}<\/script>\n<!-- \/ Yoast SEO plugin. -->","yoast_head_json":{"title":"Hijos De La Liberaci\u00f3n. - Chile en Tinieblas","robots":{"index":"index","follow":"follow","max-snippet":"max-snippet:-1","max-image-preview":"max-image-preview:large","max-video-preview":"max-video-preview:-1"},"canonical":"https:\/\/chileentinieblas.cl\/en\/agrupaciones\/hijos-de-la-liberacion\/","og_locale":"en_US","og_type":"article","og_title":"Hijos De La Liberaci\u00f3n. - Chile en Tinieblas","og_description":"&#8220;Rotos, pero nunca m\u00e1s esclavos.&#8221; Los Hijos de la Liberaci\u00f3n son un colectivo clandestino de mortales compuesto exclusivamente por antiguos Ghouls que han logrado romper, por voluntad propia o por el azar de la muerte de sus Domitor&#8217;s, el V\u00ednculo de Sangre y que tienen una data inicial desde la noche en que sobrevivieron a [&hellip;]","og_url":"https:\/\/chileentinieblas.cl\/en\/agrupaciones\/hijos-de-la-liberacion\/","og_site_name":"Chile en Tinieblas","article_publisher":"https:\/\/www.facebook.com\/ChileenTinieblas","article_modified_time":"2026-02-26T05:35:09+00:00","og_image":[{"width":1024,"height":683,"url":"https:\/\/chileentinieblas.cl\/wp-content\/uploads\/2026\/02\/Hijos-De-La-Liberacion-1-1024x683.png","type":"image\/png"}],"twitter_card":"summary_large_image","twitter_misc":{"Est. reading time":"1 minute"},"schema":{"@context":"https:\/\/schema.org","@graph":[{"@type":"WebPage","@id":"https:\/\/chileentinieblas.cl\/agrupaciones\/hijos-de-la-liberacion\/","url":"https:\/\/chileentinieblas.cl\/agrupaciones\/hijos-de-la-liberacion\/","name":"Hijos De La Liberaci\u00f3n. - Chile en Tinieblas","isPartOf":{"@id":"https:\/\/chileentinieblas.cl\/#website"},"primaryImageOfPage":{"@id":"https:\/\/chileentinieblas.cl\/agrupaciones\/hijos-de-la-liberacion\/#primaryimage"},"image":{"@id":"https:\/\/chileentinieblas.cl\/agrupaciones\/hijos-de-la-liberacion\/#primaryimage"},"thumbnailUrl":"https:\/\/chileentinieblas.cl\/wp-content\/uploads\/2026\/02\/Hijos-De-La-Liberacion-1.png","datePublished":"2026-02-19T06:58:00+00:00","dateModified":"2026-02-26T05:35:09+00:00","breadcrumb":{"@id":"https:\/\/chileentinieblas.cl\/agrupaciones\/hijos-de-la-liberacion\/#breadcrumb"},"inLanguage":"en-US","potentialAction":[{"@type":"ReadAction","target":["https:\/\/chileentinieblas.cl\/agrupaciones\/hijos-de-la-liberacion\/"]}]},{"@type":"ImageObject","inLanguage":"en-US","@id":"https:\/\/chileentinieblas.cl\/agrupaciones\/hijos-de-la-liberacion\/#primaryimage","url":"https:\/\/chileentinieblas.cl\/wp-content\/uploads\/2026\/02\/Hijos-De-La-Liberacion-1.png","contentUrl":"https:\/\/chileentinieblas.cl\/wp-content\/uploads\/2026\/02\/Hijos-De-La-Liberacion-1.png","width":1536,"height":1024},{"@type":"BreadcrumbList","@id":"https:\/\/chileentinieblas.cl\/agrupaciones\/hijos-de-la-liberacion\/#breadcrumb","itemListElement":[{"@type":"ListItem","position":1,"name":"Portada","item":"https:\/\/chileentinieblas.cl\/"},{"@type":"ListItem","position":2,"name":"agrupaciones","item":"https:\/\/chileentinieblas.cl\/agrupaciones\/"},{"@type":"ListItem","position":3,"name":"Hijos De La Liberaci\u00f3n."}]},{"@type":"WebSite","@id":"https:\/\/chileentinieblas.cl\/#website","url":"https:\/\/chileentinieblas.cl\/","name":"Chile en Tinieblas","description":"Un servidor con mesas de rol de Mundo de Tinieblas","publisher":{"@id":"https:\/\/chileentinieblas.cl\/#organization"},"potentialAction":[{"@type":"SearchAction","target":{"@type":"EntryPoint","urlTemplate":"https:\/\/chileentinieblas.cl\/?s={search_term_string}"},"query-input":{"@type":"PropertyValueSpecification","valueRequired":true,"valueName":"search_term_string"}}],"inLanguage":"en-US"},{"@type":"Organization","@id":"https:\/\/chileentinieblas.cl\/#organization","name":"Chile en Tinieblas","url":"https:\/\/chileentinieblas.cl\/","logo":{"@type":"ImageObject","inLanguage":"en-US","@id":"https:\/\/chileentinieblas.cl\/#\/schema\/logo\/image\/","url":"https:\/\/chileentinieblas.cl\/wp-content\/uploads\/2021\/12\/logo-cet-claro.png","contentUrl":"https:\/\/chileentinieblas.cl\/wp-content\/uploads\/2021\/12\/logo-cet-claro.png","width":1001,"height":1030,"caption":"Chile en Tinieblas"},"image":{"@id":"https:\/\/chileentinieblas.cl\/#\/schema\/logo\/image\/"},"sameAs":["https:\/\/www.facebook.com\/ChileenTinieblas","https:\/\/www.instagram.com\/chileentinieblas\/","https:\/\/www.youtube.com\/@chileentinieblas","https:\/\/www.tiktok.com\/@chileentinieblas"]}]}},"jetpack_sharing_enabled":true,"_links":{"self":[{"href":"https:\/\/chileentinieblas.cl\/en\/wp-json\/wp\/v2\/agrupaciones\/7699","targetHints":{"allow":["GET"]}}],"collection":[{"href":"https:\/\/chileentinieblas.cl\/en\/wp-json\/wp\/v2\/agrupaciones"}],"about":[{"href":"https:\/\/chileentinieblas.cl\/en\/wp-json\/wp\/v2\/types\/agrupaciones"}],"author":[{"embeddable":true,"href":"https:\/\/chileentinieblas.cl\/en\/wp-json\/wp\/v2\/users\/29"}],"version-history":[{"count":4,"href":"https:\/\/chileentinieblas.cl\/en\/wp-json\/wp\/v2\/agrupaciones\/7699\/revisions"}],"predecessor-version":[{"id":7766,"href":"https:\/\/chileentinieblas.cl\/en\/wp-json\/wp\/v2\/agrupaciones\/7699\/revisions\/7766"}],"acf:post":[{"embeddable":true,"href":"https:\/\/chileentinieblas.cl\/en\/wp-json\/wp\/v2\/pnj\/7752"},{"embeddable":true,"href":"https:\/\/chileentinieblas.cl\/en\/wp-json\/wp\/v2\/pnj\/7750"},{"embeddable":true,"href":"https:\/\/chileentinieblas.cl\/en\/wp-json\/wp\/v2\/pnj\/7746"},{"embeddable":true,"href":"https:\/\/chileentinieblas.cl\/en\/wp-json\/wp\/v2\/pnj\/7748"},{"embeddable":true,"href":"https:\/\/chileentinieblas.cl\/en\/wp-json\/wp\/v2\/pnj\/7738"},{"embeddable":true,"href":"https:\/\/chileentinieblas.cl\/en\/wp-json\/wp\/v2\/pnj\/7754"},{"embeddable":true,"href":"https:\/\/chileentinieblas.cl\/en\/wp-json\/wp\/v2\/pnj\/7735"},{"embeddable":true,"href":"https:\/\/chileentinieblas.cl\/en\/wp-json\/wp\/v2\/pnj\/7732"}],"wp:featuredmedia":[{"embeddable":true,"href":"https:\/\/chileentinieblas.cl\/en\/wp-json\/wp\/v2\/media\/7730"}],"wp:attachment":[{"href":"https:\/\/chileentinieblas.cl\/en\/wp-json\/wp\/v2\/media?parent=7699"}],"wp:term":[{"taxonomy":"juego","embeddable":true,"href":"https:\/\/chileentinieblas.cl\/en\/wp-json\/wp\/v2\/juego?post=7699"}],"curies":[{"name":"wp","href":"https:\/\/api.w.org\/{rel}","templated":true}]}}