{"id":4386,"date":"2023-08-15T18:35:05","date_gmt":"2023-08-15T18:35:05","guid":{"rendered":"https:\/\/chileentinieblas.cl\/?post_type=agrupaciones&#038;p=4386"},"modified":"2026-02-18T14:46:46","modified_gmt":"2026-02-18T14:46:46","slug":"los-peregrinos-del-abismo","status":"publish","type":"agrupaciones","link":"https:\/\/chileentinieblas.cl\/en\/agrupaciones\/los-peregrinos-del-abismo\/","title":{"rendered":"Los Peregrinos del Abismo"},"content":{"rendered":"<p class=\"wp-block-paragraph\">Agrupaci\u00f3n de larga tradici\u00f3n de exploradores y mercenarios que bajo el financiamiento de varios grupos de poder y coleccionistas privados de toda \u00edndole, se aventuran dentro del territorio nacional en los lugares m\u00e1s peligrosos de este y en otros reinos m\u00e1s all\u00e1 de la celos\u00eda para cumplir con los requisitos de sus clientes.<\/p>","protected":false},"excerpt":{"rendered":"<p>Agrupaci\u00f3n de larga tradici\u00f3n de exploradores y mercenarios que bajo el financiamiento de varios grupos de poder y coleccionistas privados de toda \u00edndole, se aventuran dentro del territorio nacional en los lugares m\u00e1s peligrosos de este y en otros reinos m\u00e1s all\u00e1 de la celos\u00eda para cumplir con los requisitos de sus clientes.<\/p>","protected":false},"author":1,"featured_media":4387,"template":"","juego":[117],"class_list":["post-4386","agrupaciones","type-agrupaciones","status-publish","has-post-thumbnail","hentry","juego-mundo-de-tinieblas"],"acf":{"lideres_agrupacion":"","integrantes_agrupacion":[2468,4398],"integrantes-secundarios":null,"simbolo":"","estatus":"Activo","informacion_privada":"<!-- wp:paragraph -->Expertos cart\u00f3grafos, monta\u00f1istas, navegadores y ge\u00f3grafos son los que componen principalmente el grupo, junto a otros seres sobrenaturales de estos mismos intereses.\r\n\r\n<!-- \/wp:paragraph --><!-- wp:paragraph -->Fundado por Thomas Leyton en 1992, un adinerado empresario de Inglaterra, cuando encuentra los primeros fragmentos de informaci\u00f3n que el doctor <a href=\"https:\/\/chileentinieblas.cl\/pnj\/dr-frederick-braun\/\" data-type=\"pnj\" data-id=\"2468\">Frederick Braunn<\/a>, un antiguo eternauta, dej\u00f3 repartido en sus exploraciones. La revelaci\u00f3n de un mundo subterr\u00e1neo fue de sumo inter\u00e9s para Thomas quien dedic\u00f3 gran parte de sus recursos a formar una agrupaci\u00f3n capaz de seguirle el rastro al doctor Frederick. Desde entonces la agrupaci\u00f3n ha sumado distintos miembros con habilidades \u00fanicas que le han permitido explorar m\u00e1s all\u00e1 de los l\u00edmites humanos.\r\n\r\nLos Peregrinos del abismo, llamados as\u00ed por sus investigaciones subterr\u00e1neas, buscan portales que conecten la tierra a otros mundos, tecnolog\u00eda alien\u00edgena y materiales raros que puedan encontrar en estos lugares siguiendo el esp\u00edritu del Doctor Braunn, por m\u00e1s peligrosos que estos fuesen. Su fin \u00faltimo es encontrar al perdido Doctor, quienes creen que todav\u00eda podr\u00eda estar vivo.\r\n\r\n<!-- \/wp:paragraph --><!-- wp:heading -->\r\n<h2 class=\"wp-block-heading\">Miembros principales<\/h2>\r\n<!-- \/wp:heading --><!-- wp:list -->\r\n<ul class=\"wp-block-list\">\r\n \t<li style=\"list-style-type: none;\">\r\n<ul class=\"wp-block-list\"><!-- wp:list-item -->\r\n \t<li><strong>Thomas Leyton<\/strong>: Fundador y representante, actualmente en retiro, con varios museos privados y casas de colecci\u00f3n a cargo de varios aliados que se hizo a lo largo de sus a\u00f1os.<\/li>\r\n \t<li><strong style=\"font-family: -apple-system, BlinkMacSystemFont, 'Segoe UI', Roboto, 'Helvetica Neue', Arial, 'Noto Sans', sans-serif, 'Apple Color Emoji', 'Segoe UI Emoji', 'Segoe UI Symbol', 'Noto Color Emoji';\"><a href=\"https:\/\/chileentinieblas.cl\/pnj\/gustavo-gatica\/\" data-type=\"pnj\" data-id=\"4398\">Gustavo Gatica<\/a><\/strong><span style=\"font-family: -apple-system, BlinkMacSystemFont, 'Segoe UI', Roboto, 'Helvetica Neue', Arial, 'Noto Sans', sans-serif, 'Apple Color Emoji', 'Segoe UI Emoji', 'Segoe UI Symbol', 'Noto Color Emoji';\">: Kithain que se uni\u00f3 al grupo luego de que ellos lo contactaran por sus grandes habilidades para encontrar materiales preciosos y su conexi\u00f3n con el ensue\u00f1o. Alicanto.<\/span><\/li>\r\n \t<li><strong style=\"font-family: -apple-system, BlinkMacSystemFont, 'Segoe UI', Roboto, 'Helvetica Neue', Arial, 'Noto Sans', sans-serif, 'Apple Color Emoji', 'Segoe UI Emoji', 'Segoe UI Symbol', 'Noto Color Emoji';\">Catalina Leyton<\/strong><span style=\"font-family: -apple-system, BlinkMacSystemFont, 'Segoe UI', Roboto, 'Helvetica Neue', Arial, 'Noto Sans', sans-serif, 'Apple Color Emoji', 'Segoe UI Emoji', 'Segoe UI Symbol', 'Noto Color Emoji';\">: Nieta de Thomas, empresaria a cargo de la gesti\u00f3n y negocios del grupo.<\/span><\/li>\r\n \t<li><strong style=\"font-family: -apple-system, BlinkMacSystemFont, 'Segoe UI', Roboto, 'Helvetica Neue', Arial, 'Noto Sans', sans-serif, 'Apple Color Emoji', 'Segoe UI Emoji', 'Segoe UI Symbol', 'Noto Color Emoji';\">Jefe del equipo de mercenarios<\/strong><span style=\"font-family: -apple-system, BlinkMacSystemFont, 'Segoe UI', Roboto, 'Helvetica Neue', Arial, 'Noto Sans', sans-serif, 'Apple Color Emoji', 'Segoe UI Emoji', 'Segoe UI Symbol', 'Noto Color Emoji';\">: (Pendiente).<\/span><\/li>\r\n \t<li><strong style=\"font-family: -apple-system, BlinkMacSystemFont, 'Segoe UI', Roboto, 'Helvetica Neue', Arial, 'Noto Sans', sans-serif, 'Apple Color Emoji', 'Segoe UI Emoji', 'Segoe UI Symbol', 'Noto Color Emoji';\">Artesano y maquinista de maravillas<\/strong><span style=\"font-family: -apple-system, BlinkMacSystemFont, 'Segoe UI', Roboto, 'Helvetica Neue', Arial, 'Noto Sans', sans-serif, 'Apple Color Emoji', 'Segoe UI Emoji', 'Segoe UI Symbol', 'Noto Color Emoji';\">: Eterita fiel al grupo que se encarga de crear el equipo que necesitan para explorar (Pendiente).<\/span><\/li>\r\n \t<li><strong style=\"font-family: -apple-system, BlinkMacSystemFont, 'Segoe UI', Roboto, 'Helvetica Neue', Arial, 'Noto Sans', sans-serif, 'Apple Color Emoji', 'Segoe UI Emoji', 'Segoe UI Symbol', 'Noto Color Emoji';\">Abogado socio de la agrupaci\u00f3n<\/strong><span style=\"font-family: -apple-system, BlinkMacSystemFont, 'Segoe UI', Roboto, 'Helvetica Neue', Arial, 'Noto Sans', sans-serif, 'Apple Color Emoji', 'Segoe UI Emoji', 'Segoe UI Symbol', 'Noto Color Emoji';\">: (Pendiente)<\/span><\/li>\r\n \t<li><strong>Coordinadora de exploraciones<\/strong>: (Pendiente)<\/li>\r\n<\/ul>\r\n<\/li>\r\n<\/ul>\r\n<ul>\r\n \t<li style=\"list-style-type: none;\"><\/li>\r\n<\/ul>\r\n<ul>\r\n \t<li style=\"list-style-type: none;\"><\/li>\r\n<\/ul>\r\n<ul>\r\n \t<li style=\"list-style-type: none;\"><\/li>\r\n<\/ul>\r\n<!-- \/wp:list-item -->\r\n\r\n<!-- \/wp:list --><!-- wp:heading -->\r\n<h2 class=\"wp-block-heading\">Contactos principales<\/h2>\r\n<!-- \/wp:heading --><!-- wp:list -->\r\n<ul class=\"wp-block-list\">\r\n \t<li style=\"list-style-type: none;\">\r\n<ul class=\"wp-block-list\"><!-- wp:list-item -->\r\n \t<li>Uno de los miembros del c\u00edrculo Dorado (Pendiente).<\/li>\r\n \t<li><a style=\"font-family: -apple-system, BlinkMacSystemFont, 'Segoe UI', Roboto, 'Helvetica Neue', Arial, 'Noto Sans', sans-serif, 'Apple Color Emoji', 'Segoe UI Emoji', 'Segoe UI Symbol', 'Noto Color Emoji';\" href=\"https:\/\/chileentinieblas.cl\/pnj\/constanza-braunn-doctor-caos\/\" data-type=\"pnj\" data-id=\"4206\">Doctor Caos<\/a><span style=\"font-family: -apple-system, BlinkMacSystemFont, 'Segoe UI', Roboto, 'Helvetica Neue', Arial, 'Noto Sans', sans-serif, 'Apple Color Emoji', 'Segoe UI Emoji', 'Segoe UI Symbol', 'Noto Color Emoji';\">: Constanza, miembro de la Familia Braunn invierte en el grupo para encontrar m\u00e1s del patrimonio de su familia, es el puente para hacer contactos con la <\/span><strong style=\"font-family: -apple-system, BlinkMacSystemFont, 'Segoe UI', Roboto, 'Helvetica Neue', Arial, 'Noto Sans', sans-serif, 'Apple Color Emoji', 'Segoe UI Emoji', 'Segoe UI Symbol', 'Noto Color Emoji';\">mano de hierro<\/strong><span style=\"font-family: -apple-system, BlinkMacSystemFont, 'Segoe UI', Roboto, 'Helvetica Neue', Arial, 'Noto Sans', sans-serif, 'Apple Color Emoji', 'Segoe UI Emoji', 'Segoe UI Symbol', 'Noto Color Emoji';\">.<\/span><\/li>\r\n \t<li>Un miembro de los herederos del silencio (actual Recta Provincia) (Pendiente).<\/li>\r\n<\/ul>\r\n<\/li>\r\n<\/ul>\r\n<!-- \/wp:list-item -->\r\n\r\nDespu\u00e9s de conseguir unos cuantos favores para gente importante, Catalina Leyton se asoci\u00f3 al \"Doctor Caos\" y el proyecto GRIP en el norte de Chile para conseguir un material \u00fanico del que se ten\u00eda poco conocimiento llamado \"<strong>Cristal florido<\/strong>\". Gracias a una alianza con un resentido y talentoso alicanto de la zona, lograron dar con la materia prima para el Doctor y as\u00ed cobrar una cuantiosa suma de dinero que les permiti\u00f3 abrir m\u00e1s conexiones con otros grupos legales e ilegales y expandir sus operaciones a lo largo de Chile seg\u00fan la demanda de sus clientes.\r\n\r\n<!-- \/wp:list --><!-- wp:paragraph -->Actualmente los peregrinos del abismo fueron vistos por \u00faltima vez en la regi\u00f3n de Ays\u00e9n, infiltr\u00e1ndose en una mina para obtener un raro material para un inversionista privado con conexiones esot\u00e9ricas y un gusto por la brujer\u00eda local, adem\u00e1s mantienen contacto con Doctor Caos quienes los suplen con seguridad privada y armas para sus exploraciones, lo que los ha vuelto un grupo m\u00e1s peligroso.\r\n\r\n&nbsp;\r\n\r\n<!-- \/wp:paragraph -->","mapa_de_kumu_u_otro_embed":""},"yoast_head":"<!-- This site is optimized with the Yoast SEO plugin v28.4 - https:\/\/yoast.com\/product\/yoast-seo-wordpress\/ -->\n<title>Los Peregrinos del Abismo - Chile en Tinieblas<\/title>\n<meta name=\"robots\" content=\"index, follow, max-snippet:-1, max-image-preview:large, max-video-preview:-1\" \/>\n<link rel=\"canonical\" href=\"https:\/\/chileentinieblas.cl\/en\/agrupaciones\/los-peregrinos-del-abismo\/\" \/>\n<meta property=\"og:locale\" content=\"en_US\" \/>\n<meta property=\"og:type\" content=\"article\" \/>\n<meta property=\"og:title\" content=\"Los Peregrinos del Abismo - Chile en Tinieblas\" \/>\n<meta property=\"og:description\" content=\"Agrupaci\u00f3n de larga tradici\u00f3n de exploradores y mercenarios que bajo el financiamiento de varios grupos de poder y coleccionistas privados de toda \u00edndole, se aventuran dentro del territorio nacional en los lugares m\u00e1s peligrosos de este y en otros reinos m\u00e1s all\u00e1 de la celos\u00eda para cumplir con los requisitos de sus clientes.\" \/>\n<meta property=\"og:url\" content=\"https:\/\/chileentinieblas.cl\/en\/agrupaciones\/los-peregrinos-del-abismo\/\" \/>\n<meta property=\"og:site_name\" content=\"Chile en Tinieblas\" \/>\n<meta property=\"article:publisher\" content=\"https:\/\/www.facebook.com\/ChileenTinieblas\" \/>\n<meta property=\"article:modified_time\" content=\"2026-02-18T14:46:46+00:00\" \/>\n<meta property=\"og:image\" content=\"https:\/\/chileentinieblas.cl\/wp-content\/uploads\/2023\/08\/peregrinos.jpg\" \/>\n\t<meta property=\"og:image:width\" content=\"1920\" \/>\n\t<meta property=\"og:image:height\" content=\"1080\" \/>\n\t<meta property=\"og:image:type\" content=\"image\/jpeg\" \/>\n<meta name=\"twitter:card\" content=\"summary_large_image\" \/>\n<script type=\"application\/ld+json\" class=\"yoast-schema-graph\">{\"@context\":\"https:\\\/\\\/schema.org\",\"@graph\":[{\"@type\":\"WebPage\",\"@id\":\"https:\\\/\\\/chileentinieblas.cl\\\/agrupaciones\\\/los-peregrinos-del-abismo\\\/\",\"url\":\"https:\\\/\\\/chileentinieblas.cl\\\/agrupaciones\\\/los-peregrinos-del-abismo\\\/\",\"name\":\"Los Peregrinos del Abismo - Chile en Tinieblas\",\"isPartOf\":{\"@id\":\"https:\\\/\\\/chileentinieblas.cl\\\/#website\"},\"primaryImageOfPage\":{\"@id\":\"https:\\\/\\\/chileentinieblas.cl\\\/agrupaciones\\\/los-peregrinos-del-abismo\\\/#primaryimage\"},\"image\":{\"@id\":\"https:\\\/\\\/chileentinieblas.cl\\\/agrupaciones\\\/los-peregrinos-del-abismo\\\/#primaryimage\"},\"thumbnailUrl\":\"https:\\\/\\\/chileentinieblas.cl\\\/wp-content\\\/uploads\\\/2023\\\/08\\\/peregrinos.jpg\",\"datePublished\":\"2023-08-15T18:35:05+00:00\",\"dateModified\":\"2026-02-18T14:46:46+00:00\",\"breadcrumb\":{\"@id\":\"https:\\\/\\\/chileentinieblas.cl\\\/agrupaciones\\\/los-peregrinos-del-abismo\\\/#breadcrumb\"},\"inLanguage\":\"en-US\",\"potentialAction\":[{\"@type\":\"ReadAction\",\"target\":[\"https:\\\/\\\/chileentinieblas.cl\\\/agrupaciones\\\/los-peregrinos-del-abismo\\\/\"]}]},{\"@type\":\"ImageObject\",\"inLanguage\":\"en-US\",\"@id\":\"https:\\\/\\\/chileentinieblas.cl\\\/agrupaciones\\\/los-peregrinos-del-abismo\\\/#primaryimage\",\"url\":\"https:\\\/\\\/chileentinieblas.cl\\\/wp-content\\\/uploads\\\/2023\\\/08\\\/peregrinos.jpg\",\"contentUrl\":\"https:\\\/\\\/chileentinieblas.cl\\\/wp-content\\\/uploads\\\/2023\\\/08\\\/peregrinos.jpg\",\"width\":1920,\"height\":1080},{\"@type\":\"BreadcrumbList\",\"@id\":\"https:\\\/\\\/chileentinieblas.cl\\\/agrupaciones\\\/los-peregrinos-del-abismo\\\/#breadcrumb\",\"itemListElement\":[{\"@type\":\"ListItem\",\"position\":1,\"name\":\"Portada\",\"item\":\"https:\\\/\\\/chileentinieblas.cl\\\/\"},{\"@type\":\"ListItem\",\"position\":2,\"name\":\"agrupaciones\",\"item\":\"https:\\\/\\\/chileentinieblas.cl\\\/agrupaciones\\\/\"},{\"@type\":\"ListItem\",\"position\":3,\"name\":\"Los Peregrinos del Abismo\"}]},{\"@type\":\"WebSite\",\"@id\":\"https:\\\/\\\/chileentinieblas.cl\\\/#website\",\"url\":\"https:\\\/\\\/chileentinieblas.cl\\\/\",\"name\":\"Chile en Tinieblas\",\"description\":\"Un servidor con mesas de rol de Mundo de Tinieblas\",\"publisher\":{\"@id\":\"https:\\\/\\\/chileentinieblas.cl\\\/#organization\"},\"potentialAction\":[{\"@type\":\"SearchAction\",\"target\":{\"@type\":\"EntryPoint\",\"urlTemplate\":\"https:\\\/\\\/chileentinieblas.cl\\\/?s={search_term_string}\"},\"query-input\":{\"@type\":\"PropertyValueSpecification\",\"valueRequired\":true,\"valueName\":\"search_term_string\"}}],\"inLanguage\":\"en-US\"},{\"@type\":\"Organization\",\"@id\":\"https:\\\/\\\/chileentinieblas.cl\\\/#organization\",\"name\":\"Chile en Tinieblas\",\"url\":\"https:\\\/\\\/chileentinieblas.cl\\\/\",\"logo\":{\"@type\":\"ImageObject\",\"inLanguage\":\"en-US\",\"@id\":\"https:\\\/\\\/chileentinieblas.cl\\\/#\\\/schema\\\/logo\\\/image\\\/\",\"url\":\"https:\\\/\\\/chileentinieblas.cl\\\/wp-content\\\/uploads\\\/2021\\\/12\\\/logo-cet-claro.png\",\"contentUrl\":\"https:\\\/\\\/chileentinieblas.cl\\\/wp-content\\\/uploads\\\/2021\\\/12\\\/logo-cet-claro.png\",\"width\":1001,\"height\":1030,\"caption\":\"Chile en Tinieblas\"},\"image\":{\"@id\":\"https:\\\/\\\/chileentinieblas.cl\\\/#\\\/schema\\\/logo\\\/image\\\/\"},\"sameAs\":[\"https:\\\/\\\/www.facebook.com\\\/ChileenTinieblas\",\"https:\\\/\\\/www.instagram.com\\\/chileentinieblas\\\/\",\"https:\\\/\\\/www.youtube.com\\\/@chileentinieblas\",\"https:\\\/\\\/www.tiktok.com\\\/@chileentinieblas\"]}]}<\/script>\n<!-- \/ Yoast SEO plugin. -->","yoast_head_json":{"title":"Los Peregrinos del Abismo - Chile en Tinieblas","robots":{"index":"index","follow":"follow","max-snippet":"max-snippet:-1","max-image-preview":"max-image-preview:large","max-video-preview":"max-video-preview:-1"},"canonical":"https:\/\/chileentinieblas.cl\/en\/agrupaciones\/los-peregrinos-del-abismo\/","og_locale":"en_US","og_type":"article","og_title":"Los Peregrinos del Abismo - Chile en Tinieblas","og_description":"Agrupaci\u00f3n de larga tradici\u00f3n de exploradores y mercenarios que bajo el financiamiento de varios grupos de poder y coleccionistas privados de toda \u00edndole, se aventuran dentro del territorio nacional en los lugares m\u00e1s peligrosos de este y en otros reinos m\u00e1s all\u00e1 de la celos\u00eda para cumplir con los requisitos de sus clientes.","og_url":"https:\/\/chileentinieblas.cl\/en\/agrupaciones\/los-peregrinos-del-abismo\/","og_site_name":"Chile en Tinieblas","article_publisher":"https:\/\/www.facebook.com\/ChileenTinieblas","article_modified_time":"2026-02-18T14:46:46+00:00","og_image":[{"width":1920,"height":1080,"url":"https:\/\/chileentinieblas.cl\/wp-content\/uploads\/2023\/08\/peregrinos.jpg","type":"image\/jpeg"}],"twitter_card":"summary_large_image","schema":{"@context":"https:\/\/schema.org","@graph":[{"@type":"WebPage","@id":"https:\/\/chileentinieblas.cl\/agrupaciones\/los-peregrinos-del-abismo\/","url":"https:\/\/chileentinieblas.cl\/agrupaciones\/los-peregrinos-del-abismo\/","name":"Los Peregrinos del Abismo - Chile en Tinieblas","isPartOf":{"@id":"https:\/\/chileentinieblas.cl\/#website"},"primaryImageOfPage":{"@id":"https:\/\/chileentinieblas.cl\/agrupaciones\/los-peregrinos-del-abismo\/#primaryimage"},"image":{"@id":"https:\/\/chileentinieblas.cl\/agrupaciones\/los-peregrinos-del-abismo\/#primaryimage"},"thumbnailUrl":"https:\/\/chileentinieblas.cl\/wp-content\/uploads\/2023\/08\/peregrinos.jpg","datePublished":"2023-08-15T18:35:05+00:00","dateModified":"2026-02-18T14:46:46+00:00","breadcrumb":{"@id":"https:\/\/chileentinieblas.cl\/agrupaciones\/los-peregrinos-del-abismo\/#breadcrumb"},"inLanguage":"en-US","potentialAction":[{"@type":"ReadAction","target":["https:\/\/chileentinieblas.cl\/agrupaciones\/los-peregrinos-del-abismo\/"]}]},{"@type":"ImageObject","inLanguage":"en-US","@id":"https:\/\/chileentinieblas.cl\/agrupaciones\/los-peregrinos-del-abismo\/#primaryimage","url":"https:\/\/chileentinieblas.cl\/wp-content\/uploads\/2023\/08\/peregrinos.jpg","contentUrl":"https:\/\/chileentinieblas.cl\/wp-content\/uploads\/2023\/08\/peregrinos.jpg","width":1920,"height":1080},{"@type":"BreadcrumbList","@id":"https:\/\/chileentinieblas.cl\/agrupaciones\/los-peregrinos-del-abismo\/#breadcrumb","itemListElement":[{"@type":"ListItem","position":1,"name":"Portada","item":"https:\/\/chileentinieblas.cl\/"},{"@type":"ListItem","position":2,"name":"agrupaciones","item":"https:\/\/chileentinieblas.cl\/agrupaciones\/"},{"@type":"ListItem","position":3,"name":"Los Peregrinos del Abismo"}]},{"@type":"WebSite","@id":"https:\/\/chileentinieblas.cl\/#website","url":"https:\/\/chileentinieblas.cl\/","name":"Chile en Tinieblas","description":"Un servidor con mesas de rol de Mundo de Tinieblas","publisher":{"@id":"https:\/\/chileentinieblas.cl\/#organization"},"potentialAction":[{"@type":"SearchAction","target":{"@type":"EntryPoint","urlTemplate":"https:\/\/chileentinieblas.cl\/?s={search_term_string}"},"query-input":{"@type":"PropertyValueSpecification","valueRequired":true,"valueName":"search_term_string"}}],"inLanguage":"en-US"},{"@type":"Organization","@id":"https:\/\/chileentinieblas.cl\/#organization","name":"Chile en Tinieblas","url":"https:\/\/chileentinieblas.cl\/","logo":{"@type":"ImageObject","inLanguage":"en-US","@id":"https:\/\/chileentinieblas.cl\/#\/schema\/logo\/image\/","url":"https:\/\/chileentinieblas.cl\/wp-content\/uploads\/2021\/12\/logo-cet-claro.png","contentUrl":"https:\/\/chileentinieblas.cl\/wp-content\/uploads\/2021\/12\/logo-cet-claro.png","width":1001,"height":1030,"caption":"Chile en Tinieblas"},"image":{"@id":"https:\/\/chileentinieblas.cl\/#\/schema\/logo\/image\/"},"sameAs":["https:\/\/www.facebook.com\/ChileenTinieblas","https:\/\/www.instagram.com\/chileentinieblas\/","https:\/\/www.youtube.com\/@chileentinieblas","https:\/\/www.tiktok.com\/@chileentinieblas"]}]}},"jetpack_sharing_enabled":true,"_links":{"self":[{"href":"https:\/\/chileentinieblas.cl\/en\/wp-json\/wp\/v2\/agrupaciones\/4386","targetHints":{"allow":["GET"]}}],"collection":[{"href":"https:\/\/chileentinieblas.cl\/en\/wp-json\/wp\/v2\/agrupaciones"}],"about":[{"href":"https:\/\/chileentinieblas.cl\/en\/wp-json\/wp\/v2\/types\/agrupaciones"}],"author":[{"embeddable":true,"href":"https:\/\/chileentinieblas.cl\/en\/wp-json\/wp\/v2\/users\/1"}],"version-history":[{"count":7,"href":"https:\/\/chileentinieblas.cl\/en\/wp-json\/wp\/v2\/agrupaciones\/4386\/revisions"}],"predecessor-version":[{"id":6376,"href":"https:\/\/chileentinieblas.cl\/en\/wp-json\/wp\/v2\/agrupaciones\/4386\/revisions\/6376"}],"acf:post":[{"embeddable":true,"href":"https:\/\/chileentinieblas.cl\/en\/wp-json\/wp\/v2\/pnj\/4398"},{"embeddable":true,"href":"https:\/\/chileentinieblas.cl\/en\/wp-json\/wp\/v2\/pnj\/2468"}],"wp:featuredmedia":[{"embeddable":true,"href":"https:\/\/chileentinieblas.cl\/en\/wp-json\/wp\/v2\/media\/4387"}],"wp:attachment":[{"href":"https:\/\/chileentinieblas.cl\/en\/wp-json\/wp\/v2\/media?parent=4386"}],"wp:term":[{"taxonomy":"juego","embeddable":true,"href":"https:\/\/chileentinieblas.cl\/en\/wp-json\/wp\/v2\/juego?post=4386"}],"curies":[{"name":"wp","href":"https:\/\/api.w.org\/{rel}","templated":true}]}}