{"id":2858,"date":"2022-07-07T06:41:42","date_gmt":"2022-07-07T06:41:42","guid":{"rendered":"https:\/\/chileentinieblas.cl\/?post_type=agrupaciones&#038;p=2858"},"modified":"2024-07-27T07:23:22","modified_gmt":"2024-07-27T07:23:22","slug":"los-forjasu3nos","status":"publish","type":"agrupaciones","link":"https:\/\/chileentinieblas.cl\/en\/agrupaciones\/los-forjasu3nos\/","title":{"rendered":"Los for(jasU3\u00f1os)"},"content":{"rendered":"<p class=\"wp-block-paragraph\">Los forjasue\u00f1os es el grupo que la arquitecta denomin\u00f3 para las nuevas generaciones de adeptos virtuales que despertaban bajo la observaci\u00f3n de ella en el pa\u00eds. Con miembros principalmente de la generaci\u00f3n-Z y millenials que se criaron bajo la tecnolog\u00eda de la era moderna.<\/p>\n\n\n\n<h2 class=\"wp-block-heading\">2005 &#8211; Origen<\/h2>\n\n\n\n<p class=\"wp-block-paragraph\">Creado hace pocos a\u00f1os atr\u00e1s, formado por la arquitecta despu\u00e9s de que su consciencia reapareciera en la web (a causa del blackout del 97) para formar un nuevo espacio para aquellos que tuvieran m\u00e1s intenciones de inventar y explorar el futuro de la tecnolog\u00eda virtual que estar enfrentando a la tecnocracia en la guerra de la ascensi\u00f3n. Sus miembros pasan principalmente en la red digital probando nuevos procedimientos y t\u00e9cnicas con las que hacer sus sue\u00f1os realidad.<\/p>\n\n\n\n<h2 class=\"wp-block-heading\">2012 L\u00edder B-Wave<\/h2>\n\n\n\n<p class=\"wp-block-paragraph\">En el 2012, deja a cargo a V-Wave como l\u00edder del grupo, a pesar de estar en desacuerdo, ya que en \u00e9l ve la capacidad de inspirar a las nuevas generaciones a imaginar un futuro m\u00e1s prometedor, con m\u00e1s esperanzas a pesar de las condiciones del pa\u00eds, del mundo y la constante toxicidad con la que deben lidiar en las redes sociales de internet.<\/p>\n\n\n\n<p class=\"wp-block-paragraph\">Con el tiempo el grupo se ha vuelto un referente para aquellos que desean tener espacios seguros de experimentaci\u00f3n virtual, y han explorado en la realidad aumentada (no tan profundamente como en la tecnocracia) pero sus tendencias principales son los videojuegos y la realidad virtual.<\/p>","protected":false},"excerpt":{"rendered":"<p>Los forjasue\u00f1os es el grupo que la arquitecta denomin\u00f3 para las nuevas generaciones de adeptos virtuales que despertaban bajo la observaci\u00f3n de ella en el pa\u00eds. Con miembros principalmente de la generaci\u00f3n-Z y millenials que se criaron bajo la tecnolog\u00eda de la era moderna. 2005 &#8211; Origen Creado hace pocos a\u00f1os atr\u00e1s, formado por la [&hellip;]<\/p>\n","protected":false},"author":1,"featured_media":2859,"template":"","juego":[80],"class_list":["post-2858","agrupaciones","type-agrupaciones","status-publish","has-post-thumbnail","hentry","juego-mago-la-ascension"],"acf":{"lideres_agrupacion":[2801],"integrantes_agrupacion":"","integrantes-secundarios":[{"nombre":"Carol","imagen":2870,"descripcion":"Experta en realidad virtual, personaliza software y mods de videojuegos con ciencia despertada para dar una sensaci\u00f3n m\u00e1s inmersiva.","fuerza_de_voluntad":5,"niveles_de_salud":7,"iniciativa":14,"otros":"Aret\u00e9: 2","fisicos":"2\/3\/2","sociales":"3\/2\/2","mentales":"2\/4\/2","habilidades":"<ul>\r\n \t<li>Generales: 2<\/li>\r\n \t<li>Tecnolog\u00eda, Hipertech, inform\u00e1tica: 4<\/li>\r\n \t<li>Armas de energ\u00eda, armas de fuego, atletismo: 3<\/li>\r\n<\/ul>","poderes":"<ul>\r\n \t<li><strong>Enga\u00f1ar visi\u00f3n<\/strong> (fuerzas 2, materia 2, cardinal 2), foco: latas de spray que explotan en humos de colores, deben ser respirados o haber pintado una superficie por donde usen la visi\u00f3n (c\u00e1maras, ojos, cascos etc.)<\/li>\r\n \t<li><strong>Percepciones aumentadas<\/strong> (correspondencia 2), foco: Visores de realidad virtual, +2 a todas las acciones agresivas y defensivas.<\/li>\r\n \t<li><strong>Disparos el\u00e9ctricos<\/strong> (fuerza 2, correspondencia), foco: Arma de energ\u00eda, no es letal, pero un disparo pega 10 contundentes.<\/li>\r\n<\/ul>\r\n&nbsp;"},{"nombre":"Ghost","imagen":2871,"descripcion":"A cargo del hardware y los sistemas de seguridad, ama sacarle el mayor provecho a la tecnolog\u00eda, exprimiendo sus capacidades.","fuerza_de_voluntad":4,"niveles_de_salud":7,"iniciativa":10,"otros":"Aret\u00e9 3","fisicos":"2\/3\/3","sociales":"2\/2\/2","mentales":"3\/3\/2","habilidades":"<ul>\r\n \t<li>Generales: 2<\/li>\r\n \t<li>Tecnolog\u00eda, Hipertech, artesan\u00eda, inform\u00e1tica: 5<\/li>\r\n \t<li>Armas de energ\u00eda, armas de fuego, atletismo: 2<\/li>\r\n<\/ul>","poderes":"<ul>\r\n \t<li><strong>Manipulaci\u00f3n a distancia de artefactos audiovisuales<\/strong> (correspondencia 2, fuerzas 2), foco: disparos de dardos con microantenas, cuenta con 3. Le permite hackear a distancia.<\/li>\r\n \t<li><strong>Sobrecalentar y derretir sistemas<\/strong> (fuerzas 2, materia 3), foco: redes wifi, redes moviles, vulgar, da\u00f1a los artefactos.<\/li>\r\n \t<li><strong>Confundir sistemas de rastreo<\/strong> (correspondencia 2, entrop\u00eda 1), foco: Bomba de humo que lanza part\u00edculas al aire, todo lo que intente rastrear el \u00e1rea comienza a fallar y dar datos err\u00f3neos.<\/li>\r\n \t<li><strong>Descargar objetos desde la red digital<\/strong> (correspondencia 3, cardinal 2), foco: Conexi\u00f3n de notebook trinario a la red, vulgar, dependiendo de lo que necesiten, pueden descargarlo a la realidad, aunque cada descarga consume de 1 a 3 puntos de Q, dependiendo de la masa del objeto.<\/li>\r\n<\/ul>"},{"nombre":"Doctor Kyrian","imagen":2882,"descripcion":"El doctor fue el primer miembro de los Adeptos que se uni\u00f3 al proyecto nuevo de la Arquitecta, el fund\u00f3 las bases de la organizaci\u00f3n.","fuerza_de_voluntad":6,"niveles_de_salud":7,"iniciativa":8,"otros":"Aret\u00e9: 4 Quintaesencia: 4","fisicos":"4\/3\/5","sociales":"4\/3\/2","mentales":"3\/3\/4","habilidades":"<ul>\r\n \t<li>Generales: 2<\/li>\r\n \t<li>Tecnolog\u00eda, medicina, Hipertech, Pelea, Pelea con armas, Supervivencia: 4<\/li>\r\n \t<li>Artesan\u00eda, ciencias, expresi\u00f3n, documentaci\u00f3n: 3<\/li>\r\n<\/ul>","poderes":"<ul>\r\n \t<li><strong>Reparaci\u00f3n \u00e1gil<\/strong> (Tiempo 2, materia 2, vida 2), foco: Su brazo cuenta con una serie de brazos met\u00e1licos que permiten sellar heridas, anestesiar e inyectar drogas, cada accesorio se mueve de manera independiente lo que le permite ser muy r\u00e1pido. Consume 1 Quintaesencia.<\/li>\r\n \t<li><strong>Golpe triple<\/strong> (tiempo 2, vida 1), foco: Su brazo met\u00e1lico, da X golpes en una sola acci\u00f3n seg\u00fan \u00e9xitos de aret\u00e9. Da\u00f1o fuerza x 3, consume 1 de quintaesencia.<\/li>\r\n \t<li><strong>Disparo inmovilizador<\/strong> (Vida 1, tiempo 2), foco: Su arma personal. Cada disparo deja inm\u00f3vil al sujeto al que impacta por un n\u00famero de acciones igual a los \u00e9xitos de aret\u00e9.<\/li>\r\n<\/ul>"},{"nombre":"Naxito","imagen":2883,"descripcion":"Naxito se la pasa creando avatares para el equipo en la red digital, mientras que en el carnespacio le gusta conjurar ilusiones realistas que confundan a sus oponentes.","fuerza_de_voluntad":5,"niveles_de_salud":7,"iniciativa":16,"otros":"Aret\u00e9: 3 Quintaesencia: 10","fisicos":"2\/4\/2","sociales":"3\/4\/2","mentales":"4\/3\/2","habilidades":"<ul>\r\n \t<li>Generales: 2<\/li>\r\n \t<li>Artesan\u00eda, inform\u00e1tica, subterfugio: 4<\/li>\r\n \t<li>Tecnolog\u00eda, hypertech, volar: 3<\/li>\r\n<\/ul>","poderes":"<ul>\r\n \t<li><strong>Minions<\/strong> (fuerzas 2, cardinal 3, correspondencia 3, mente 2), foco: Dron y su celular. Desplega una serie de proyecciones 3D en el campo que los dirige como un ejercito de un videojuego desde su celular. Cada ilusi\u00f3n es un dron que proyecta una imagen y que es capaz de disparar r\u00e1fagas de energ\u00eda, tiene hasta 8, puede configurarlos con la forma que quiera.<\/li>\r\n \t<li><strong>Mochila jetpack<\/strong> (fuerzas 2): Le permite volar tantos turnos como puntos de quintesencia le queden en la mochila, para escapa, o tener una mejor vista del lugar.<\/li>\r\n<\/ul>"}],"simbolo":"","estatus":"Activo","informacion_privada":"","mapa_de_kumu_u_otro_embed":null},"yoast_head":"<!-- This site is optimized with the Yoast SEO plugin v28.4 - https:\/\/yoast.com\/product\/yoast-seo-wordpress\/ -->\n<title>Los for(jasU3\u00f1os) - Chile en Tinieblas<\/title>\n<meta name=\"robots\" content=\"index, follow, max-snippet:-1, max-image-preview:large, max-video-preview:-1\" \/>\n<link rel=\"canonical\" href=\"https:\/\/chileentinieblas.cl\/en\/agrupaciones\/los-forjasu3nos\/\" \/>\n<meta property=\"og:locale\" content=\"en_US\" \/>\n<meta property=\"og:type\" content=\"article\" \/>\n<meta property=\"og:title\" content=\"Los for(jasU3\u00f1os) - Chile en Tinieblas\" \/>\n<meta property=\"og:description\" content=\"Los forjasue\u00f1os es el grupo que la arquitecta denomin\u00f3 para las nuevas generaciones de adeptos virtuales que despertaban bajo la observaci\u00f3n de ella en el pa\u00eds. Con miembros principalmente de la generaci\u00f3n-Z y millenials que se criaron bajo la tecnolog\u00eda de la era moderna. 2005 &#8211; Origen Creado hace pocos a\u00f1os atr\u00e1s, formado por la [&hellip;]\" \/>\n<meta property=\"og:url\" content=\"https:\/\/chileentinieblas.cl\/en\/agrupaciones\/los-forjasu3nos\/\" \/>\n<meta property=\"og:site_name\" content=\"Chile en Tinieblas\" \/>\n<meta property=\"article:publisher\" content=\"https:\/\/www.facebook.com\/ChileenTinieblas\" \/>\n<meta property=\"article:modified_time\" content=\"2024-07-27T07:23:22+00:00\" \/>\n<meta property=\"og:image\" content=\"https:\/\/i.pinimg.com\/originals\/09\/fc\/dd\/09fcdd124a41422f012df7eab070e4bb.jpg\" \/>\n\t<meta property=\"og:image:width\" content=\"1366\" \/>\n\t<meta property=\"og:image:height\" content=\"768\" \/>\n\t<meta property=\"og:image:type\" content=\"image\/jpeg\" \/>\n<meta name=\"twitter:card\" content=\"summary_large_image\" \/>\n<meta name=\"twitter:label1\" content=\"Est. reading time\" \/>\n\t<meta name=\"twitter:data1\" content=\"1 minute\" \/>\n<script type=\"application\/ld+json\" class=\"yoast-schema-graph\">{\"@context\":\"https:\\\/\\\/schema.org\",\"@graph\":[{\"@type\":\"WebPage\",\"@id\":\"https:\\\/\\\/chileentinieblas.cl\\\/agrupaciones\\\/los-forjasu3nos\\\/\",\"url\":\"https:\\\/\\\/chileentinieblas.cl\\\/agrupaciones\\\/los-forjasu3nos\\\/\",\"name\":\"Los for(jasU3\u00f1os) - Chile en Tinieblas\",\"isPartOf\":{\"@id\":\"https:\\\/\\\/chileentinieblas.cl\\\/#website\"},\"primaryImageOfPage\":{\"@id\":\"https:\\\/\\\/chileentinieblas.cl\\\/agrupaciones\\\/los-forjasu3nos\\\/#primaryimage\"},\"image\":{\"@id\":\"https:\\\/\\\/chileentinieblas.cl\\\/agrupaciones\\\/los-forjasu3nos\\\/#primaryimage\"},\"thumbnailUrl\":\"https:\\\/\\\/i.pinimg.com\\\/originals\\\/09\\\/fc\\\/dd\\\/09fcdd124a41422f012df7eab070e4bb.jpg\",\"datePublished\":\"2022-07-07T06:41:42+00:00\",\"dateModified\":\"2024-07-27T07:23:22+00:00\",\"breadcrumb\":{\"@id\":\"https:\\\/\\\/chileentinieblas.cl\\\/agrupaciones\\\/los-forjasu3nos\\\/#breadcrumb\"},\"inLanguage\":\"en-US\",\"potentialAction\":[{\"@type\":\"ReadAction\",\"target\":[\"https:\\\/\\\/chileentinieblas.cl\\\/agrupaciones\\\/los-forjasu3nos\\\/\"]}]},{\"@type\":\"ImageObject\",\"inLanguage\":\"en-US\",\"@id\":\"https:\\\/\\\/chileentinieblas.cl\\\/agrupaciones\\\/los-forjasu3nos\\\/#primaryimage\",\"url\":\"https:\\\/\\\/i.pinimg.com\\\/originals\\\/09\\\/fc\\\/dd\\\/09fcdd124a41422f012df7eab070e4bb.jpg\",\"contentUrl\":\"https:\\\/\\\/i.pinimg.com\\\/originals\\\/09\\\/fc\\\/dd\\\/09fcdd124a41422f012df7eab070e4bb.jpg\",\"width\":1366,\"height\":768},{\"@type\":\"BreadcrumbList\",\"@id\":\"https:\\\/\\\/chileentinieblas.cl\\\/agrupaciones\\\/los-forjasu3nos\\\/#breadcrumb\",\"itemListElement\":[{\"@type\":\"ListItem\",\"position\":1,\"name\":\"Portada\",\"item\":\"https:\\\/\\\/chileentinieblas.cl\\\/\"},{\"@type\":\"ListItem\",\"position\":2,\"name\":\"agrupaciones\",\"item\":\"https:\\\/\\\/chileentinieblas.cl\\\/agrupaciones\\\/\"},{\"@type\":\"ListItem\",\"position\":3,\"name\":\"Los for(jasU3\u00f1os)\"}]},{\"@type\":\"WebSite\",\"@id\":\"https:\\\/\\\/chileentinieblas.cl\\\/#website\",\"url\":\"https:\\\/\\\/chileentinieblas.cl\\\/\",\"name\":\"Chile en Tinieblas\",\"description\":\"Un servidor con mesas de rol de Mundo de Tinieblas\",\"publisher\":{\"@id\":\"https:\\\/\\\/chileentinieblas.cl\\\/#organization\"},\"potentialAction\":[{\"@type\":\"SearchAction\",\"target\":{\"@type\":\"EntryPoint\",\"urlTemplate\":\"https:\\\/\\\/chileentinieblas.cl\\\/?s={search_term_string}\"},\"query-input\":{\"@type\":\"PropertyValueSpecification\",\"valueRequired\":true,\"valueName\":\"search_term_string\"}}],\"inLanguage\":\"en-US\"},{\"@type\":\"Organization\",\"@id\":\"https:\\\/\\\/chileentinieblas.cl\\\/#organization\",\"name\":\"Chile en Tinieblas\",\"url\":\"https:\\\/\\\/chileentinieblas.cl\\\/\",\"logo\":{\"@type\":\"ImageObject\",\"inLanguage\":\"en-US\",\"@id\":\"https:\\\/\\\/chileentinieblas.cl\\\/#\\\/schema\\\/logo\\\/image\\\/\",\"url\":\"https:\\\/\\\/chileentinieblas.cl\\\/wp-content\\\/uploads\\\/2021\\\/12\\\/logo-cet-claro.png\",\"contentUrl\":\"https:\\\/\\\/chileentinieblas.cl\\\/wp-content\\\/uploads\\\/2021\\\/12\\\/logo-cet-claro.png\",\"width\":1001,\"height\":1030,\"caption\":\"Chile en Tinieblas\"},\"image\":{\"@id\":\"https:\\\/\\\/chileentinieblas.cl\\\/#\\\/schema\\\/logo\\\/image\\\/\"},\"sameAs\":[\"https:\\\/\\\/www.facebook.com\\\/ChileenTinieblas\",\"https:\\\/\\\/www.instagram.com\\\/chileentinieblas\\\/\",\"https:\\\/\\\/www.youtube.com\\\/@chileentinieblas\",\"https:\\\/\\\/www.tiktok.com\\\/@chileentinieblas\"]}]}<\/script>\n<!-- \/ Yoast SEO plugin. -->","yoast_head_json":{"title":"Los for(jasU3\u00f1os) - Chile en Tinieblas","robots":{"index":"index","follow":"follow","max-snippet":"max-snippet:-1","max-image-preview":"max-image-preview:large","max-video-preview":"max-video-preview:-1"},"canonical":"https:\/\/chileentinieblas.cl\/en\/agrupaciones\/los-forjasu3nos\/","og_locale":"en_US","og_type":"article","og_title":"Los for(jasU3\u00f1os) - Chile en Tinieblas","og_description":"Los forjasue\u00f1os es el grupo que la arquitecta denomin\u00f3 para las nuevas generaciones de adeptos virtuales que despertaban bajo la observaci\u00f3n de ella en el pa\u00eds. Con miembros principalmente de la generaci\u00f3n-Z y millenials que se criaron bajo la tecnolog\u00eda de la era moderna. 2005 &#8211; Origen Creado hace pocos a\u00f1os atr\u00e1s, formado por la [&hellip;]","og_url":"https:\/\/chileentinieblas.cl\/en\/agrupaciones\/los-forjasu3nos\/","og_site_name":"Chile en Tinieblas","article_publisher":"https:\/\/www.facebook.com\/ChileenTinieblas","article_modified_time":"2024-07-27T07:23:22+00:00","og_image":[{"width":1366,"height":768,"url":"https:\/\/i.pinimg.com\/originals\/09\/fc\/dd\/09fcdd124a41422f012df7eab070e4bb.jpg","type":"image\/jpeg"}],"twitter_card":"summary_large_image","twitter_misc":{"Est. reading time":"1 minute"},"schema":{"@context":"https:\/\/schema.org","@graph":[{"@type":"WebPage","@id":"https:\/\/chileentinieblas.cl\/agrupaciones\/los-forjasu3nos\/","url":"https:\/\/chileentinieblas.cl\/agrupaciones\/los-forjasu3nos\/","name":"Los for(jasU3\u00f1os) - Chile en Tinieblas","isPartOf":{"@id":"https:\/\/chileentinieblas.cl\/#website"},"primaryImageOfPage":{"@id":"https:\/\/chileentinieblas.cl\/agrupaciones\/los-forjasu3nos\/#primaryimage"},"image":{"@id":"https:\/\/chileentinieblas.cl\/agrupaciones\/los-forjasu3nos\/#primaryimage"},"thumbnailUrl":"https:\/\/i.pinimg.com\/originals\/09\/fc\/dd\/09fcdd124a41422f012df7eab070e4bb.jpg","datePublished":"2022-07-07T06:41:42+00:00","dateModified":"2024-07-27T07:23:22+00:00","breadcrumb":{"@id":"https:\/\/chileentinieblas.cl\/agrupaciones\/los-forjasu3nos\/#breadcrumb"},"inLanguage":"en-US","potentialAction":[{"@type":"ReadAction","target":["https:\/\/chileentinieblas.cl\/agrupaciones\/los-forjasu3nos\/"]}]},{"@type":"ImageObject","inLanguage":"en-US","@id":"https:\/\/chileentinieblas.cl\/agrupaciones\/los-forjasu3nos\/#primaryimage","url":"https:\/\/i.pinimg.com\/originals\/09\/fc\/dd\/09fcdd124a41422f012df7eab070e4bb.jpg","contentUrl":"https:\/\/i.pinimg.com\/originals\/09\/fc\/dd\/09fcdd124a41422f012df7eab070e4bb.jpg","width":1366,"height":768},{"@type":"BreadcrumbList","@id":"https:\/\/chileentinieblas.cl\/agrupaciones\/los-forjasu3nos\/#breadcrumb","itemListElement":[{"@type":"ListItem","position":1,"name":"Portada","item":"https:\/\/chileentinieblas.cl\/"},{"@type":"ListItem","position":2,"name":"agrupaciones","item":"https:\/\/chileentinieblas.cl\/agrupaciones\/"},{"@type":"ListItem","position":3,"name":"Los for(jasU3\u00f1os)"}]},{"@type":"WebSite","@id":"https:\/\/chileentinieblas.cl\/#website","url":"https:\/\/chileentinieblas.cl\/","name":"Chile en Tinieblas","description":"Un servidor con mesas de rol de Mundo de Tinieblas","publisher":{"@id":"https:\/\/chileentinieblas.cl\/#organization"},"potentialAction":[{"@type":"SearchAction","target":{"@type":"EntryPoint","urlTemplate":"https:\/\/chileentinieblas.cl\/?s={search_term_string}"},"query-input":{"@type":"PropertyValueSpecification","valueRequired":true,"valueName":"search_term_string"}}],"inLanguage":"en-US"},{"@type":"Organization","@id":"https:\/\/chileentinieblas.cl\/#organization","name":"Chile en Tinieblas","url":"https:\/\/chileentinieblas.cl\/","logo":{"@type":"ImageObject","inLanguage":"en-US","@id":"https:\/\/chileentinieblas.cl\/#\/schema\/logo\/image\/","url":"https:\/\/chileentinieblas.cl\/wp-content\/uploads\/2021\/12\/logo-cet-claro.png","contentUrl":"https:\/\/chileentinieblas.cl\/wp-content\/uploads\/2021\/12\/logo-cet-claro.png","width":1001,"height":1030,"caption":"Chile en Tinieblas"},"image":{"@id":"https:\/\/chileentinieblas.cl\/#\/schema\/logo\/image\/"},"sameAs":["https:\/\/www.facebook.com\/ChileenTinieblas","https:\/\/www.instagram.com\/chileentinieblas\/","https:\/\/www.youtube.com\/@chileentinieblas","https:\/\/www.tiktok.com\/@chileentinieblas"]}]}},"jetpack_sharing_enabled":true,"_links":{"self":[{"href":"https:\/\/chileentinieblas.cl\/en\/wp-json\/wp\/v2\/agrupaciones\/2858","targetHints":{"allow":["GET"]}}],"collection":[{"href":"https:\/\/chileentinieblas.cl\/en\/wp-json\/wp\/v2\/agrupaciones"}],"about":[{"href":"https:\/\/chileentinieblas.cl\/en\/wp-json\/wp\/v2\/types\/agrupaciones"}],"author":[{"embeddable":true,"href":"https:\/\/chileentinieblas.cl\/en\/wp-json\/wp\/v2\/users\/1"}],"version-history":[{"count":1,"href":"https:\/\/chileentinieblas.cl\/en\/wp-json\/wp\/v2\/agrupaciones\/2858\/revisions"}],"predecessor-version":[{"id":4711,"href":"https:\/\/chileentinieblas.cl\/en\/wp-json\/wp\/v2\/agrupaciones\/2858\/revisions\/4711"}],"acf:post":[{"embeddable":true,"href":"https:\/\/chileentinieblas.cl\/en\/wp-json\/wp\/v2\/pnj\/2801"}],"wp:featuredmedia":[{"embeddable":true,"href":"https:\/\/chileentinieblas.cl\/en\/wp-json\/wp\/v2\/media\/2859"}],"wp:attachment":[{"href":"https:\/\/chileentinieblas.cl\/en\/wp-json\/wp\/v2\/media?parent=2858"}],"wp:term":[{"taxonomy":"juego","embeddable":true,"href":"https:\/\/chileentinieblas.cl\/en\/wp-json\/wp\/v2\/juego?post=2858"}],"curies":[{"name":"wp","href":"https:\/\/api.w.org\/{rel}","templated":true}]}}