{"id":2535,"date":"2022-04-15T22:00:38","date_gmt":"2022-04-15T22:00:38","guid":{"rendered":"https:\/\/chileentinieblas.cl\/?post_type=agrupaciones&#038;p=2535"},"modified":"2024-07-27T07:23:22","modified_gmt":"2024-07-27T07:23:22","slug":"luk-pehuen-araucania-blanca","status":"publish","type":"agrupaciones","link":"https:\/\/chileentinieblas.cl\/en\/agrupaciones\/luk-pehuen-araucania-blanca\/","title":{"rendered":"Luk Pehu\u00e9n, Araucan\u00eda Blanca"},"content":{"rendered":"<p class=\"wp-block-paragraph\">Luk Pehu\u00e9n (Araucan\u00eda blanca) es un grupo extremista formado por Cuentasue\u00f1os y Verbenas con ascendencia nativa mapuche, para reclamar las tierras y patrimonio m\u00e1gico perdido ante las manos de los extranjeros que se apropiaron del poder y del progromo tecn\u00f3crata auspiciado por las pol\u00edticas p\u00fablicas.<\/p>\n\n\n\n<p class=\"wp-block-paragraph\">Constantemente se enfrentan a las grandes corporaciones que buscan destruir los bosques ne\u00f3fitos del sur por medio de empresas madereras y de celulosas. Sin embargo sus m\u00e9todos son muy cuestionables ya que usan actos extremistas como la quema de camiones, predios, dinamitar represas, etc, y consideran a todos los que est\u00e1n relacionados con estas organizaciones como enemigos: Personas, criaturas, tecn\u00f3cratas y otros magos por igual.<\/p>\n\n\n\n<p class=\"wp-block-paragraph\">Como guardianes de la zona del bosque valdiviano, la \u00faltima zona de magia libre que existe en el pa\u00eds, son letales y usan todos los medios disponibles para expulsar a cualquier insensato que atreva a adentrarse al bosque.<\/p>\n\n\n\n<p class=\"wp-block-paragraph\">De vez en cuando suelen salir del bosque para trackear a enemigos a otras ciudades, o relcutar y proteger a los miembros que se unan a su causa.<\/p>\n\n\n\n<p class=\"wp-block-paragraph\">Se dice que el fundador fue inspirado por las ideas del Octubre negro, y que desde entonces se llevan mal con <strong>Wacolda<\/strong>, la l\u00edder de los Verbena del pa\u00eds. Ella por otro lado, considera que el camino que tom\u00f3 el grupo est\u00e1 manchado por la misma corrupci\u00f3n que trajeron los Huincas hace 500 a\u00f1os, y prefiere no involucrarse con ellos hasta que no cambien.<\/p>","protected":false},"excerpt":{"rendered":"<p>Luk Pehu\u00e9n (Araucan\u00eda blanca) es un grupo extremista formado por Cuentasue\u00f1os y Verbenas con ascendencia nativa mapuche, para reclamar las tierras y patrimonio m\u00e1gico perdido ante las manos de los extranjeros que se apropiaron del poder y del progromo tecn\u00f3crata auspiciado por las pol\u00edticas p\u00fablicas. Constantemente se enfrentan a las grandes corporaciones que buscan destruir [&hellip;]<\/p>\n","protected":false},"author":1,"featured_media":2536,"template":"","juego":[],"class_list":["post-2535","agrupaciones","type-agrupaciones","status-publish","has-post-thumbnail","hentry"],"acf":{"lideres_agrupacion":null,"integrantes_agrupacion":null,"integrantes-secundarios":null,"simbolo":"","estatus":"Activo","informacion_privada":"","mapa_de_kumu_u_otro_embed":null},"yoast_head":"<!-- This site is optimized with the Yoast SEO plugin v28.4 - https:\/\/yoast.com\/product\/yoast-seo-wordpress\/ -->\n<title>Luk Pehu\u00e9n, Araucan\u00eda Blanca - Chile en Tinieblas<\/title>\n<meta name=\"robots\" content=\"index, follow, max-snippet:-1, max-image-preview:large, max-video-preview:-1\" \/>\n<link rel=\"canonical\" href=\"https:\/\/chileentinieblas.cl\/en\/agrupaciones\/luk-pehuen-araucania-blanca\/\" \/>\n<meta property=\"og:locale\" content=\"en_US\" \/>\n<meta property=\"og:type\" content=\"article\" \/>\n<meta property=\"og:title\" content=\"Luk Pehu\u00e9n, Araucan\u00eda Blanca - Chile en Tinieblas\" \/>\n<meta property=\"og:description\" content=\"Luk Pehu\u00e9n (Araucan\u00eda blanca) es un grupo extremista formado por Cuentasue\u00f1os y Verbenas con ascendencia nativa mapuche, para reclamar las tierras y patrimonio m\u00e1gico perdido ante las manos de los extranjeros que se apropiaron del poder y del progromo tecn\u00f3crata auspiciado por las pol\u00edticas p\u00fablicas. Constantemente se enfrentan a las grandes corporaciones que buscan destruir [&hellip;]\" \/>\n<meta property=\"og:url\" content=\"https:\/\/chileentinieblas.cl\/en\/agrupaciones\/luk-pehuen-araucania-blanca\/\" \/>\n<meta property=\"og:site_name\" content=\"Chile en Tinieblas\" \/>\n<meta property=\"article:publisher\" content=\"https:\/\/www.facebook.com\/ChileenTinieblas\" \/>\n<meta property=\"article:modified_time\" content=\"2024-07-27T07:23:22+00:00\" \/>\n<meta property=\"og:image\" content=\"https:\/\/chileentinieblas.cl\/wp-content\/uploads\/2022\/04\/moseykina-maria-pers-apocap.jpg\" \/>\n\t<meta property=\"og:image:width\" content=\"1920\" \/>\n\t<meta property=\"og:image:height\" content=\"1002\" \/>\n\t<meta property=\"og:image:type\" content=\"image\/jpeg\" \/>\n<meta name=\"twitter:card\" content=\"summary_large_image\" \/>\n<meta name=\"twitter:label1\" content=\"Est. reading time\" \/>\n\t<meta name=\"twitter:data1\" content=\"1 minute\" \/>\n<script type=\"application\/ld+json\" class=\"yoast-schema-graph\">{\"@context\":\"https:\\\/\\\/schema.org\",\"@graph\":[{\"@type\":\"WebPage\",\"@id\":\"https:\\\/\\\/chileentinieblas.cl\\\/agrupaciones\\\/luk-pehuen-araucania-blanca\\\/\",\"url\":\"https:\\\/\\\/chileentinieblas.cl\\\/agrupaciones\\\/luk-pehuen-araucania-blanca\\\/\",\"name\":\"Luk Pehu\u00e9n, Araucan\u00eda Blanca - Chile en Tinieblas\",\"isPartOf\":{\"@id\":\"https:\\\/\\\/chileentinieblas.cl\\\/#website\"},\"primaryImageOfPage\":{\"@id\":\"https:\\\/\\\/chileentinieblas.cl\\\/agrupaciones\\\/luk-pehuen-araucania-blanca\\\/#primaryimage\"},\"image\":{\"@id\":\"https:\\\/\\\/chileentinieblas.cl\\\/agrupaciones\\\/luk-pehuen-araucania-blanca\\\/#primaryimage\"},\"thumbnailUrl\":\"https:\\\/\\\/chileentinieblas.cl\\\/wp-content\\\/uploads\\\/2022\\\/04\\\/moseykina-maria-pers-apocap.jpg\",\"datePublished\":\"2022-04-15T22:00:38+00:00\",\"dateModified\":\"2024-07-27T07:23:22+00:00\",\"breadcrumb\":{\"@id\":\"https:\\\/\\\/chileentinieblas.cl\\\/agrupaciones\\\/luk-pehuen-araucania-blanca\\\/#breadcrumb\"},\"inLanguage\":\"en-US\",\"potentialAction\":[{\"@type\":\"ReadAction\",\"target\":[\"https:\\\/\\\/chileentinieblas.cl\\\/agrupaciones\\\/luk-pehuen-araucania-blanca\\\/\"]}]},{\"@type\":\"ImageObject\",\"inLanguage\":\"en-US\",\"@id\":\"https:\\\/\\\/chileentinieblas.cl\\\/agrupaciones\\\/luk-pehuen-araucania-blanca\\\/#primaryimage\",\"url\":\"https:\\\/\\\/chileentinieblas.cl\\\/wp-content\\\/uploads\\\/2022\\\/04\\\/moseykina-maria-pers-apocap.jpg\",\"contentUrl\":\"https:\\\/\\\/chileentinieblas.cl\\\/wp-content\\\/uploads\\\/2022\\\/04\\\/moseykina-maria-pers-apocap.jpg\",\"width\":1920,\"height\":1002},{\"@type\":\"BreadcrumbList\",\"@id\":\"https:\\\/\\\/chileentinieblas.cl\\\/agrupaciones\\\/luk-pehuen-araucania-blanca\\\/#breadcrumb\",\"itemListElement\":[{\"@type\":\"ListItem\",\"position\":1,\"name\":\"Portada\",\"item\":\"https:\\\/\\\/chileentinieblas.cl\\\/\"},{\"@type\":\"ListItem\",\"position\":2,\"name\":\"agrupaciones\",\"item\":\"https:\\\/\\\/chileentinieblas.cl\\\/agrupaciones\\\/\"},{\"@type\":\"ListItem\",\"position\":3,\"name\":\"Luk Pehu\u00e9n, Araucan\u00eda Blanca\"}]},{\"@type\":\"WebSite\",\"@id\":\"https:\\\/\\\/chileentinieblas.cl\\\/#website\",\"url\":\"https:\\\/\\\/chileentinieblas.cl\\\/\",\"name\":\"Chile en Tinieblas\",\"description\":\"Un servidor con mesas de rol de Mundo de Tinieblas\",\"publisher\":{\"@id\":\"https:\\\/\\\/chileentinieblas.cl\\\/#organization\"},\"potentialAction\":[{\"@type\":\"SearchAction\",\"target\":{\"@type\":\"EntryPoint\",\"urlTemplate\":\"https:\\\/\\\/chileentinieblas.cl\\\/?s={search_term_string}\"},\"query-input\":{\"@type\":\"PropertyValueSpecification\",\"valueRequired\":true,\"valueName\":\"search_term_string\"}}],\"inLanguage\":\"en-US\"},{\"@type\":\"Organization\",\"@id\":\"https:\\\/\\\/chileentinieblas.cl\\\/#organization\",\"name\":\"Chile en Tinieblas\",\"url\":\"https:\\\/\\\/chileentinieblas.cl\\\/\",\"logo\":{\"@type\":\"ImageObject\",\"inLanguage\":\"en-US\",\"@id\":\"https:\\\/\\\/chileentinieblas.cl\\\/#\\\/schema\\\/logo\\\/image\\\/\",\"url\":\"https:\\\/\\\/chileentinieblas.cl\\\/wp-content\\\/uploads\\\/2021\\\/12\\\/logo-cet-claro.png\",\"contentUrl\":\"https:\\\/\\\/chileentinieblas.cl\\\/wp-content\\\/uploads\\\/2021\\\/12\\\/logo-cet-claro.png\",\"width\":1001,\"height\":1030,\"caption\":\"Chile en Tinieblas\"},\"image\":{\"@id\":\"https:\\\/\\\/chileentinieblas.cl\\\/#\\\/schema\\\/logo\\\/image\\\/\"},\"sameAs\":[\"https:\\\/\\\/www.facebook.com\\\/ChileenTinieblas\",\"https:\\\/\\\/www.instagram.com\\\/chileentinieblas\\\/\",\"https:\\\/\\\/www.youtube.com\\\/@chileentinieblas\",\"https:\\\/\\\/www.tiktok.com\\\/@chileentinieblas\"]}]}<\/script>\n<!-- \/ Yoast SEO plugin. -->","yoast_head_json":{"title":"Luk Pehu\u00e9n, Araucan\u00eda Blanca - Chile en Tinieblas","robots":{"index":"index","follow":"follow","max-snippet":"max-snippet:-1","max-image-preview":"max-image-preview:large","max-video-preview":"max-video-preview:-1"},"canonical":"https:\/\/chileentinieblas.cl\/en\/agrupaciones\/luk-pehuen-araucania-blanca\/","og_locale":"en_US","og_type":"article","og_title":"Luk Pehu\u00e9n, Araucan\u00eda Blanca - Chile en Tinieblas","og_description":"Luk Pehu\u00e9n (Araucan\u00eda blanca) es un grupo extremista formado por Cuentasue\u00f1os y Verbenas con ascendencia nativa mapuche, para reclamar las tierras y patrimonio m\u00e1gico perdido ante las manos de los extranjeros que se apropiaron del poder y del progromo tecn\u00f3crata auspiciado por las pol\u00edticas p\u00fablicas. Constantemente se enfrentan a las grandes corporaciones que buscan destruir [&hellip;]","og_url":"https:\/\/chileentinieblas.cl\/en\/agrupaciones\/luk-pehuen-araucania-blanca\/","og_site_name":"Chile en Tinieblas","article_publisher":"https:\/\/www.facebook.com\/ChileenTinieblas","article_modified_time":"2024-07-27T07:23:22+00:00","og_image":[{"width":1920,"height":1002,"url":"https:\/\/chileentinieblas.cl\/wp-content\/uploads\/2022\/04\/moseykina-maria-pers-apocap.jpg","type":"image\/jpeg"}],"twitter_card":"summary_large_image","twitter_misc":{"Est. reading time":"1 minute"},"schema":{"@context":"https:\/\/schema.org","@graph":[{"@type":"WebPage","@id":"https:\/\/chileentinieblas.cl\/agrupaciones\/luk-pehuen-araucania-blanca\/","url":"https:\/\/chileentinieblas.cl\/agrupaciones\/luk-pehuen-araucania-blanca\/","name":"Luk Pehu\u00e9n, Araucan\u00eda Blanca - Chile en Tinieblas","isPartOf":{"@id":"https:\/\/chileentinieblas.cl\/#website"},"primaryImageOfPage":{"@id":"https:\/\/chileentinieblas.cl\/agrupaciones\/luk-pehuen-araucania-blanca\/#primaryimage"},"image":{"@id":"https:\/\/chileentinieblas.cl\/agrupaciones\/luk-pehuen-araucania-blanca\/#primaryimage"},"thumbnailUrl":"https:\/\/chileentinieblas.cl\/wp-content\/uploads\/2022\/04\/moseykina-maria-pers-apocap.jpg","datePublished":"2022-04-15T22:00:38+00:00","dateModified":"2024-07-27T07:23:22+00:00","breadcrumb":{"@id":"https:\/\/chileentinieblas.cl\/agrupaciones\/luk-pehuen-araucania-blanca\/#breadcrumb"},"inLanguage":"en-US","potentialAction":[{"@type":"ReadAction","target":["https:\/\/chileentinieblas.cl\/agrupaciones\/luk-pehuen-araucania-blanca\/"]}]},{"@type":"ImageObject","inLanguage":"en-US","@id":"https:\/\/chileentinieblas.cl\/agrupaciones\/luk-pehuen-araucania-blanca\/#primaryimage","url":"https:\/\/chileentinieblas.cl\/wp-content\/uploads\/2022\/04\/moseykina-maria-pers-apocap.jpg","contentUrl":"https:\/\/chileentinieblas.cl\/wp-content\/uploads\/2022\/04\/moseykina-maria-pers-apocap.jpg","width":1920,"height":1002},{"@type":"BreadcrumbList","@id":"https:\/\/chileentinieblas.cl\/agrupaciones\/luk-pehuen-araucania-blanca\/#breadcrumb","itemListElement":[{"@type":"ListItem","position":1,"name":"Portada","item":"https:\/\/chileentinieblas.cl\/"},{"@type":"ListItem","position":2,"name":"agrupaciones","item":"https:\/\/chileentinieblas.cl\/agrupaciones\/"},{"@type":"ListItem","position":3,"name":"Luk Pehu\u00e9n, Araucan\u00eda Blanca"}]},{"@type":"WebSite","@id":"https:\/\/chileentinieblas.cl\/#website","url":"https:\/\/chileentinieblas.cl\/","name":"Chile en Tinieblas","description":"Un servidor con mesas de rol de Mundo de Tinieblas","publisher":{"@id":"https:\/\/chileentinieblas.cl\/#organization"},"potentialAction":[{"@type":"SearchAction","target":{"@type":"EntryPoint","urlTemplate":"https:\/\/chileentinieblas.cl\/?s={search_term_string}"},"query-input":{"@type":"PropertyValueSpecification","valueRequired":true,"valueName":"search_term_string"}}],"inLanguage":"en-US"},{"@type":"Organization","@id":"https:\/\/chileentinieblas.cl\/#organization","name":"Chile en Tinieblas","url":"https:\/\/chileentinieblas.cl\/","logo":{"@type":"ImageObject","inLanguage":"en-US","@id":"https:\/\/chileentinieblas.cl\/#\/schema\/logo\/image\/","url":"https:\/\/chileentinieblas.cl\/wp-content\/uploads\/2021\/12\/logo-cet-claro.png","contentUrl":"https:\/\/chileentinieblas.cl\/wp-content\/uploads\/2021\/12\/logo-cet-claro.png","width":1001,"height":1030,"caption":"Chile en Tinieblas"},"image":{"@id":"https:\/\/chileentinieblas.cl\/#\/schema\/logo\/image\/"},"sameAs":["https:\/\/www.facebook.com\/ChileenTinieblas","https:\/\/www.instagram.com\/chileentinieblas\/","https:\/\/www.youtube.com\/@chileentinieblas","https:\/\/www.tiktok.com\/@chileentinieblas"]}]}},"jetpack_sharing_enabled":true,"_links":{"self":[{"href":"https:\/\/chileentinieblas.cl\/en\/wp-json\/wp\/v2\/agrupaciones\/2535","targetHints":{"allow":["GET"]}}],"collection":[{"href":"https:\/\/chileentinieblas.cl\/en\/wp-json\/wp\/v2\/agrupaciones"}],"about":[{"href":"https:\/\/chileentinieblas.cl\/en\/wp-json\/wp\/v2\/types\/agrupaciones"}],"author":[{"embeddable":true,"href":"https:\/\/chileentinieblas.cl\/en\/wp-json\/wp\/v2\/users\/1"}],"version-history":[{"count":1,"href":"https:\/\/chileentinieblas.cl\/en\/wp-json\/wp\/v2\/agrupaciones\/2535\/revisions"}],"predecessor-version":[{"id":5467,"href":"https:\/\/chileentinieblas.cl\/en\/wp-json\/wp\/v2\/agrupaciones\/2535\/revisions\/5467"}],"wp:featuredmedia":[{"embeddable":true,"href":"https:\/\/chileentinieblas.cl\/en\/wp-json\/wp\/v2\/media\/2536"}],"wp:attachment":[{"href":"https:\/\/chileentinieblas.cl\/en\/wp-json\/wp\/v2\/media?parent=2535"}],"wp:term":[{"taxonomy":"juego","embeddable":true,"href":"https:\/\/chileentinieblas.cl\/en\/wp-json\/wp\/v2\/juego?post=2535"}],"curies":[{"name":"wp","href":"https:\/\/api.w.org\/{rel}","templated":true}]}}