{"id":2407,"date":"2022-03-11T04:35:01","date_gmt":"2022-03-11T04:35:01","guid":{"rendered":"https:\/\/chileentinieblas.cl\/?post_type=agrupaciones&#038;p=2407"},"modified":"2025-09-22T21:06:15","modified_gmt":"2025-09-22T21:06:15","slug":"camarilla-santiago","status":"publish","type":"agrupaciones","link":"https:\/\/chileentinieblas.cl\/en\/agrupaciones\/camarilla-santiago\/","title":{"rendered":"Camarilla Santiago"},"content":{"rendered":"<h2 class=\"wp-block-heading\">Origen<\/h2>\n\n\n\n<p class=\"wp-block-paragraph\">La Camarilla llega a Chile en 1819 al puerto de Valpara\u00edso, donde r\u00e1pidamente se hacen con el dominio de diversos mercados, tomando total control del puerto en 1830.  El Sabbat en estos tiempos estaba recuper\u00e1ndose de una fuerte guerra civil, que los dejo vulnerables a la incursi\u00f3n de la torre de Marfil. Primero Valpara\u00edso y despu\u00e9s en 1860 comienzan su incursi\u00f3n en Santiago liderados por el Ventrue Frederick Muller. A pesar de sus guerras internas, el Sabbat, liderados por el Arzobispo Mateo de la Cruz, pusieron una f\u00e9rrea resistencia, mas en 1863, la Camarilla logra posicionarse de forma estable en Santiago centro. Una vez instalados, la guerra comenz\u00f3 de forma total. El pu\u00f1o de Ca\u00edn retomo su ofensiva e intento retomar el dominio total de la ciudad, mediante una nueva estrategia que sal\u00eda de la fuerza bruta y opero a pelear en el mismo entorno de la Camarilla. El control de las instituciones fue vital y en la guerra civil chilena. En 1882 la torre intenta controlar el ejercito mediante el abrazo de varios veteranos de guerra dentro del clan Brujah y en 1883, la Ventrue Lizbeth Dormer toma dominio de la SOFOFA. En 1885, los Lasombra del Sabbat toma control de parte importante del ejercito mediante el control de Emilio Kormer, reformista del ejercito chileno. No es hasta en 1891 donde se da el primer enfrentamiento masivo entre Camarilla y Sabbat a lo largo del pa\u00eds, logrando la victoria para el Sabbat y posicionando a los Lasombra como due\u00f1os de la noche, un golpe duro para el liderazgo Ventrue.  Esto genero un efecto cascada y el dominio del puerto se ve duramente afectado y el Sabbat comienza a retomar el control de Valpara\u00edso, comenzando la pugna contra Vi\u00f1a del mar, controlado principalmente por la torre de marfil. La guerra no pasar\u00eda inadvertida y en 1910, los vampiros chilenos comienzan a sentir el embate de los cazadores, generando fuertes bajas en ambos campos. La espada de Ca\u00edn comenz\u00f3 a tener caos en sus filas y esto fue aprovechado por la Camarilla, quienes preocupados por la falta de acci\u00f3n del Sabbat, mueve sus influencias en el ejercito para forzar reformas sociales que mejorara la calidad de vida de los humanos. Esto gatillado por el aumento de enfermedades de los mortales que estaba haciendo dif\u00edcil el acceso a la comida y pod\u00eda llevar a deserciones al Sabbat, quienes no les importaba la alimentaci\u00f3n descuidada y manten\u00eda barrios mas ricos en Santiago. Las nuevas creaciones de sindicatos, les permite una nueva esfera de influencia. En respuesta a las reformas sociales, y la entrada de Iba\u00f1es del campo, se crea carabineros, como una organizaci\u00f3n militarizada. Miembros de la mano negra, ve en esto, una forma de controlar a la camarilla, por lo que se infiltra en la organizaci\u00f3n r\u00e1pidamente. La mascarada se vio fuertemente amenazada, por lo que la Camarilla comienza su movimiento de encubrimiento tomando control del diario &#8220;la segunda&#8221;, como medio de proteger la mascarada mientras manten\u00edan un avance lento pero estable por el control de la ciudad, luego de haber perdido mucha influencia en la guerra civil chilena. Sumado a esto, la camarilla y sus Tremeres, en 1938, buscaron formas para poder mantener la sangre en dispositivos especiales para poder suministrar sangre limpia. Esto provoco un gran cambio en la geopol\u00edtica, muchos Sabbat revelarse y pasar a formar parte de la camarilla. Con esto el Sabbat pierde la mitad de sus territorios a manos de la camarilla y se genera una ciudad dividida. Uno de los \u00faltimos movimientos masivos de la Camarilla es en la reforma agraria y la fundaci\u00f3n CORA, dominando a los due\u00f1os de las tierras para desestabilizar la influencia Sabbat entre los mortales. Sin saberlo, el Sabbat da un golpe final y sum\u00e1ndose a un pr\u00f3dromo impulsado por los despertados de la tecnocracia comienzan a eliminar a los lideres de la camarilla y haci\u00e9ndolos desaparecer de Santiago mediante el dominio del ejercito. Despu\u00e9s de un largo trabajo, el Arzobispo Mateo de la Cruz, mediante sus esbirros entrega informaci\u00f3n clave de la Camarilla a los tecn\u00f3cratas. A su vez, desde los t\u00faneles de Santiago y lugares principales de los Nosferatus, Mariana Lopez, Nosferatu sirena, traiciona a la camarilla por una posici\u00f3n mejor y lejos de la escoria social y ayuda a los Sabbat a eliminar los puntos importantes de los Nosferatu. Sin el apoyo militar, removido por Mateo; Sin apoyo econ\u00f3mico,  ni los apoyos de sus esp\u00edas, removidos por la Nosferatu, la camarilla colapsa y se ve forzada a retirarse. Las pocas cuadrillas que quedan en Santiago, se unen a los grupos de resistencia mortales en dictadura hasta que en 1980, comienzan a recibir asistencia de la capilla Tremere de Bolivia. La Camarilla, despu\u00e9s de cortar distintos lazos econ\u00f3micos del Sabbat en el extranjero, comienza a financiar la campa\u00f1a del no con tal de remover a la espada del dominio mortal. La camarilla comienza una guerra a gran escala y en 1990, provocado por pugnas internas y la paulatina desaparici\u00f3n de miembros del Sabbat, se establece nuevamente el principado de la Camarilla en la c\u00e1mara nacional de comercio y servicios. No es hasta 1998, con la desaparici\u00f3n de los Tremere anti-tribu, que la Camarilla retoma el control de la ciudad, despu\u00e9s de una larga y sangrienta guerra. <\/p>\n\n\n\n<h2 class=\"wp-block-heading\">Actualidad<\/h2>\n\n\n\n<p class=\"wp-block-paragraph\">Lideradas por el Ventrue Bradford Ellison Thiel han luchado incansablemente con la segunda inquisici\u00f3n sin \u00e9xito porque se matan entre ellos<\/p>","protected":false},"excerpt":{"rendered":"<p>Origen La Camarilla llega a Chile en 1819 al puerto de Valpara\u00edso, donde r\u00e1pidamente se hacen con el dominio de diversos mercados, tomando total control del puerto en 1830. El Sabbat en estos tiempos estaba recuper\u00e1ndose de una fuerte guerra civil, que los dejo vulnerables a la incursi\u00f3n de la torre de Marfil. Primero Valpara\u00edso [&hellip;]<\/p>\n","protected":false},"author":9,"featured_media":2409,"template":"","juego":[84],"class_list":["post-2407","agrupaciones","type-agrupaciones","status-publish","has-post-thumbnail","hentry","juego-vampiro-la-mascarada"],"acf":{"lideres_agrupacion":[2423],"integrantes_agrupacion":[2401,2448,3444,3446,3443,6936],"integrantes-secundarios":null,"simbolo":2408,"estatus":"Activo","informacion_privada":"","mapa_de_kumu_u_otro_embed":""},"yoast_head":"<!-- This site is optimized with the Yoast SEO plugin v28.4 - https:\/\/yoast.com\/product\/yoast-seo-wordpress\/ -->\n<title>Camarilla Santiago - Chile en Tinieblas<\/title>\n<meta name=\"robots\" content=\"index, follow, max-snippet:-1, max-image-preview:large, max-video-preview:-1\" \/>\n<link rel=\"canonical\" href=\"https:\/\/chileentinieblas.cl\/en\/agrupaciones\/camarilla-santiago\/\" \/>\n<meta property=\"og:locale\" content=\"en_US\" \/>\n<meta property=\"og:type\" content=\"article\" \/>\n<meta property=\"og:title\" content=\"Camarilla Santiago - Chile en Tinieblas\" \/>\n<meta property=\"og:description\" content=\"Origen La Camarilla llega a Chile en 1819 al puerto de Valpara\u00edso, donde r\u00e1pidamente se hacen con el dominio de diversos mercados, tomando total control del puerto en 1830. El Sabbat en estos tiempos estaba recuper\u00e1ndose de una fuerte guerra civil, que los dejo vulnerables a la incursi\u00f3n de la torre de Marfil. Primero Valpara\u00edso [&hellip;]\" \/>\n<meta property=\"og:url\" content=\"https:\/\/chileentinieblas.cl\/en\/agrupaciones\/camarilla-santiago\/\" \/>\n<meta property=\"og:site_name\" content=\"Chile en Tinieblas\" \/>\n<meta property=\"article:publisher\" content=\"https:\/\/www.facebook.com\/ChileenTinieblas\" \/>\n<meta property=\"article:modified_time\" content=\"2025-09-22T21:06:15+00:00\" \/>\n<meta property=\"og:image\" content=\"https:\/\/chileentinieblas.cl\/wp-content\/uploads\/2022\/03\/77eda6fe0e3926807e459548c8ae1ed0-e1646973275356.jpg\" \/>\n\t<meta property=\"og:image:width\" content=\"563\" \/>\n\t<meta property=\"og:image:height\" content=\"376\" \/>\n\t<meta property=\"og:image:type\" content=\"image\/jpeg\" \/>\n<meta name=\"twitter:card\" content=\"summary_large_image\" \/>\n<meta name=\"twitter:label1\" content=\"Est. reading time\" \/>\n\t<meta name=\"twitter:data1\" content=\"5 minutes\" \/>\n<script type=\"application\/ld+json\" class=\"yoast-schema-graph\">{\"@context\":\"https:\\\/\\\/schema.org\",\"@graph\":[{\"@type\":\"WebPage\",\"@id\":\"https:\\\/\\\/chileentinieblas.cl\\\/agrupaciones\\\/camarilla-santiago\\\/\",\"url\":\"https:\\\/\\\/chileentinieblas.cl\\\/agrupaciones\\\/camarilla-santiago\\\/\",\"name\":\"Camarilla Santiago - Chile en Tinieblas\",\"isPartOf\":{\"@id\":\"https:\\\/\\\/chileentinieblas.cl\\\/#website\"},\"primaryImageOfPage\":{\"@id\":\"https:\\\/\\\/chileentinieblas.cl\\\/agrupaciones\\\/camarilla-santiago\\\/#primaryimage\"},\"image\":{\"@id\":\"https:\\\/\\\/chileentinieblas.cl\\\/agrupaciones\\\/camarilla-santiago\\\/#primaryimage\"},\"thumbnailUrl\":\"https:\\\/\\\/chileentinieblas.cl\\\/wp-content\\\/uploads\\\/2022\\\/03\\\/77eda6fe0e3926807e459548c8ae1ed0-e1646973275356.jpg\",\"datePublished\":\"2022-03-11T04:35:01+00:00\",\"dateModified\":\"2025-09-22T21:06:15+00:00\",\"breadcrumb\":{\"@id\":\"https:\\\/\\\/chileentinieblas.cl\\\/agrupaciones\\\/camarilla-santiago\\\/#breadcrumb\"},\"inLanguage\":\"en-US\",\"potentialAction\":[{\"@type\":\"ReadAction\",\"target\":[\"https:\\\/\\\/chileentinieblas.cl\\\/agrupaciones\\\/camarilla-santiago\\\/\"]}]},{\"@type\":\"ImageObject\",\"inLanguage\":\"en-US\",\"@id\":\"https:\\\/\\\/chileentinieblas.cl\\\/agrupaciones\\\/camarilla-santiago\\\/#primaryimage\",\"url\":\"https:\\\/\\\/chileentinieblas.cl\\\/wp-content\\\/uploads\\\/2022\\\/03\\\/77eda6fe0e3926807e459548c8ae1ed0-e1646973275356.jpg\",\"contentUrl\":\"https:\\\/\\\/chileentinieblas.cl\\\/wp-content\\\/uploads\\\/2022\\\/03\\\/77eda6fe0e3926807e459548c8ae1ed0-e1646973275356.jpg\",\"width\":563,\"height\":376},{\"@type\":\"BreadcrumbList\",\"@id\":\"https:\\\/\\\/chileentinieblas.cl\\\/agrupaciones\\\/camarilla-santiago\\\/#breadcrumb\",\"itemListElement\":[{\"@type\":\"ListItem\",\"position\":1,\"name\":\"Portada\",\"item\":\"https:\\\/\\\/chileentinieblas.cl\\\/\"},{\"@type\":\"ListItem\",\"position\":2,\"name\":\"agrupaciones\",\"item\":\"https:\\\/\\\/chileentinieblas.cl\\\/agrupaciones\\\/\"},{\"@type\":\"ListItem\",\"position\":3,\"name\":\"Camarilla Santiago\"}]},{\"@type\":\"WebSite\",\"@id\":\"https:\\\/\\\/chileentinieblas.cl\\\/#website\",\"url\":\"https:\\\/\\\/chileentinieblas.cl\\\/\",\"name\":\"Chile en Tinieblas\",\"description\":\"Un servidor con mesas de rol de Mundo de Tinieblas\",\"publisher\":{\"@id\":\"https:\\\/\\\/chileentinieblas.cl\\\/#organization\"},\"potentialAction\":[{\"@type\":\"SearchAction\",\"target\":{\"@type\":\"EntryPoint\",\"urlTemplate\":\"https:\\\/\\\/chileentinieblas.cl\\\/?s={search_term_string}\"},\"query-input\":{\"@type\":\"PropertyValueSpecification\",\"valueRequired\":true,\"valueName\":\"search_term_string\"}}],\"inLanguage\":\"en-US\"},{\"@type\":\"Organization\",\"@id\":\"https:\\\/\\\/chileentinieblas.cl\\\/#organization\",\"name\":\"Chile en Tinieblas\",\"url\":\"https:\\\/\\\/chileentinieblas.cl\\\/\",\"logo\":{\"@type\":\"ImageObject\",\"inLanguage\":\"en-US\",\"@id\":\"https:\\\/\\\/chileentinieblas.cl\\\/#\\\/schema\\\/logo\\\/image\\\/\",\"url\":\"https:\\\/\\\/chileentinieblas.cl\\\/wp-content\\\/uploads\\\/2021\\\/12\\\/logo-cet-claro.png\",\"contentUrl\":\"https:\\\/\\\/chileentinieblas.cl\\\/wp-content\\\/uploads\\\/2021\\\/12\\\/logo-cet-claro.png\",\"width\":1001,\"height\":1030,\"caption\":\"Chile en Tinieblas\"},\"image\":{\"@id\":\"https:\\\/\\\/chileentinieblas.cl\\\/#\\\/schema\\\/logo\\\/image\\\/\"},\"sameAs\":[\"https:\\\/\\\/www.facebook.com\\\/ChileenTinieblas\",\"https:\\\/\\\/www.instagram.com\\\/chileentinieblas\\\/\",\"https:\\\/\\\/www.youtube.com\\\/@chileentinieblas\",\"https:\\\/\\\/www.tiktok.com\\\/@chileentinieblas\"]}]}<\/script>\n<!-- \/ Yoast SEO plugin. -->","yoast_head_json":{"title":"Camarilla Santiago - Chile en Tinieblas","robots":{"index":"index","follow":"follow","max-snippet":"max-snippet:-1","max-image-preview":"max-image-preview:large","max-video-preview":"max-video-preview:-1"},"canonical":"https:\/\/chileentinieblas.cl\/en\/agrupaciones\/camarilla-santiago\/","og_locale":"en_US","og_type":"article","og_title":"Camarilla Santiago - Chile en Tinieblas","og_description":"Origen La Camarilla llega a Chile en 1819 al puerto de Valpara\u00edso, donde r\u00e1pidamente se hacen con el dominio de diversos mercados, tomando total control del puerto en 1830. El Sabbat en estos tiempos estaba recuper\u00e1ndose de una fuerte guerra civil, que los dejo vulnerables a la incursi\u00f3n de la torre de Marfil. Primero Valpara\u00edso [&hellip;]","og_url":"https:\/\/chileentinieblas.cl\/en\/agrupaciones\/camarilla-santiago\/","og_site_name":"Chile en Tinieblas","article_publisher":"https:\/\/www.facebook.com\/ChileenTinieblas","article_modified_time":"2025-09-22T21:06:15+00:00","og_image":[{"width":563,"height":376,"url":"https:\/\/chileentinieblas.cl\/wp-content\/uploads\/2022\/03\/77eda6fe0e3926807e459548c8ae1ed0-e1646973275356.jpg","type":"image\/jpeg"}],"twitter_card":"summary_large_image","twitter_misc":{"Est. reading time":"5 minutes"},"schema":{"@context":"https:\/\/schema.org","@graph":[{"@type":"WebPage","@id":"https:\/\/chileentinieblas.cl\/agrupaciones\/camarilla-santiago\/","url":"https:\/\/chileentinieblas.cl\/agrupaciones\/camarilla-santiago\/","name":"Camarilla Santiago - Chile en Tinieblas","isPartOf":{"@id":"https:\/\/chileentinieblas.cl\/#website"},"primaryImageOfPage":{"@id":"https:\/\/chileentinieblas.cl\/agrupaciones\/camarilla-santiago\/#primaryimage"},"image":{"@id":"https:\/\/chileentinieblas.cl\/agrupaciones\/camarilla-santiago\/#primaryimage"},"thumbnailUrl":"https:\/\/chileentinieblas.cl\/wp-content\/uploads\/2022\/03\/77eda6fe0e3926807e459548c8ae1ed0-e1646973275356.jpg","datePublished":"2022-03-11T04:35:01+00:00","dateModified":"2025-09-22T21:06:15+00:00","breadcrumb":{"@id":"https:\/\/chileentinieblas.cl\/agrupaciones\/camarilla-santiago\/#breadcrumb"},"inLanguage":"en-US","potentialAction":[{"@type":"ReadAction","target":["https:\/\/chileentinieblas.cl\/agrupaciones\/camarilla-santiago\/"]}]},{"@type":"ImageObject","inLanguage":"en-US","@id":"https:\/\/chileentinieblas.cl\/agrupaciones\/camarilla-santiago\/#primaryimage","url":"https:\/\/chileentinieblas.cl\/wp-content\/uploads\/2022\/03\/77eda6fe0e3926807e459548c8ae1ed0-e1646973275356.jpg","contentUrl":"https:\/\/chileentinieblas.cl\/wp-content\/uploads\/2022\/03\/77eda6fe0e3926807e459548c8ae1ed0-e1646973275356.jpg","width":563,"height":376},{"@type":"BreadcrumbList","@id":"https:\/\/chileentinieblas.cl\/agrupaciones\/camarilla-santiago\/#breadcrumb","itemListElement":[{"@type":"ListItem","position":1,"name":"Portada","item":"https:\/\/chileentinieblas.cl\/"},{"@type":"ListItem","position":2,"name":"agrupaciones","item":"https:\/\/chileentinieblas.cl\/agrupaciones\/"},{"@type":"ListItem","position":3,"name":"Camarilla Santiago"}]},{"@type":"WebSite","@id":"https:\/\/chileentinieblas.cl\/#website","url":"https:\/\/chileentinieblas.cl\/","name":"Chile en Tinieblas","description":"Un servidor con mesas de rol de Mundo de Tinieblas","publisher":{"@id":"https:\/\/chileentinieblas.cl\/#organization"},"potentialAction":[{"@type":"SearchAction","target":{"@type":"EntryPoint","urlTemplate":"https:\/\/chileentinieblas.cl\/?s={search_term_string}"},"query-input":{"@type":"PropertyValueSpecification","valueRequired":true,"valueName":"search_term_string"}}],"inLanguage":"en-US"},{"@type":"Organization","@id":"https:\/\/chileentinieblas.cl\/#organization","name":"Chile en Tinieblas","url":"https:\/\/chileentinieblas.cl\/","logo":{"@type":"ImageObject","inLanguage":"en-US","@id":"https:\/\/chileentinieblas.cl\/#\/schema\/logo\/image\/","url":"https:\/\/chileentinieblas.cl\/wp-content\/uploads\/2021\/12\/logo-cet-claro.png","contentUrl":"https:\/\/chileentinieblas.cl\/wp-content\/uploads\/2021\/12\/logo-cet-claro.png","width":1001,"height":1030,"caption":"Chile en Tinieblas"},"image":{"@id":"https:\/\/chileentinieblas.cl\/#\/schema\/logo\/image\/"},"sameAs":["https:\/\/www.facebook.com\/ChileenTinieblas","https:\/\/www.instagram.com\/chileentinieblas\/","https:\/\/www.youtube.com\/@chileentinieblas","https:\/\/www.tiktok.com\/@chileentinieblas"]}]}},"jetpack_sharing_enabled":true,"_links":{"self":[{"href":"https:\/\/chileentinieblas.cl\/en\/wp-json\/wp\/v2\/agrupaciones\/2407","targetHints":{"allow":["GET"]}}],"collection":[{"href":"https:\/\/chileentinieblas.cl\/en\/wp-json\/wp\/v2\/agrupaciones"}],"about":[{"href":"https:\/\/chileentinieblas.cl\/en\/wp-json\/wp\/v2\/types\/agrupaciones"}],"author":[{"embeddable":true,"href":"https:\/\/chileentinieblas.cl\/en\/wp-json\/wp\/v2\/users\/9"}],"version-history":[{"count":1,"href":"https:\/\/chileentinieblas.cl\/en\/wp-json\/wp\/v2\/agrupaciones\/2407\/revisions"}],"predecessor-version":[{"id":5371,"href":"https:\/\/chileentinieblas.cl\/en\/wp-json\/wp\/v2\/agrupaciones\/2407\/revisions\/5371"}],"acf:post":[{"embeddable":true,"href":"https:\/\/chileentinieblas.cl\/en\/wp-json\/wp\/v2\/pnj\/6936"},{"embeddable":true,"href":"https:\/\/chileentinieblas.cl\/en\/wp-json\/wp\/v2\/pnj\/3443"},{"embeddable":true,"href":"https:\/\/chileentinieblas.cl\/en\/wp-json\/wp\/v2\/pnj\/3446"},{"embeddable":true,"href":"https:\/\/chileentinieblas.cl\/en\/wp-json\/wp\/v2\/pnj\/3444"},{"embeddable":true,"href":"https:\/\/chileentinieblas.cl\/en\/wp-json\/wp\/v2\/pnj\/2448"},{"embeddable":true,"href":"https:\/\/chileentinieblas.cl\/en\/wp-json\/wp\/v2\/pnj\/2401"},{"embeddable":true,"href":"https:\/\/chileentinieblas.cl\/en\/wp-json\/wp\/v2\/pnj\/2423"}],"wp:featuredmedia":[{"embeddable":true,"href":"https:\/\/chileentinieblas.cl\/en\/wp-json\/wp\/v2\/media\/2409"}],"wp:attachment":[{"href":"https:\/\/chileentinieblas.cl\/en\/wp-json\/wp\/v2\/media?parent=2407"}],"wp:term":[{"taxonomy":"juego","embeddable":true,"href":"https:\/\/chileentinieblas.cl\/en\/wp-json\/wp\/v2\/juego?post=2407"}],"curies":[{"name":"wp","href":"https:\/\/api.w.org\/{rel}","templated":true}]}}