{"id":2283,"date":"2022-03-06T03:41:58","date_gmt":"2022-03-06T03:41:58","guid":{"rendered":"https:\/\/chileentinieblas.cl\/?post_type=agrupaciones&#038;p=2283"},"modified":"2024-07-27T07:23:22","modified_gmt":"2024-07-27T07:23:22","slug":"los-arkangeles-oscuros","status":"publish","type":"agrupaciones","link":"https:\/\/chileentinieblas.cl\/en\/agrupaciones\/los-arkangeles-oscuros\/","title":{"rendered":"Los Arkangeles Oscuros"},"content":{"rendered":"<p class=\"wp-block-paragraph\">Los Arc\u00e1ngeles (o Ark\u00e1ngeles) oscuros fue una sociedad que luch\u00f3 activamente contra la dictadura con medios cuestionables, ahora desbandada, sus integrantes no hacen m\u00e1s que expiar sus pecados pasados y guiar a las nuevas generaciones para que no cometan sus mismas atrocidades bajo el juicio constante de los otros miembros de su tradici\u00f3n.<\/p>\n\n\n\n<!--more-->\n\n\n\n<p class=\"wp-block-paragraph\">Desde varias d\u00e9cadas que el coro celestial es una de las tradiciones con m\u00e1s poder en el pa\u00eds. Consagrando su poder principalmente en la iglesia cat\u00f3lica, hace unos a\u00f1os les toc\u00f3 el papel de gu\u00edas espirituales por medio de la radio, televisi\u00f3n y otros medios masivos de comunicaci\u00f3n, pero cuando la dictadura atac\u00f3, aquellos que se opusieron fueron delegados de sus cargos y otros asesinados. Cuando el coro tuvo que hacer frente a las atrocidades cometidas contra sus compatriotas y compa\u00f1eros de otras tradiciones, la mayor\u00eda tomo un papel de protector y pacifista en la lucha que se daba entre Tecn\u00f3cratas y otros magos, pero no todos estaban conformes con esa posici\u00f3n. La mayor\u00eda de los miembros desde ese entonces se dedic\u00f3 a hacer trabajo social entre los m\u00e1s desfavorecidos, a veces enfrent\u00e1ndose directamente contra el dictador. En ese proceso muchos fueron asesinados o desaparecidos, pero entre ellos hab\u00edan j\u00f3venes que inspirados por un cambio y enfurecidos por la situaci\u00f3n decidieron hacer algo a expensas de las \u00f3rdenes de la tradici\u00f3n. Estos j\u00f3venes se juntaban clandestinamente, inicialmente motivados por venganza pero tambi\u00e9n por el deber de hacer algo al respecto, armaron un movimiento compuesto por 7 despertados que ten\u00edan una afinidad inusual con la magia, los esp\u00edritus y un motivo para luchar, llam\u00e1ndose a si mismos &#8220;hermanos&#8221;.<\/p>\n\n\n\n<p class=\"wp-block-paragraph\">Como sab\u00edan que no contaban con el apoyo directo de la tradici\u00f3n, decidieron investigar fuentes alternativas de poder que pudieran usar para su favo, fue as\u00ed como Gabriel, el mayor de ellos, hab\u00eda hablado con el esp\u00edritu de un misterioso forjador jesuita, que d\u00e9cadas atr\u00e1s hab\u00eda logrado crear tesoros m\u00e1gicos con un material &#8220;alien\u00edgena&#8221; sacrificando su propio avatar en el proceso. El esp\u00edritu le cont\u00f3 su historia, explic\u00e1ndole que su presencia estaba eternamente atada a los tesoros que forj\u00f3 y que no ser\u00eda capaz de abandonar esta realidad hasta que su avatar no fuese liberado de aquellas creaciones. Resulta que en su af\u00e1n por experimentar los l\u00edmites de este material infernal, fragment\u00f3 su propio avatar para combinarlo con este, sin embargo, su avatar aprisionado se corrompi\u00f3 con la resonancia del material. La mezcla dot\u00f3 de gran poder a las armas a cambio de corromper lentamente a sus portadores con los pecados que el forjador hab\u00eda cometido. Atormentado por el constante delirio que su avatar le susurraba, al no ser capaz de destruirlas, decidi\u00f3 separarlas y esconderlas antes de que cayera en manos equivocadas, logrando que las voces se acallaran y dejara de tentarlo con el poder que estas armas ofrec\u00edan. Creyendo que se hab\u00eda liberado de su pecado vivi\u00f3 una vida aislada en constante penitencia, pero al morir descubri\u00f3 como su conexi\u00f3n con sus creaciones trascend\u00eda el plano f\u00edsico, merodeando eternamente en la tierra de los muertos.<\/p>\n\n\n\n<p class=\"wp-block-paragraph\">Cuando Gabriel lleg\u00f3 con la informaci\u00f3n, entre ellos hicieron un pacto para buscar y dominar este y todo  tipo de poder profano con tal de enfrentar a la tecnocracia y la dictadura de ese momento, con la condici\u00f3n de deberse al resto, de manera que entre ellos se cuidaban de no caer corruptos bajo ning\u00fan tipo de poder oscuro o esp\u00edritu poderoso.<\/p>\n\n\n\n<p class=\"wp-block-paragraph\">Fue as\u00ed como una vez obtenido el suficiente poder para domar los tesoros, adoptaron los nombres de los arc\u00e1ngeles b\u00edblicos, de manera de inspirar esperanzas en sus aliados, y terror en sus enemigos, sin embargo, inevitablemente llevaron ese poder demasiado lejos y fueron detenidos por los otros miembros del Coro celestial antes de que cayeran en desgracia, por lo que al no ser capaces de cumplir su promesa, despu\u00e9s de que el caos terminara, todos se dedicaron a expiar sus pecados y no volver\u00edan a empu\u00f1ar un poder as\u00ed.<\/p>\n\n\n\n<p class=\"wp-block-paragraph\">Sus miembros principales eran 7, aunque dicen que hubieron m\u00e1s pero que desaparecieron en ese tiempo, cada uno de ellos port\u00f3 uno de estos tesoros, siendo corrompidos en alg\u00fan momento de su corta historia por los impulsos resonantes que \u00e9stos emanaban:<\/p>\n\n\n\n<ul class=\"wp-block-list\">\n<li><strong>Gabriel<\/strong>: El Mayor de los hermanos, fue quien descubri\u00f3 la primera fuente de poder, sabio.\n<ul class=\"wp-block-list\">\n<li>Tesoro: Alabarda.<\/li>\n\n\n\n<li>Pecado: Autoritarismo.<\/li>\n<\/ul>\n<\/li>\n\n\n\n<li><strong>Rafael<\/strong>: Ben\u00e9volo, enfocado en el bienestar de la gente en vez de la lucha.\n<ul class=\"wp-block-list\">\n<li>Tesoro: Lira.<\/li>\n\n\n\n<li>Pecado: Vanagloria.<\/li>\n<\/ul>\n<\/li>\n\n\n\n<li><strong>Uriel<\/strong>: Jueza, misteriosa, monja, susurradora de maldiciones y manipuladora del destino.\n<ul class=\"wp-block-list\">\n<li>Tesoro: Doble Martillo de mano.<\/li>\n\n\n\n<li>Pecado: Sadismo, hacer sufrir a los culpables.<\/li>\n<\/ul>\n<\/li>\n\n\n\n<li><strong>Jehudiel<\/strong> (muerto): Investigador, erudito, manejaba el arte de las ataduras.\n<ul class=\"wp-block-list\">\n<li>Tesoro: Cadenas con puntas a modo de rosarios.<\/li>\n\n\n\n<li>Pecado: Avaricia.<\/li>\n<\/ul>\n<\/li>\n\n\n\n<li><strong>Selatiel<\/strong>: Manipuladora de mentes, influyente y maestra del ilusionismo.\n<ul class=\"wp-block-list\">\n<li>Tesoro: Tiara.<\/li>\n\n\n\n<li>Pecado: Vicio.<\/li>\n<\/ul>\n<\/li>\n\n\n\n<li><strong>Baraquiel<\/strong>: Vigilante, protector, rudo y no escatima en poder para defender a los suyos.\n<ul class=\"wp-block-list\">\n<li>Tesoro: Escudo.<\/li>\n\n\n\n<li>Pecado: Vengativo.<\/li>\n<\/ul>\n<\/li>\n\n\n\n<li><strong>Miguel<\/strong>: El m\u00e1s joven, h\u00e1bil y en\u00e9rgico guerrero, noble.\n<ul class=\"wp-block-list\">\n<li>Tesoro: Espada de la llama eterna.<\/li>\n\n\n\n<li>Pecado: Orgullo<\/li>\n<\/ul>\n<\/li>\n<\/ul>\n\n\n\n<figure class=\"wp-block-image size-large\"><img decoding=\"async\" src=\"https:\/\/i.pinimg.com\/564x\/bc\/66\/98\/bc66988e66278e72d79e7d67cdbce9b7.jpg\" alt=\"\"\/><figcaption class=\"wp-element-caption\">Lira de Rafael, que despu\u00e9s fue moldeada a un arco<\/figcaption><\/figure>","protected":false},"excerpt":{"rendered":"<p>Los Arc\u00e1ngeles (o Ark\u00e1ngeles) oscuros fue una sociedad que luch\u00f3 activamente contra la dictadura con medios cuestionables, ahora desbandada, sus integrantes no hacen m\u00e1s que expiar sus pecados pasados y guiar a las nuevas generaciones para que no cometan sus mismas atrocidades bajo el juicio constante de los otros miembros de las tradiciones.<\/p>","protected":false},"author":1,"featured_media":4037,"template":"","juego":[80],"class_list":["post-2283","agrupaciones","type-agrupaciones","status-publish","has-post-thumbnail","hentry","juego-mago-la-ascension"],"acf":{"lideres_agrupacion":[2280],"integrantes_agrupacion":"","integrantes-secundarios":null,"simbolo":"","estatus":"Separados","informacion_privada":"","mapa_de_kumu_u_otro_embed":null},"yoast_head":"<!-- This site is optimized with the Yoast SEO plugin v28.4 - https:\/\/yoast.com\/product\/yoast-seo-wordpress\/ -->\n<title>Los Arkangeles Oscuros - Chile en Tinieblas<\/title>\n<meta name=\"robots\" content=\"index, follow, max-snippet:-1, max-image-preview:large, max-video-preview:-1\" \/>\n<link rel=\"canonical\" href=\"https:\/\/chileentinieblas.cl\/en\/agrupaciones\/los-arkangeles-oscuros\/\" \/>\n<meta property=\"og:locale\" content=\"en_US\" \/>\n<meta property=\"og:type\" content=\"article\" \/>\n<meta property=\"og:title\" content=\"Los Arkangeles Oscuros - Chile en Tinieblas\" \/>\n<meta property=\"og:description\" content=\"Los Arc\u00e1ngeles (o Ark\u00e1ngeles) oscuros fue una sociedad que luch\u00f3 activamente contra la dictadura con medios cuestionables, ahora desbandada, sus integrantes no hacen m\u00e1s que expiar sus pecados pasados y guiar a las nuevas generaciones para que no cometan sus mismas atrocidades bajo el juicio constante de los otros miembros de las tradiciones.\" \/>\n<meta property=\"og:url\" content=\"https:\/\/chileentinieblas.cl\/en\/agrupaciones\/los-arkangeles-oscuros\/\" \/>\n<meta property=\"og:site_name\" content=\"Chile en Tinieblas\" \/>\n<meta property=\"article:publisher\" content=\"https:\/\/www.facebook.com\/ChileenTinieblas\" \/>\n<meta property=\"article:modified_time\" content=\"2024-07-27T07:23:22+00:00\" \/>\n<meta property=\"og:image\" content=\"https:\/\/chileentinieblas.cl\/wp-content\/uploads\/2022\/03\/arkangeles.png\" \/>\n\t<meta property=\"og:image:width\" content=\"1376\" \/>\n\t<meta property=\"og:image:height\" content=\"864\" \/>\n\t<meta property=\"og:image:type\" content=\"image\/png\" \/>\n<meta name=\"twitter:card\" content=\"summary_large_image\" \/>\n<meta name=\"twitter:label1\" content=\"Est. reading time\" \/>\n\t<meta name=\"twitter:data1\" content=\"4 minutes\" \/>\n<script type=\"application\/ld+json\" class=\"yoast-schema-graph\">{\"@context\":\"https:\\\/\\\/schema.org\",\"@graph\":[{\"@type\":\"WebPage\",\"@id\":\"https:\\\/\\\/chileentinieblas.cl\\\/agrupaciones\\\/los-arkangeles-oscuros\\\/\",\"url\":\"https:\\\/\\\/chileentinieblas.cl\\\/agrupaciones\\\/los-arkangeles-oscuros\\\/\",\"name\":\"Los Arkangeles Oscuros - Chile en Tinieblas\",\"isPartOf\":{\"@id\":\"https:\\\/\\\/chileentinieblas.cl\\\/#website\"},\"primaryImageOfPage\":{\"@id\":\"https:\\\/\\\/chileentinieblas.cl\\\/agrupaciones\\\/los-arkangeles-oscuros\\\/#primaryimage\"},\"image\":{\"@id\":\"https:\\\/\\\/chileentinieblas.cl\\\/agrupaciones\\\/los-arkangeles-oscuros\\\/#primaryimage\"},\"thumbnailUrl\":\"https:\\\/\\\/chileentinieblas.cl\\\/wp-content\\\/uploads\\\/2022\\\/03\\\/arkangeles.png\",\"datePublished\":\"2022-03-06T03:41:58+00:00\",\"dateModified\":\"2024-07-27T07:23:22+00:00\",\"breadcrumb\":{\"@id\":\"https:\\\/\\\/chileentinieblas.cl\\\/agrupaciones\\\/los-arkangeles-oscuros\\\/#breadcrumb\"},\"inLanguage\":\"en-US\",\"potentialAction\":[{\"@type\":\"ReadAction\",\"target\":[\"https:\\\/\\\/chileentinieblas.cl\\\/agrupaciones\\\/los-arkangeles-oscuros\\\/\"]}]},{\"@type\":\"ImageObject\",\"inLanguage\":\"en-US\",\"@id\":\"https:\\\/\\\/chileentinieblas.cl\\\/agrupaciones\\\/los-arkangeles-oscuros\\\/#primaryimage\",\"url\":\"https:\\\/\\\/chileentinieblas.cl\\\/wp-content\\\/uploads\\\/2022\\\/03\\\/arkangeles.png\",\"contentUrl\":\"https:\\\/\\\/chileentinieblas.cl\\\/wp-content\\\/uploads\\\/2022\\\/03\\\/arkangeles.png\",\"width\":1376,\"height\":864},{\"@type\":\"BreadcrumbList\",\"@id\":\"https:\\\/\\\/chileentinieblas.cl\\\/agrupaciones\\\/los-arkangeles-oscuros\\\/#breadcrumb\",\"itemListElement\":[{\"@type\":\"ListItem\",\"position\":1,\"name\":\"Portada\",\"item\":\"https:\\\/\\\/chileentinieblas.cl\\\/\"},{\"@type\":\"ListItem\",\"position\":2,\"name\":\"agrupaciones\",\"item\":\"https:\\\/\\\/chileentinieblas.cl\\\/agrupaciones\\\/\"},{\"@type\":\"ListItem\",\"position\":3,\"name\":\"Los Arkangeles Oscuros\"}]},{\"@type\":\"WebSite\",\"@id\":\"https:\\\/\\\/chileentinieblas.cl\\\/#website\",\"url\":\"https:\\\/\\\/chileentinieblas.cl\\\/\",\"name\":\"Chile en Tinieblas\",\"description\":\"Un servidor con mesas de rol de Mundo de Tinieblas\",\"publisher\":{\"@id\":\"https:\\\/\\\/chileentinieblas.cl\\\/#organization\"},\"potentialAction\":[{\"@type\":\"SearchAction\",\"target\":{\"@type\":\"EntryPoint\",\"urlTemplate\":\"https:\\\/\\\/chileentinieblas.cl\\\/?s={search_term_string}\"},\"query-input\":{\"@type\":\"PropertyValueSpecification\",\"valueRequired\":true,\"valueName\":\"search_term_string\"}}],\"inLanguage\":\"en-US\"},{\"@type\":\"Organization\",\"@id\":\"https:\\\/\\\/chileentinieblas.cl\\\/#organization\",\"name\":\"Chile en Tinieblas\",\"url\":\"https:\\\/\\\/chileentinieblas.cl\\\/\",\"logo\":{\"@type\":\"ImageObject\",\"inLanguage\":\"en-US\",\"@id\":\"https:\\\/\\\/chileentinieblas.cl\\\/#\\\/schema\\\/logo\\\/image\\\/\",\"url\":\"https:\\\/\\\/chileentinieblas.cl\\\/wp-content\\\/uploads\\\/2021\\\/12\\\/logo-cet-claro.png\",\"contentUrl\":\"https:\\\/\\\/chileentinieblas.cl\\\/wp-content\\\/uploads\\\/2021\\\/12\\\/logo-cet-claro.png\",\"width\":1001,\"height\":1030,\"caption\":\"Chile en Tinieblas\"},\"image\":{\"@id\":\"https:\\\/\\\/chileentinieblas.cl\\\/#\\\/schema\\\/logo\\\/image\\\/\"},\"sameAs\":[\"https:\\\/\\\/www.facebook.com\\\/ChileenTinieblas\",\"https:\\\/\\\/www.instagram.com\\\/chileentinieblas\\\/\",\"https:\\\/\\\/www.youtube.com\\\/@chileentinieblas\",\"https:\\\/\\\/www.tiktok.com\\\/@chileentinieblas\"]}]}<\/script>\n<!-- \/ Yoast SEO plugin. -->","yoast_head_json":{"title":"Los Arkangeles Oscuros - Chile en Tinieblas","robots":{"index":"index","follow":"follow","max-snippet":"max-snippet:-1","max-image-preview":"max-image-preview:large","max-video-preview":"max-video-preview:-1"},"canonical":"https:\/\/chileentinieblas.cl\/en\/agrupaciones\/los-arkangeles-oscuros\/","og_locale":"en_US","og_type":"article","og_title":"Los Arkangeles Oscuros - Chile en Tinieblas","og_description":"Los Arc\u00e1ngeles (o Ark\u00e1ngeles) oscuros fue una sociedad que luch\u00f3 activamente contra la dictadura con medios cuestionables, ahora desbandada, sus integrantes no hacen m\u00e1s que expiar sus pecados pasados y guiar a las nuevas generaciones para que no cometan sus mismas atrocidades bajo el juicio constante de los otros miembros de las tradiciones.","og_url":"https:\/\/chileentinieblas.cl\/en\/agrupaciones\/los-arkangeles-oscuros\/","og_site_name":"Chile en Tinieblas","article_publisher":"https:\/\/www.facebook.com\/ChileenTinieblas","article_modified_time":"2024-07-27T07:23:22+00:00","og_image":[{"width":1376,"height":864,"url":"https:\/\/chileentinieblas.cl\/wp-content\/uploads\/2022\/03\/arkangeles.png","type":"image\/png"}],"twitter_card":"summary_large_image","twitter_misc":{"Est. reading time":"4 minutes"},"schema":{"@context":"https:\/\/schema.org","@graph":[{"@type":"WebPage","@id":"https:\/\/chileentinieblas.cl\/agrupaciones\/los-arkangeles-oscuros\/","url":"https:\/\/chileentinieblas.cl\/agrupaciones\/los-arkangeles-oscuros\/","name":"Los Arkangeles Oscuros - Chile en Tinieblas","isPartOf":{"@id":"https:\/\/chileentinieblas.cl\/#website"},"primaryImageOfPage":{"@id":"https:\/\/chileentinieblas.cl\/agrupaciones\/los-arkangeles-oscuros\/#primaryimage"},"image":{"@id":"https:\/\/chileentinieblas.cl\/agrupaciones\/los-arkangeles-oscuros\/#primaryimage"},"thumbnailUrl":"https:\/\/chileentinieblas.cl\/wp-content\/uploads\/2022\/03\/arkangeles.png","datePublished":"2022-03-06T03:41:58+00:00","dateModified":"2024-07-27T07:23:22+00:00","breadcrumb":{"@id":"https:\/\/chileentinieblas.cl\/agrupaciones\/los-arkangeles-oscuros\/#breadcrumb"},"inLanguage":"en-US","potentialAction":[{"@type":"ReadAction","target":["https:\/\/chileentinieblas.cl\/agrupaciones\/los-arkangeles-oscuros\/"]}]},{"@type":"ImageObject","inLanguage":"en-US","@id":"https:\/\/chileentinieblas.cl\/agrupaciones\/los-arkangeles-oscuros\/#primaryimage","url":"https:\/\/chileentinieblas.cl\/wp-content\/uploads\/2022\/03\/arkangeles.png","contentUrl":"https:\/\/chileentinieblas.cl\/wp-content\/uploads\/2022\/03\/arkangeles.png","width":1376,"height":864},{"@type":"BreadcrumbList","@id":"https:\/\/chileentinieblas.cl\/agrupaciones\/los-arkangeles-oscuros\/#breadcrumb","itemListElement":[{"@type":"ListItem","position":1,"name":"Portada","item":"https:\/\/chileentinieblas.cl\/"},{"@type":"ListItem","position":2,"name":"agrupaciones","item":"https:\/\/chileentinieblas.cl\/agrupaciones\/"},{"@type":"ListItem","position":3,"name":"Los Arkangeles Oscuros"}]},{"@type":"WebSite","@id":"https:\/\/chileentinieblas.cl\/#website","url":"https:\/\/chileentinieblas.cl\/","name":"Chile en Tinieblas","description":"Un servidor con mesas de rol de Mundo de Tinieblas","publisher":{"@id":"https:\/\/chileentinieblas.cl\/#organization"},"potentialAction":[{"@type":"SearchAction","target":{"@type":"EntryPoint","urlTemplate":"https:\/\/chileentinieblas.cl\/?s={search_term_string}"},"query-input":{"@type":"PropertyValueSpecification","valueRequired":true,"valueName":"search_term_string"}}],"inLanguage":"en-US"},{"@type":"Organization","@id":"https:\/\/chileentinieblas.cl\/#organization","name":"Chile en Tinieblas","url":"https:\/\/chileentinieblas.cl\/","logo":{"@type":"ImageObject","inLanguage":"en-US","@id":"https:\/\/chileentinieblas.cl\/#\/schema\/logo\/image\/","url":"https:\/\/chileentinieblas.cl\/wp-content\/uploads\/2021\/12\/logo-cet-claro.png","contentUrl":"https:\/\/chileentinieblas.cl\/wp-content\/uploads\/2021\/12\/logo-cet-claro.png","width":1001,"height":1030,"caption":"Chile en Tinieblas"},"image":{"@id":"https:\/\/chileentinieblas.cl\/#\/schema\/logo\/image\/"},"sameAs":["https:\/\/www.facebook.com\/ChileenTinieblas","https:\/\/www.instagram.com\/chileentinieblas\/","https:\/\/www.youtube.com\/@chileentinieblas","https:\/\/www.tiktok.com\/@chileentinieblas"]}]}},"jetpack_sharing_enabled":true,"_links":{"self":[{"href":"https:\/\/chileentinieblas.cl\/en\/wp-json\/wp\/v2\/agrupaciones\/2283","targetHints":{"allow":["GET"]}}],"collection":[{"href":"https:\/\/chileentinieblas.cl\/en\/wp-json\/wp\/v2\/agrupaciones"}],"about":[{"href":"https:\/\/chileentinieblas.cl\/en\/wp-json\/wp\/v2\/types\/agrupaciones"}],"author":[{"embeddable":true,"href":"https:\/\/chileentinieblas.cl\/en\/wp-json\/wp\/v2\/users\/1"}],"version-history":[{"count":7,"href":"https:\/\/chileentinieblas.cl\/en\/wp-json\/wp\/v2\/agrupaciones\/2283\/revisions"}],"predecessor-version":[{"id":5211,"href":"https:\/\/chileentinieblas.cl\/en\/wp-json\/wp\/v2\/agrupaciones\/2283\/revisions\/5211"}],"acf:post":[{"embeddable":true,"href":"https:\/\/chileentinieblas.cl\/en\/wp-json\/wp\/v2\/pnj\/2280"}],"wp:featuredmedia":[{"embeddable":true,"href":"https:\/\/chileentinieblas.cl\/en\/wp-json\/wp\/v2\/media\/4037"}],"wp:attachment":[{"href":"https:\/\/chileentinieblas.cl\/en\/wp-json\/wp\/v2\/media?parent=2283"}],"wp:term":[{"taxonomy":"juego","embeddable":true,"href":"https:\/\/chileentinieblas.cl\/en\/wp-json\/wp\/v2\/juego?post=2283"}],"curies":[{"name":"wp","href":"https:\/\/api.w.org\/{rel}","templated":true}]}}