{"version":"1.0","provider_name":"Chile en Tinieblas","provider_url":"https:\/\/chileentinieblas.cl\/en","author_name":"Tom\u00e1s Merino","author_url":"https:\/\/chileentinieblas.cl\/en\/author\/tmerino\/","title":"Chile adquiere el Faro de la Capitan\u00eda - Chile en Tinieblas","type":"rich","width":600,"height":338,"html":"<blockquote class=\"wp-embedded-content\" data-secret=\"bQ7040osKi\"><a href=\"https:\/\/chileentinieblas.cl\/en\/timeline_event\/chile-adquiere-el-faro-de-la-capitania\/\">Chile adquiere el Faro de la Capitan\u00eda<\/a><\/blockquote><iframe sandbox=\"allow-scripts\" security=\"restricted\" src=\"https:\/\/chileentinieblas.cl\/en\/timeline_event\/chile-adquiere-el-faro-de-la-capitania\/embed\/#?secret=bQ7040osKi\" width=\"600\" height=\"338\" title=\"&#8220;Chile adquiere el Faro de la Capitan\u00eda&#8221; &#8212; Chile en Tinieblas\" data-secret=\"bQ7040osKi\" frameborder=\"0\" marginwidth=\"0\" marginheight=\"0\" scrolling=\"no\" class=\"wp-embedded-content\"><\/iframe><script>\n\/*! This file is auto-generated *\/\n!function(d,l){\"use strict\";l.querySelector&&d.addEventListener&&\"undefined\"!=typeof URL&&(d.wp=d.wp||{},d.wp.receiveEmbedMessage||(d.wp.receiveEmbedMessage=function(e){var t=e.data;if((t||t.secret||t.message||t.value)&&!\/[^a-zA-Z0-9]\/.test(t.secret)){for(var s,r,n,a=l.querySelectorAll('iframe[data-secret=\"'+t.secret+'\"]'),o=l.querySelectorAll('blockquote[data-secret=\"'+t.secret+'\"]'),c=new RegExp(\"^https?:$\",\"i\"),i=0;i<o.length;i++)o[i].style.display=\"none\";for(i=0;i<a.length;i++)s=a[i],e.source===s.contentWindow&&(s.removeAttribute(\"style\"),\"height\"===t.message?(1e3<(r=parseInt(t.value,10))?r=1e3:~~r<200&&(r=200),s.height=r):\"link\"===t.message&&(r=new URL(s.getAttribute(\"src\")),n=new URL(t.value),c.test(n.protocol))&&n.host===r.host&&l.activeElement===s&&(d.top.location.href=t.value))}},d.addEventListener(\"message\",d.wp.receiveEmbedMessage,!1),l.addEventListener(\"DOMContentLoaded\",function(){for(var e,t,s=l.querySelectorAll(\"iframe.wp-embedded-content\"),r=0;r<s.length;r++)(t=(e=s[r]).getAttribute(\"data-secret\"))||(t=Math.random().toString(36).substring(2,12),e.src+=\"#?secret=\"+t,e.setAttribute(\"data-secret\",t)),e.contentWindow.postMessage({message:\"ready\",secret:t},\"*\")},!1)))}(window,document);\n\/\/# sourceURL=https:\/\/chileentinieblas.cl\/wp-includes\/js\/wp-embed.min.js\n<\/script>","thumbnail_url":"https:\/\/chileentinieblas.cl\/wp-content\/uploads\/2026\/06\/BCO.24e0c6bf-cdfc-4916-a0d8-79fb8bcb85bd-1024x683.png","thumbnail_width":1024,"thumbnail_height":683,"description":"Durante la Guerra del Pac\u00edfico, el feudo Faro de la Capitan\u00eda permanece bajo la protecci\u00f3n de las tropas de Osvaldo\u202fP\u00e9rez, quien resguarda el enclave hasta el fin del conflicto. La estructura, s\u00edmbolo de vigilancia y poder fe\u00e9rico en el puerto, pasa oficialmente a manos chilenas en diciembre de\u202f1879. Este traspaso marca el inicio de una [&hellip;]"}