{"version":"1.0","provider_name":"Chile en Tinieblas","provider_url":"https:\/\/chileentinieblas.cl\/en","author_name":"Pedro Rojas","author_url":"https:\/\/chileentinieblas.cl\/en\/author\/gaia\/","title":"Primog\u00e9nito Antonio del Piero - Chile en Tinieblas","type":"rich","width":600,"height":338,"html":"<blockquote class=\"wp-embedded-content\" data-secret=\"4bfom6Ot3z\"><a href=\"https:\/\/chileentinieblas.cl\/en\/pnj\/antonio-del-piero\/\">Primog\u00e9nito Antonio del Piero<\/a><\/blockquote><iframe sandbox=\"allow-scripts\" security=\"restricted\" src=\"https:\/\/chileentinieblas.cl\/en\/pnj\/antonio-del-piero\/embed\/#?secret=4bfom6Ot3z\" width=\"600\" height=\"338\" title=\"&#8220;Primog\u00e9nito Antonio del Piero&#8221; &#8212; Chile en Tinieblas\" data-secret=\"4bfom6Ot3z\" frameborder=\"0\" marginwidth=\"0\" marginheight=\"0\" scrolling=\"no\" class=\"wp-embedded-content\"><\/iframe><script>\n\/*! This file is auto-generated *\/\n!function(d,l){\"use strict\";l.querySelector&&d.addEventListener&&\"undefined\"!=typeof URL&&(d.wp=d.wp||{},d.wp.receiveEmbedMessage||(d.wp.receiveEmbedMessage=function(e){var t=e.data;if((t||t.secret||t.message||t.value)&&!\/[^a-zA-Z0-9]\/.test(t.secret)){for(var s,r,n,a=l.querySelectorAll('iframe[data-secret=\"'+t.secret+'\"]'),o=l.querySelectorAll('blockquote[data-secret=\"'+t.secret+'\"]'),c=new RegExp(\"^https?:$\",\"i\"),i=0;i<o.length;i++)o[i].style.display=\"none\";for(i=0;i<a.length;i++)s=a[i],e.source===s.contentWindow&&(s.removeAttribute(\"style\"),\"height\"===t.message?(1e3<(r=parseInt(t.value,10))?r=1e3:~~r<200&&(r=200),s.height=r):\"link\"===t.message&&(r=new URL(s.getAttribute(\"src\")),n=new URL(t.value),c.test(n.protocol))&&n.host===r.host&&l.activeElement===s&&(d.top.location.href=t.value))}},d.addEventListener(\"message\",d.wp.receiveEmbedMessage,!1),l.addEventListener(\"DOMContentLoaded\",function(){for(var e,t,s=l.querySelectorAll(\"iframe.wp-embedded-content\"),r=0;r<s.length;r++)(t=(e=s[r]).getAttribute(\"data-secret\"))||(t=Math.random().toString(36).substring(2,12),e.src+=\"#?secret=\"+t,e.setAttribute(\"data-secret\",t)),e.contentWindow.postMessage({message:\"ready\",secret:t},\"*\")},!1)))}(window,document);\n\/\/# sourceURL=https:\/\/chileentinieblas.cl\/wp-includes\/js\/wp-embed.min.js\n<\/script>","thumbnail_url":"https:\/\/chileentinieblas.cl\/wp-content\/uploads\/2022\/03\/AntonioDelPiero.jpg","thumbnail_width":564,"thumbnail_height":846,"description":"Vida Mortal Empez\u00f3 su vida con un nombre diferente. Conocido en Chile como un importante empresario y pol\u00edtico, comenz\u00f3 su carrera con negocios centrados en el tabaco pero la inestabilidad pol\u00edtica del tiempo genero su inevitable quiebra. Este suceso lo volc\u00f3 r\u00e1pidamente hacia la vida pol\u00edtica, donde se alineo con los conservadores de la \u00e9poca [&hellip;]"}